{"id":123744,"date":"2025-06-12T09:21:57","date_gmt":"2025-06-12T08:21:57","guid":{"rendered":"https:\/\/www.visittorshavn.fo\/?page_id=123744"},"modified":"2025-08-15T15:30:28","modified_gmt":"2025-08-15T14:30:28","slug":"sukkla","status":"publish","type":"page","link":"https:\/\/www.visittorshavn.fo\/fo\/sukkla\/","title":{"rendered":"S\u00fakkla"},"content":{"rendered":"\n<figure class=\"wp-block-video alignfull\"><video height=\"2160\" style=\"aspect-ratio: 3840 \/ 2160;\" width=\"3840\" autoplay controls muted src=\"https:\/\/www.visittorshavn.fo\/wp-content\/uploads\/2025\/08\/57330-Sukklufilmurin-FO-2160p-1-1.mp4\"><\/video><\/figure>\n\n\n\n<div class=\"wp-block-cover is-light\"><span aria-hidden=\"true\" class=\"wp-block-cover__background has-white-background-color has-background-dim-100 has-background-dim\"><\/span><div class=\"wp-block-cover__inner-container is-layout-constrained wp-block-cover-is-layout-constrained\">\n<div style=\"height:100px\" aria-hidden=\"true\" class=\"wp-block-spacer\"><\/div>\n\n\n\n<div class=\"wp-block-columns is-layout-flex wp-container-core-columns-is-layout-9d6595d7 wp-block-columns-is-layout-flex\">\n<div class=\"wp-block-column is-vertically-aligned-top is-layout-flow wp-block-column-is-layout-flow\" style=\"flex-basis:33.33%\">\n<h2 class=\"wp-block-heading has-dark-color has-text-color has-link-color wp-elements-e6546873889dbc35fe60092363a8619e\"><strong><strong>Vitja Havnina \u00e1&nbsp;s\u00fakklu<\/strong><\/strong><\/h2>\n<\/div>\n\n\n\n<div class=\"wp-block-column is-layout-flow wp-block-column-is-layout-flow\" style=\"flex-basis:66.66%\">\n<p class=\"has-dark-color has-text-color has-link-color wp-elements-62057a6d42005a22b5fc954d49df0866\"><strong>Visit T\u00f3rshavn<\/strong> er partur av ES-verk\u00e6tlanini, SUB (Sustainable Arctic and Peripheral Biking Tourism), sum er stu\u00f0la\u00f0 av Interreg Northern Periphery and Arctic Programme.<\/p>\n\n\n\n<p>Verk\u00e6tlanin f\u00f3r av bakkastokki \u00e1 sumri 2023, og hon endar \u00e1 sumri 2026. Endam\u00e1li\u00f0 er at stu\u00f0la undir s\u00fakklufer\u00f0avinnuna vi\u00f0 at stimbra sm\u00e1ar fyrit\u00f8kur, sum onkursvegna arbei\u00f0a innan \u00f8ki\u00f0.<\/p>\n\n\n\n<p>Filmurin er gj\u00f8rdur \u00ed samstarvi vi\u00f0 R\u00e1\u00f0i\u00f0 fyri Fer\u00f0slutrygd, Visit Faroe Islands og Visit T\u00f3rshavn, vi\u00f0 stu\u00f0li fr\u00e1 Interreg Northern Periphery and Arctic Programme.<\/p>\n\n\n\n<p>Endam\u00e1li\u00f0 vi\u00f0 filminum er, fyrst og fremst, at gera vart vi\u00f0, at ta\u00f0 v\u00e6l ber til at s\u00fakkla \u00ed F\u00f8royum. Eisini hevur hann til endam\u00e1ls at v\u00edsa, hvussu ein eigur at bera seg at \u00ed fer\u00f0sluni, t\u00e1 s\u00fakklarar og bilf\u00f8rarar koyra \u00e1 sama vegi. Filmurin gevur eisini g\u00f3\u00f0 r\u00e1\u00f0 um, hv\u00f8r trygdar\u00fatger\u00f0 er ney\u00f0ug, og n\u00e6r h\u00e1fer\u00f0slut\u00ed\u00f0in er.<\/p>\n\n\n\n<p class=\"has-dark-color has-text-color has-link-color wp-elements-9404b6f1e0d27529dfa90fe312da4473\">Kom vi\u00f0 \u00e1 s\u00fakklut\u00far!<\/p>\n<\/div>\n<\/div>\n\n\n\n<div style=\"height:100px\" aria-hidden=\"true\" class=\"wp-block-spacer\"><\/div>\n<\/div><\/div>\n\n\n\n<div class=\"wp-block-cover alignfull\"><span aria-hidden=\"true\" class=\"wp-block-cover__background has-viola-background-color has-background-dim-100 has-background-dim\"><\/span><div class=\"wp-block-cover__inner-container is-layout-constrained wp-block-cover-is-layout-constrained\">\n<h2 class=\"wp-block-heading alignwide has-text-align-center has-dark-color has-text-color has-link-color wp-elements-7d50d72ef44d6ffb034c84e80d2b09a6\"><strong>S\u00fakklut\u00far \u2013 Kanna\u00f0 lei\u00f0irnar<\/strong><\/h2>\n\n\n\n<div id=\"shortcuts_block_e09fe6d5583400035fb1997b5f7cc5f9\" class=\"lunnar-shortcuts alignwide\">\n    \n                        <div class=\"shortcuts-swiper using-navigation\">\n            \n            \n                            <div class=\"swiper-wrapper\">\n                \n                \n                                                                <a href=\"https:\/\/www.visittorshavn.fo\/nordadalur\/\" target=\"\" class=\"shortcut-card swiper-slide small-card is-visible\">\n                            <div class=\"shortcut-card--image\">\n                                                                    <img decoding=\"async\" data-src=\"https:\/\/www.visittorshavn.fo\/wp-content\/smush-webp\/2025\/07\/DSC_3611.jpg.webp\" width=\"533\" height=\"50% 50%\" style=\"--smush-placeholder-width: 2560px; --smush-placeholder-aspect-ratio: 2560\/1707;object-position:800;\" src=\"data:image\/svg+xml;base64,PHN2ZyB3aWR0aD0iMSIgaGVpZ2h0PSIxIiB4bWxucz0iaHR0cDovL3d3dy53My5vcmcvMjAwMC9zdmciPjwvc3ZnPg==\" class=\"lazyload\" data-srcset=\"https:\/\/www.visittorshavn.fo\/wp-content\/smush-webp\/2025\/07\/DSC_3611.jpg.webp 2560w, https:\/\/www.visittorshavn.fo\/wp-content\/smush-webp\/2025\/07\/DSC_3611-800x533.jpg.webp 800w, https:\/\/www.visittorshavn.fo\/wp-content\/smush-webp\/2025\/07\/DSC_3611-1200x800.jpg.webp 1200w, https:\/\/www.visittorshavn.fo\/wp-content\/smush-webp\/2025\/07\/DSC_3611-768x512.jpg.webp 768w, https:\/\/www.visittorshavn.fo\/wp-content\/smush-webp\/2025\/07\/DSC_3611-1536x1024.jpg.webp 1536w, https:\/\/www.visittorshavn.fo\/wp-content\/uploads\/2025\/07\/DSC_3611-2048x1366.jpg 2048w, https:\/\/www.visittorshavn.fo\/wp-content\/smush-webp\/2025\/07\/DSC_3611-1320x880.jpg.webp 1320w, https:\/\/www.visittorshavn.fo\/wp-content\/smush-webp\/2025\/07\/DSC_3611-600x400.jpg.webp 600w\" data-sizes=\"auto\" data-original-sizes=\"(max-width: 533px) 100vw, 533px\">\n                                                            <\/div>\n\n                            <div class=\"shortcut-card--content\">\n                                <div class=\"shortcut-icon--top\">\n                                    <img decoding=\"async\" src=\"https:\/\/www.visittorshavn.fo\/wp-content\/themes\/lunnar-visittorshavn\/images\/icon-arrow.svg\" class=\"injectable\" \/>                                <\/div>\n\n                                \n                                <div class=\"shortcut-text\">\n                                                                            <h3>\n                                            Kirkjub\u00f8                                        <\/h3>\n                                    \n                                                                            <p>\n                                            Mynd: Klara Johannesen \/ Visit Faroe Islands                                        <\/p>\n                                                                    <\/div>\n                            <\/div>\n                        <\/a>\n                                            <a href=\"https:\/\/www.visittorshavn.fo\/kalbak\/\" target=\"\" class=\"shortcut-card swiper-slide small-card is-visible\">\n                            <div class=\"shortcut-card--image\">\n                                                                    <img decoding=\"async\" data-src=\"https:\/\/www.visittorshavn.fo\/wp-content\/smush-webp\/2025\/07\/IMGP6932.jpg.webp\" width=\"530\" height=\"50% 50%\" style=\"--smush-placeholder-width: 2560px; --smush-placeholder-aspect-ratio: 2560\/1695;object-position:800;\" src=\"data:image\/svg+xml;base64,PHN2ZyB3aWR0aD0iMSIgaGVpZ2h0PSIxIiB4bWxucz0iaHR0cDovL3d3dy53My5vcmcvMjAwMC9zdmciPjwvc3ZnPg==\" class=\"lazyload\" data-srcset=\"https:\/\/www.visittorshavn.fo\/wp-content\/smush-webp\/2025\/07\/IMGP6932.jpg.webp 2560w, https:\/\/www.visittorshavn.fo\/wp-content\/smush-webp\/2025\/07\/IMGP6932-800x530.jpg.webp 800w, https:\/\/www.visittorshavn.fo\/wp-content\/smush-webp\/2025\/07\/IMGP6932-1200x795.jpg.webp 1200w, https:\/\/www.visittorshavn.fo\/wp-content\/smush-webp\/2025\/07\/IMGP6932-768x509.jpg.webp 768w, https:\/\/www.visittorshavn.fo\/wp-content\/smush-webp\/2025\/07\/IMGP6932-1536x1017.jpg.webp 1536w, https:\/\/www.visittorshavn.fo\/wp-content\/smush-webp\/2025\/07\/IMGP6932-2048x1356.jpg.webp 2048w, https:\/\/www.visittorshavn.fo\/wp-content\/smush-webp\/2025\/07\/IMGP6932-1320x874.jpg.webp 1320w, https:\/\/www.visittorshavn.fo\/wp-content\/smush-webp\/2025\/07\/IMGP6932-600x397.jpg.webp 600w\" data-sizes=\"auto\" data-original-sizes=\"(max-width: 530px) 100vw, 530px\">\n                                                            <\/div>\n\n                            <div class=\"shortcut-card--content\">\n                                <div class=\"shortcut-icon--top\">\n                                    <img decoding=\"async\" src=\"https:\/\/www.visittorshavn.fo\/wp-content\/themes\/lunnar-visittorshavn\/images\/icon-arrow.svg\" class=\"injectable\" \/>                                <\/div>\n\n                                \n                                <div class=\"shortcut-text\">\n                                                                            <h3>\n                                            Kaldbak                                        <\/h3>\n                                    \n                                                                            <p>\n                                            Mynd: Visit Faroe Islands                                        <\/p>\n                                                                    <\/div>\n                            <\/div>\n                        <\/a>\n                                            <a href=\"https:\/\/www.visittorshavn.fo\/122869-2\/\" target=\"\" class=\"shortcut-card swiper-slide small-card is-visible\">\n                            <div class=\"shortcut-card--image\">\n                                                                    <img decoding=\"async\" data-src=\"https:\/\/www.visittorshavn.fo\/wp-content\/uploads\/2025\/07\/DSC_7731-e1751556006890.jpg\" width=\"800\" height=\"50% 50%\" style=\"--smush-placeholder-width: 1707px; --smush-placeholder-aspect-ratio: 1707\/2027;object-position:674;\" src=\"data:image\/svg+xml;base64,PHN2ZyB3aWR0aD0iMSIgaGVpZ2h0PSIxIiB4bWxucz0iaHR0cDovL3d3dy53My5vcmcvMjAwMC9zdmciPjwvc3ZnPg==\" class=\"lazyload\" data-srcset=\"https:\/\/www.visittorshavn.fo\/wp-content\/uploads\/2025\/07\/DSC_7731-e1751556006890.jpg 1707w, https:\/\/www.visittorshavn.fo\/wp-content\/uploads\/2025\/07\/DSC_7731-e1751556006890-674x800.jpg 674w, https:\/\/www.visittorshavn.fo\/wp-content\/uploads\/2025\/07\/DSC_7731-e1751556006890-1011x1200.jpg 1011w, https:\/\/www.visittorshavn.fo\/wp-content\/uploads\/2025\/07\/DSC_7731-e1751556006890-768x912.jpg 768w, https:\/\/www.visittorshavn.fo\/wp-content\/uploads\/2025\/07\/DSC_7731-e1751556006890-1294x1536.jpg 1294w, https:\/\/www.visittorshavn.fo\/wp-content\/uploads\/2025\/07\/DSC_7731-e1751556006890-1320x1567.jpg 1320w, https:\/\/www.visittorshavn.fo\/wp-content\/uploads\/2025\/07\/DSC_7731-e1751556006890-600x712.jpg 600w\" data-sizes=\"auto\" data-original-sizes=\"(max-width: 800px) 100vw, 800px\">\n                                                            <\/div>\n\n                            <div class=\"shortcut-card--content\">\n                                <div class=\"shortcut-icon--top\">\n                                    <img decoding=\"async\" src=\"https:\/\/www.visittorshavn.fo\/wp-content\/themes\/lunnar-visittorshavn\/images\/icon-arrow.svg\" class=\"injectable\" \/>                                <\/div>\n\n                                \n                                <div class=\"shortcut-text\">\n                                                                            <h3>\n                                            Nor\u00f0radalur                                        <\/h3>\n                                    \n                                                                            <p>\n                                            Mynd: Klara Johannesen \/ Visit Faroe Islands                                        <\/p>\n                                                                    <\/div>\n                            <\/div>\n                        <\/a>\n                                    \n                \n                                <\/div>\n\n                                    <div class=\"shortcuts-navigation\">\n                        <div class=\"swiper-button-prev\"><\/div>\n\n                        <div class=\"swiper-button-next\"><\/div>\n                    <\/div>\n                            <\/div>\n            <\/div>\n\n\n<div style=\"height:100px\" aria-hidden=\"true\" class=\"wp-block-spacer\"><\/div>\n<\/div><\/div>\n\n\n\n<div class=\"wp-block-columns is-layout-flex wp-container-core-columns-is-layout-9d6595d7 wp-block-columns-is-layout-flex\">\n<div class=\"wp-block-column is-layout-flow wp-block-column-is-layout-flow\">\n<div style=\"height:50px\" aria-hidden=\"true\" class=\"wp-block-spacer\"><\/div>\n<\/div>\n\n\n\n<div class=\"wp-block-column is-layout-flow wp-block-column-is-layout-flow\"><\/div>\n\n\n\n<div class=\"wp-block-column is-layout-flow wp-block-column-is-layout-flow\"><\/div>\n<\/div>\n\n\n\n<div class=\"wp-block-cover alignfull is-light\"><span aria-hidden=\"true\" class=\"wp-block-cover__background has-white-background-color has-background-dim-100 has-background-dim\"><\/span><div class=\"wp-block-cover__inner-container is-layout-constrained wp-block-cover-is-layout-constrained\">\n<h2 class=\"wp-block-heading alignwide has-text-align-center has-dark-color has-text-color has-link-color wp-elements-e7e9ecf26979a28f6ee05cfdbec5372f\"><strong>S\u00fakkluleiga<\/strong><\/h2>\n\n\n\n<div style=\"height:20px\" aria-hidden=\"true\" class=\"wp-block-spacer\"><\/div>\n\n\n\n<div id=\"shortcuts_block_c76f9b4c1f9456cb9f7007be825e291e\" class=\"lunnar-shortcuts alignwide\">\n    \n            \n            \n            \n                                    <div class=\"shortcuts-grid\">\n                    \n                                                                <a href=\"https:\/\/www.visittorshavn.fo\/place\/rent-a-bike-outdoor0\/\" target=\"\" class=\"shortcut-card swiper-slide small-card is-visible\">\n                            <div class=\"shortcut-card--image\">\n                                                                    <img decoding=\"async\" data-src=\"https:\/\/www.visittorshavn.fo\/wp-content\/smush-webp\/2025\/06\/copy-of-rent-a-bike-torshavn_large.jpg.webp\" width=\"600\" height=\"50% 50%\" style=\"--smush-placeholder-width: 1024px; --smush-placeholder-aspect-ratio: 1024\/768;object-position:800;\" src=\"data:image\/svg+xml;base64,PHN2ZyB3aWR0aD0iMSIgaGVpZ2h0PSIxIiB4bWxucz0iaHR0cDovL3d3dy53My5vcmcvMjAwMC9zdmciPjwvc3ZnPg==\" class=\"lazyload\" data-srcset=\"https:\/\/www.visittorshavn.fo\/wp-content\/smush-webp\/2025\/06\/copy-of-rent-a-bike-torshavn_large.jpg.webp 1024w, https:\/\/www.visittorshavn.fo\/wp-content\/smush-webp\/2025\/06\/copy-of-rent-a-bike-torshavn_large-800x600.jpg.webp 800w, https:\/\/www.visittorshavn.fo\/wp-content\/smush-webp\/2025\/06\/copy-of-rent-a-bike-torshavn_large-768x576.jpg.webp 768w, https:\/\/www.visittorshavn.fo\/wp-content\/smush-webp\/2025\/06\/copy-of-rent-a-bike-torshavn_large-600x450.jpg.webp 600w\" data-sizes=\"auto\" data-original-sizes=\"(max-width: 600px) 100vw, 600px\">\n                                                            <\/div>\n\n                            <div class=\"shortcut-card--content\">\n                                <div class=\"shortcut-icon--top\">\n                                    <img decoding=\"async\" src=\"https:\/\/www.visittorshavn.fo\/wp-content\/themes\/lunnar-visittorshavn\/images\/icon-arrow.svg\" class=\"injectable\" \/>                                <\/div>\n\n                                \n                                <div class=\"shortcut-text\">\n                                                                            <h3>\n                                            Rent a Bike &#038; Outdoor                                        <\/h3>\n                                    \n                                                                    <\/div>\n                            <\/div>\n                        <\/a>\n                                            <a href=\"https:\/\/www.visittorshavn.fo\/place\/sukkluverkstadid-hja-gunnari\/\" target=\"\" class=\"shortcut-card swiper-slide small-card is-visible\">\n                            <div class=\"shortcut-card--image\">\n                                                                    <img decoding=\"async\" data-src=\"https:\/\/www.visittorshavn.fo\/wp-content\/smush-webp\/2025\/06\/Gunnar-1.jpg.webp\" width=\"800\" height=\"50% 50%\" style=\"--smush-placeholder-width: 2048px; --smush-placeholder-aspect-ratio: 2048\/2048;object-position:800;\" src=\"data:image\/svg+xml;base64,PHN2ZyB3aWR0aD0iMSIgaGVpZ2h0PSIxIiB4bWxucz0iaHR0cDovL3d3dy53My5vcmcvMjAwMC9zdmciPjwvc3ZnPg==\" class=\"lazyload\" data-srcset=\"https:\/\/www.visittorshavn.fo\/wp-content\/smush-webp\/2025\/06\/Gunnar-1.jpg.webp 2048w, https:\/\/www.visittorshavn.fo\/wp-content\/smush-webp\/2025\/06\/Gunnar-1-800x800.jpg.webp 800w, https:\/\/www.visittorshavn.fo\/wp-content\/smush-webp\/2025\/06\/Gunnar-1-1200x1200.jpg.webp 1200w, https:\/\/www.visittorshavn.fo\/wp-content\/smush-webp\/2025\/06\/Gunnar-1-300x300.jpg.webp 300w, https:\/\/www.visittorshavn.fo\/wp-content\/smush-webp\/2025\/06\/Gunnar-1-768x768.jpg.webp 768w, https:\/\/www.visittorshavn.fo\/wp-content\/smush-webp\/2025\/06\/Gunnar-1-1536x1536.jpg.webp 1536w, https:\/\/www.visittorshavn.fo\/wp-content\/smush-webp\/2025\/06\/Gunnar-1-1320x1320.jpg.webp 1320w, https:\/\/www.visittorshavn.fo\/wp-content\/smush-webp\/2025\/06\/Gunnar-1-600x600.jpg.webp 600w, https:\/\/www.visittorshavn.fo\/wp-content\/smush-webp\/2025\/06\/Gunnar-1-100x100.jpg.webp 100w\" data-sizes=\"auto\" data-original-sizes=\"(max-width: 800px) 100vw, 800px\">\n                                                            <\/div>\n\n                            <div class=\"shortcut-card--content\">\n                                <div class=\"shortcut-icon--top\">\n                                    <img decoding=\"async\" src=\"https:\/\/www.visittorshavn.fo\/wp-content\/themes\/lunnar-visittorshavn\/images\/icon-arrow.svg\" class=\"injectable\" \/>                                <\/div>\n\n                                \n                                <div class=\"shortcut-text\">\n                                                                            <h3>\n                                            S\u00fakkluverksta\u00f0i\u00f0 hj\u00e1 Gunnari                                        <\/h3>\n                                    \n                                                                    <\/div>\n                            <\/div>\n                        <\/a>\n                                    \n                                    <\/div>\n                \n                    <\/div>\n\n\n<div style=\"height:75px\" aria-hidden=\"true\" class=\"wp-block-spacer\"><\/div>\n<\/div><\/div>\n\n\n\n<div class=\"wp-block-group alignfull has-viola-background-color has-background is-layout-constrained wp-block-group-is-layout-constrained\">\n<div style=\"height:50px\" aria-hidden=\"true\" class=\"wp-block-spacer\"><\/div>\n\n\n\n<div class=\"wp-block-columns alignwide is-layout-flex wp-container-core-columns-is-layout-9d6595d7 wp-block-columns-is-layout-flex\">\n<div class=\"wp-block-column is-layout-flow wp-block-column-is-layout-flow\" style=\"flex-basis:33.33%\">\n<h2 class=\"wp-block-heading has-text-align-right\"><strong>O<\/strong>fta&nbsp;spurdir&nbsp; spurningar<\/h2>\n<\/div>\n\n\n\n<div class=\"wp-block-column is-layout-flow wp-block-column-is-layout-flow\" style=\"flex-basis:66.66%\">\n<p><strong>S\u00fakklut\u00far \u00ed F\u00f8royum?<\/strong><br>Vit vita, at t\u00fa kanska hevur spurningar, \u00e1\u00f0renn t\u00fa fert avsta\u00f0 \u2014 um s\u00fakklul\u00edkindi, s\u00fakkluleigu, ve\u00f0ri\u00f0, trygdar\u00fatger\u00f0. Ni\u00f0anfyri hava vit savna\u00f0 ta\u00f0, sum flestu s\u00fakklarar vilja vita, solei\u00f0is at t\u00fa kanst fara heiman\u00edfr\u00e1 vi\u00f0 g\u00f3\u00f0um m\u00f3ti.<\/p>\n\n\n\n<p>Finnur t\u00fa ikki ta\u00f0 t\u00fa leitar eftir? So eru vit \u00ed Visit T\u00f3rshavn til rei\u00f0ar at hj\u00e1lpa.<\/p>\n\n\n\n<div style=\"height:20px\" aria-hidden=\"true\" class=\"wp-block-spacer\"><\/div>\n\n\n\n<details class=\"wp-block-details is-layout-flow wp-block-details-is-layout-flow\"><summary>Kann man s\u00fakkla &#8220;off road&#8221; \u00ed F\u00f8royum? <\/summary>\n<p>Ta\u00f0 er ney\u00f0ugt vi\u00f0 loyvi fr\u00e1 jar\u00f0areigaranum, \u00e1\u00f0renn man s\u00fakklar \u201coff-road\u201d.<\/p>\n\n\n\n<p>Vit vi\u00f0m\u00e6la, at s\u00fakkla vi\u00f0 sta\u00f0kendum fer\u00f0alei\u00f0ara, t\u00e1 man s\u00fakklar off-road. <a href=\"https:\/\/www.visittorshavn.fo\/fo\/place\/rent-a-bike-outdoor\/\">Rent a Bike<\/a> bj\u00f3\u00f0ar \u201coff-road\u201d t\u00farar alt \u00e1ri.<\/p>\n<\/details>\n\n\n\n<details class=\"wp-block-details is-layout-flow wp-block-details-is-layout-flow\"><summary><strong>Hvussu skal eg vera \u00edlatin til ein s\u00fakklut\u00far?<\/strong><\/summary>\n<p>Mi\u00f0alhitin \u00ed F\u00f8royum \u00e1 sumri er 13 hitastig, og um veturin er mi\u00f0alhitin 3 hitastig. Vit m\u00e6la til, at s\u00fakklarar \u00edlata seg tr\u00fd l\u00f8g av kl\u00e6\u00f0um, har uttasta lagi\u00f0 er vind- og regnt\u00e6tt. Fyrimunurin vi\u00f0 teimum n\u00f3gvu l\u00f8gunum er, ein l\u00e6tt kann taka \u00e1v\u00eds pl\u00f8gg av, um ve\u00f0ri\u00f0 batnar. Ve\u00f0urlagi\u00f0 \u00ed F\u00f8royum er j\u00fa sera skiftandi.<\/p>\n\n\n\n<p>Manglar t\u00fa \u00fatger\u00f0 til s\u00fakklut\u00farin? Hygg so \u00e1 okkara <a href=\"https:\/\/www.visittorshavn.fo\/fo\/sjopping\/\">sjoppings\u00ed\u00f0u.<\/a><\/p>\n<\/details>\n\n\n\n<details class=\"wp-block-details is-layout-flow wp-block-details-is-layout-flow\"><summary><strong>Hvar finni\u00f0 eg ve\u00f0urv\u00e1nirnar?<\/strong><\/summary>\n<p class=\"has-dark-color has-text-color has-link-color wp-elements-aace64d04f9fcc00cf27069f437effc3\">Vegurv\u00e1nirnar kunnu s\u00edggjast \u00e1 <a href=\"https:\/\/www.yr.no\/place\/Faroe_Islands\/Other\/Faroe_Islands\/?spr=eng\">nor\u00f0manninum<\/a> ella \u00e1 <a href=\"https:\/\/www.faroeislandslive.com\/\">Faroe Islands Live<\/a>.<\/p>\n<\/details>\n\n\n\n<details class=\"wp-block-details is-layout-flow wp-block-details-is-layout-flow\"><summary><strong>Kann man s\u00fakkla gj\u00f8gnum tunlar og undirsj\u00f3vartunlar?<\/strong><\/summary>\n<p>Ta\u00f0 er loyvt at s\u00fakkla \u00edgj\u00f8gnum allar tunlarnar \u00e1 landi. Av teimum f\u00fdra undirsj\u00f3vartunlunum er bert loyvt at s\u00fakkla \u00edgj\u00f8gnum Nor\u00f0oyartunnilin og V\u00e1gatunnilin.<\/p>\n\n\n\n<p>Vinarliga legg til merkis, at ta\u00f0 ikki er loyvt at s\u00fakkla \u00edgj\u00f8gnum Eysturoyartunnilin og Sandoyartunnilin. H\u00f3ast ta\u00f0 er loyvt at s\u00fakkla \u00edgj\u00f8gnum Nor\u00f0oyartunnilin og V\u00e1gatunnilin, so m\u00e6la vit fr\u00e1 hesum av trygdar\u00e1vum.<\/p>\n\n\n\n<p>Man skal vera \u00ed hj\u00e1lmi, hava g\u00f3\u00f0 (og blinkandi) lj\u00f3s \u00e1 s\u00fakkluni, og ein endurskinsvest \u00e1, t\u00e1 man s\u00fakklar \u00ed tunlum. Ta\u00f0 er \u00f3keypis at s\u00fakkla \u00edgj\u00f8gnum allar tunlar.<\/p>\n\n\n\n<p>Vi\u00f0 at s\u00fakkla eftir teimum gomlu vegunum \u00ed F\u00f8royum, kann man sleppa fr\u00e1 at s\u00fakkla \u00edgj\u00f8gnum Kollafjar\u00f0artunnilin, Leynatunnilin, Nor\u00f0sk\u00e1latunnilin, Leirv\u00edkstunnilin, Sumbiartunnilin og Dalstunnilin.<\/p>\n\n\n\n<p>Meira vitan um tunlarnar \u00ed F\u00f8royum f\u00e6st \u00e1 heimas\u00ed\u00f0uni hj\u00e1 <a href=\"http:\/\/www.landsverk.fo\">Landsverk<\/a>.<\/p>\n<\/details>\n\n\n\n<div style=\"height:150px\" aria-hidden=\"true\" class=\"wp-block-spacer\"><\/div>\n<\/div>\n<\/div>\n<\/div>\n","protected":false},"excerpt":{"rendered":"<p>Ofta&nbsp;spurdir&nbsp; spurningar S\u00fakklut\u00far \u00ed F\u00f8royum?Vit vita, at t\u00fa kanska hevur spurningar, \u00e1\u00f0renn t\u00fa fert avsta\u00f0 \u2014 um s\u00fakklul\u00edkindi, s\u00fakkluleigu, ve\u00f0ri\u00f0, trygdar\u00fatger\u00f0. Ni\u00f0anfyri hava vit savna\u00f0 ta\u00f0, sum flestu s\u00fakklarar vilja [&hellip;]<\/p>\n","protected":false},"author":3,"featured_media":123720,"parent":0,"menu_order":0,"comment_status":"closed","ping_status":"closed","template":"","meta":{"_acf_changed":false,"footnotes":""},"page_category":[],"class_list":["post-123744","page","type-page","status-publish","has-post-thumbnail","hentry"],"acf":[],"yoast_head":"<!-- This site is optimized with the Yoast SEO plugin v27.5 - https:\/\/yoast.com\/product\/yoast-seo-wordpress\/ -->\n<title>S\u00fakkla - Visit Torshavn<\/title>\n<meta name=\"robots\" content=\"index, follow, max-snippet:-1, max-image-preview:large, max-video-preview:-1\" \/>\n<link rel=\"canonical\" href=\"https:\/\/www.visittorshavn.fo\/fo\/sukkla\/\" \/>\n<meta property=\"og:locale\" content=\"fo_FO\" \/>\n<meta property=\"og:type\" content=\"article\" \/>\n<meta property=\"og:title\" content=\"S\u00fakkla - Visit Torshavn\" \/>\n<meta property=\"og:description\" content=\"Ofta&nbsp;spurdir&nbsp; spurningar S\u00fakklut\u00far \u00ed F\u00f8royum?Vit vita, at t\u00fa kanska hevur spurningar, \u00e1\u00f0renn t\u00fa fert avsta\u00f0 \u2014 um s\u00fakklul\u00edkindi, s\u00fakkluleigu, ve\u00f0ri\u00f0, trygdar\u00fatger\u00f0. Ni\u00f0anfyri hava vit savna\u00f0 ta\u00f0, sum flestu s\u00fakklarar vilja [&hellip;]\" \/>\n<meta property=\"og:url\" content=\"https:\/\/www.visittorshavn.fo\/fo\/sukkla\/\" \/>\n<meta property=\"og:site_name\" content=\"Visit Torshavn\" \/>\n<meta property=\"article:modified_time\" content=\"2025-08-15T14:30:28+00:00\" \/>\n<meta property=\"og:image\" content=\"https:\/\/www.visittorshavn.fo\/wp-content\/uploads\/2025\/06\/Skaermbillede-2025-06-17-120909-1200x625.png\" \/>\n\t<meta property=\"og:image:width\" content=\"1200\" \/>\n\t<meta property=\"og:image:height\" content=\"625\" \/>\n\t<meta property=\"og:image:type\" content=\"image\/png\" \/>\n<meta name=\"twitter:card\" content=\"summary_large_image\" \/>\n<meta name=\"twitter:label1\" content=\"Est. reading time\" \/>\n\t<meta name=\"twitter:data1\" content=\"3 minutes\" \/>\n<script type=\"application\/ld+json\" class=\"yoast-schema-graph\">{\"@context\":\"https:\\\/\\\/schema.org\",\"@graph\":[{\"@type\":\"WebPage\",\"@id\":\"https:\\\/\\\/www.visittorshavn.fo\\\/fo\\\/sukkla\\\/\",\"url\":\"https:\\\/\\\/www.visittorshavn.fo\\\/fo\\\/sukkla\\\/\",\"name\":\"S\u00fakkla - Visit Torshavn\",\"isPartOf\":{\"@id\":\"https:\\\/\\\/www.visittorshavn.fo\\\/fo\\\/#website\"},\"primaryImageOfPage\":{\"@id\":\"https:\\\/\\\/www.visittorshavn.fo\\\/fo\\\/sukkla\\\/#primaryimage\"},\"image\":{\"@id\":\"https:\\\/\\\/www.visittorshavn.fo\\\/fo\\\/sukkla\\\/#primaryimage\"},\"thumbnailUrl\":\"https:\\\/\\\/www.visittorshavn.fo\\\/wp-content\\\/uploads\\\/2025\\\/06\\\/Skaermbillede-2025-06-17-120909.png\",\"datePublished\":\"2025-06-12T08:21:57+00:00\",\"dateModified\":\"2025-08-15T14:30:28+00:00\",\"breadcrumb\":{\"@id\":\"https:\\\/\\\/www.visittorshavn.fo\\\/fo\\\/sukkla\\\/#breadcrumb\"},\"inLanguage\":\"fo-FO\",\"potentialAction\":[{\"@type\":\"ReadAction\",\"target\":[\"https:\\\/\\\/www.visittorshavn.fo\\\/fo\\\/sukkla\\\/\"]}]},{\"@type\":\"ImageObject\",\"inLanguage\":\"fo-FO\",\"@id\":\"https:\\\/\\\/www.visittorshavn.fo\\\/fo\\\/sukkla\\\/#primaryimage\",\"url\":\"https:\\\/\\\/www.visittorshavn.fo\\\/wp-content\\\/uploads\\\/2025\\\/06\\\/Skaermbillede-2025-06-17-120909.png\",\"contentUrl\":\"https:\\\/\\\/www.visittorshavn.fo\\\/wp-content\\\/uploads\\\/2025\\\/06\\\/Skaermbillede-2025-06-17-120909.png\",\"width\":1920,\"height\":1000},{\"@type\":\"BreadcrumbList\",\"@id\":\"https:\\\/\\\/www.visittorshavn.fo\\\/fo\\\/sukkla\\\/#breadcrumb\",\"itemListElement\":[{\"@type\":\"ListItem\",\"position\":1,\"name\":\"Home\",\"item\":\"https:\\\/\\\/www.visittorshavn.fo\\\/fo\\\/\"},{\"@type\":\"ListItem\",\"position\":2,\"name\":\"S\u00fakkla\"}]},{\"@type\":\"WebSite\",\"@id\":\"https:\\\/\\\/www.visittorshavn.fo\\\/fo\\\/#website\",\"url\":\"https:\\\/\\\/www.visittorshavn.fo\\\/fo\\\/\",\"name\":\"Visit Torshavn\",\"description\":\"\",\"potentialAction\":[{\"@type\":\"SearchAction\",\"target\":{\"@type\":\"EntryPoint\",\"urlTemplate\":\"https:\\\/\\\/www.visittorshavn.fo\\\/fo\\\/?s={search_term_string}\"},\"query-input\":{\"@type\":\"PropertyValueSpecification\",\"valueRequired\":true,\"valueName\":\"search_term_string\"}}],\"inLanguage\":\"fo-FO\"}]}<\/script>\n<!-- \/ Yoast SEO plugin. -->","yoast_head_json":{"title":"S\u00fakkla - Visit Torshavn","robots":{"index":"index","follow":"follow","max-snippet":"max-snippet:-1","max-image-preview":"max-image-preview:large","max-video-preview":"max-video-preview:-1"},"canonical":"https:\/\/www.visittorshavn.fo\/fo\/sukkla\/","og_locale":"fo_FO","og_type":"article","og_title":"S\u00fakkla - Visit Torshavn","og_description":"Ofta&nbsp;spurdir&nbsp; spurningar S\u00fakklut\u00far \u00ed F\u00f8royum?Vit vita, at t\u00fa kanska hevur spurningar, \u00e1\u00f0renn t\u00fa fert avsta\u00f0 \u2014 um s\u00fakklul\u00edkindi, s\u00fakkluleigu, ve\u00f0ri\u00f0, trygdar\u00fatger\u00f0. Ni\u00f0anfyri hava vit savna\u00f0 ta\u00f0, sum flestu s\u00fakklarar vilja [&hellip;]","og_url":"https:\/\/www.visittorshavn.fo\/fo\/sukkla\/","og_site_name":"Visit Torshavn","article_modified_time":"2025-08-15T14:30:28+00:00","og_image":[{"width":1200,"height":625,"url":"https:\/\/www.visittorshavn.fo\/wp-content\/uploads\/2025\/06\/Skaermbillede-2025-06-17-120909-1200x625.png","type":"image\/png"}],"twitter_card":"summary_large_image","twitter_misc":{"Est. reading time":"3 minutes"},"schema":{"@context":"https:\/\/schema.org","@graph":[{"@type":"WebPage","@id":"https:\/\/www.visittorshavn.fo\/fo\/sukkla\/","url":"https:\/\/www.visittorshavn.fo\/fo\/sukkla\/","name":"S\u00fakkla - Visit Torshavn","isPartOf":{"@id":"https:\/\/www.visittorshavn.fo\/fo\/#website"},"primaryImageOfPage":{"@id":"https:\/\/www.visittorshavn.fo\/fo\/sukkla\/#primaryimage"},"image":{"@id":"https:\/\/www.visittorshavn.fo\/fo\/sukkla\/#primaryimage"},"thumbnailUrl":"https:\/\/www.visittorshavn.fo\/wp-content\/uploads\/2025\/06\/Skaermbillede-2025-06-17-120909.png","datePublished":"2025-06-12T08:21:57+00:00","dateModified":"2025-08-15T14:30:28+00:00","breadcrumb":{"@id":"https:\/\/www.visittorshavn.fo\/fo\/sukkla\/#breadcrumb"},"inLanguage":"fo-FO","potentialAction":[{"@type":"ReadAction","target":["https:\/\/www.visittorshavn.fo\/fo\/sukkla\/"]}]},{"@type":"ImageObject","inLanguage":"fo-FO","@id":"https:\/\/www.visittorshavn.fo\/fo\/sukkla\/#primaryimage","url":"https:\/\/www.visittorshavn.fo\/wp-content\/uploads\/2025\/06\/Skaermbillede-2025-06-17-120909.png","contentUrl":"https:\/\/www.visittorshavn.fo\/wp-content\/uploads\/2025\/06\/Skaermbillede-2025-06-17-120909.png","width":1920,"height":1000},{"@type":"BreadcrumbList","@id":"https:\/\/www.visittorshavn.fo\/fo\/sukkla\/#breadcrumb","itemListElement":[{"@type":"ListItem","position":1,"name":"Home","item":"https:\/\/www.visittorshavn.fo\/fo\/"},{"@type":"ListItem","position":2,"name":"S\u00fakkla"}]},{"@type":"WebSite","@id":"https:\/\/www.visittorshavn.fo\/fo\/#website","url":"https:\/\/www.visittorshavn.fo\/fo\/","name":"Visit Torshavn","description":"","potentialAction":[{"@type":"SearchAction","target":{"@type":"EntryPoint","urlTemplate":"https:\/\/www.visittorshavn.fo\/fo\/?s={search_term_string}"},"query-input":{"@type":"PropertyValueSpecification","valueRequired":true,"valueName":"search_term_string"}}],"inLanguage":"fo-FO"}]}},"_links":{"self":[{"href":"https:\/\/www.visittorshavn.fo\/fo\/wp-json\/wp\/v2\/pages\/123744","targetHints":{"allow":["GET"]}}],"collection":[{"href":"https:\/\/www.visittorshavn.fo\/fo\/wp-json\/wp\/v2\/pages"}],"about":[{"href":"https:\/\/www.visittorshavn.fo\/fo\/wp-json\/wp\/v2\/types\/page"}],"author":[{"embeddable":true,"href":"https:\/\/www.visittorshavn.fo\/fo\/wp-json\/wp\/v2\/users\/3"}],"replies":[{"embeddable":true,"href":"https:\/\/www.visittorshavn.fo\/fo\/wp-json\/wp\/v2\/comments?post=123744"}],"version-history":[{"count":0,"href":"https:\/\/www.visittorshavn.fo\/fo\/wp-json\/wp\/v2\/pages\/123744\/revisions"}],"wp:featuredmedia":[{"embeddable":true,"href":"https:\/\/www.visittorshavn.fo\/fo\/wp-json\/wp\/v2\/media\/123720"}],"wp:attachment":[{"href":"https:\/\/www.visittorshavn.fo\/fo\/wp-json\/wp\/v2\/media?parent=123744"}],"wp:term":[{"taxonomy":"page_category","embeddable":true,"href":"https:\/\/www.visittorshavn.fo\/fo\/wp-json\/wp\/v2\/page_category?post=123744"}],"curies":[{"name":"wp","href":"https:\/\/api.w.org\/{rel}","templated":true}]}}