{"id":123917,"date":"2025-06-13T10:38:35","date_gmt":"2025-06-13T09:38:35","guid":{"rendered":"https:\/\/www.visittorshavn.fo\/?page_id=123917"},"modified":"2025-08-15T13:40:36","modified_gmt":"2025-08-15T12:40:36","slug":"kaldbak","status":"publish","type":"page","link":"https:\/\/www.visittorshavn.fo\/fo\/kaldbak\/","title":{"rendered":"S\u00fakkla: Kaldbak"},"content":{"rendered":"\n<div class=\"wp-block-cover alignfull is-light has-custom-content-position is-position-bottom-center\" style=\"min-height:600px;aspect-ratio:unset;\"><img decoding=\"async\" width=\"2560\" height=\"1695\" class=\"wp-block-cover__image-background wp-image-126892 size-full lazyload\" alt=\"\" data-src=\"https:\/\/www.visittorshavn.fo\/wp-content\/smush-webp\/2025\/07\/IMGP6932.jpg.webp\" style=\"--smush-placeholder-width: 2560px; --smush-placeholder-aspect-ratio: 2560\/1695;object-position:45% 40%\" data-object-fit=\"cover\" data-object-position=\"45% 40%\" data-srcset=\"https:\/\/www.visittorshavn.fo\/wp-content\/smush-webp\/2025\/07\/IMGP6932.jpg.webp 2560w, https:\/\/www.visittorshavn.fo\/wp-content\/smush-webp\/2025\/07\/IMGP6932-800x530.jpg.webp 800w, https:\/\/www.visittorshavn.fo\/wp-content\/smush-webp\/2025\/07\/IMGP6932-1200x795.jpg.webp 1200w, https:\/\/www.visittorshavn.fo\/wp-content\/smush-webp\/2025\/07\/IMGP6932-768x509.jpg.webp 768w, https:\/\/www.visittorshavn.fo\/wp-content\/smush-webp\/2025\/07\/IMGP6932-1536x1017.jpg.webp 1536w, https:\/\/www.visittorshavn.fo\/wp-content\/smush-webp\/2025\/07\/IMGP6932-2048x1356.jpg.webp 2048w, https:\/\/www.visittorshavn.fo\/wp-content\/smush-webp\/2025\/07\/IMGP6932-1320x874.jpg.webp 1320w, https:\/\/www.visittorshavn.fo\/wp-content\/smush-webp\/2025\/07\/IMGP6932-600x397.jpg.webp 600w\" data-sizes=\"auto\" src=\"data:image\/svg+xml;base64,PHN2ZyB3aWR0aD0iMSIgaGVpZ2h0PSIxIiB4bWxucz0iaHR0cDovL3d3dy53My5vcmcvMjAwMC9zdmciPjwvc3ZnPg==\" data-original-sizes=\"(max-width: 2560px) 100vw, 2560px\" \/><span aria-hidden=\"true\" class=\"wp-block-cover__background has-background-dim\" style=\"background-color:#8e8f7c\"><\/span><div class=\"wp-block-cover__inner-container is-layout-flow wp-block-cover-is-layout-flow\">\n<p class=\"has-text-align-left has-background-color has-text-color has-link-color has-large-font-size wp-elements-cb9ab1dadc8fb854d9f9a0c43cbe0adb\">Mynd: Visit Faroe Islands<\/p>\n<\/div><\/div>\n\n\n\n<div class=\"wp-block-group alignfull has-white-color has-light-viola-background-color has-text-color has-background has-link-color wp-elements-9d272518ad941cf41fd887a559fcae26 is-layout-constrained wp-block-group-is-layout-constrained\">\n<div style=\"height:55px\" aria-hidden=\"true\" class=\"wp-block-spacer\"><\/div>\n\n\n\n<div class=\"wp-block-columns is-layout-flex wp-container-core-columns-is-layout-9d6595d7 wp-block-columns-is-layout-flex\">\n<div class=\"wp-block-column is-vertically-aligned-top has-dark-color has-text-color has-link-color wp-elements-119a3ba91920e3c0955dde04e874bec8 is-layout-flow wp-block-column-is-layout-flow\" style=\"flex-basis:33.33%\">\n<h2 class=\"wp-block-heading\">S\u00fakklut\u00far til Kaldbak<\/h2>\n<\/div>\n\n\n\n<div class=\"wp-block-column has-dark-color has-text-color has-link-color wp-elements-b7b1326adf3f8614378d8b2e58d4d20d is-layout-flow wp-block-column-is-layout-flow\" style=\"flex-basis:66.66%\">\n<p class=\"has-x-large-font-size\"><strong>S\u00fakkla fram vi\u00f0 sj\u00f3varm\u00e1lanum<\/strong><\/p>\n\n\n\n<p class=\"has-normal-font-size\">Byrja t\u00farin \u00ed mi\u00f0b\u00fdnum \u00ed Havn og s\u00fakkla eystureftir \u00ed m\u00f3ti Kaldbaksfj\u00f8r\u00f0inum. Lei\u00f0in til Kaldbak er v\u00e6l h\u00f3skandi teimum, i\u00f0 ynskja ein vakran og mi\u00f0al torf\u00f8ran s\u00fakklut\u00far vi\u00f0 l\u00e6ttum brekkum. T\u00farurin til Kaldbaks er umlei\u00f0 13 km.<\/p>\n\n\n\n<p class=\"has-normal-font-size\">Um t\u00fa hevur hug at uppliva eitt sindur afturat eftir t\u00farin til Kaldbaks, liggur byrjanin til gongut\u00farin til <strong>Mi\u00f0depil F\u00f8roya<\/strong>. Sum navni\u00f0 bo\u00f0ar fr\u00e1, er hetta landafr\u00f8\u00f0iligi mi\u00f0depilin \u00ed F\u00f8royum. Her bj\u00f3\u00f0ar serligi felagsskapurin <a href=\"https:\/\/www.bondur.fo\/\">B\u00d6NDUR<\/a> eina serstaka uppliving, sum byrjar vi\u00f0 einum s\u00f8gur\u00edkum gongut\u00fari til Mi\u00f0depil og endar vi\u00f0 eini hugnaligari heimagj\u00f8rdari m\u00e1lt\u00ed\u00f0 \u00far egnu r\u00e1v\u00f8rum b\u00f3ndanna \u00ed einum fri\u00f0s\u00e6lum dali.&nbsp;<\/p>\n<\/div>\n<\/div>\n\n\n\n<div style=\"height:50px\" aria-hidden=\"true\" class=\"wp-block-spacer\"><\/div>\n<\/div>\n\n\n\n<div class=\"wp-block-group alignfull has-black-300-color has-sunshine-background-color has-text-color has-background has-link-color wp-elements-7db0736d960a13ceff6ed98af0f2ecb5 is-layout-constrained wp-block-group-is-layout-constrained\">\n<div style=\"height:50px\" aria-hidden=\"true\" class=\"wp-block-spacer\"><\/div>\n\n\n\n<div class=\"wp-block-columns is-layout-flex wp-container-core-columns-is-layout-9d6595d7 wp-block-columns-is-layout-flex\">\n<div class=\"wp-block-column is-layout-flow wp-block-column-is-layout-flow\">\n<h3 class=\"wp-block-heading has-dark-color has-text-color has-link-color wp-elements-fae30122888d8dc6e6c147bd5cdcfb6e\"><strong>S\u00fakklulei\u00f0irnar<\/strong><\/h3>\n\n\n\n<p class=\"has-dark-color has-text-color has-link-color wp-elements-a4236194c00ef730d507b8e1b5e77724\"><strong>2 ymiskar lei\u00f0ir til sama sta\u00f0<\/strong><\/p>\n\n\n\n<p class=\"has-dark-color has-text-color has-link-color wp-elements-f36eb2078c163b6ce0a7ace6b7ce772a\">S\u00fakklut\u00farurin fr\u00e1 T\u00f3rshavn til Kaldbaks er ein sera vakur og atkomuligur s\u00fakklut\u00farur.<\/p>\n\n\n\n<h6 class=\"wp-block-heading has-dark-color has-text-color has-link-color wp-elements-9d892799a70c26452038cb582d6180aa\"><strong>Valm\u00f8guleiki<\/strong> <strong>1: Appilsingula lei\u00f0in<\/strong><\/h6>\n\n\n\n<p class=\"has-dark-color has-text-color has-link-color wp-elements-7264900bc4ced0e0b0f067a9e04c3f3c\"><strong>Kaldbaksbotnur (h\u00f8vu\u00f0svegurin)<\/strong><\/p>\n\n\n\n<p class=\"has-dark-color has-text-color has-link-color wp-elements-24f9d971cfd2016d7dd8b5eb00612d8e\">Hesin t\u00farurin er l\u00e6ttari og meiri beinlei\u00f0is, vi\u00f0 at man fylgir h\u00f8vu\u00f0svegnum til Kaldbaksbotn.<\/p>\n\n\n\n<h6 class=\"wp-block-heading has-dark-color has-text-color has-link-color wp-elements-03fef6bc3a94438105ec9dd55b2c1787\"><strong><strong>Valm\u00f8guleiki<\/strong> <strong>2: Rey\u00f0a lei\u00f0in<\/strong><\/strong><\/h6>\n\n\n\n<p class=\"has-dark-color has-text-color has-link-color wp-elements-bc52e8792cbca9d9925024a346e8fa49\"><strong>Oyggjarvegurin<\/strong><\/p>\n\n\n\n<p class=\"has-dark-color has-text-color has-link-color wp-elements-c65c4b27a86f55d61087ca8561631bba\">Um t\u00fa ynskir eitt sindur meiri av eini avbj\u00f3\u00f0ing, so er rey\u00f0a lei\u00f0in eftir Oyggjarvegnum, tann r\u00e6tta.<\/p>\n<\/div>\n\n\n\n<div class=\"wp-block-column has-sunshine-background-color has-background is-layout-flow wp-block-column-is-layout-flow\">\n<figure class=\"wp-block-image size-full\"><img decoding=\"async\" width=\"2560\" height=\"2560\" data-src=\"https:\/\/www.visittorshavn.fo\/wp-content\/smush-webp\/2025\/06\/Design-uden-navn-1-1.jpg.webp\" alt=\"\" class=\"wp-image-123665 lazyload\" data-srcset=\"https:\/\/www.visittorshavn.fo\/wp-content\/smush-webp\/2025\/06\/Design-uden-navn-1-1.jpg.webp 2560w, https:\/\/www.visittorshavn.fo\/wp-content\/smush-webp\/2025\/06\/Design-uden-navn-1-1-800x800.jpg.webp 800w, https:\/\/www.visittorshavn.fo\/wp-content\/smush-webp\/2025\/06\/Design-uden-navn-1-1-1200x1200.jpg.webp 1200w, https:\/\/www.visittorshavn.fo\/wp-content\/smush-webp\/2025\/06\/Design-uden-navn-1-1-300x300.jpg.webp 300w, https:\/\/www.visittorshavn.fo\/wp-content\/smush-webp\/2025\/06\/Design-uden-navn-1-1-768x768.jpg.webp 768w, https:\/\/www.visittorshavn.fo\/wp-content\/smush-webp\/2025\/06\/Design-uden-navn-1-1-1536x1536.jpg.webp 1536w, https:\/\/www.visittorshavn.fo\/wp-content\/smush-webp\/2025\/06\/Design-uden-navn-1-1-2048x2048.jpg.webp 2048w, https:\/\/www.visittorshavn.fo\/wp-content\/smush-webp\/2025\/06\/Design-uden-navn-1-1-1320x1320.jpg.webp 1320w, https:\/\/www.visittorshavn.fo\/wp-content\/smush-webp\/2025\/06\/Design-uden-navn-1-1-600x600.jpg.webp 600w, https:\/\/www.visittorshavn.fo\/wp-content\/smush-webp\/2025\/06\/Design-uden-navn-1-1-100x100.jpg.webp 100w\" data-sizes=\"auto\" src=\"data:image\/svg+xml;base64,PHN2ZyB3aWR0aD0iMSIgaGVpZ2h0PSIxIiB4bWxucz0iaHR0cDovL3d3dy53My5vcmcvMjAwMC9zdmciPjwvc3ZnPg==\" style=\"--smush-placeholder-width: 2560px; --smush-placeholder-aspect-ratio: 2560\/2560;\" data-original-sizes=\"(max-width: 2560px) 100vw, 2560px\" \/><\/figure>\n<\/div>\n<\/div>\n\n\n\n<div style=\"height:50px\" aria-hidden=\"true\" class=\"wp-block-spacer\"><\/div>\n<\/div>\n\n\n\n<div class=\"wp-block-group alignfull has-black-300-color has-light-viola-background-color has-text-color has-background has-link-color wp-elements-e4f396f9716a5909d2ef74c1db48d6db is-layout-constrained wp-block-group-is-layout-constrained\">\n<div style=\"height:50px\" aria-hidden=\"true\" class=\"wp-block-spacer\"><\/div>\n\n\n\n<div class=\"wp-block-media-text has-media-on-the-right is-stacked-on-mobile is-image-fill-element\"><div class=\"wp-block-media-text__content\">\n<h3 class=\"wp-block-heading has-dark-color has-text-color has-link-color wp-elements-cf6c3450bb9da4d4625d25d550cda141\"><strong><strong>Kaldbak<\/strong><\/strong><\/h3>\n\n\n\n<p class=\"has-dark-color has-text-color has-link-color wp-elements-defc72c23cc70093f533f722306b4c1b\">Kaldbak er ein yndislig bygd \u00e1 nor\u00f0ara armi \u00e1 Kaldbaksfir\u00f0inum. \u00cd 2023 b\u00fa\u00f0u 251 f\u00f3lk \u00ed Kaldbak.<\/p>\n\n\n\n<p>Photo: Klara Johannesen \/ Visit Faroe Islands<\/p>\n<\/div><figure class=\"wp-block-media-text__media\"><img decoding=\"async\" width=\"800\" height=\"1200\" data-src=\"https:\/\/www.visittorshavn.fo\/wp-content\/smush-webp\/2025\/08\/DSC_5835-CFM23-37-800x1200.jpg.webp\" alt=\"\" class=\"wp-image-136092 size-full lazyload\" style=\"--smush-placeholder-width: 800px; --smush-placeholder-aspect-ratio: 800\/1200;object-position:51% 80%\" data-srcset=\"https:\/\/www.visittorshavn.fo\/wp-content\/smush-webp\/2025\/08\/DSC_5835-CFM23-37-800x1200.jpg.webp 800w, https:\/\/www.visittorshavn.fo\/wp-content\/smush-webp\/2025\/08\/DSC_5835-CFM23-37-533x800.jpg.webp 533w, https:\/\/www.visittorshavn.fo\/wp-content\/smush-webp\/2025\/08\/DSC_5835-CFM23-37-768x1152.jpg.webp 768w, https:\/\/www.visittorshavn.fo\/wp-content\/smush-webp\/2025\/08\/DSC_5835-CFM23-37-1024x1536.jpg.webp 1024w, https:\/\/www.visittorshavn.fo\/wp-content\/smush-webp\/2025\/08\/DSC_5835-CFM23-37-1365x2048.jpg.webp 1365w, https:\/\/www.visittorshavn.fo\/wp-content\/smush-webp\/2025\/08\/DSC_5835-CFM23-37-1320x1980.jpg.webp 1320w, https:\/\/www.visittorshavn.fo\/wp-content\/smush-webp\/2025\/08\/DSC_5835-CFM23-37-600x900.jpg.webp 600w, https:\/\/www.visittorshavn.fo\/wp-content\/smush-webp\/2025\/08\/DSC_5835-CFM23-37.jpg.webp 1707w\" data-sizes=\"auto\" src=\"data:image\/svg+xml;base64,PHN2ZyB3aWR0aD0iMSIgaGVpZ2h0PSIxIiB4bWxucz0iaHR0cDovL3d3dy53My5vcmcvMjAwMC9zdmciPjwvc3ZnPg==\" data-original-sizes=\"(max-width: 800px) 100vw, 800px\" \/><\/figure><\/div>\n\n\n\n<div style=\"height:50px\" aria-hidden=\"true\" class=\"wp-block-spacer\"><\/div>\n<\/div>\n\n\n\n<div class=\"wp-block-cover alignfull\" style=\"min-height:515px;aspect-ratio:unset;\"><span aria-hidden=\"true\" class=\"wp-block-cover__background has-sunshine-background-color has-background-dim-100 has-background-dim\"><\/span><div class=\"wp-block-cover__inner-container is-layout-constrained wp-block-cover-is-layout-constrained\">\n<div style=\"height:50px\" aria-hidden=\"true\" class=\"wp-block-spacer\"><\/div>\n\n\n\n<div class=\"wp-block-media-text is-stacked-on-mobile is-image-fill-element\"><figure class=\"wp-block-media-text__media\"><img decoding=\"async\" width=\"1200\" height=\"716\" data-src=\"https:\/\/www.visittorshavn.fo\/wp-content\/smush-webp\/2025\/08\/3mars19_PF9A6362-X3-e1754397698142-1200x716.jpg.webp\" alt=\"\" class=\"wp-image-136103 size-full lazyload\" style=\"--smush-placeholder-width: 1200px; --smush-placeholder-aspect-ratio: 1200\/716;object-position:50% 50%\" data-srcset=\"https:\/\/www.visittorshavn.fo\/wp-content\/smush-webp\/2025\/08\/3mars19_PF9A6362-X3-e1754397698142-1200x716.jpg.webp 1200w, https:\/\/www.visittorshavn.fo\/wp-content\/smush-webp\/2025\/08\/3mars19_PF9A6362-X3-e1754397698142-800x478.jpg.webp 800w, https:\/\/www.visittorshavn.fo\/wp-content\/smush-webp\/2025\/08\/3mars19_PF9A6362-X3-e1754397698142-768x458.jpg.webp 768w, https:\/\/www.visittorshavn.fo\/wp-content\/smush-webp\/2025\/08\/3mars19_PF9A6362-X3-e1754397698142-1536x917.jpg.webp 1536w, https:\/\/www.visittorshavn.fo\/wp-content\/smush-webp\/2025\/08\/3mars19_PF9A6362-X3-e1754397698142-1320x788.jpg.webp 1320w, https:\/\/www.visittorshavn.fo\/wp-content\/smush-webp\/2025\/08\/3mars19_PF9A6362-X3-e1754397698142-600x358.jpg.webp 600w, https:\/\/www.visittorshavn.fo\/wp-content\/smush-webp\/2025\/08\/3mars19_PF9A6362-X3-e1754397698142.jpg.webp 1600w\" data-sizes=\"auto\" src=\"data:image\/svg+xml;base64,PHN2ZyB3aWR0aD0iMSIgaGVpZ2h0PSIxIiB4bWxucz0iaHR0cDovL3d3dy53My5vcmcvMjAwMC9zdmciPjwvc3ZnPg==\" data-original-sizes=\"(max-width: 1200px) 100vw, 1200px\" \/><\/figure><div class=\"wp-block-media-text__content\">\n<h3 class=\"wp-block-heading has-dark-color has-text-color has-link-color wp-elements-cb46d7676d453584cd12b4c53d31ddb6\"><strong>Kaldbaks kirkja<\/strong><\/h3>\n\n\n\n<p class=\"has-dark-color has-text-color has-link-color wp-elements-808faf83bf92569c2dc6226797da986d\">Vakra, v\u00e6l var\u00f0veitta kirkjan \u00ed Kaldbak fr\u00e1 1835 liggur \u00e1 vestaru s\u00ed\u00f0u \u00e1 bygdini \u00ed einum l\u00edtlum, hegnisliga laga\u00f0um kirkjugar\u00f0i.\u00a0<\/p>\n\n\n\n<p class=\"has-black-300-color has-text-color has-link-color wp-elements-4d624ee7fae19c76398de1e4fae6e426\">Photo: Faroe Photo<\/p>\n<\/div><\/div>\n\n\n\n<div style=\"height:50px\" aria-hidden=\"true\" class=\"wp-block-spacer\"><\/div>\n<\/div><\/div>\n\n\n\n<div class=\"wp-block-group alignfull has-light-viola-background-color has-background is-layout-constrained wp-block-group-is-layout-constrained\">\n<div style=\"height:50px\" aria-hidden=\"true\" class=\"wp-block-spacer\"><\/div>\n\n\n\n<div class=\"wp-block-columns alignwide is-layout-flex wp-container-core-columns-is-layout-9d6595d7 wp-block-columns-is-layout-flex\">\n<div class=\"wp-block-column is-layout-flow wp-block-column-is-layout-flow\" style=\"flex-basis:33.33%\">\n<h2 class=\"wp-block-heading has-text-align-right\">Fakta um s\u00fakklulei\u00f0ina<\/h2>\n<\/div>\n\n\n\n<div class=\"wp-block-column is-layout-flow wp-block-column-is-layout-flow\" style=\"flex-basis:66.66%\">\n<p>\u00cd hesum partinum finnur t\u00fa uppl\u00fdsingar, sum kunnu hj\u00e1lpa t\u00e6r at velja r\u00f8ttu lei\u00f0ina eftir t\u00ednum royndarstigi og \u00e1hugam\u00e1lum.<\/p>\n\n\n\n<div style=\"height:20px\" aria-hidden=\"true\" class=\"wp-block-spacer\"><\/div>\n\n\n\n<details class=\"wp-block-details is-layout-flow wp-block-details-is-layout-flow\"><summary><strong>Torleikastig<\/strong>:<\/summary>\n<p>Krevjandi (Level 3) \u2013 Hugsa\u00f0ur s\u00fakklarum vi\u00f0 eitt sindur av royndum.<br><\/p>\n<\/details>\n\n\n\n<details class=\"wp-block-details is-layout-flow wp-block-details-is-layout-flow\"><summary><strong>Longd:<\/strong><\/summary>\n<p>24.2 km aftur og fram<\/p>\n<\/details>\n\n\n\n<details class=\"wp-block-details is-layout-flow wp-block-details-is-layout-flow\"><summary><strong>T\u00ed\u00f0:<\/strong><\/summary>\n<p>Umlei\u00f0 2 t\u00edmar<\/p>\n<\/details>\n\n\n\n<details class=\"wp-block-details is-layout-flow wp-block-details-is-layout-flow\"><summary><strong><strong>Barnavinarligur<\/strong><\/strong><\/summary>\n<p>H\u00f3skandi fyri b\u00f8rn <strong>15 \u00e1r og eldri,<\/strong> \u00ed fylgi vi\u00f0 einum vaksum.<br>.<\/p>\n<\/details>\n\n\n\n<details class=\"wp-block-details is-layout-flow wp-block-details-is-layout-flow\"><summary><strong>S\u00fakklul\u00edkindi<\/strong><\/summary>\n<p>V\u00e6l hildin asfalt vegur \u2013 l\u00e6tt s\u00fakklandi allan vegin.<\/p>\n<\/details>\n<\/div>\n<\/div>\n\n\n\n<div style=\"height:150px\" aria-hidden=\"true\" class=\"wp-block-spacer\"><\/div>\n<\/div>\n","protected":false},"excerpt":{"rendered":"<p>S\u00fakklut\u00far til Kaldbak S\u00fakkla fram vi\u00f0 sj\u00f3varm\u00e1lanum Byrja t\u00farin \u00ed mi\u00f0b\u00fdnum \u00ed Havn og s\u00fakkla eystureftir \u00ed m\u00f3ti Kaldbaksfj\u00f8r\u00f0inum. Lei\u00f0in til Kaldbak er v\u00e6l h\u00f3skandi teimum, i\u00f0 ynskja ein vakran [&hellip;]<\/p>\n","protected":false},"author":3,"featured_media":126892,"parent":0,"menu_order":0,"comment_status":"closed","ping_status":"closed","template":"","meta":{"_acf_changed":false,"footnotes":""},"page_category":[],"class_list":["post-123917","page","type-page","status-publish","has-post-thumbnail","hentry"],"acf":[],"yoast_head":"<!-- This site is optimized with the Yoast SEO plugin v27.5 - https:\/\/yoast.com\/product\/yoast-seo-wordpress\/ -->\n<title>S\u00fakkla: Kaldbak - Visit Torshavn<\/title>\n<meta name=\"robots\" content=\"index, follow, max-snippet:-1, max-image-preview:large, max-video-preview:-1\" \/>\n<link rel=\"canonical\" href=\"https:\/\/www.visittorshavn.fo\/fo\/kaldbak\/\" \/>\n<meta property=\"og:locale\" content=\"fo_FO\" \/>\n<meta property=\"og:type\" content=\"article\" \/>\n<meta property=\"og:title\" content=\"S\u00fakkla: Kaldbak - Visit Torshavn\" \/>\n<meta property=\"og:description\" content=\"S\u00fakklut\u00far til Kaldbak S\u00fakkla fram vi\u00f0 sj\u00f3varm\u00e1lanum Byrja t\u00farin \u00ed mi\u00f0b\u00fdnum \u00ed Havn og s\u00fakkla eystureftir \u00ed m\u00f3ti Kaldbaksfj\u00f8r\u00f0inum. Lei\u00f0in til Kaldbak er v\u00e6l h\u00f3skandi teimum, i\u00f0 ynskja ein vakran [&hellip;]\" \/>\n<meta property=\"og:url\" content=\"https:\/\/www.visittorshavn.fo\/fo\/kaldbak\/\" \/>\n<meta property=\"og:site_name\" content=\"Visit Torshavn\" \/>\n<meta property=\"article:modified_time\" content=\"2025-08-15T12:40:36+00:00\" \/>\n<meta property=\"og:image\" content=\"https:\/\/www.visittorshavn.fo\/wp-content\/uploads\/2025\/07\/IMGP6932-1200x795.jpg\" \/>\n\t<meta property=\"og:image:width\" content=\"1200\" \/>\n\t<meta property=\"og:image:height\" content=\"795\" \/>\n\t<meta property=\"og:image:type\" content=\"image\/jpeg\" \/>\n<meta name=\"twitter:card\" content=\"summary_large_image\" \/>\n<meta name=\"twitter:label1\" content=\"Est. reading time\" \/>\n\t<meta name=\"twitter:data1\" content=\"3 minutes\" \/>\n<script type=\"application\/ld+json\" class=\"yoast-schema-graph\">{\"@context\":\"https:\\\/\\\/schema.org\",\"@graph\":[{\"@type\":\"WebPage\",\"@id\":\"https:\\\/\\\/www.visittorshavn.fo\\\/fo\\\/kaldbak\\\/\",\"url\":\"https:\\\/\\\/www.visittorshavn.fo\\\/fo\\\/kaldbak\\\/\",\"name\":\"S\u00fakkla: Kaldbak - Visit Torshavn\",\"isPartOf\":{\"@id\":\"https:\\\/\\\/www.visittorshavn.fo\\\/fo\\\/#website\"},\"primaryImageOfPage\":{\"@id\":\"https:\\\/\\\/www.visittorshavn.fo\\\/fo\\\/kaldbak\\\/#primaryimage\"},\"image\":{\"@id\":\"https:\\\/\\\/www.visittorshavn.fo\\\/fo\\\/kaldbak\\\/#primaryimage\"},\"thumbnailUrl\":\"https:\\\/\\\/www.visittorshavn.fo\\\/wp-content\\\/uploads\\\/2025\\\/07\\\/IMGP6932.jpg\",\"datePublished\":\"2025-06-13T09:38:35+00:00\",\"dateModified\":\"2025-08-15T12:40:36+00:00\",\"breadcrumb\":{\"@id\":\"https:\\\/\\\/www.visittorshavn.fo\\\/fo\\\/kaldbak\\\/#breadcrumb\"},\"inLanguage\":\"fo-FO\",\"potentialAction\":[{\"@type\":\"ReadAction\",\"target\":[\"https:\\\/\\\/www.visittorshavn.fo\\\/fo\\\/kaldbak\\\/\"]}]},{\"@type\":\"ImageObject\",\"inLanguage\":\"fo-FO\",\"@id\":\"https:\\\/\\\/www.visittorshavn.fo\\\/fo\\\/kaldbak\\\/#primaryimage\",\"url\":\"https:\\\/\\\/www.visittorshavn.fo\\\/wp-content\\\/uploads\\\/2025\\\/07\\\/IMGP6932.jpg\",\"contentUrl\":\"https:\\\/\\\/www.visittorshavn.fo\\\/wp-content\\\/uploads\\\/2025\\\/07\\\/IMGP6932.jpg\",\"width\":2560,\"height\":1695,\"caption\":\"Looking down on Kaldbak, Streymoy\"},{\"@type\":\"BreadcrumbList\",\"@id\":\"https:\\\/\\\/www.visittorshavn.fo\\\/fo\\\/kaldbak\\\/#breadcrumb\",\"itemListElement\":[{\"@type\":\"ListItem\",\"position\":1,\"name\":\"Home\",\"item\":\"https:\\\/\\\/www.visittorshavn.fo\\\/fo\\\/\"},{\"@type\":\"ListItem\",\"position\":2,\"name\":\"S\u00fakkla: Kaldbak\"}]},{\"@type\":\"WebSite\",\"@id\":\"https:\\\/\\\/www.visittorshavn.fo\\\/fo\\\/#website\",\"url\":\"https:\\\/\\\/www.visittorshavn.fo\\\/fo\\\/\",\"name\":\"Visit Torshavn\",\"description\":\"\",\"potentialAction\":[{\"@type\":\"SearchAction\",\"target\":{\"@type\":\"EntryPoint\",\"urlTemplate\":\"https:\\\/\\\/www.visittorshavn.fo\\\/fo\\\/?s={search_term_string}\"},\"query-input\":{\"@type\":\"PropertyValueSpecification\",\"valueRequired\":true,\"valueName\":\"search_term_string\"}}],\"inLanguage\":\"fo-FO\"}]}<\/script>\n<!-- \/ Yoast SEO plugin. -->","yoast_head_json":{"title":"S\u00fakkla: Kaldbak - Visit Torshavn","robots":{"index":"index","follow":"follow","max-snippet":"max-snippet:-1","max-image-preview":"max-image-preview:large","max-video-preview":"max-video-preview:-1"},"canonical":"https:\/\/www.visittorshavn.fo\/fo\/kaldbak\/","og_locale":"fo_FO","og_type":"article","og_title":"S\u00fakkla: Kaldbak - Visit Torshavn","og_description":"S\u00fakklut\u00far til Kaldbak S\u00fakkla fram vi\u00f0 sj\u00f3varm\u00e1lanum Byrja t\u00farin \u00ed mi\u00f0b\u00fdnum \u00ed Havn og s\u00fakkla eystureftir \u00ed m\u00f3ti Kaldbaksfj\u00f8r\u00f0inum. Lei\u00f0in til Kaldbak er v\u00e6l h\u00f3skandi teimum, i\u00f0 ynskja ein vakran [&hellip;]","og_url":"https:\/\/www.visittorshavn.fo\/fo\/kaldbak\/","og_site_name":"Visit Torshavn","article_modified_time":"2025-08-15T12:40:36+00:00","og_image":[{"width":1200,"height":795,"url":"https:\/\/www.visittorshavn.fo\/wp-content\/uploads\/2025\/07\/IMGP6932-1200x795.jpg","type":"image\/jpeg"}],"twitter_card":"summary_large_image","twitter_misc":{"Est. reading time":"3 minutes"},"schema":{"@context":"https:\/\/schema.org","@graph":[{"@type":"WebPage","@id":"https:\/\/www.visittorshavn.fo\/fo\/kaldbak\/","url":"https:\/\/www.visittorshavn.fo\/fo\/kaldbak\/","name":"S\u00fakkla: Kaldbak - Visit Torshavn","isPartOf":{"@id":"https:\/\/www.visittorshavn.fo\/fo\/#website"},"primaryImageOfPage":{"@id":"https:\/\/www.visittorshavn.fo\/fo\/kaldbak\/#primaryimage"},"image":{"@id":"https:\/\/www.visittorshavn.fo\/fo\/kaldbak\/#primaryimage"},"thumbnailUrl":"https:\/\/www.visittorshavn.fo\/wp-content\/uploads\/2025\/07\/IMGP6932.jpg","datePublished":"2025-06-13T09:38:35+00:00","dateModified":"2025-08-15T12:40:36+00:00","breadcrumb":{"@id":"https:\/\/www.visittorshavn.fo\/fo\/kaldbak\/#breadcrumb"},"inLanguage":"fo-FO","potentialAction":[{"@type":"ReadAction","target":["https:\/\/www.visittorshavn.fo\/fo\/kaldbak\/"]}]},{"@type":"ImageObject","inLanguage":"fo-FO","@id":"https:\/\/www.visittorshavn.fo\/fo\/kaldbak\/#primaryimage","url":"https:\/\/www.visittorshavn.fo\/wp-content\/uploads\/2025\/07\/IMGP6932.jpg","contentUrl":"https:\/\/www.visittorshavn.fo\/wp-content\/uploads\/2025\/07\/IMGP6932.jpg","width":2560,"height":1695,"caption":"Looking down on Kaldbak, Streymoy"},{"@type":"BreadcrumbList","@id":"https:\/\/www.visittorshavn.fo\/fo\/kaldbak\/#breadcrumb","itemListElement":[{"@type":"ListItem","position":1,"name":"Home","item":"https:\/\/www.visittorshavn.fo\/fo\/"},{"@type":"ListItem","position":2,"name":"S\u00fakkla: Kaldbak"}]},{"@type":"WebSite","@id":"https:\/\/www.visittorshavn.fo\/fo\/#website","url":"https:\/\/www.visittorshavn.fo\/fo\/","name":"Visit Torshavn","description":"","potentialAction":[{"@type":"SearchAction","target":{"@type":"EntryPoint","urlTemplate":"https:\/\/www.visittorshavn.fo\/fo\/?s={search_term_string}"},"query-input":{"@type":"PropertyValueSpecification","valueRequired":true,"valueName":"search_term_string"}}],"inLanguage":"fo-FO"}]}},"_links":{"self":[{"href":"https:\/\/www.visittorshavn.fo\/fo\/wp-json\/wp\/v2\/pages\/123917","targetHints":{"allow":["GET"]}}],"collection":[{"href":"https:\/\/www.visittorshavn.fo\/fo\/wp-json\/wp\/v2\/pages"}],"about":[{"href":"https:\/\/www.visittorshavn.fo\/fo\/wp-json\/wp\/v2\/types\/page"}],"author":[{"embeddable":true,"href":"https:\/\/www.visittorshavn.fo\/fo\/wp-json\/wp\/v2\/users\/3"}],"replies":[{"embeddable":true,"href":"https:\/\/www.visittorshavn.fo\/fo\/wp-json\/wp\/v2\/comments?post=123917"}],"version-history":[{"count":0,"href":"https:\/\/www.visittorshavn.fo\/fo\/wp-json\/wp\/v2\/pages\/123917\/revisions"}],"wp:featuredmedia":[{"embeddable":true,"href":"https:\/\/www.visittorshavn.fo\/fo\/wp-json\/wp\/v2\/media\/126892"}],"wp:attachment":[{"href":"https:\/\/www.visittorshavn.fo\/fo\/wp-json\/wp\/v2\/media?parent=123917"}],"wp:term":[{"taxonomy":"page_category","embeddable":true,"href":"https:\/\/www.visittorshavn.fo\/fo\/wp-json\/wp\/v2\/page_category?post=123917"}],"curies":[{"name":"wp","href":"https:\/\/api.w.org\/{rel}","templated":true}]}}