{"id":123933,"date":"2025-06-13T09:23:50","date_gmt":"2025-06-13T08:23:50","guid":{"rendered":"https:\/\/www.visittorshavn.fo\/?page_id=123933"},"modified":"2025-08-15T15:40:48","modified_gmt":"2025-08-15T14:40:48","slug":"nordradalur","status":"publish","type":"page","link":"https:\/\/www.visittorshavn.fo\/fo\/nordradalur\/","title":{"rendered":"S\u00fakkla: Nor\u00f0radalur"},"content":{"rendered":"\n<div class=\"wp-block-cover alignfull has-custom-content-position is-position-bottom-left\" style=\"min-height:600px;aspect-ratio:unset;\"><img decoding=\"async\" width=\"1478\" height=\"986\" class=\"wp-block-cover__image-background wp-image-136975 size-full lazyload\" alt=\"\" data-src=\"https:\/\/www.visittorshavn.fo\/wp-content\/smush-webp\/2025\/08\/508822497_10040159786062125_2811794788110825907_n.jpg.webp\" data-object-fit=\"cover\" data-srcset=\"https:\/\/www.visittorshavn.fo\/wp-content\/smush-webp\/2025\/08\/508822497_10040159786062125_2811794788110825907_n.jpg.webp 1478w, https:\/\/www.visittorshavn.fo\/wp-content\/smush-webp\/2025\/08\/508822497_10040159786062125_2811794788110825907_n-800x534.jpg.webp 800w, https:\/\/www.visittorshavn.fo\/wp-content\/smush-webp\/2025\/08\/508822497_10040159786062125_2811794788110825907_n-1200x801.jpg.webp 1200w, https:\/\/www.visittorshavn.fo\/wp-content\/smush-webp\/2025\/08\/508822497_10040159786062125_2811794788110825907_n-768x512.jpg.webp 768w, https:\/\/www.visittorshavn.fo\/wp-content\/smush-webp\/2025\/08\/508822497_10040159786062125_2811794788110825907_n-1320x881.jpg.webp 1320w, https:\/\/www.visittorshavn.fo\/wp-content\/smush-webp\/2025\/08\/508822497_10040159786062125_2811794788110825907_n-600x400.jpg.webp 600w\" data-sizes=\"auto\" src=\"data:image\/svg+xml;base64,PHN2ZyB3aWR0aD0iMSIgaGVpZ2h0PSIxIiB4bWxucz0iaHR0cDovL3d3dy53My5vcmcvMjAwMC9zdmciPjwvc3ZnPg==\" style=\"--smush-placeholder-width: 1478px; --smush-placeholder-aspect-ratio: 1478\/986;\" data-original-sizes=\"(max-width: 1478px) 100vw, 1478px\" \/><span aria-hidden=\"true\" class=\"wp-block-cover__background has-background-dim-20 has-background-dim\" style=\"background-color:#877e7a\"><\/span><div class=\"wp-block-cover__inner-container is-layout-constrained wp-block-cover-is-layout-constrained\">\n<div class=\"wp-block-columns is-layout-flex wp-container-core-columns-is-layout-9d6595d7 wp-block-columns-is-layout-flex\">\n<div class=\"wp-block-column is-layout-flow wp-block-column-is-layout-flow\"><\/div>\n\n\n\n<div class=\"wp-block-column is-layout-flow wp-block-column-is-layout-flow\"><\/div>\n<\/div>\n\n\n\n<div style=\"height:60px\" aria-hidden=\"true\" class=\"wp-block-spacer\"><\/div>\n\n\n\n<p class=\"has-background-color has-text-color has-link-color has-small-font-size wp-elements-e3a55495464a1d05c278721ff72c59ff\">Mynd: FaroePhoto<\/p>\n<\/div><\/div>\n\n\n\n<div class=\"wp-block-group alignfull has-white-color has-light-pink-background-color has-text-color has-background has-link-color wp-elements-89752c4f5482316d8eda98dddbaf2c81 is-layout-constrained wp-block-group-is-layout-constrained\">\n<div style=\"height:50px\" aria-hidden=\"true\" class=\"wp-block-spacer\"><\/div>\n\n\n\n<div class=\"wp-block-columns is-layout-flex wp-container-core-columns-is-layout-9d6595d7 wp-block-columns-is-layout-flex\">\n<div class=\"wp-block-column is-vertically-aligned-top has-dark-color has-text-color has-link-color wp-elements-a0e13e98ebc6dddd42cc243ecdca4193 is-layout-flow wp-block-column-is-layout-flow\" style=\"flex-basis:33.33%\">\n<h3 class=\"wp-block-heading\"><strong>Oyggjarvegurin \u2013 Nor\u00f0radalur<\/strong><\/h3>\n<\/div>\n\n\n\n<div class=\"wp-block-column has-dark-color has-text-color has-link-color wp-elements-379f8ae5fe6822292f8ecdc8710248f3 is-layout-flow wp-block-column-is-layout-flow\" style=\"flex-basis:66.66%\">\n<p class=\"has-large-font-size\"><strong>Oman \u00ed dalin<\/strong><\/p>\n\n\n\n<p class=\"has-large-font-size\">Leitar t\u00fa eftir einum t\u00fari vi\u00f0 kensluni av at vera mitt \u00fati \u00ed ongum \u2013 og \u00ed s\u00fakklufr\u00e1st\u00f8\u00f0u fr\u00e1 Havn \u2013 so er ein s\u00fakklut\u00farur til Nor\u00f0radals j\u00fast fyri teg. <\/p>\n\n\n\n<p class=\"has-large-font-size\">T\u00farin sj\u00e1lvur er l\u00edka minnisverdur sum m\u00e1li\u00f0. Eftir nakrar javnar brekkur f\u00e6rt t\u00fa \u00fats\u00fdni\u00f0 yvir Nor\u00f0radalsskar\u00f0 og hareftir bygdina Nor\u00f0radalur.<\/p>\n<\/div>\n<\/div>\n\n\n\n<div style=\"height:50px\" aria-hidden=\"true\" class=\"wp-block-spacer\"><\/div>\n<\/div>\n\n\n\n<div class=\"wp-block-group alignfull has-black-300-color has-white-background-color has-text-color has-background has-link-color wp-elements-9c0c7575b3f93233adcc381284b8eeed is-layout-constrained wp-block-group-is-layout-constrained\">\n<div style=\"height:50px\" aria-hidden=\"true\" class=\"wp-block-spacer\"><\/div>\n\n\n\n<div class=\"wp-block-media-text has-media-on-the-right is-stacked-on-mobile\"><div class=\"wp-block-media-text__content\">\n<h2 class=\"wp-block-heading has-dark-color has-text-color has-link-color wp-elements-ce0b71ac1711edc4686f9f118b5cc096\"><strong><strong>S\u00fakklulei\u00f0<\/strong><\/strong><\/h2>\n\n\n\n<p class=\"has-dark-color has-text-color has-link-color wp-elements-c6d91de1667e4bb3f87e801a14825e9e\">T\u00farurin byrjar \u00ed Havn og gongur vestureftir gj\u00f8gnum sm\u00e1ar b\u00fdlingar og upp \u00ed fj\u00f8llini. \u00dats\u00fdni\u00f0 v\u00ed\u00f0kar so hv\u00f8rt, sum t\u00fa n\u00e6rkast Nor\u00f0radalsskar\u00f0i. Har s\u00e6st Koltur, um ve\u00f0ri\u00f0 er gott. S\u00ed\u00f0ani gongur lei\u00f0in l\u00e6tt omaneftir til Nor\u00f0radals.<\/p>\n\n\n\n<p class=\"has-dark-color has-text-color has-link-color wp-elements-0df95ce80722988b6dab47cfa6b6b5ff\">Ein still og v\u00f8kur lei\u00f0 vi\u00f0 l\u00edtlari fer\u00f0slu, og eini g\u00f3\u00f0ari blanding at m\u00f3t- og undanbrekku.<\/p>\n<\/div><figure class=\"wp-block-media-text__media\"><img decoding=\"async\" width=\"1024\" height=\"911\" data-src=\"https:\/\/www.visittorshavn.fo\/wp-content\/smush-webp\/2025\/06\/oyggjarvegurin-nordadalur-leynar-skalingur_large.jpg.webp\" alt=\"\" class=\"wp-image-123383 size-full lazyload\" data-srcset=\"https:\/\/www.visittorshavn.fo\/wp-content\/smush-webp\/2025\/06\/oyggjarvegurin-nordadalur-leynar-skalingur_large.jpg.webp 1024w, https:\/\/www.visittorshavn.fo\/wp-content\/smush-webp\/2025\/06\/oyggjarvegurin-nordadalur-leynar-skalingur_large-800x712.jpg.webp 800w, https:\/\/www.visittorshavn.fo\/wp-content\/smush-webp\/2025\/06\/oyggjarvegurin-nordadalur-leynar-skalingur_large-768x683.jpg.webp 768w, https:\/\/www.visittorshavn.fo\/wp-content\/smush-webp\/2025\/06\/oyggjarvegurin-nordadalur-leynar-skalingur_large-600x534.jpg.webp 600w\" data-sizes=\"auto\" src=\"data:image\/svg+xml;base64,PHN2ZyB3aWR0aD0iMSIgaGVpZ2h0PSIxIiB4bWxucz0iaHR0cDovL3d3dy53My5vcmcvMjAwMC9zdmciPjwvc3ZnPg==\" style=\"--smush-placeholder-width: 1024px; --smush-placeholder-aspect-ratio: 1024\/911;\" data-original-sizes=\"(max-width: 1024px) 100vw, 1024px\" \/><\/figure><\/div>\n\n\n\n<div style=\"height:75px\" aria-hidden=\"true\" class=\"wp-block-spacer\"><\/div>\n<\/div>\n\n\n\n<div class=\"wp-block-cover alignfull\" style=\"min-height:150px;aspect-ratio:unset;\"><span aria-hidden=\"true\" class=\"wp-block-cover__background has-light-green-background-color has-background-dim-100 has-background-dim\"><\/span><div class=\"wp-block-cover__inner-container is-layout-constrained wp-block-cover-is-layout-constrained\">\n<h2 class=\"wp-block-heading alignwide has-text-align-center has-dark-color has-text-color has-link-color wp-elements-a07fb86e12f049f90bad6f5438110ba0\"><strong>H\u00e6ddarpunkt \u00e1 t\u00farinum til Nor\u00f0radals:<\/strong><\/h2>\n<\/div><\/div>\n\n\n\n<div class=\"wp-block-cover alignfull\"><span aria-hidden=\"true\" class=\"wp-block-cover__background has-light-pink-background-color has-background-dim-100 has-background-dim\"><\/span><div class=\"wp-block-cover__inner-container is-layout-constrained wp-block-cover-is-layout-constrained\">\n<div style=\"height:50px\" aria-hidden=\"true\" class=\"wp-block-spacer\"><\/div>\n\n\n\n<div class=\"wp-block-media-text has-media-on-the-right is-stacked-on-mobile is-image-fill-element\"><div class=\"wp-block-media-text__content\">\n<h3 class=\"wp-block-heading has-dark-color has-text-color has-link-color wp-elements-2b61b626f7d10e82952baff97fc78383\"><strong><strong><strong><strong>Nor\u00f0radalsskar\u00f0<\/strong><\/strong><\/strong><\/strong><\/h3>\n\n\n\n<p class=\"has-dark-color has-text-color has-link-color wp-elements-c6d765e98a344f3b67e4722d1d2ba793\">\u00cd t\u00ed h\u00f8gtliggjandi Nor\u00f0radalsskar\u00f0i\u00f0 ber til at f\u00e1a n\u00f8kur av undurfagrastu \u00fats\u00fdnunum \u00ed F\u00f8royum.<\/p>\n\n\n\n<div style=\"height:5px\" aria-hidden=\"true\" class=\"wp-block-spacer\"><\/div>\n\n\n\n<p class=\"has-black-300-color has-text-color has-link-color wp-elements-e1466267bf5670ffda147599ba021bf1\">Photo: FaroePhoto<\/p>\n<\/div><figure class=\"wp-block-media-text__media\"><img decoding=\"async\" width=\"1200\" height=\"728\" data-src=\"https:\/\/www.visittorshavn.fo\/wp-content\/smush-webp\/2025\/08\/474394948_982043523786202_7068342586278535866_n-e1754652291338-1200x728.jpg.webp\" alt=\"\" class=\"wp-image-136682 size-full lazyload\" style=\"--smush-placeholder-width: 1200px; --smush-placeholder-aspect-ratio: 1200\/728;object-position:50% 50%\" data-srcset=\"https:\/\/www.visittorshavn.fo\/wp-content\/smush-webp\/2025\/08\/474394948_982043523786202_7068342586278535866_n-e1754652291338-1200x728.jpg.webp 1200w, https:\/\/www.visittorshavn.fo\/wp-content\/smush-webp\/2025\/08\/474394948_982043523786202_7068342586278535866_n-e1754652291338-800x485.jpg.webp 800w, https:\/\/www.visittorshavn.fo\/wp-content\/smush-webp\/2025\/08\/474394948_982043523786202_7068342586278535866_n-e1754652291338-768x466.jpg.webp 768w, https:\/\/www.visittorshavn.fo\/wp-content\/smush-webp\/2025\/08\/474394948_982043523786202_7068342586278535866_n-e1754652291338-1536x931.jpg.webp 1536w, https:\/\/www.visittorshavn.fo\/wp-content\/smush-webp\/2025\/08\/474394948_982043523786202_7068342586278535866_n-e1754652291338-1320x800.jpg.webp 1320w, https:\/\/www.visittorshavn.fo\/wp-content\/smush-webp\/2025\/08\/474394948_982043523786202_7068342586278535866_n-e1754652291338-600x364.jpg.webp 600w, https:\/\/www.visittorshavn.fo\/wp-content\/smush-webp\/2025\/08\/474394948_982043523786202_7068342586278535866_n-e1754652291338.jpg.webp 1600w\" data-sizes=\"auto\" src=\"data:image\/svg+xml;base64,PHN2ZyB3aWR0aD0iMSIgaGVpZ2h0PSIxIiB4bWxucz0iaHR0cDovL3d3dy53My5vcmcvMjAwMC9zdmciPjwvc3ZnPg==\" data-original-sizes=\"(max-width: 1200px) 100vw, 1200px\" \/><\/figure><\/div>\n\n\n\n<div style=\"height:50px\" aria-hidden=\"true\" class=\"wp-block-spacer\"><\/div>\n<\/div><\/div>\n\n\n\n<div class=\"wp-block-cover alignfull\"><span aria-hidden=\"true\" class=\"wp-block-cover__background has-light-green-background-color has-background-dim-100 has-background-dim\"><\/span><div class=\"wp-block-cover__inner-container is-layout-constrained wp-block-cover-is-layout-constrained\">\n<div style=\"height:50px\" aria-hidden=\"true\" class=\"wp-block-spacer\"><\/div>\n\n\n\n<div class=\"wp-block-media-text is-stacked-on-mobile is-image-fill-element\"><figure class=\"wp-block-media-text__media\"><img decoding=\"async\" width=\"1200\" height=\"600\" data-src=\"https:\/\/www.visittorshavn.fo\/wp-content\/smush-webp\/2025\/08\/118649204_3287730931305078_4975037024216586302_n-e1754652315930-1200x600.jpg.webp\" alt=\"\" class=\"wp-image-136969 size-full lazyload\" style=\"--smush-placeholder-width: 1200px; --smush-placeholder-aspect-ratio: 1200\/600;object-position:50% 50%\" data-srcset=\"https:\/\/www.visittorshavn.fo\/wp-content\/smush-webp\/2025\/08\/118649204_3287730931305078_4975037024216586302_n-e1754652315930-1200x600.jpg.webp 1200w, https:\/\/www.visittorshavn.fo\/wp-content\/smush-webp\/2025\/08\/118649204_3287730931305078_4975037024216586302_n-e1754652315930-800x400.jpg.webp 800w, https:\/\/www.visittorshavn.fo\/wp-content\/smush-webp\/2025\/08\/118649204_3287730931305078_4975037024216586302_n-e1754652315930-768x384.jpg.webp 768w, https:\/\/www.visittorshavn.fo\/wp-content\/smush-webp\/2025\/08\/118649204_3287730931305078_4975037024216586302_n-e1754652315930-1536x768.jpg.webp 1536w, https:\/\/www.visittorshavn.fo\/wp-content\/smush-webp\/2025\/08\/118649204_3287730931305078_4975037024216586302_n-e1754652315930-1320x660.jpg.webp 1320w, https:\/\/www.visittorshavn.fo\/wp-content\/smush-webp\/2025\/08\/118649204_3287730931305078_4975037024216586302_n-e1754652315930-600x300.jpg.webp 600w, https:\/\/www.visittorshavn.fo\/wp-content\/smush-webp\/2025\/08\/118649204_3287730931305078_4975037024216586302_n-e1754652315930.jpg.webp 1600w\" data-sizes=\"auto\" src=\"data:image\/svg+xml;base64,PHN2ZyB3aWR0aD0iMSIgaGVpZ2h0PSIxIiB4bWxucz0iaHR0cDovL3d3dy53My5vcmcvMjAwMC9zdmciPjwvc3ZnPg==\" data-original-sizes=\"(max-width: 1200px) 100vw, 1200px\" \/><\/figure><div class=\"wp-block-media-text__content\">\n<h3 class=\"wp-block-heading has-dark-color has-text-color has-link-color wp-elements-2e02f9296497f72f095e21164a54ba07\"><strong><strong><strong>Nor\u00f0radalur<\/strong><\/strong><\/strong><\/h3>\n\n\n\n<p class=\"has-dark-color has-text-color has-link-color wp-elements-e1303edfb2bcf3847b89eeaa40446569\">\u00cd Nor\u00f0radali b\u00fagva einans 10 f\u00f3lk. T\u00e1 i\u00f0 t\u00fa snei\u00f0ar av inn \u00ed Nor\u00f0radal, kemur snirkluti vegurin ni\u00f0ur til bygdina undan, vi\u00f0 Koltri \u00ed bakgrundini.&nbsp;<\/p>\n\n\n\n<p class=\"has-dark-color has-text-color has-link-color wp-elements-71522468c8285e58eb286acc68920880\">Ta\u00f0 ber eisini til at ganga \u00far T\u00f3rshavn til Nor\u00f0radals.&nbsp;<\/p>\n\n\n\n<div style=\"height:5px\" aria-hidden=\"true\" class=\"wp-block-spacer\"><\/div>\n\n\n\n<p class=\"has-black-300-color has-text-color has-link-color wp-elements-e1466267bf5670ffda147599ba021bf1\">Photo: FaroePhoto<\/p>\n<\/div><\/div>\n\n\n\n<div style=\"height:50px\" aria-hidden=\"true\" class=\"wp-block-spacer\"><\/div>\n<\/div><\/div>\n\n\n\n<div class=\"wp-block-cover alignfull\"><span aria-hidden=\"true\" class=\"wp-block-cover__background has-light-pink-background-color has-background-dim-100 has-background-dim\"><\/span><div class=\"wp-block-cover__inner-container is-layout-constrained wp-block-cover-is-layout-constrained\">\n<div style=\"height:50px\" aria-hidden=\"true\" class=\"wp-block-spacer\"><\/div>\n\n\n\n<div class=\"wp-block-media-text has-media-on-the-right is-stacked-on-mobile is-image-fill-element\"><div class=\"wp-block-media-text__content\">\n<h3 class=\"wp-block-heading has-dark-color has-text-color has-link-color wp-elements-3ddf25b0048770ec25cbe407beac7c8c\"><strong>Kaldbaksbotnur<\/strong><\/h3>\n\n\n\n<p class=\"has-dark-color has-text-color has-link-color wp-elements-20d618829624e18c0c06be9d91445732\">\u00c1 lei\u00f0ini \u00e1 Oyggjarvegnum s\u00e6r t\u00fa vakra Kaldbaksbotn \u2013 ein brei\u00f0ur fj\u00f8r\u00f0ur millum br\u00f8tt fj\u00f8ll, har fri\u00f0arliga bygdin Kaldbak liggur vi\u00f0 sj\u00f3varm\u00e1lan.<\/p>\n\n\n\n<div style=\"height:5px\" aria-hidden=\"true\" class=\"wp-block-spacer\"><\/div>\n\n\n\n<p class=\"has-black-300-color has-text-color has-link-color wp-elements-e1466267bf5670ffda147599ba021bf1\">Photo: FaroePhoto<\/p>\n<\/div><figure class=\"wp-block-media-text__media\"><img decoding=\"async\" width=\"1200\" height=\"800\" data-src=\"https:\/\/www.visittorshavn.fo\/wp-content\/smush-webp\/2025\/08\/477756119_997570712233483_8850566781532084012_n-1200x800.jpg.webp\" alt=\"\" class=\"wp-image-136976 size-full lazyload\" style=\"--smush-placeholder-width: 1200px; --smush-placeholder-aspect-ratio: 1200\/800;object-position:50% 50%\" data-srcset=\"https:\/\/www.visittorshavn.fo\/wp-content\/smush-webp\/2025\/08\/477756119_997570712233483_8850566781532084012_n-1200x800.jpg.webp 1200w, https:\/\/www.visittorshavn.fo\/wp-content\/smush-webp\/2025\/08\/477756119_997570712233483_8850566781532084012_n-800x534.jpg.webp 800w, https:\/\/www.visittorshavn.fo\/wp-content\/smush-webp\/2025\/08\/477756119_997570712233483_8850566781532084012_n-768x512.jpg.webp 768w, https:\/\/www.visittorshavn.fo\/wp-content\/smush-webp\/2025\/08\/477756119_997570712233483_8850566781532084012_n-1536x1024.jpg.webp 1536w, https:\/\/www.visittorshavn.fo\/wp-content\/smush-webp\/2025\/08\/477756119_997570712233483_8850566781532084012_n-1320x880.jpg.webp 1320w, https:\/\/www.visittorshavn.fo\/wp-content\/smush-webp\/2025\/08\/477756119_997570712233483_8850566781532084012_n-600x400.jpg.webp 600w, https:\/\/www.visittorshavn.fo\/wp-content\/smush-webp\/2025\/08\/477756119_997570712233483_8850566781532084012_n.jpg.webp 1600w\" data-sizes=\"auto\" src=\"data:image\/svg+xml;base64,PHN2ZyB3aWR0aD0iMSIgaGVpZ2h0PSIxIiB4bWxucz0iaHR0cDovL3d3dy53My5vcmcvMjAwMC9zdmciPjwvc3ZnPg==\" data-original-sizes=\"(max-width: 1200px) 100vw, 1200px\" \/><\/figure><\/div>\n\n\n\n<div style=\"height:50px\" aria-hidden=\"true\" class=\"wp-block-spacer\"><\/div>\n<\/div><\/div>\n\n\n\n<div class=\"wp-block-cover alignfull\"><span aria-hidden=\"true\" class=\"wp-block-cover__background has-light-green-background-color has-background-dim-100 has-background-dim\"><\/span><div class=\"wp-block-cover__inner-container is-layout-constrained wp-block-cover-is-layout-constrained\">\n<div style=\"height:50px\" aria-hidden=\"true\" class=\"wp-block-spacer\"><\/div>\n\n\n\n<div class=\"wp-block-media-text is-stacked-on-mobile is-image-fill-element\"><figure class=\"wp-block-media-text__media\"><img decoding=\"async\" width=\"1200\" height=\"760\" data-src=\"https:\/\/www.visittorshavn.fo\/wp-content\/smush-webp\/2025\/08\/506905062_10022280267850077_7638434484906283602_n-e1754574928722-1200x760.jpg.webp\" alt=\"\" class=\"wp-image-136684 size-full lazyload\" style=\"--smush-placeholder-width: 1200px; --smush-placeholder-aspect-ratio: 1200\/760;object-position:50% 50%\" data-srcset=\"https:\/\/www.visittorshavn.fo\/wp-content\/smush-webp\/2025\/08\/506905062_10022280267850077_7638434484906283602_n-e1754574928722-1200x760.jpg.webp 1200w, https:\/\/www.visittorshavn.fo\/wp-content\/smush-webp\/2025\/08\/506905062_10022280267850077_7638434484906283602_n-e1754574928722-800x507.jpg.webp 800w, https:\/\/www.visittorshavn.fo\/wp-content\/smush-webp\/2025\/08\/506905062_10022280267850077_7638434484906283602_n-e1754574928722-768x486.jpg.webp 768w, https:\/\/www.visittorshavn.fo\/wp-content\/smush-webp\/2025\/08\/506905062_10022280267850077_7638434484906283602_n-e1754574928722-1320x836.jpg.webp 1320w, https:\/\/www.visittorshavn.fo\/wp-content\/smush-webp\/2025\/08\/506905062_10022280267850077_7638434484906283602_n-e1754574928722-600x380.jpg.webp 600w, https:\/\/www.visittorshavn.fo\/wp-content\/smush-webp\/2025\/08\/506905062_10022280267850077_7638434484906283602_n-e1754574928722.jpg.webp 1478w\" data-sizes=\"auto\" src=\"data:image\/svg+xml;base64,PHN2ZyB3aWR0aD0iMSIgaGVpZ2h0PSIxIiB4bWxucz0iaHR0cDovL3d3dy53My5vcmcvMjAwMC9zdmciPjwvc3ZnPg==\" data-original-sizes=\"(max-width: 1200px) 100vw, 1200px\" \/><\/figure><div class=\"wp-block-media-text__content\">\n<h3 class=\"wp-block-heading has-dark-color has-text-color has-link-color wp-elements-24e60dc0cb25095c2f1caafd23b73a58\"><strong><strong><strong>Sornfelli<\/strong><\/strong><\/strong><\/h3>\n\n\n\n<p class=\"has-dark-color has-text-color has-link-color wp-elements-06968eddda406e3c4e3cf7dfbb5ef56d\">S\u00fakkla ver\u00f0ur framvi\u00f0 einum smalum, br\u00f8ttum s\u00ed\u00f0uvegi \u00e1 vinstru hond. Hesin vegur f\u00f8rir upp \u00e1 tindin \u00e1 Sornfelli, og er h\u00e6gstliggjandi vegur \u00ed F\u00f8royum.<\/p>\n\n\n\n<p class=\"has-dark-color has-text-color has-link-color wp-elements-ef9c5e08b0bd08b1372f1f93ad31bde2\">Hi\u00f0ani kanst t\u00fa, t\u00e1 i\u00f0 ta\u00f0 er kl\u00e1rt \u00ed ve\u00f0rinum, f\u00e1a bergtakandi \u00fats\u00fdni \u00fat yvir fleiri av f\u00f8roysku oyggjunum. Sj\u00e1lvt \u00ed mj\u00f8rka er ta\u00f0 hugtakandi at s\u00edggja h\u00f8gu fjallatindarnar \u00edgj\u00f8gnum ta\u00f0 hv\u00edta.<\/p>\n\n\n\n<div style=\"height:5px\" aria-hidden=\"true\" class=\"wp-block-spacer\"><\/div>\n\n\n\n<p class=\"has-black-300-color has-text-color has-link-color wp-elements-e1466267bf5670ffda147599ba021bf1\">Photo: FaroePhoto<\/p>\n<\/div><\/div>\n\n\n\n<div style=\"height:50px\" aria-hidden=\"true\" class=\"wp-block-spacer\"><\/div>\n<\/div><\/div>\n\n\n\n<div class=\"wp-block-group alignfull has-light-viola-background-color has-background is-layout-constrained wp-block-group-is-layout-constrained\">\n<div style=\"height:75px\" aria-hidden=\"true\" class=\"wp-block-spacer\"><\/div>\n\n\n\n<div class=\"wp-block-columns alignwide is-layout-flex wp-container-core-columns-is-layout-9d6595d7 wp-block-columns-is-layout-flex\">\n<div class=\"wp-block-column is-layout-flow wp-block-column-is-layout-flow\" style=\"flex-basis:33.33%\">\n<h2 class=\"wp-block-heading has-text-align-right\">Fakta um s\u00fakklulei\u00f0ina<\/h2>\n<\/div>\n\n\n\n<div class=\"wp-block-column is-layout-flow wp-block-column-is-layout-flow\" style=\"flex-basis:66.66%\">\n<p>\u00cd hesum partinum finnur t\u00fa uppl\u00fdsingar, sum kunnu hj\u00e1lpa t\u00e6r at velja r\u00f8ttu lei\u00f0ina eftir t\u00ednum royndarstigi og \u00e1hugam\u00e1lum.<\/p>\n\n\n\n<div style=\"height:20px\" aria-hidden=\"true\" class=\"wp-block-spacer\"><\/div>\n\n\n\n<details class=\"wp-block-details is-layout-flow wp-block-details-is-layout-flow\"><summary><strong>Longd:<\/strong><\/summary>\n<p>Umlei\u00f0 14 km (aftur og fram)<br><\/p>\n<\/details>\n\n\n\n<details class=\"wp-block-details is-layout-flow wp-block-details-is-layout-flow\"><summary><strong>T\u00ed\u00f0:<\/strong><\/summary>\n<p>1.5\u20132 t\u00edmar (vi\u00f0 stoppum)<\/p>\n<\/details>\n\n\n\n<details class=\"wp-block-details is-layout-flow wp-block-details-is-layout-flow\"><summary>Hall<\/summary>\n<p>9%<\/p>\n<\/details>\n\n\n\n<details class=\"wp-block-details is-layout-flow wp-block-details-is-layout-flow\"><summary>H\u00e6dd<\/summary>\n<p>248 m<\/p>\n<\/details>\n\n\n\n<details class=\"wp-block-details is-layout-flow wp-block-details-is-layout-flow\"><summary><strong>H\u00e6ddar\u00f8king<\/strong><\/summary>\n<p id=\"block-cdc4f612-42be-4ee1-b0cd-a9bcd7bdf3b6\">Umlei\u00f0 220 m<\/p>\n<\/details>\n\n\n\n<details class=\"wp-block-details is-layout-flow wp-block-details-is-layout-flow\"><summary><strong>Torleikastig<\/strong>:<\/summary>\n<p>Krevjandi (Level 3) \u2013 Hugsa\u00f0ur s\u00fakklarum vi\u00f0 eitt sindur av royndum.<\/p>\n<\/details>\n\n\n\n<div style=\"height:150px\" aria-hidden=\"true\" class=\"wp-block-spacer\"><\/div>\n<\/div>\n<\/div>\n<\/div>\n","protected":false},"excerpt":{"rendered":"<p>Oyggjarvegurin \u2013 Nor\u00f0radalur Oman \u00ed dalin Leitar t\u00fa eftir einum t\u00fari vi\u00f0 kensluni av at vera mitt \u00fati \u00ed ongum \u2013 og \u00ed s\u00fakklufr\u00e1st\u00f8\u00f0u fr\u00e1 Havn \u2013 so er ein [&hellip;]<\/p>\n","protected":false},"author":3,"featured_media":136975,"parent":0,"menu_order":0,"comment_status":"closed","ping_status":"closed","template":"","meta":{"_acf_changed":false,"footnotes":""},"page_category":[],"class_list":["post-123933","page","type-page","status-publish","has-post-thumbnail","hentry"],"acf":[],"yoast_head":"<!-- This site is optimized with the Yoast SEO plugin v27.5 - https:\/\/yoast.com\/product\/yoast-seo-wordpress\/ -->\n<title>S\u00fakkla: Nor\u00f0radalur - Visit Torshavn<\/title>\n<meta name=\"robots\" content=\"index, follow, max-snippet:-1, max-image-preview:large, max-video-preview:-1\" \/>\n<link rel=\"canonical\" href=\"https:\/\/www.visittorshavn.fo\/fo\/nordradalur\/\" \/>\n<meta property=\"og:locale\" content=\"fo_FO\" \/>\n<meta property=\"og:type\" content=\"article\" \/>\n<meta property=\"og:title\" content=\"S\u00fakkla: Nor\u00f0radalur - Visit Torshavn\" \/>\n<meta property=\"og:description\" content=\"Oyggjarvegurin \u2013 Nor\u00f0radalur Oman \u00ed dalin Leitar t\u00fa eftir einum t\u00fari vi\u00f0 kensluni av at vera mitt \u00fati \u00ed ongum \u2013 og \u00ed s\u00fakklufr\u00e1st\u00f8\u00f0u fr\u00e1 Havn \u2013 so er ein [&hellip;]\" \/>\n<meta property=\"og:url\" content=\"https:\/\/www.visittorshavn.fo\/fo\/nordradalur\/\" \/>\n<meta property=\"og:site_name\" content=\"Visit Torshavn\" \/>\n<meta property=\"article:modified_time\" content=\"2025-08-15T14:40:48+00:00\" \/>\n<meta property=\"og:image\" content=\"https:\/\/www.visittorshavn.fo\/wp-content\/uploads\/2025\/08\/508822497_10040159786062125_2811794788110825907_n.jpg\" \/>\n\t<meta property=\"og:image:width\" content=\"1478\" \/>\n\t<meta property=\"og:image:height\" content=\"986\" \/>\n\t<meta property=\"og:image:type\" content=\"image\/jpeg\" \/>\n<meta name=\"twitter:card\" content=\"summary_large_image\" \/>\n<meta name=\"twitter:label1\" content=\"Est. reading time\" \/>\n\t<meta name=\"twitter:data1\" content=\"3 minutes\" \/>\n<script type=\"application\/ld+json\" class=\"yoast-schema-graph\">{\"@context\":\"https:\\\/\\\/schema.org\",\"@graph\":[{\"@type\":\"WebPage\",\"@id\":\"https:\\\/\\\/www.visittorshavn.fo\\\/fo\\\/nordradalur\\\/\",\"url\":\"https:\\\/\\\/www.visittorshavn.fo\\\/fo\\\/nordradalur\\\/\",\"name\":\"S\u00fakkla: Nor\u00f0radalur - Visit Torshavn\",\"isPartOf\":{\"@id\":\"https:\\\/\\\/www.visittorshavn.fo\\\/fo\\\/#website\"},\"primaryImageOfPage\":{\"@id\":\"https:\\\/\\\/www.visittorshavn.fo\\\/fo\\\/nordradalur\\\/#primaryimage\"},\"image\":{\"@id\":\"https:\\\/\\\/www.visittorshavn.fo\\\/fo\\\/nordradalur\\\/#primaryimage\"},\"thumbnailUrl\":\"https:\\\/\\\/www.visittorshavn.fo\\\/wp-content\\\/uploads\\\/2025\\\/08\\\/508822497_10040159786062125_2811794788110825907_n.jpg\",\"datePublished\":\"2025-06-13T08:23:50+00:00\",\"dateModified\":\"2025-08-15T14:40:48+00:00\",\"breadcrumb\":{\"@id\":\"https:\\\/\\\/www.visittorshavn.fo\\\/fo\\\/nordradalur\\\/#breadcrumb\"},\"inLanguage\":\"fo-FO\",\"potentialAction\":[{\"@type\":\"ReadAction\",\"target\":[\"https:\\\/\\\/www.visittorshavn.fo\\\/fo\\\/nordradalur\\\/\"]}]},{\"@type\":\"ImageObject\",\"inLanguage\":\"fo-FO\",\"@id\":\"https:\\\/\\\/www.visittorshavn.fo\\\/fo\\\/nordradalur\\\/#primaryimage\",\"url\":\"https:\\\/\\\/www.visittorshavn.fo\\\/wp-content\\\/uploads\\\/2025\\\/08\\\/508822497_10040159786062125_2811794788110825907_n.jpg\",\"contentUrl\":\"https:\\\/\\\/www.visittorshavn.fo\\\/wp-content\\\/uploads\\\/2025\\\/08\\\/508822497_10040159786062125_2811794788110825907_n.jpg\",\"width\":1478,\"height\":986,\"caption\":\"Photo: FaroePhoto\"},{\"@type\":\"BreadcrumbList\",\"@id\":\"https:\\\/\\\/www.visittorshavn.fo\\\/fo\\\/nordradalur\\\/#breadcrumb\",\"itemListElement\":[{\"@type\":\"ListItem\",\"position\":1,\"name\":\"Home\",\"item\":\"https:\\\/\\\/www.visittorshavn.fo\\\/fo\\\/\"},{\"@type\":\"ListItem\",\"position\":2,\"name\":\"S\u00fakkla: Nor\u00f0radalur\"}]},{\"@type\":\"WebSite\",\"@id\":\"https:\\\/\\\/www.visittorshavn.fo\\\/fo\\\/#website\",\"url\":\"https:\\\/\\\/www.visittorshavn.fo\\\/fo\\\/\",\"name\":\"Visit Torshavn\",\"description\":\"\",\"potentialAction\":[{\"@type\":\"SearchAction\",\"target\":{\"@type\":\"EntryPoint\",\"urlTemplate\":\"https:\\\/\\\/www.visittorshavn.fo\\\/fo\\\/?s={search_term_string}\"},\"query-input\":{\"@type\":\"PropertyValueSpecification\",\"valueRequired\":true,\"valueName\":\"search_term_string\"}}],\"inLanguage\":\"fo-FO\"}]}<\/script>\n<!-- \/ Yoast SEO plugin. -->","yoast_head_json":{"title":"S\u00fakkla: Nor\u00f0radalur - Visit Torshavn","robots":{"index":"index","follow":"follow","max-snippet":"max-snippet:-1","max-image-preview":"max-image-preview:large","max-video-preview":"max-video-preview:-1"},"canonical":"https:\/\/www.visittorshavn.fo\/fo\/nordradalur\/","og_locale":"fo_FO","og_type":"article","og_title":"S\u00fakkla: Nor\u00f0radalur - Visit Torshavn","og_description":"Oyggjarvegurin \u2013 Nor\u00f0radalur Oman \u00ed dalin Leitar t\u00fa eftir einum t\u00fari vi\u00f0 kensluni av at vera mitt \u00fati \u00ed ongum \u2013 og \u00ed s\u00fakklufr\u00e1st\u00f8\u00f0u fr\u00e1 Havn \u2013 so er ein [&hellip;]","og_url":"https:\/\/www.visittorshavn.fo\/fo\/nordradalur\/","og_site_name":"Visit Torshavn","article_modified_time":"2025-08-15T14:40:48+00:00","og_image":[{"width":1478,"height":986,"url":"https:\/\/www.visittorshavn.fo\/wp-content\/uploads\/2025\/08\/508822497_10040159786062125_2811794788110825907_n.jpg","type":"image\/jpeg"}],"twitter_card":"summary_large_image","twitter_misc":{"Est. reading time":"3 minutes"},"schema":{"@context":"https:\/\/schema.org","@graph":[{"@type":"WebPage","@id":"https:\/\/www.visittorshavn.fo\/fo\/nordradalur\/","url":"https:\/\/www.visittorshavn.fo\/fo\/nordradalur\/","name":"S\u00fakkla: Nor\u00f0radalur - Visit Torshavn","isPartOf":{"@id":"https:\/\/www.visittorshavn.fo\/fo\/#website"},"primaryImageOfPage":{"@id":"https:\/\/www.visittorshavn.fo\/fo\/nordradalur\/#primaryimage"},"image":{"@id":"https:\/\/www.visittorshavn.fo\/fo\/nordradalur\/#primaryimage"},"thumbnailUrl":"https:\/\/www.visittorshavn.fo\/wp-content\/uploads\/2025\/08\/508822497_10040159786062125_2811794788110825907_n.jpg","datePublished":"2025-06-13T08:23:50+00:00","dateModified":"2025-08-15T14:40:48+00:00","breadcrumb":{"@id":"https:\/\/www.visittorshavn.fo\/fo\/nordradalur\/#breadcrumb"},"inLanguage":"fo-FO","potentialAction":[{"@type":"ReadAction","target":["https:\/\/www.visittorshavn.fo\/fo\/nordradalur\/"]}]},{"@type":"ImageObject","inLanguage":"fo-FO","@id":"https:\/\/www.visittorshavn.fo\/fo\/nordradalur\/#primaryimage","url":"https:\/\/www.visittorshavn.fo\/wp-content\/uploads\/2025\/08\/508822497_10040159786062125_2811794788110825907_n.jpg","contentUrl":"https:\/\/www.visittorshavn.fo\/wp-content\/uploads\/2025\/08\/508822497_10040159786062125_2811794788110825907_n.jpg","width":1478,"height":986,"caption":"Photo: FaroePhoto"},{"@type":"BreadcrumbList","@id":"https:\/\/www.visittorshavn.fo\/fo\/nordradalur\/#breadcrumb","itemListElement":[{"@type":"ListItem","position":1,"name":"Home","item":"https:\/\/www.visittorshavn.fo\/fo\/"},{"@type":"ListItem","position":2,"name":"S\u00fakkla: Nor\u00f0radalur"}]},{"@type":"WebSite","@id":"https:\/\/www.visittorshavn.fo\/fo\/#website","url":"https:\/\/www.visittorshavn.fo\/fo\/","name":"Visit Torshavn","description":"","potentialAction":[{"@type":"SearchAction","target":{"@type":"EntryPoint","urlTemplate":"https:\/\/www.visittorshavn.fo\/fo\/?s={search_term_string}"},"query-input":{"@type":"PropertyValueSpecification","valueRequired":true,"valueName":"search_term_string"}}],"inLanguage":"fo-FO"}]}},"_links":{"self":[{"href":"https:\/\/www.visittorshavn.fo\/fo\/wp-json\/wp\/v2\/pages\/123933","targetHints":{"allow":["GET"]}}],"collection":[{"href":"https:\/\/www.visittorshavn.fo\/fo\/wp-json\/wp\/v2\/pages"}],"about":[{"href":"https:\/\/www.visittorshavn.fo\/fo\/wp-json\/wp\/v2\/types\/page"}],"author":[{"embeddable":true,"href":"https:\/\/www.visittorshavn.fo\/fo\/wp-json\/wp\/v2\/users\/3"}],"replies":[{"embeddable":true,"href":"https:\/\/www.visittorshavn.fo\/fo\/wp-json\/wp\/v2\/comments?post=123933"}],"version-history":[{"count":0,"href":"https:\/\/www.visittorshavn.fo\/fo\/wp-json\/wp\/v2\/pages\/123933\/revisions"}],"wp:featuredmedia":[{"embeddable":true,"href":"https:\/\/www.visittorshavn.fo\/fo\/wp-json\/wp\/v2\/media\/136975"}],"wp:attachment":[{"href":"https:\/\/www.visittorshavn.fo\/fo\/wp-json\/wp\/v2\/media?parent=123933"}],"wp:term":[{"taxonomy":"page_category","embeddable":true,"href":"https:\/\/www.visittorshavn.fo\/fo\/wp-json\/wp\/v2\/page_category?post=123933"}],"curies":[{"name":"wp","href":"https:\/\/api.w.org\/{rel}","templated":true}]}}