{"id":124004,"date":"2025-06-13T10:10:02","date_gmt":"2025-06-13T09:10:02","guid":{"rendered":"https:\/\/www.visittorshavn.fo\/?page_id=124004"},"modified":"2025-08-15T14:06:07","modified_gmt":"2025-08-15T13:06:07","slug":"kirkjubour-2","status":"publish","type":"page","link":"https:\/\/www.visittorshavn.fo\/fo\/kirkjubour-2\/","title":{"rendered":"S\u00fakkla: Kirkjub\u00f8ur"},"content":{"rendered":"\n<div class=\"wp-block-cover alignfull is-light has-custom-content-position is-position-bottom-center\" style=\"min-height:600px;aspect-ratio:unset;\"><img decoding=\"async\" width=\"2560\" height=\"1707\" class=\"wp-block-cover__image-background wp-image-126879 size-full lazyload\" alt=\"\" data-src=\"https:\/\/www.visittorshavn.fo\/wp-content\/smush-webp\/2025\/07\/DSC_3611.jpg.webp\" data-object-fit=\"cover\" data-srcset=\"https:\/\/www.visittorshavn.fo\/wp-content\/smush-webp\/2025\/07\/DSC_3611.jpg.webp 2560w, https:\/\/www.visittorshavn.fo\/wp-content\/smush-webp\/2025\/07\/DSC_3611-800x533.jpg.webp 800w, https:\/\/www.visittorshavn.fo\/wp-content\/smush-webp\/2025\/07\/DSC_3611-1200x800.jpg.webp 1200w, https:\/\/www.visittorshavn.fo\/wp-content\/smush-webp\/2025\/07\/DSC_3611-768x512.jpg.webp 768w, https:\/\/www.visittorshavn.fo\/wp-content\/smush-webp\/2025\/07\/DSC_3611-1536x1024.jpg.webp 1536w, https:\/\/www.visittorshavn.fo\/wp-content\/uploads\/2025\/07\/DSC_3611-2048x1366.jpg 2048w, https:\/\/www.visittorshavn.fo\/wp-content\/smush-webp\/2025\/07\/DSC_3611-1320x880.jpg.webp 1320w, https:\/\/www.visittorshavn.fo\/wp-content\/smush-webp\/2025\/07\/DSC_3611-600x400.jpg.webp 600w\" data-sizes=\"auto\" src=\"data:image\/svg+xml;base64,PHN2ZyB3aWR0aD0iMSIgaGVpZ2h0PSIxIiB4bWxucz0iaHR0cDovL3d3dy53My5vcmcvMjAwMC9zdmciPjwvc3ZnPg==\" style=\"--smush-placeholder-width: 2560px; --smush-placeholder-aspect-ratio: 2560\/1707;\" data-original-sizes=\"(max-width: 2560px) 100vw, 2560px\" \/><span aria-hidden=\"true\" class=\"wp-block-cover__background has-background-dim-20 has-background-dim\" style=\"background-color:#877e7a\"><\/span><div class=\"wp-block-cover__inner-container is-layout-constrained wp-block-cover-is-layout-constrained\">\n<p class=\"has-text-align-left has-background-color has-text-color has-link-color has-large-font-size wp-elements-14ec9aa6ec4657789f2396b94f92d99d\">Mynd: Klara Johannesen \/ Visit Faroe Islands<\/p>\n<\/div><\/div>\n\n\n\n<div class=\"wp-block-group alignfull has-white-color has-white-background-color has-text-color has-background has-link-color wp-elements-5239ec4858f51db5cf6629fe8a0b2303 is-layout-constrained wp-block-group-is-layout-constrained\">\n<div style=\"height:50px\" aria-hidden=\"true\" class=\"wp-block-spacer\"><\/div>\n\n\n\n<div class=\"wp-block-columns is-layout-flex wp-container-core-columns-is-layout-9d6595d7 wp-block-columns-is-layout-flex\">\n<div class=\"wp-block-column is-vertically-aligned-top has-dark-color has-text-color has-link-color wp-elements-f19f74d1004f44a4bad3cce9e7492a92 is-layout-flow wp-block-column-is-layout-flow\" style=\"flex-basis:33.33%\">\n<h2 class=\"wp-block-heading\">S\u00fakklut\u00far aftur \u00ed s\u00f8guna &#8211; Kirkjub\u00f8ur<\/h2>\n<\/div>\n\n\n\n<div class=\"wp-block-column has-dark-color has-text-color has-link-color wp-elements-a7efe91fb56ac7e830295fc815a46277 is-layout-flow wp-block-column-is-layout-flow\" style=\"flex-basis:66.66%\">\n<p class=\"has-large-font-size\"><strong>S\u00fakklut\u00far til Kirkjub\u00f8ar<\/strong>,<strong> Velbasta\u00f0ar &amp; Sy\u00f0radals<\/strong><\/p>\n\n\n\n<p class=\"has-large-font-size\">Fyri tey, sum vilja uppliva f\u00f8royska landslagi\u00f0 \u00e1 s\u00fakklu, er lei\u00f0in fr\u00e1 Havn til Kirkjub\u00f8 eitt fr\u00e1l\u00edkt val. T\u00farurin er ikki langur, men fj\u00f8lbroyttur. Hann byrjar vi\u00f0 einari javnari m\u00f3tbrekku upp \u00e1 Velbasta\u00f0h\u00e1ls, umlei\u00f0 190 metrar yvir hav, sum krevur eitt sindur av orku \u2013 men l\u00f8nar seg vi\u00f0 vakra \u00fats\u00fdninum yvir Hestsfj\u00f8r\u00f0. Eftir hetta er ta\u00f0 ein vakur t\u00farur til Kirkjub\u00f8ar.<\/p>\n\n\n\n<p class=\"has-large-font-size\">T\u00farin kann l\u00e6ttliga leingjast vi\u00f0 eini rundfer\u00f0 gj\u00f8gnum Velbasta\u00f0, sum er kend fyri s\u00edni gomlu h\u00fas og \u00fats\u00fdni\u00f0 yvir havi\u00f0. Um t\u00fa hevur meira orku og d\u00e1mar fri\u00f0arligar lei\u00f0ir, kanst t\u00fa halda fram til Sy\u00f0radal \u2013 ein avskorin og v\u00f8kur lei\u00f0. Eyka stoppini geva t\u00farinum eyka d\u00fdpd og fj\u00f8lbroytni.<\/p>\n<\/div>\n<\/div>\n\n\n\n<div style=\"height:50px\" aria-hidden=\"true\" class=\"wp-block-spacer\"><\/div>\n<\/div>\n\n\n\n<div class=\"wp-block-group alignfull has-dark-color has-viola-background-color has-text-color has-background has-link-color wp-elements-e16224a24627feda0bc718605eaa669d is-layout-constrained wp-block-group-is-layout-constrained\">\n<div style=\"height:30px\" aria-hidden=\"true\" class=\"wp-block-spacer\"><\/div>\n\n\n\n<div class=\"wp-block-columns is-layout-flex wp-container-core-columns-is-layout-9d6595d7 wp-block-columns-is-layout-flex\">\n<div class=\"wp-block-column is-layout-flow wp-block-column-is-layout-flow\">\n<h2 class=\"wp-block-heading has-text-align-center has-dark-color has-text-color has-link-color wp-elements-48dcff3133a6ebaa6955bc0f2355d6fe\"><strong><strong>S\u00fakklulei\u00f0irnar<\/strong><\/strong><\/h2>\n\n\n\n<p>T\u00edn s\u00fakklufer\u00f0 byrjar \u00ed mi\u00f0b\u00fdnum \u00ed Havn, n\u00e6rhendis Visit T\u00f3rshavn. T\u00e1 t\u00fa ert komin \u00fat \u00far mi\u00f0b\u00fdnum, gongur lei\u00f0in framvi\u00f0 kendum st\u00f8\u00f0um, so sum gamla kirkjugar\u00f0inum, Landssj\u00fakrah\u00fasinum og Sand\u00e1ger\u00f0i.<\/p>\n\n\n\n<p>So l\u00ed\u00f0andi broytist landslagi\u00f0, t\u00e1 t\u00fa s\u00fakklar ni\u00f0an \u00ed m\u00f3ti Nor\u00f0asta Horni \u2013 h\u00e6gst liggjandi b\u00fdlingi \u00ed F\u00f8royum, umlei\u00f0 150 metrar yvir hav. Her hv\u00f8rvur b\u00fdarl\u00edvi\u00f0, og t\u00fa kemur \u00fat \u00ed opi\u00f0 landslag.<\/p>\n<\/div>\n<\/div>\n<\/div>\n\n\n\n<div class=\"wp-block-cover alignfull\"><span aria-hidden=\"true\" class=\"wp-block-cover__background has-viola-background-color has-background-dim-100 has-background-dim\"><\/span><div class=\"wp-block-cover__inner-container is-layout-constrained wp-block-cover-is-layout-constrained\">\n<div class=\"wp-block-columns is-layout-flex wp-container-core-columns-is-layout-9d6595d7 wp-block-columns-is-layout-flex\">\n<div class=\"wp-block-column is-layout-flow wp-block-column-is-layout-flow\">\n<div class=\"wp-block-cover\"><img decoding=\"async\" width=\"1200\" height=\"1200\" class=\"wp-block-cover__image-background wp-image-123642 size-large lazyload\" alt=\"\" data-src=\"https:\/\/www.visittorshavn.fo\/wp-content\/smush-webp\/2025\/06\/Design-uden-navn-1-1200x1200.png.webp\" data-object-fit=\"cover\" data-srcset=\"https:\/\/www.visittorshavn.fo\/wp-content\/smush-webp\/2025\/06\/Design-uden-navn-1-1200x1200.png.webp 1200w, https:\/\/www.visittorshavn.fo\/wp-content\/smush-webp\/2025\/06\/Design-uden-navn-1-800x800.png.webp 800w, https:\/\/www.visittorshavn.fo\/wp-content\/smush-webp\/2025\/06\/Design-uden-navn-1-300x300.png.webp 300w, https:\/\/www.visittorshavn.fo\/wp-content\/smush-webp\/2025\/06\/Design-uden-navn-1-768x768.png.webp 768w, https:\/\/www.visittorshavn.fo\/wp-content\/smush-webp\/2025\/06\/Design-uden-navn-1-1536x1536.png.webp 1536w, https:\/\/www.visittorshavn.fo\/wp-content\/smush-webp\/2025\/06\/Design-uden-navn-1-2048x2048.png.webp 2048w, https:\/\/www.visittorshavn.fo\/wp-content\/smush-webp\/2025\/06\/Design-uden-navn-1-1320x1320.png.webp 1320w, https:\/\/www.visittorshavn.fo\/wp-content\/smush-webp\/2025\/06\/Design-uden-navn-1-600x600.png.webp 600w, https:\/\/www.visittorshavn.fo\/wp-content\/smush-webp\/2025\/06\/Design-uden-navn-1-100x100.png.webp 100w\" data-sizes=\"auto\" src=\"data:image\/svg+xml;base64,PHN2ZyB3aWR0aD0iMSIgaGVpZ2h0PSIxIiB4bWxucz0iaHR0cDovL3d3dy53My5vcmcvMjAwMC9zdmciPjwvc3ZnPg==\" style=\"--smush-placeholder-width: 1200px; --smush-placeholder-aspect-ratio: 1200\/1200;\" data-original-sizes=\"(max-width: 1200px) 100vw, 1200px\" \/><span aria-hidden=\"true\" class=\"wp-block-cover__background has-dark-background-color has-background-dim\"><\/span><div class=\"wp-block-cover__inner-container is-layout-flow wp-block-cover-is-layout-flow\">\n<p class=\"has-text-align-center has-x-large-font-size\"><strong>Sy\u00f0radalur<\/strong><\/p>\n<\/div><\/div>\n<\/div>\n\n\n\n<div class=\"wp-block-column is-layout-flow wp-block-column-is-layout-flow\">\n<div class=\"wp-block-cover\"><img decoding=\"async\" width=\"1024\" height=\"1011\" class=\"wp-block-cover__image-background wp-image-123638 size-full lazyload\" alt=\"\" data-src=\"https:\/\/www.visittorshavn.fo\/wp-content\/smush-webp\/2025\/06\/kort-sukkluruta-kirkjubour_large-3.jpg.webp\" data-object-fit=\"cover\" data-srcset=\"https:\/\/www.visittorshavn.fo\/wp-content\/smush-webp\/2025\/06\/kort-sukkluruta-kirkjubour_large-3.jpg.webp 1024w, https:\/\/www.visittorshavn.fo\/wp-content\/smush-webp\/2025\/06\/kort-sukkluruta-kirkjubour_large-3-800x790.jpg.webp 800w, https:\/\/www.visittorshavn.fo\/wp-content\/smush-webp\/2025\/06\/kort-sukkluruta-kirkjubour_large-3-768x758.jpg.webp 768w, https:\/\/www.visittorshavn.fo\/wp-content\/smush-webp\/2025\/06\/kort-sukkluruta-kirkjubour_large-3-600x592.jpg.webp 600w, https:\/\/www.visittorshavn.fo\/wp-content\/smush-webp\/2025\/06\/kort-sukkluruta-kirkjubour_large-3-100x100.jpg.webp 100w\" data-sizes=\"auto\" src=\"data:image\/svg+xml;base64,PHN2ZyB3aWR0aD0iMSIgaGVpZ2h0PSIxIiB4bWxucz0iaHR0cDovL3d3dy53My5vcmcvMjAwMC9zdmciPjwvc3ZnPg==\" style=\"--smush-placeholder-width: 1024px; --smush-placeholder-aspect-ratio: 1024\/1011;\" data-original-sizes=\"(max-width: 1024px) 100vw, 1024px\" \/><span aria-hidden=\"true\" class=\"wp-block-cover__background has-dark-background-color has-background-dim\"><\/span><div class=\"wp-block-cover__inner-container is-layout-flow wp-block-cover-is-layout-flow\">\n<p class=\"has-text-align-center has-x-large-font-size\"><strong>Kirkjub\u00f8ur<\/strong><\/p>\n<\/div><\/div>\n<\/div>\n\n\n\n<div class=\"wp-block-column is-layout-flow wp-block-column-is-layout-flow\">\n<div class=\"wp-block-cover\"><img decoding=\"async\" width=\"1200\" height=\"1200\" class=\"wp-block-cover__image-background wp-image-123640 size-large lazyload\" alt=\"\" data-src=\"https:\/\/www.visittorshavn.fo\/wp-content\/smush-webp\/2025\/06\/Design-uden-navn-1200x1200.png.webp\" data-object-fit=\"cover\" data-srcset=\"https:\/\/www.visittorshavn.fo\/wp-content\/smush-webp\/2025\/06\/Design-uden-navn-1200x1200.png.webp 1200w, https:\/\/www.visittorshavn.fo\/wp-content\/smush-webp\/2025\/06\/Design-uden-navn-800x800.png.webp 800w, https:\/\/www.visittorshavn.fo\/wp-content\/smush-webp\/2025\/06\/Design-uden-navn-300x300.png.webp 300w, https:\/\/www.visittorshavn.fo\/wp-content\/smush-webp\/2025\/06\/Design-uden-navn-768x768.png.webp 768w, https:\/\/www.visittorshavn.fo\/wp-content\/smush-webp\/2025\/06\/Design-uden-navn-1536x1536.png.webp 1536w, https:\/\/www.visittorshavn.fo\/wp-content\/smush-webp\/2025\/06\/Design-uden-navn-2048x2048.png.webp 2048w, https:\/\/www.visittorshavn.fo\/wp-content\/smush-webp\/2025\/06\/Design-uden-navn-1320x1320.png.webp 1320w, https:\/\/www.visittorshavn.fo\/wp-content\/smush-webp\/2025\/06\/Design-uden-navn-600x600.png.webp 600w, https:\/\/www.visittorshavn.fo\/wp-content\/smush-webp\/2025\/06\/Design-uden-navn-100x100.png.webp 100w\" data-sizes=\"auto\" src=\"data:image\/svg+xml;base64,PHN2ZyB3aWR0aD0iMSIgaGVpZ2h0PSIxIiB4bWxucz0iaHR0cDovL3d3dy53My5vcmcvMjAwMC9zdmciPjwvc3ZnPg==\" style=\"--smush-placeholder-width: 1200px; --smush-placeholder-aspect-ratio: 1200\/1200;\" data-original-sizes=\"(max-width: 1200px) 100vw, 1200px\" \/><span aria-hidden=\"true\" class=\"wp-block-cover__background has-dark-background-color has-background-dim\"><\/span><div class=\"wp-block-cover__inner-container is-layout-flow wp-block-cover-is-layout-flow\">\n<p class=\"has-text-align-center has-x-large-font-size\"><strong>Velbasta\u00f0ur<\/strong><\/p>\n<\/div><\/div>\n<\/div>\n<\/div>\n\n\n\n<div style=\"height:50px\" aria-hidden=\"true\" class=\"wp-block-spacer\"><\/div>\n<\/div><\/div>\n\n\n\n<div class=\"wp-block-group alignfull has-dark-color has-white-background-color has-text-color has-background has-link-color wp-elements-6e3cea49f5d741f8498685f0a84890cc is-layout-constrained wp-block-group-is-layout-constrained\">\n<div style=\"height:30px\" aria-hidden=\"true\" class=\"wp-block-spacer\"><\/div>\n\n\n\n<h2 class=\"wp-block-heading has-text-align-center\">H\u00e6ddarpunkt \u00e1 t\u00farinum til Kirkjub\u00f8ar:<\/h2>\n\n\n\n<div style=\"height:30px\" aria-hidden=\"true\" class=\"wp-block-spacer\"><\/div>\n<\/div>\n\n\n\n<div class=\"wp-block-media-text has-media-on-the-right is-stacked-on-mobile is-image-fill-element\"><div class=\"wp-block-media-text__content\">\n<h2 class=\"wp-block-heading\"><strong>\u00d3lavskirkjan <\/strong><\/h2>\n\n\n\n<p><strong>F\u00f8roya elsta kirkja, sum enn er \u00ed br\u00fak<\/strong><\/p>\n\n\n\n<p>Ein s\u00f3knarkirkja fr\u00e1 uml. 1250, sta\u00f0sett \u00ed Kirkjub\u00f8 \u00ed sy\u00f0ra Streymoy. Ta\u00f0 er F\u00f8roya elsta kirkja, sum enn er \u00ed br\u00fak. Kirkjan er uppkalla\u00f0 eftir norska konginum \u00d3lavi hinum Heilaga (995-1035), og fr\u00e1 1111 til 1538 hev\u00f0i F\u00f8royar s\u00edtt egna bispad\u00f8mi vi\u00f0 \u00d3lavskirkjuni sum h\u00f8vu\u00f0skirkju.<\/p>\n\n\n\n<p>\u00c1 nor\u00f0urvegginum \u00e1 kirkjuni er eitt l\u00edti\u00f0 hol, har tey spitalsku fram til 1740 m\u00e1ttu fylgja gudst\u00e6nastuni uttanfyri. Solei\u00f0is kundu tey eisini luttaka. Altarpr\u00fd\u00f0i\u00f0, sum v\u00edsur ein fiskib\u00e1t, er m\u00e1la\u00f0 av S\u00e1mal Mikines. Glaslistin uppi yvir hur\u00f0ini er gj\u00f8rdur av Tr\u00f3ndi Patursson.<\/p>\n\n\n\n<p>Gudst\u00e6nasta er fyrsta sunnudag \u00ed hv\u00f8rjum m\u00e1na\u00f0i kl. 11:00.<\/p>\n\n\n\n<p class=\"has-black-300-color has-text-color has-link-color wp-elements-56fb00950d4d05772d7005ae80884825\">Photo: Klara Johannesen \/ Visit Faroe Islands<\/p>\n<\/div><figure class=\"wp-block-media-text__media\"><img decoding=\"async\" width=\"1200\" height=\"800\" data-src=\"https:\/\/www.visittorshavn.fo\/wp-content\/smush-webp\/2025\/07\/DSC_4019-1200x800.jpg.webp\" alt=\"\" class=\"wp-image-126806 size-full lazyload\" style=\"--smush-placeholder-width: 1200px; --smush-placeholder-aspect-ratio: 1200\/800;object-position:50% 50%\" data-srcset=\"https:\/\/www.visittorshavn.fo\/wp-content\/smush-webp\/2025\/07\/DSC_4019-1200x800.jpg.webp 1200w, https:\/\/www.visittorshavn.fo\/wp-content\/smush-webp\/2025\/07\/DSC_4019-800x533.jpg.webp 800w, https:\/\/www.visittorshavn.fo\/wp-content\/smush-webp\/2025\/07\/DSC_4019-768x512.jpg.webp 768w, https:\/\/www.visittorshavn.fo\/wp-content\/smush-webp\/2025\/07\/DSC_4019-1536x1024.jpg.webp 1536w, https:\/\/www.visittorshavn.fo\/wp-content\/uploads\/2025\/07\/DSC_4019-2048x1366.jpg 2048w, https:\/\/www.visittorshavn.fo\/wp-content\/smush-webp\/2025\/07\/DSC_4019-1320x880.jpg.webp 1320w, https:\/\/www.visittorshavn.fo\/wp-content\/smush-webp\/2025\/07\/DSC_4019-600x400.jpg.webp 600w\" data-sizes=\"auto\" src=\"data:image\/svg+xml;base64,PHN2ZyB3aWR0aD0iMSIgaGVpZ2h0PSIxIiB4bWxucz0iaHR0cDovL3d3dy53My5vcmcvMjAwMC9zdmciPjwvc3ZnPg==\" data-original-sizes=\"(max-width: 1200px) 100vw, 1200px\" \/><\/figure><\/div>\n\n\n\n<div style=\"height:20px\" aria-hidden=\"true\" class=\"wp-block-spacer\"><\/div>\n\n\n\n<div class=\"wp-block-cover alignfull\"><span aria-hidden=\"true\" class=\"wp-block-cover__background has-viola-background-color has-background-dim-100 has-background-dim\"><\/span><div class=\"wp-block-cover__inner-container is-layout-constrained wp-block-cover-is-layout-constrained\">\n<div style=\"height:20px\" aria-hidden=\"true\" class=\"wp-block-spacer\"><\/div>\n\n\n\n<div class=\"wp-block-media-text is-stacked-on-mobile is-image-fill-element\" style=\"grid-template-columns:48% auto\"><figure class=\"wp-block-media-text__media\"><img decoding=\"async\" width=\"1200\" height=\"800\" data-src=\"https:\/\/www.visittorshavn.fo\/wp-content\/smush-webp\/2025\/08\/DSC_4031-1200x800.jpg.webp\" alt=\"\" class=\"wp-image-136111 size-full lazyload\" style=\"--smush-placeholder-width: 1200px; --smush-placeholder-aspect-ratio: 1200\/800;object-position:50% 50%\" data-srcset=\"https:\/\/www.visittorshavn.fo\/wp-content\/smush-webp\/2025\/08\/DSC_4031-1200x800.jpg.webp 1200w, https:\/\/www.visittorshavn.fo\/wp-content\/smush-webp\/2025\/08\/DSC_4031-800x533.jpg.webp 800w, https:\/\/www.visittorshavn.fo\/wp-content\/smush-webp\/2025\/08\/DSC_4031-768x512.jpg.webp 768w, https:\/\/www.visittorshavn.fo\/wp-content\/smush-webp\/2025\/08\/DSC_4031-1536x1024.jpg.webp 1536w, https:\/\/www.visittorshavn.fo\/wp-content\/uploads\/2025\/08\/DSC_4031-2048x1366.jpg 2048w, https:\/\/www.visittorshavn.fo\/wp-content\/smush-webp\/2025\/08\/DSC_4031-1320x880.jpg.webp 1320w, https:\/\/www.visittorshavn.fo\/wp-content\/smush-webp\/2025\/08\/DSC_4031-600x400.jpg.webp 600w\" data-sizes=\"auto\" src=\"data:image\/svg+xml;base64,PHN2ZyB3aWR0aD0iMSIgaGVpZ2h0PSIxIiB4bWxucz0iaHR0cDovL3d3dy53My5vcmcvMjAwMC9zdmciPjwvc3ZnPg==\" data-original-sizes=\"(max-width: 1200px) 100vw, 1200px\" \/><\/figure><div class=\"wp-block-media-text__content\">\n<h2 class=\"wp-block-heading has-dark-color has-text-color has-link-color has-small-font-size wp-elements-12b6f1b20055d4c929269817dfb4ccef\"><strong><strong>Kirkjub\u00f8argar\u00f0ur <\/strong><\/strong><\/h2>\n\n\n\n<p class=\"has-dark-color has-text-color has-link-color wp-elements-64d3f677e1ba9b5bb6e7bce2ed261045\"><strong>17 \u00e6ttarli\u00f0 \u00ed somu h\u00fasum<\/strong><\/p>\n\n\n\n<p class=\"has-dark-color has-text-color has-link-color wp-elements-90eb0036d530a3668878f5f5f2bf3acc\">B\u00f3ndagar\u00f0urin \u00ed Kirkjub\u00f8 eitur Kirkjub\u00f8gar\u00f0ur, eitt timburh\u00fas, sum hevur veri\u00f0 st\u00f8\u00f0ugt heim hj\u00e1 somu f\u00f8roysku familju \u00ed 17 \u00e6ttarli\u00f0.<\/p>\n\n\n\n<p class=\"has-dark-color has-text-color has-link-color wp-elements-54104ae8ae9b6a6fc760e10e662423ed\">Roykstovan er elsti parturin av h\u00fasinum og er eitt av teimum timburh\u00fasum vi\u00f0 \u00edb\u00fagvum \u00ed heiminum. Ta\u00f0 hevur veri\u00f0 b\u00f3ndans heim s\u00ed\u00f0an 1557, og \u00e1\u00f0renn ta\u00f0 var ta\u00f0 ein partur av bispah\u00fasinum. Ta\u00f0 er meira enn 900 \u00e1ra gamalt.<\/p>\n\n\n\n<p class=\"has-dark-color has-text-color has-link-color wp-elements-b59806ab0187742b43cc9513e07b0dbb\">T\u00fa kanst vitja hendan partin av h\u00fasinum, sum hevur eitt savn av landb\u00fana\u00f0ar- og h\u00fasarhaldsambo\u00f0um fr\u00e1 \u00e1rinum 1100 og fram.<\/p>\n\n\n\n<p class=\"has-dark-color has-text-color has-link-color wp-elements-ea00950a4de6263ac1abaa4077bcb6e3\">B\u00f3lkar kunnu b\u00edleggja d\u00f8gur\u00f0a, kaffi ella n\u00e1ttur\u00f0a at nj\u00f3ta \u00ed hesum s\u00f8guliga h\u00fasinum.<\/p>\n\n\n\n<p class=\"has-black-300-color has-text-color has-link-color wp-elements-56fb00950d4d05772d7005ae80884825\">Photo: Klara Johannesen \/ Visit Faroe Islands<\/p>\n<\/div><\/div>\n\n\n\n<div style=\"height:20px\" aria-hidden=\"true\" class=\"wp-block-spacer\"><\/div>\n<\/div><\/div>\n\n\n\n<div style=\"height:20px\" aria-hidden=\"true\" class=\"wp-block-spacer\"><\/div>\n\n\n\n<div class=\"wp-block-media-text has-media-on-the-right is-stacked-on-mobile is-image-fill-element\"><div class=\"wp-block-media-text__content\">\n<h2 class=\"wp-block-heading\"><strong>Velbasta\u00f0<\/strong><\/h2>\n\n\n\n<p>Velbasta\u00f0 er ein gomul bygd \u00e1 Streymoynni, f\u00e1ar kilometrar \u00far Havn. Hon liggur h\u00f8gt og bj\u00f3\u00f0ar v\u00edtt \u00fats\u00fdni yvir fj\u00f8r\u00f0in, Hest og Nor\u00f0uratlantshavi\u00f0. Her eru torvtaksh\u00fas og fri\u00f0arligt landslag \u2013 eitt gott ste\u00f0gipl\u00e1ss \u00e1 t\u00farinum til Kirkjub\u00f8.<\/p>\n\n\n\n<p>Bygdin hevur s\u00f8guligan t\u00fddning og hevur helst veri\u00f0 tingsta\u00f0ur \u00ed v\u00edkingat\u00ed\u00f0. \u00cd dag er hon heimsta\u00f0ur fyri b\u00faf\u00f3lk, sey\u00f0ab\u00f8li og listaf\u00f3lk. Eingir handlar eru, men stilli og \u00fats\u00fdni gera sta\u00f0i\u00f0 serligt.<\/p>\n\n\n\n<p class=\"has-black-300-color has-text-color has-link-color wp-elements-4d624ee7fae19c76398de1e4fae6e426\">Photo: Faroe Photo<\/p>\n<\/div><figure class=\"wp-block-media-text__media\"><img decoding=\"async\" width=\"1200\" height=\"800\" data-src=\"https:\/\/www.visittorshavn.fo\/wp-content\/smush-webp\/2025\/08\/3des21_0133-X3-1200x800.jpg.webp\" alt=\"\" class=\"wp-image-136113 size-full lazyload\" style=\"--smush-placeholder-width: 1200px; --smush-placeholder-aspect-ratio: 1200\/800;object-position:50% 50%\" data-srcset=\"https:\/\/www.visittorshavn.fo\/wp-content\/smush-webp\/2025\/08\/3des21_0133-X3-1200x800.jpg.webp 1200w, https:\/\/www.visittorshavn.fo\/wp-content\/smush-webp\/2025\/08\/3des21_0133-X3-800x533.jpg.webp 800w, https:\/\/www.visittorshavn.fo\/wp-content\/smush-webp\/2025\/08\/3des21_0133-X3-768x512.jpg.webp 768w, https:\/\/www.visittorshavn.fo\/wp-content\/smush-webp\/2025\/08\/3des21_0133-X3-1536x1023.jpg.webp 1536w, https:\/\/www.visittorshavn.fo\/wp-content\/smush-webp\/2025\/08\/3des21_0133-X3-1320x879.jpg.webp 1320w, https:\/\/www.visittorshavn.fo\/wp-content\/smush-webp\/2025\/08\/3des21_0133-X3-600x400.jpg.webp 600w, https:\/\/www.visittorshavn.fo\/wp-content\/smush-webp\/2025\/08\/3des21_0133-X3.jpg.webp 1600w\" data-sizes=\"auto\" src=\"data:image\/svg+xml;base64,PHN2ZyB3aWR0aD0iMSIgaGVpZ2h0PSIxIiB4bWxucz0iaHR0cDovL3d3dy53My5vcmcvMjAwMC9zdmciPjwvc3ZnPg==\" data-original-sizes=\"(max-width: 1200px) 100vw, 1200px\" \/><\/figure><\/div>\n\n\n\n<div style=\"height:20px\" aria-hidden=\"true\" class=\"wp-block-spacer\"><\/div>\n\n\n\n<div class=\"wp-block-cover alignfull\"><span aria-hidden=\"true\" class=\"wp-block-cover__background has-viola-background-color has-background-dim-100 has-background-dim\"><\/span><div class=\"wp-block-cover__inner-container is-layout-constrained wp-block-cover-is-layout-constrained\">\n<div style=\"height:20px\" aria-hidden=\"true\" class=\"wp-block-spacer\"><\/div>\n\n\n\n<div class=\"wp-block-media-text is-stacked-on-mobile is-image-fill-element\"><figure class=\"wp-block-media-text__media\"><img decoding=\"async\" width=\"1200\" height=\"800\" data-src=\"https:\/\/www.visittorshavn.fo\/wp-content\/smush-webp\/2025\/08\/472874500_974648184525736_7348462760843214498_n-1200x800.jpg.webp\" alt=\"\" class=\"wp-image-136123 size-full lazyload\" style=\"--smush-placeholder-width: 1200px; --smush-placeholder-aspect-ratio: 1200\/800;object-position:50% 50%\" data-srcset=\"https:\/\/www.visittorshavn.fo\/wp-content\/smush-webp\/2025\/08\/472874500_974648184525736_7348462760843214498_n-1200x800.jpg.webp 1200w, https:\/\/www.visittorshavn.fo\/wp-content\/smush-webp\/2025\/08\/472874500_974648184525736_7348462760843214498_n-800x534.jpg.webp 800w, https:\/\/www.visittorshavn.fo\/wp-content\/smush-webp\/2025\/08\/472874500_974648184525736_7348462760843214498_n-768x512.jpg.webp 768w, https:\/\/www.visittorshavn.fo\/wp-content\/smush-webp\/2025\/08\/472874500_974648184525736_7348462760843214498_n-1536x1024.jpg.webp 1536w, https:\/\/www.visittorshavn.fo\/wp-content\/smush-webp\/2025\/08\/472874500_974648184525736_7348462760843214498_n-1320x880.jpg.webp 1320w, https:\/\/www.visittorshavn.fo\/wp-content\/smush-webp\/2025\/08\/472874500_974648184525736_7348462760843214498_n-600x400.jpg.webp 600w, https:\/\/www.visittorshavn.fo\/wp-content\/smush-webp\/2025\/08\/472874500_974648184525736_7348462760843214498_n.jpg.webp 1600w\" data-sizes=\"auto\" src=\"data:image\/svg+xml;base64,PHN2ZyB3aWR0aD0iMSIgaGVpZ2h0PSIxIiB4bWxucz0iaHR0cDovL3d3dy53My5vcmcvMjAwMC9zdmciPjwvc3ZnPg==\" data-original-sizes=\"(max-width: 1200px) 100vw, 1200px\" \/><\/figure><div class=\"wp-block-media-text__content\">\n<h2 class=\"wp-block-heading has-dark-color has-text-color has-link-color has-large-font-size wp-elements-e224da8304dd166db633ffd63fdaad6f\"><strong><strong>Sy\u00f0radalur<\/strong><\/strong><\/h2>\n\n\n\n<p class=\"has-dark-color has-text-color has-link-color wp-elements-5f827edcbbfe1b15835dae5cc2904eb7\">Sy\u00f0radalur er ein l\u00edtil og avbyrgdur bygd \u00e1 vesturs\u00ed\u00f0uni av Streymoynni. F\u00e6rri enn 10 f\u00f3lk b\u00fagva \u00ed Sy\u00f0radali. Bygdin liggur millum br\u00f8tt fj\u00f8ll og opi\u00f0 hav, vi\u00f0 \u00fats\u00fdni yvir til Koltur og V\u00e1gar.<\/p>\n\n\n\n<p class=\"has-dark-color has-text-color has-link-color wp-elements-423a3b80d296a5073679e13d4582b658\">T\u00farurin higar er stuttur, men gevur eina r\u00f3ligan og vakran enda \u00e1 s\u00fakklufer\u00f0ina.<\/p>\n\n\n\n<p class=\"has-black-300-color has-text-color has-link-color wp-elements-4d624ee7fae19c76398de1e4fae6e426\">Photo: Faroe Photo<\/p>\n<\/div><\/div>\n\n\n\n<div style=\"height:20px\" aria-hidden=\"true\" class=\"wp-block-spacer\"><\/div>\n<\/div><\/div>\n\n\n\n<div class=\"wp-block-group alignfull has-white-background-color has-background is-layout-constrained wp-block-group-is-layout-constrained\">\n<div style=\"height:50px\" aria-hidden=\"true\" class=\"wp-block-spacer\"><\/div>\n\n\n\n<div class=\"wp-block-columns alignwide is-layout-flex wp-container-core-columns-is-layout-9d6595d7 wp-block-columns-is-layout-flex\">\n<div class=\"wp-block-column is-layout-flow wp-block-column-is-layout-flow\" style=\"flex-basis:33.33%\">\n<h2 class=\"wp-block-heading has-text-align-right has-large-font-size\"><strong>Fakta um s\u00fakklulei\u00f0ina<\/strong><\/h2>\n<\/div>\n\n\n\n<div class=\"wp-block-column is-layout-flow wp-block-column-is-layout-flow\" style=\"flex-basis:66.66%\">\n<p>\u00cd hesum partinum finnur t\u00fa uppl\u00fdsingar, sum kunnu hj\u00e1lpa t\u00e6r at velja r\u00f8ttu lei\u00f0ina eftir t\u00ednum royndarstigi og \u00e1hugam\u00e1lum.<\/p>\n\n\n\n<div style=\"height:20px\" aria-hidden=\"true\" class=\"wp-block-spacer\"><\/div>\n\n\n\n<details class=\"wp-block-details is-layout-flow wp-block-details-is-layout-flow\"><summary><strong>Longd:<\/strong><\/summary>\n<p>Umlei\u00f0 29 km (Aftur og fram vi\u00f0 eyka stoppum )<\/p>\n<\/details>\n\n\n\n<details class=\"wp-block-details is-layout-flow wp-block-details-is-layout-flow\"><summary><strong>T\u00ed\u00f0:<\/strong><\/summary>\n<p>2,5 &#8211; 3 t\u00edmar (R\u00f3ligt tempo vi\u00f0 stoppum)<\/p>\n<\/details>\n\n\n\n<details class=\"wp-block-details is-layout-flow wp-block-details-is-layout-flow\"><summary>Hall<\/summary>\n<p>8%<\/p>\n<\/details>\n\n\n\n<details class=\"wp-block-details is-layout-flow wp-block-details-is-layout-flow\"><summary>H\u00e6dd<\/summary>\n<p>256 m<\/p>\n<\/details>\n\n\n\n<details class=\"wp-block-details is-layout-flow wp-block-details-is-layout-flow\"><summary><strong>H\u00e6ddar\u00f8king<\/strong><\/summary>\n<p>Umlei\u00f0 300 m<\/p>\n<\/details>\n<\/div>\n<\/div>\n<\/div>\n\n\n\n<div style=\"height:150px\" aria-hidden=\"true\" class=\"wp-block-spacer\"><\/div>\n","protected":false},"excerpt":{"rendered":"<p>S\u00fakklut\u00far aftur \u00ed s\u00f8guna &#8211; Kirkjub\u00f8ur S\u00fakklut\u00far til Kirkjub\u00f8ar, Velbasta\u00f0ar &amp; Sy\u00f0radals Fyri tey, sum vilja uppliva f\u00f8royska landslagi\u00f0 \u00e1 s\u00fakklu, er lei\u00f0in fr\u00e1 Havn til Kirkjub\u00f8 eitt fr\u00e1l\u00edkt val. [&hellip;]<\/p>\n","protected":false},"author":3,"featured_media":126879,"parent":0,"menu_order":0,"comment_status":"closed","ping_status":"closed","template":"","meta":{"_acf_changed":false,"footnotes":""},"page_category":[],"class_list":["post-124004","page","type-page","status-publish","has-post-thumbnail","hentry"],"acf":[],"yoast_head":"<!-- This site is optimized with the Yoast SEO plugin v27.5 - https:\/\/yoast.com\/product\/yoast-seo-wordpress\/ -->\n<title>S\u00fakkla: Kirkjub\u00f8ur - Visit Torshavn<\/title>\n<meta name=\"robots\" content=\"index, follow, max-snippet:-1, max-image-preview:large, max-video-preview:-1\" \/>\n<link rel=\"canonical\" href=\"https:\/\/www.visittorshavn.fo\/fo\/kirkjubour-2\/\" \/>\n<meta property=\"og:locale\" content=\"fo_FO\" \/>\n<meta property=\"og:type\" content=\"article\" \/>\n<meta property=\"og:title\" content=\"S\u00fakkla: Kirkjub\u00f8ur - Visit Torshavn\" \/>\n<meta property=\"og:description\" content=\"S\u00fakklut\u00far aftur \u00ed s\u00f8guna &#8211; Kirkjub\u00f8ur S\u00fakklut\u00far til Kirkjub\u00f8ar, Velbasta\u00f0ar &amp; Sy\u00f0radals Fyri tey, sum vilja uppliva f\u00f8royska landslagi\u00f0 \u00e1 s\u00fakklu, er lei\u00f0in fr\u00e1 Havn til Kirkjub\u00f8 eitt fr\u00e1l\u00edkt val. [&hellip;]\" \/>\n<meta property=\"og:url\" content=\"https:\/\/www.visittorshavn.fo\/fo\/kirkjubour-2\/\" \/>\n<meta property=\"og:site_name\" content=\"Visit Torshavn\" \/>\n<meta property=\"article:modified_time\" content=\"2025-08-15T13:06:07+00:00\" \/>\n<meta property=\"og:image\" content=\"https:\/\/www.visittorshavn.fo\/wp-content\/uploads\/2025\/07\/DSC_3611-1200x800.jpg\" \/>\n\t<meta property=\"og:image:width\" content=\"1200\" \/>\n\t<meta property=\"og:image:height\" content=\"800\" \/>\n\t<meta property=\"og:image:type\" content=\"image\/jpeg\" \/>\n<meta name=\"twitter:card\" content=\"summary_large_image\" \/>\n<meta name=\"twitter:label1\" content=\"Est. reading time\" \/>\n\t<meta name=\"twitter:data1\" content=\"5 minutes\" \/>\n<script type=\"application\/ld+json\" class=\"yoast-schema-graph\">{\"@context\":\"https:\\\/\\\/schema.org\",\"@graph\":[{\"@type\":\"WebPage\",\"@id\":\"https:\\\/\\\/www.visittorshavn.fo\\\/fo\\\/kirkjubour-2\\\/\",\"url\":\"https:\\\/\\\/www.visittorshavn.fo\\\/fo\\\/kirkjubour-2\\\/\",\"name\":\"S\u00fakkla: Kirkjub\u00f8ur - Visit Torshavn\",\"isPartOf\":{\"@id\":\"https:\\\/\\\/www.visittorshavn.fo\\\/fo\\\/#website\"},\"primaryImageOfPage\":{\"@id\":\"https:\\\/\\\/www.visittorshavn.fo\\\/fo\\\/kirkjubour-2\\\/#primaryimage\"},\"image\":{\"@id\":\"https:\\\/\\\/www.visittorshavn.fo\\\/fo\\\/kirkjubour-2\\\/#primaryimage\"},\"thumbnailUrl\":\"https:\\\/\\\/www.visittorshavn.fo\\\/wp-content\\\/uploads\\\/2025\\\/07\\\/DSC_3611.jpg\",\"datePublished\":\"2025-06-13T09:10:02+00:00\",\"dateModified\":\"2025-08-15T13:06:07+00:00\",\"breadcrumb\":{\"@id\":\"https:\\\/\\\/www.visittorshavn.fo\\\/fo\\\/kirkjubour-2\\\/#breadcrumb\"},\"inLanguage\":\"fo-FO\",\"potentialAction\":[{\"@type\":\"ReadAction\",\"target\":[\"https:\\\/\\\/www.visittorshavn.fo\\\/fo\\\/kirkjubour-2\\\/\"]}]},{\"@type\":\"ImageObject\",\"inLanguage\":\"fo-FO\",\"@id\":\"https:\\\/\\\/www.visittorshavn.fo\\\/fo\\\/kirkjubour-2\\\/#primaryimage\",\"url\":\"https:\\\/\\\/www.visittorshavn.fo\\\/wp-content\\\/uploads\\\/2025\\\/07\\\/DSC_3611.jpg\",\"contentUrl\":\"https:\\\/\\\/www.visittorshavn.fo\\\/wp-content\\\/uploads\\\/2025\\\/07\\\/DSC_3611.jpg\",\"width\":2560,\"height\":1707,\"caption\":\"Klara Johannesen \\\/ @klarajohannesen\"},{\"@type\":\"BreadcrumbList\",\"@id\":\"https:\\\/\\\/www.visittorshavn.fo\\\/fo\\\/kirkjubour-2\\\/#breadcrumb\",\"itemListElement\":[{\"@type\":\"ListItem\",\"position\":1,\"name\":\"Home\",\"item\":\"https:\\\/\\\/www.visittorshavn.fo\\\/fo\\\/\"},{\"@type\":\"ListItem\",\"position\":2,\"name\":\"S\u00fakkla: Kirkjub\u00f8ur\"}]},{\"@type\":\"WebSite\",\"@id\":\"https:\\\/\\\/www.visittorshavn.fo\\\/fo\\\/#website\",\"url\":\"https:\\\/\\\/www.visittorshavn.fo\\\/fo\\\/\",\"name\":\"Visit Torshavn\",\"description\":\"\",\"potentialAction\":[{\"@type\":\"SearchAction\",\"target\":{\"@type\":\"EntryPoint\",\"urlTemplate\":\"https:\\\/\\\/www.visittorshavn.fo\\\/fo\\\/?s={search_term_string}\"},\"query-input\":{\"@type\":\"PropertyValueSpecification\",\"valueRequired\":true,\"valueName\":\"search_term_string\"}}],\"inLanguage\":\"fo-FO\"}]}<\/script>\n<!-- \/ Yoast SEO plugin. -->","yoast_head_json":{"title":"S\u00fakkla: Kirkjub\u00f8ur - Visit Torshavn","robots":{"index":"index","follow":"follow","max-snippet":"max-snippet:-1","max-image-preview":"max-image-preview:large","max-video-preview":"max-video-preview:-1"},"canonical":"https:\/\/www.visittorshavn.fo\/fo\/kirkjubour-2\/","og_locale":"fo_FO","og_type":"article","og_title":"S\u00fakkla: Kirkjub\u00f8ur - Visit Torshavn","og_description":"S\u00fakklut\u00far aftur \u00ed s\u00f8guna &#8211; Kirkjub\u00f8ur S\u00fakklut\u00far til Kirkjub\u00f8ar, Velbasta\u00f0ar &amp; Sy\u00f0radals Fyri tey, sum vilja uppliva f\u00f8royska landslagi\u00f0 \u00e1 s\u00fakklu, er lei\u00f0in fr\u00e1 Havn til Kirkjub\u00f8 eitt fr\u00e1l\u00edkt val. [&hellip;]","og_url":"https:\/\/www.visittorshavn.fo\/fo\/kirkjubour-2\/","og_site_name":"Visit Torshavn","article_modified_time":"2025-08-15T13:06:07+00:00","og_image":[{"width":1200,"height":800,"url":"https:\/\/www.visittorshavn.fo\/wp-content\/uploads\/2025\/07\/DSC_3611-1200x800.jpg","type":"image\/jpeg"}],"twitter_card":"summary_large_image","twitter_misc":{"Est. reading time":"5 minutes"},"schema":{"@context":"https:\/\/schema.org","@graph":[{"@type":"WebPage","@id":"https:\/\/www.visittorshavn.fo\/fo\/kirkjubour-2\/","url":"https:\/\/www.visittorshavn.fo\/fo\/kirkjubour-2\/","name":"S\u00fakkla: Kirkjub\u00f8ur - Visit Torshavn","isPartOf":{"@id":"https:\/\/www.visittorshavn.fo\/fo\/#website"},"primaryImageOfPage":{"@id":"https:\/\/www.visittorshavn.fo\/fo\/kirkjubour-2\/#primaryimage"},"image":{"@id":"https:\/\/www.visittorshavn.fo\/fo\/kirkjubour-2\/#primaryimage"},"thumbnailUrl":"https:\/\/www.visittorshavn.fo\/wp-content\/uploads\/2025\/07\/DSC_3611.jpg","datePublished":"2025-06-13T09:10:02+00:00","dateModified":"2025-08-15T13:06:07+00:00","breadcrumb":{"@id":"https:\/\/www.visittorshavn.fo\/fo\/kirkjubour-2\/#breadcrumb"},"inLanguage":"fo-FO","potentialAction":[{"@type":"ReadAction","target":["https:\/\/www.visittorshavn.fo\/fo\/kirkjubour-2\/"]}]},{"@type":"ImageObject","inLanguage":"fo-FO","@id":"https:\/\/www.visittorshavn.fo\/fo\/kirkjubour-2\/#primaryimage","url":"https:\/\/www.visittorshavn.fo\/wp-content\/uploads\/2025\/07\/DSC_3611.jpg","contentUrl":"https:\/\/www.visittorshavn.fo\/wp-content\/uploads\/2025\/07\/DSC_3611.jpg","width":2560,"height":1707,"caption":"Klara Johannesen \/ @klarajohannesen"},{"@type":"BreadcrumbList","@id":"https:\/\/www.visittorshavn.fo\/fo\/kirkjubour-2\/#breadcrumb","itemListElement":[{"@type":"ListItem","position":1,"name":"Home","item":"https:\/\/www.visittorshavn.fo\/fo\/"},{"@type":"ListItem","position":2,"name":"S\u00fakkla: Kirkjub\u00f8ur"}]},{"@type":"WebSite","@id":"https:\/\/www.visittorshavn.fo\/fo\/#website","url":"https:\/\/www.visittorshavn.fo\/fo\/","name":"Visit Torshavn","description":"","potentialAction":[{"@type":"SearchAction","target":{"@type":"EntryPoint","urlTemplate":"https:\/\/www.visittorshavn.fo\/fo\/?s={search_term_string}"},"query-input":{"@type":"PropertyValueSpecification","valueRequired":true,"valueName":"search_term_string"}}],"inLanguage":"fo-FO"}]}},"_links":{"self":[{"href":"https:\/\/www.visittorshavn.fo\/fo\/wp-json\/wp\/v2\/pages\/124004","targetHints":{"allow":["GET"]}}],"collection":[{"href":"https:\/\/www.visittorshavn.fo\/fo\/wp-json\/wp\/v2\/pages"}],"about":[{"href":"https:\/\/www.visittorshavn.fo\/fo\/wp-json\/wp\/v2\/types\/page"}],"author":[{"embeddable":true,"href":"https:\/\/www.visittorshavn.fo\/fo\/wp-json\/wp\/v2\/users\/3"}],"replies":[{"embeddable":true,"href":"https:\/\/www.visittorshavn.fo\/fo\/wp-json\/wp\/v2\/comments?post=124004"}],"version-history":[{"count":0,"href":"https:\/\/www.visittorshavn.fo\/fo\/wp-json\/wp\/v2\/pages\/124004\/revisions"}],"wp:featuredmedia":[{"embeddable":true,"href":"https:\/\/www.visittorshavn.fo\/fo\/wp-json\/wp\/v2\/media\/126879"}],"wp:attachment":[{"href":"https:\/\/www.visittorshavn.fo\/fo\/wp-json\/wp\/v2\/media?parent=124004"}],"wp:term":[{"taxonomy":"page_category","embeddable":true,"href":"https:\/\/www.visittorshavn.fo\/fo\/wp-json\/wp\/v2\/page_category?post=124004"}],"curies":[{"name":"wp","href":"https:\/\/api.w.org\/{rel}","templated":true}]}}