{"id":13560,"date":"2024-03-27T11:04:45","date_gmt":"2024-03-27T11:04:45","guid":{"rendered":"https:\/\/www.visittorshavn.fo\/?page_id=13560"},"modified":"2025-08-14T08:52:14","modified_gmt":"2025-08-14T07:52:14","slug":"kort-yvir-hovudsstadin","status":"publish","type":"page","link":"https:\/\/www.visittorshavn.fo\/fo\/kort-yvir-hovudsstadin\/","title":{"rendered":"Kort yvir h\u00f8vu\u00f0ssta\u00f0in"},"content":{"rendered":"\n<div class=\"wp-block-cover alignfull has-custom-content-position is-position-bottom-left\" style=\"min-height:500px;aspect-ratio:unset;\"><img decoding=\"async\" width=\"1200\" height=\"467\" class=\"wp-block-cover__image-background wp-image-7173 size-large lazyload\" alt=\"b\u00fdarmynd\" data-src=\"https:\/\/www.visittorshavn.fo\/wp-content\/smush-webp\/2024\/06\/15sep23_0469-Pano-1200x467.jpg.webp\" data-object-fit=\"cover\" data-srcset=\"https:\/\/www.visittorshavn.fo\/wp-content\/smush-webp\/2024\/06\/15sep23_0469-Pano-1200x467.jpg.webp 1200w, https:\/\/www.visittorshavn.fo\/wp-content\/smush-webp\/2024\/06\/15sep23_0469-Pano-800x311.jpg.webp 800w, https:\/\/www.visittorshavn.fo\/wp-content\/smush-webp\/2024\/06\/15sep23_0469-Pano-768x299.jpg.webp 768w, https:\/\/www.visittorshavn.fo\/wp-content\/uploads\/2024\/06\/15sep23_0469-Pano-1536x598.jpg 1536w, https:\/\/www.visittorshavn.fo\/wp-content\/smush-webp\/2024\/06\/15sep23_0469-Pano-2048x797.jpg.webp 2048w, https:\/\/www.visittorshavn.fo\/wp-content\/uploads\/2024\/06\/15sep23_0469-Pano-1320x514.jpg 1320w, https:\/\/www.visittorshavn.fo\/wp-content\/smush-webp\/2024\/06\/15sep23_0469-Pano-600x233.jpg.webp 600w\" data-sizes=\"auto\" src=\"data:image\/svg+xml;base64,PHN2ZyB3aWR0aD0iMSIgaGVpZ2h0PSIxIiB4bWxucz0iaHR0cDovL3d3dy53My5vcmcvMjAwMC9zdmciPjwvc3ZnPg==\" style=\"--smush-placeholder-width: 1200px; --smush-placeholder-aspect-ratio: 1200\/467;\" data-original-sizes=\"(max-width: 1200px) 100vw, 1200px\" \/><span aria-hidden=\"true\" class=\"wp-block-cover__background has-background-dim\" style=\"background-color:#633d33\"><\/span><div class=\"wp-block-cover__inner-container is-layout-constrained wp-block-cover-is-layout-constrained\">\n<h2 class=\"wp-block-heading has-text-align-left has-large-font-size\">Kort yvir h\u00f8vu\u00f0ssta\u00f0in<\/h2>\n<\/div><\/div>\n\n\n\n<div style=\"height:98px\" aria-hidden=\"true\" class=\"wp-block-spacer\"><\/div>\n\n\n\n<p>Fyrireika teg til \u00f8ll tey spennandi tingini, t\u00fa kanst uppliva \u00ed Havn, vi\u00f0 okkara b\u00fdarkorti.<\/p>\n\n\n\n<p>Vi\u00f0 kortinum f\u00e6rt t\u00fa eitt n\u00e1greiniligt yvirlit yvir t\u00fddningarmestu b\u00fdarmerkini umframt allar teir lokalu favorittarnar.<\/p>\n\n\n\n<div style=\"height:100px\" aria-hidden=\"true\" class=\"wp-block-spacer\"><\/div>\n\n\n\n<div id=\"files_block_02ccd14b3910409516b05c0a66d072ad\" class=\"lunnar-files\">\n\n    \n            <div class=\"files-grid per-row-1\">\n                                            <a href=\"https:\/\/www.visittorshavn.fo\/wp-content\/uploads\/2024\/04\/torshavn-map-2020.pdf\" download class=\"file-upload\">\n                                            <div class=\"file-upload--image\">\n                            <div class=\"file-upload--image-inner\">\n                                <img decoding=\"async\" data-src=\"https:\/\/www.visittorshavn.fo\/wp-content\/smush-webp\/2025\/08\/city-map.jpg.webp\" width=\"800\" height=\"563\" style=\"--smush-placeholder-width: 800px; --smush-placeholder-aspect-ratio: 800\/563;object-position: 50% 50%\" src=\"data:image\/svg+xml;base64,PHN2ZyB3aWR0aD0iMSIgaGVpZ2h0PSIxIiB4bWxucz0iaHR0cDovL3d3dy53My5vcmcvMjAwMC9zdmciPjwvc3ZnPg==\" class=\"lazyload\" data-srcset=\"https:\/\/www.visittorshavn.fo\/wp-content\/smush-webp\/2025\/08\/city-map.jpg.webp 1274w, https:\/\/www.visittorshavn.fo\/wp-content\/smush-webp\/2025\/08\/city-map-800x563.jpg.webp 800w, https:\/\/www.visittorshavn.fo\/wp-content\/smush-webp\/2025\/08\/city-map-1200x845.jpg.webp 1200w, https:\/\/www.visittorshavn.fo\/wp-content\/smush-webp\/2025\/08\/city-map-768x541.jpg.webp 768w, https:\/\/www.visittorshavn.fo\/wp-content\/smush-webp\/2025\/08\/city-map-600x422.jpg.webp 600w\" data-sizes=\"auto\" data-original-sizes=\"(max-width: 800px) 100vw, 800px\">\n                            <\/div>\n                        <\/div>\n                    \n                    <div class=\"file-upload--text\">\n                        <div class=\"file-upload--title\">\n                            <img decoding=\"async\" src=\"https:\/\/www.visittorshavn.fo\/wp-content\/themes\/lunnar-visittorshavn\/images\/icon-download.svg\" class=\"injectable\" \/>\n                                                            <h6>Tak korti\u00f0 ni\u00f0ur<\/h6>\n                                                    <\/div>\n\n                        <div class=\"file-upload--download\">\n                            <p>Heinta f\u00edlu<\/p>\n\n                            <img decoding=\"async\" src=\"https:\/\/www.visittorshavn.fo\/wp-content\/themes\/lunnar-visittorshavn\/images\/icon-download.svg\" class=\"injectable\" \/>                        <\/div>\n                    <\/div>\n                <\/a>\n                    <\/div>\n    <\/div>\n\n\n<div style=\"height:200px\" aria-hidden=\"true\" class=\"wp-block-spacer\"><\/div>\n","protected":false},"excerpt":{"rendered":"<p>Fyrireika teg til \u00f8ll tey spennandi tingini, t\u00fa kanst uppliva \u00ed Havn, vi\u00f0 okkara b\u00fdarkorti. Vi\u00f0 kortinum f\u00e6rt t\u00fa eitt n\u00e1greiniligt yvirlit yvir t\u00fddningarmestu b\u00fdarmerkini umframt allar teir lokalu favorittarnar.<\/p>\n","protected":false},"author":4,"featured_media":7173,"parent":0,"menu_order":0,"comment_status":"closed","ping_status":"closed","template":"","meta":{"_acf_changed":false,"footnotes":""},"page_category":[],"class_list":["post-13560","page","type-page","status-publish","has-post-thumbnail","hentry"],"acf":[],"yoast_head":"<!-- This site is optimized with the Yoast SEO plugin v27.5 - https:\/\/yoast.com\/product\/yoast-seo-wordpress\/ -->\n<title>Kort yvir h\u00f8vu\u00f0ssta\u00f0in - Visit Torshavn<\/title>\n<meta name=\"robots\" content=\"index, follow, max-snippet:-1, max-image-preview:large, max-video-preview:-1\" \/>\n<link rel=\"canonical\" href=\"https:\/\/www.visittorshavn.fo\/fo\/kort-yvir-hovudsstadin\/\" \/>\n<meta property=\"og:locale\" content=\"fo_FO\" \/>\n<meta property=\"og:type\" content=\"article\" \/>\n<meta property=\"og:title\" content=\"Kort yvir h\u00f8vu\u00f0ssta\u00f0in - Visit Torshavn\" \/>\n<meta property=\"og:description\" content=\"Fyrireika teg til \u00f8ll tey spennandi tingini, t\u00fa kanst uppliva \u00ed Havn, vi\u00f0 okkara b\u00fdarkorti. Vi\u00f0 kortinum f\u00e6rt t\u00fa eitt n\u00e1greiniligt yvirlit yvir t\u00fddningarmestu b\u00fdarmerkini umframt allar teir lokalu favorittarnar.\" \/>\n<meta property=\"og:url\" content=\"https:\/\/www.visittorshavn.fo\/fo\/kort-yvir-hovudsstadin\/\" \/>\n<meta property=\"og:site_name\" content=\"Visit Torshavn\" \/>\n<meta property=\"article:modified_time\" content=\"2025-08-14T07:52:14+00:00\" \/>\n<meta property=\"og:image\" content=\"https:\/\/www.visittorshavn.fo\/wp-content\/uploads\/2024\/06\/15sep23_0469-Pano-1200x467.jpg\" \/>\n\t<meta property=\"og:image:width\" content=\"1200\" \/>\n\t<meta property=\"og:image:height\" content=\"467\" \/>\n\t<meta property=\"og:image:type\" content=\"image\/jpeg\" \/>\n<meta name=\"twitter:card\" content=\"summary_large_image\" \/>\n<meta name=\"twitter:label1\" content=\"Est. reading time\" \/>\n\t<meta name=\"twitter:data1\" content=\"1 minute\" \/>\n<script type=\"application\/ld+json\" class=\"yoast-schema-graph\">{\"@context\":\"https:\\\/\\\/schema.org\",\"@graph\":[{\"@type\":\"WebPage\",\"@id\":\"https:\\\/\\\/www.visittorshavn.fo\\\/fo\\\/kort-yvir-hovudsstadin\\\/\",\"url\":\"https:\\\/\\\/www.visittorshavn.fo\\\/fo\\\/kort-yvir-hovudsstadin\\\/\",\"name\":\"Kort yvir h\u00f8vu\u00f0ssta\u00f0in - Visit Torshavn\",\"isPartOf\":{\"@id\":\"https:\\\/\\\/www.visittorshavn.fo\\\/fo\\\/#website\"},\"primaryImageOfPage\":{\"@id\":\"https:\\\/\\\/www.visittorshavn.fo\\\/fo\\\/kort-yvir-hovudsstadin\\\/#primaryimage\"},\"image\":{\"@id\":\"https:\\\/\\\/www.visittorshavn.fo\\\/fo\\\/kort-yvir-hovudsstadin\\\/#primaryimage\"},\"thumbnailUrl\":\"https:\\\/\\\/www.visittorshavn.fo\\\/wp-content\\\/uploads\\\/2024\\\/06\\\/15sep23_0469-Pano.jpg\",\"datePublished\":\"2024-03-27T11:04:45+00:00\",\"dateModified\":\"2025-08-14T07:52:14+00:00\",\"breadcrumb\":{\"@id\":\"https:\\\/\\\/www.visittorshavn.fo\\\/fo\\\/kort-yvir-hovudsstadin\\\/#breadcrumb\"},\"inLanguage\":\"fo-FO\",\"potentialAction\":[{\"@type\":\"ReadAction\",\"target\":[\"https:\\\/\\\/www.visittorshavn.fo\\\/fo\\\/kort-yvir-hovudsstadin\\\/\"]}]},{\"@type\":\"ImageObject\",\"inLanguage\":\"fo-FO\",\"@id\":\"https:\\\/\\\/www.visittorshavn.fo\\\/fo\\\/kort-yvir-hovudsstadin\\\/#primaryimage\",\"url\":\"https:\\\/\\\/www.visittorshavn.fo\\\/wp-content\\\/uploads\\\/2024\\\/06\\\/15sep23_0469-Pano.jpg\",\"contentUrl\":\"https:\\\/\\\/www.visittorshavn.fo\\\/wp-content\\\/uploads\\\/2024\\\/06\\\/15sep23_0469-Pano.jpg\",\"width\":2560,\"height\":996,\"caption\":\"b\u00fdarmynd\"},{\"@type\":\"BreadcrumbList\",\"@id\":\"https:\\\/\\\/www.visittorshavn.fo\\\/fo\\\/kort-yvir-hovudsstadin\\\/#breadcrumb\",\"itemListElement\":[{\"@type\":\"ListItem\",\"position\":1,\"name\":\"Home\",\"item\":\"https:\\\/\\\/www.visittorshavn.fo\\\/fo\\\/\"},{\"@type\":\"ListItem\",\"position\":2,\"name\":\"Kort yvir h\u00f8vu\u00f0ssta\u00f0in\"}]},{\"@type\":\"WebSite\",\"@id\":\"https:\\\/\\\/www.visittorshavn.fo\\\/fo\\\/#website\",\"url\":\"https:\\\/\\\/www.visittorshavn.fo\\\/fo\\\/\",\"name\":\"Visit Torshavn\",\"description\":\"\",\"potentialAction\":[{\"@type\":\"SearchAction\",\"target\":{\"@type\":\"EntryPoint\",\"urlTemplate\":\"https:\\\/\\\/www.visittorshavn.fo\\\/fo\\\/?s={search_term_string}\"},\"query-input\":{\"@type\":\"PropertyValueSpecification\",\"valueRequired\":true,\"valueName\":\"search_term_string\"}}],\"inLanguage\":\"fo-FO\"}]}<\/script>\n<!-- \/ Yoast SEO plugin. -->","yoast_head_json":{"title":"Kort yvir h\u00f8vu\u00f0ssta\u00f0in - Visit Torshavn","robots":{"index":"index","follow":"follow","max-snippet":"max-snippet:-1","max-image-preview":"max-image-preview:large","max-video-preview":"max-video-preview:-1"},"canonical":"https:\/\/www.visittorshavn.fo\/fo\/kort-yvir-hovudsstadin\/","og_locale":"fo_FO","og_type":"article","og_title":"Kort yvir h\u00f8vu\u00f0ssta\u00f0in - Visit Torshavn","og_description":"Fyrireika teg til \u00f8ll tey spennandi tingini, t\u00fa kanst uppliva \u00ed Havn, vi\u00f0 okkara b\u00fdarkorti. Vi\u00f0 kortinum f\u00e6rt t\u00fa eitt n\u00e1greiniligt yvirlit yvir t\u00fddningarmestu b\u00fdarmerkini umframt allar teir lokalu favorittarnar.","og_url":"https:\/\/www.visittorshavn.fo\/fo\/kort-yvir-hovudsstadin\/","og_site_name":"Visit Torshavn","article_modified_time":"2025-08-14T07:52:14+00:00","og_image":[{"width":1200,"height":467,"url":"https:\/\/www.visittorshavn.fo\/wp-content\/uploads\/2024\/06\/15sep23_0469-Pano-1200x467.jpg","type":"image\/jpeg"}],"twitter_card":"summary_large_image","twitter_misc":{"Est. reading time":"1 minute"},"schema":{"@context":"https:\/\/schema.org","@graph":[{"@type":"WebPage","@id":"https:\/\/www.visittorshavn.fo\/fo\/kort-yvir-hovudsstadin\/","url":"https:\/\/www.visittorshavn.fo\/fo\/kort-yvir-hovudsstadin\/","name":"Kort yvir h\u00f8vu\u00f0ssta\u00f0in - Visit Torshavn","isPartOf":{"@id":"https:\/\/www.visittorshavn.fo\/fo\/#website"},"primaryImageOfPage":{"@id":"https:\/\/www.visittorshavn.fo\/fo\/kort-yvir-hovudsstadin\/#primaryimage"},"image":{"@id":"https:\/\/www.visittorshavn.fo\/fo\/kort-yvir-hovudsstadin\/#primaryimage"},"thumbnailUrl":"https:\/\/www.visittorshavn.fo\/wp-content\/uploads\/2024\/06\/15sep23_0469-Pano.jpg","datePublished":"2024-03-27T11:04:45+00:00","dateModified":"2025-08-14T07:52:14+00:00","breadcrumb":{"@id":"https:\/\/www.visittorshavn.fo\/fo\/kort-yvir-hovudsstadin\/#breadcrumb"},"inLanguage":"fo-FO","potentialAction":[{"@type":"ReadAction","target":["https:\/\/www.visittorshavn.fo\/fo\/kort-yvir-hovudsstadin\/"]}]},{"@type":"ImageObject","inLanguage":"fo-FO","@id":"https:\/\/www.visittorshavn.fo\/fo\/kort-yvir-hovudsstadin\/#primaryimage","url":"https:\/\/www.visittorshavn.fo\/wp-content\/uploads\/2024\/06\/15sep23_0469-Pano.jpg","contentUrl":"https:\/\/www.visittorshavn.fo\/wp-content\/uploads\/2024\/06\/15sep23_0469-Pano.jpg","width":2560,"height":996,"caption":"b\u00fdarmynd"},{"@type":"BreadcrumbList","@id":"https:\/\/www.visittorshavn.fo\/fo\/kort-yvir-hovudsstadin\/#breadcrumb","itemListElement":[{"@type":"ListItem","position":1,"name":"Home","item":"https:\/\/www.visittorshavn.fo\/fo\/"},{"@type":"ListItem","position":2,"name":"Kort yvir h\u00f8vu\u00f0ssta\u00f0in"}]},{"@type":"WebSite","@id":"https:\/\/www.visittorshavn.fo\/fo\/#website","url":"https:\/\/www.visittorshavn.fo\/fo\/","name":"Visit Torshavn","description":"","potentialAction":[{"@type":"SearchAction","target":{"@type":"EntryPoint","urlTemplate":"https:\/\/www.visittorshavn.fo\/fo\/?s={search_term_string}"},"query-input":{"@type":"PropertyValueSpecification","valueRequired":true,"valueName":"search_term_string"}}],"inLanguage":"fo-FO"}]}},"_links":{"self":[{"href":"https:\/\/www.visittorshavn.fo\/fo\/wp-json\/wp\/v2\/pages\/13560","targetHints":{"allow":["GET"]}}],"collection":[{"href":"https:\/\/www.visittorshavn.fo\/fo\/wp-json\/wp\/v2\/pages"}],"about":[{"href":"https:\/\/www.visittorshavn.fo\/fo\/wp-json\/wp\/v2\/types\/page"}],"author":[{"embeddable":true,"href":"https:\/\/www.visittorshavn.fo\/fo\/wp-json\/wp\/v2\/users\/4"}],"replies":[{"embeddable":true,"href":"https:\/\/www.visittorshavn.fo\/fo\/wp-json\/wp\/v2\/comments?post=13560"}],"version-history":[{"count":0,"href":"https:\/\/www.visittorshavn.fo\/fo\/wp-json\/wp\/v2\/pages\/13560\/revisions"}],"wp:featuredmedia":[{"embeddable":true,"href":"https:\/\/www.visittorshavn.fo\/fo\/wp-json\/wp\/v2\/media\/7173"}],"wp:attachment":[{"href":"https:\/\/www.visittorshavn.fo\/fo\/wp-json\/wp\/v2\/media?parent=13560"}],"wp:term":[{"taxonomy":"page_category","embeddable":true,"href":"https:\/\/www.visittorshavn.fo\/fo\/wp-json\/wp\/v2\/page_category?post=13560"}],"curies":[{"name":"wp","href":"https:\/\/api.w.org\/{rel}","templated":true}]}}