{"id":13586,"date":"2024-05-19T16:54:25","date_gmt":"2024-05-19T15:54:25","guid":{"rendered":"https:\/\/www.visittorshavn.fo\/?page_id=13586"},"modified":"2025-03-20T11:50:18","modified_gmt":"2025-03-20T11:50:18","slug":"vitjanarverd-stod-i-havnini","status":"publish","type":"page","link":"https:\/\/www.visittorshavn.fo\/fo\/upplivingar\/vitjanarverd-stod-i-havnini\/","title":{"rendered":"Vitjanarverd st\u00f8\u00f0 \u00ed Havnini"},"content":{"rendered":"\n<div class=\"wp-block-cover alignfull has-custom-content-position is-position-bottom-center\" style=\"min-height:580px;aspect-ratio:unset;\"><span aria-hidden=\"true\" class=\"wp-block-cover__background has-background-dim\" style=\"background-color:#633d33\"><\/span><img decoding=\"async\" width=\"2560\" height=\"1705\" class=\"wp-block-cover__image-background wp-image-7188 lazyload\" alt=\"trappan b\u00fdarmynd havnar kirkja\" data-src=\"https:\/\/www.visittorshavn.fo\/wp-content\/smush-webp\/2024\/06\/Sida-92-31aug22_0999.jpg.webp\" data-object-fit=\"cover\" data-srcset=\"https:\/\/www.visittorshavn.fo\/wp-content\/smush-webp\/2024\/06\/Sida-92-31aug22_0999.jpg.webp 2560w, https:\/\/www.visittorshavn.fo\/wp-content\/smush-webp\/2024\/06\/Sida-92-31aug22_0999-800x533.jpg.webp 800w, https:\/\/www.visittorshavn.fo\/wp-content\/smush-webp\/2024\/06\/Sida-92-31aug22_0999-1200x799.jpg.webp 1200w, https:\/\/www.visittorshavn.fo\/wp-content\/smush-webp\/2024\/06\/Sida-92-31aug22_0999-768x512.jpg.webp 768w, https:\/\/www.visittorshavn.fo\/wp-content\/smush-webp\/2024\/06\/Sida-92-31aug22_0999-1536x1023.jpg.webp 1536w, https:\/\/www.visittorshavn.fo\/wp-content\/smush-webp\/2024\/06\/Sida-92-31aug22_0999-2048x1364.jpg.webp 2048w, https:\/\/www.visittorshavn.fo\/wp-content\/smush-webp\/2024\/06\/Sida-92-31aug22_0999-600x400.jpg.webp 600w\" data-sizes=\"auto\" src=\"data:image\/svg+xml;base64,PHN2ZyB3aWR0aD0iMSIgaGVpZ2h0PSIxIiB4bWxucz0iaHR0cDovL3d3dy53My5vcmcvMjAwMC9zdmciPjwvc3ZnPg==\" style=\"--smush-placeholder-width: 2560px; --smush-placeholder-aspect-ratio: 2560\/1705;\" data-original-sizes=\"(max-width: 2560px) 100vw, 2560px\" \/><div class=\"wp-block-cover__inner-container is-layout-constrained wp-block-cover-is-layout-constrained\">\n<div class=\"wp-block-columns is-layout-flex wp-container-core-columns-is-layout-9d6595d7 wp-block-columns-is-layout-flex\">\n<div class=\"wp-block-column is-layout-flow wp-block-column-is-layout-flow\">\n<div id=\"breadcrumbs_block_c46592d688990ff0cebfd9831014f50b\" class=\"lunnar-breadcrumbs\">\n            <div class=\"lunnar-breadcrumbs\"><ul><\/ul><\/div>    <\/div>\n\n\n<h1 class=\"wp-block-heading\">Vitjanarverd st\u00f8\u00f0 \u00ed Havnini<\/h1>\n<\/div>\n\n\n\n<div class=\"wp-block-column is-layout-flow wp-block-column-is-layout-flow\"><\/div>\n<\/div>\n\n\n\n<div style=\"height:60px\" aria-hidden=\"true\" class=\"wp-block-spacer\"><\/div>\n<\/div><\/div>\n\n\n\n<div class=\"wp-block-group alignfull has-dark-color has-light-red-background-color has-text-color has-background has-link-color wp-elements-f50cfff88d619a7653cc1550a7f1e5e8 is-layout-constrained wp-block-group-is-layout-constrained\">\n<div style=\"height:100px\" aria-hidden=\"true\" class=\"wp-block-spacer\"><\/div>\n\n\n\n<div class=\"wp-block-columns alignwide is-layout-flex wp-container-core-columns-is-layout-9d6595d7 wp-block-columns-is-layout-flex\">\n<div class=\"wp-block-column is-vertically-aligned-top is-layout-flow wp-block-column-is-layout-flow\" style=\"flex-basis:33.33%\">\n<h3 class=\"wp-block-heading\">Uppdaga ta\u00f0 besta av h\u00f8vu\u00f0ssta\u00f0num<\/h3>\n<\/div>\n\n\n\n<div class=\"wp-block-column is-layout-flow wp-block-column-is-layout-flow\" style=\"flex-basis:66.66%\">\n<p>Ta\u00f0 besta vi\u00f0 einum l\u00edtlum h\u00f8vu\u00f0ssta\u00f0i er, at alt er \u00ed n\u00e1nd. T\u00fa kanst akkur\u00e1t sum einki ganga runt \u00ed b\u00fdnum og uppliva alt ta\u00f0 ymiska, sum Havnin hevur at bj\u00f3\u00f0a. <\/p>\n\n\n\n<p>Byrja dagin frammi vi\u00f0 havnarlagnum, har i\u00f0 b\u00e1tar og skip \u00ed alskyns st\u00f8ddum og litum liggja fyri akker. Ha\u00f0ani kanst t\u00fa sp\u00e1ka \u00edgj\u00f8gnum gamla b\u00fdlingin \u00e1 Reyni \u00fat \u00e1 Tinganes. Skansin, bygdur \u00ed 16. \u00f8ld fyri at verja Havnina fr\u00e1 sj\u00f3r\u00e6narum, liggur skamt \u00edfr\u00e1. <\/p>\n\n\n\n<p>T\u00fa kundi eisini sett k\u00f3s ni\u00f0an \u00ed vi\u00f0arlundina \u2013 kanska t\u00fa tekur matkurv og teppi vi\u00f0? T\u00e1 t\u00fa kemur \u00far vi\u00f0arlundini, er Listask\u00e1lin beint framman fyri teg. St\u00edgur t\u00fa innar, ver\u00f0ur t\u00fa p\u00farasta tikin av f\u00f3tum, t\u00ed hetta er list \u00e1 h\u00e6gsta stigi. Vita eftir. <\/p>\n\n\n\n<p>N\u00fa er dagurin um at vera av, og t\u00fa hevur b\u00e6\u00f0i fingi\u00f0 kropsliga m\u00f8\u00f0i og andaliga f\u00f8\u00f0i, so hv\u00ed ikki runda alt av vi\u00f0 einum drekkamunni og onkrum s\u00f8tum \u00ed Nor\u00f0urlandah\u00fasinum, sum liggur vi\u00f0 endan av vegnum?<\/p>\n<\/div>\n<\/div>\n\n\n\n<div style=\"height:100px\" aria-hidden=\"true\" class=\"wp-block-spacer\"><\/div>\n<\/div>\n\n\n\n<div style=\"height:200px\" aria-hidden=\"true\" class=\"wp-block-spacer\"><\/div>\n\n\n\n<div class=\"wp-block-media-text alignwide is-stacked-on-mobile is-image-fill-element\"><figure class=\"wp-block-media-text__media\"><img decoding=\"async\" width=\"1200\" height=\"800\" data-src=\"https:\/\/www.visittorshavn.fo\/wp-content\/smush-webp\/2024\/06\/16aug16_0142b-1200x800.jpg.webp\" alt=\"\" class=\"wp-image-6505 size-full lazyload\" style=\"--smush-placeholder-width: 1200px; --smush-placeholder-aspect-ratio: 1200\/800;object-position:50% 50%\" data-srcset=\"https:\/\/www.visittorshavn.fo\/wp-content\/smush-webp\/2024\/06\/16aug16_0142b-1200x800.jpg.webp 1200w, https:\/\/www.visittorshavn.fo\/wp-content\/smush-webp\/2024\/06\/16aug16_0142b-800x534.jpg.webp 800w, https:\/\/www.visittorshavn.fo\/wp-content\/smush-webp\/2024\/06\/16aug16_0142b-768x512.jpg.webp 768w, https:\/\/www.visittorshavn.fo\/wp-content\/smush-webp\/2024\/06\/16aug16_0142b-1536x1024.jpg.webp 1536w, https:\/\/www.visittorshavn.fo\/wp-content\/smush-webp\/2024\/06\/16aug16_0142b-2048x1366.jpg.webp 2048w, https:\/\/www.visittorshavn.fo\/wp-content\/smush-webp\/2024\/06\/16aug16_0142b-600x400.jpg.webp 600w\" data-sizes=\"auto\" src=\"data:image\/svg+xml;base64,PHN2ZyB3aWR0aD0iMSIgaGVpZ2h0PSIxIiB4bWxucz0iaHR0cDovL3d3dy53My5vcmcvMjAwMC9zdmciPjwvc3ZnPg==\" data-original-sizes=\"(max-width: 1200px) 100vw, 1200px\" \/><\/figure><div class=\"wp-block-media-text__content\">\n<div style=\"height:100px\" aria-hidden=\"true\" class=\"wp-block-spacer\"><\/div>\n\n\n\n<h3 class=\"wp-block-heading\">Skansin<\/h3>\n\n\n\n<p class=\"has-text-align-left\">\u00cd 1580 bey\u00f0 st\u00f3ri f\u00f8royski \u00e6vint\u00fdrama\u00f0urin Magnus Heinason byggingina av einum skansa fyri at verja handilsmi\u00f0depilin m\u00f3ti vaksandi tali av sj\u00f3f\u00f8rdum \u00e1lopum um Nor\u00f0uratlantshavi\u00f0 \u2013 \u00ed mongum f\u00f8rum fr\u00e1 sj\u00f3r\u00e6narum. Upprunaliga v\u00edggir\u00f0ingin helt bert til 1677, t\u00e1 franskir sj\u00f3r\u00e6narar oy\u00f0il\u00f8gdu skansan, eftir at teirra endaliga krav um 100 neyt, 200 sey\u00f0ir, 500 p\u00f8r av handskum, 1.200 p\u00f8r av sokkum og 60 n\u00e1ttskj\u00fartur ikki var\u00f0 m\u00f8tt av f\u00f3lkunum \u00ed T\u00f3rshavn innan \u00e1settu 12 t\u00edmarnar.<\/p>\n\n\n\n<p>Skansin var\u00f0 n\u00fdttur sum h\u00f8vu\u00f0sst\u00f8\u00f0 hj\u00e1 bretska Royal Navy undir Seinna Heimsbardaga. Tv\u00e6r kan\u00f3nir, sum venda \u00fat m\u00f3ti havinum aftan fyri skansan, v\u00f3r\u00f0u br\u00faktar til at verja oyggjarnar m\u00f3ti t\u00fdskum \u00e1lopum. Skansin fevnir eisini um f\u00fdra eldri messingkan\u00f3nir fr\u00e1 t\u00ed\u00f0ini vi\u00f0 danska handilsmonopolinum og einum vita.<\/p>\n\n\n\n<p class=\"has-text-align-left\">Vi\u00f0 Skansan kann ein nj\u00f3ta fram\u00farskarandi \u00fats\u00fdni\u00f0 yvir N\u00f3lsoyarfj\u00f8r\u00f0in.<\/p>\n\n\n\n<div style=\"height:100px\" aria-hidden=\"true\" class=\"wp-block-spacer\"><\/div>\n<\/div><\/div>\n\n\n\n<div style=\"height:80px\" aria-hidden=\"true\" class=\"wp-block-spacer\"><\/div>\n\n\n\n<div class=\"wp-block-media-text alignwide has-media-on-the-right is-stacked-on-mobile is-image-fill-element\"><div class=\"wp-block-media-text__content\">\n<div style=\"height:100px\" aria-hidden=\"true\" class=\"wp-block-spacer\"><\/div>\n\n\n\n<h3 class=\"wp-block-heading\">Tinganes<br>og gamli b\u00fdlingurin \u00e1 Reyni<\/h3>\n\n\n\n<p>Tinganes ver\u00f0ur sagt at vera eitt av teimum elstu, um ikki ta\u00f0 elsta, parlamentariska fundarsta\u00f0num \u00ed heiminum, saman vi\u00f0 Tynwald Hill \u00e1 Isle of Man og \u00deingvellir \u00ed \u00cdslandi. Ta\u00f0 var her, \u00ed umlei\u00f0 \u00e1r 900, at v\u00edkingatingi\u00f0 \u00e1 hv\u00f8rjum \u00e1ri fyrst f\u00f3r at hittast fyri at umr\u00f8\u00f0a r\u00edkis\u00e1hugam\u00e1l.<br><br>Gamli b\u00fdlingurin \u00ed Havn, sum umfatar Reyn og Undir Ryggi, er heimsta\u00f0ur hj\u00e1 umlei\u00f0 f\u00fdraogtj\u00fagu sm\u00e1um, sv\u00f8rttektum tr\u00e6h\u00fasum vi\u00f0 hv\u00edtm\u00e1la\u00f0um vindeygum og grasl\u00edkjum. F\u00f3lk b\u00fagva framvegis \u00ed h\u00fasunum fr\u00e1 1300-talinum. Gakk ein t\u00far eftir sjarmerandi sm\u00f8lu og kr\u00f3kutu g\u00f8tunum og uppliv eina hugtakandi samanrenning av gomlum og n\u00fdggjum.<\/p>\n<\/div><figure class=\"wp-block-media-text__media\"><img decoding=\"async\" width=\"1200\" height=\"806\" data-src=\"https:\/\/www.visittorshavn.fo\/wp-content\/smush-webp\/2024\/06\/Gonguturur-i-Tinganesi-1200x806.jpg.webp\" alt=\"\" class=\"wp-image-6354 size-full lazyload\" style=\"--smush-placeholder-width: 1200px; --smush-placeholder-aspect-ratio: 1200\/806;object-position:85% 51%\" data-srcset=\"https:\/\/www.visittorshavn.fo\/wp-content\/smush-webp\/2024\/06\/Gonguturur-i-Tinganesi-1200x806.jpg.webp 1200w, https:\/\/www.visittorshavn.fo\/wp-content\/smush-webp\/2024\/06\/Gonguturur-i-Tinganesi-800x537.jpg.webp 800w, https:\/\/www.visittorshavn.fo\/wp-content\/smush-webp\/2024\/06\/Gonguturur-i-Tinganesi-768x516.jpg.webp 768w, https:\/\/www.visittorshavn.fo\/wp-content\/smush-webp\/2024\/06\/Gonguturur-i-Tinganesi-1536x1031.jpg.webp 1536w, https:\/\/www.visittorshavn.fo\/wp-content\/smush-webp\/2024\/06\/Gonguturur-i-Tinganesi-2048x1375.jpg.webp 2048w, https:\/\/www.visittorshavn.fo\/wp-content\/smush-webp\/2024\/06\/Gonguturur-i-Tinganesi-600x403.jpg.webp 600w\" data-sizes=\"auto\" src=\"data:image\/svg+xml;base64,PHN2ZyB3aWR0aD0iMSIgaGVpZ2h0PSIxIiB4bWxucz0iaHR0cDovL3d3dy53My5vcmcvMjAwMC9zdmciPjwvc3ZnPg==\" data-original-sizes=\"(max-width: 1200px) 100vw, 1200px\" \/><\/figure><\/div>\n\n\n\n<div style=\"height:80px\" aria-hidden=\"true\" class=\"wp-block-spacer\"><\/div>\n\n\n\n<div class=\"wp-block-media-text alignwide is-stacked-on-mobile is-image-fill-element\"><figure class=\"wp-block-media-text__media\"><img decoding=\"async\" width=\"1440\" height=\"960\" data-src=\"https:\/\/www.visittorshavn.fo\/wp-content\/smush-webp\/2024\/02\/nordic-house-cafe_full-1440x960.jpg.webp\" alt=\"\" class=\"wp-image-2635 size-full lazyload\" style=\"--smush-placeholder-width: 1440px; --smush-placeholder-aspect-ratio: 1440\/960;object-position:50% 50%\" data-srcset=\"https:\/\/www.visittorshavn.fo\/wp-content\/smush-webp\/2024\/02\/nordic-house-cafe_full-1440x960.jpg.webp 1440w, https:\/\/www.visittorshavn.fo\/wp-content\/smush-webp\/2024\/02\/nordic-house-cafe_full-600x400.jpg.webp 600w, https:\/\/www.visittorshavn.fo\/wp-content\/smush-webp\/2024\/02\/nordic-house-cafe_full-800x533.jpg.webp 800w, https:\/\/www.visittorshavn.fo\/wp-content\/smush-webp\/2024\/02\/nordic-house-cafe_full-768x512.jpg.webp 768w, https:\/\/www.visittorshavn.fo\/wp-content\/smush-webp\/2024\/02\/nordic-house-cafe_full-1536x1024.jpg.webp 1536w, https:\/\/www.visittorshavn.fo\/wp-content\/smush-webp\/2024\/02\/nordic-house-cafe_full.jpg.webp 1920w\" data-sizes=\"auto\" src=\"data:image\/svg+xml;base64,PHN2ZyB3aWR0aD0iMSIgaGVpZ2h0PSIxIiB4bWxucz0iaHR0cDovL3d3dy53My5vcmcvMjAwMC9zdmciPjwvc3ZnPg==\" data-original-sizes=\"(max-width: 1440px) 100vw, 1440px\" \/><\/figure><div class=\"wp-block-media-text__content\">\n<div style=\"height:100px\" aria-hidden=\"true\" class=\"wp-block-spacer\"><\/div>\n\n\n\n<h3 class=\"wp-block-heading\">Nor\u00f0urlandah\u00fasi\u00f0<\/h3>\n\n\n\n<p>Nor\u00f0urlandah\u00fasi\u00f0 er ein mentanarstovnur undir Nor\u00f0urlandar\u00e1\u00f0num. H\u00fasi\u00f0 var\u00f0 bygt \u00ed 1983 og hevur s\u00ed\u00f0ani t\u00e1 veri\u00f0 virki\u00f0 sum ein nor\u00f0urlendskur mentanarsta\u00f0ur vi\u00f0 einari fj\u00f8lbroyttari skr\u00e1, sum fevnir um allar listagreinar og virkar fyri allar aldurs- og \u00e1hugab\u00f3lkar.<\/p>\n\n\n\n<p>Har eru javnan t\u00f3nleika- og listatilt\u00f8k \u00e1 skr\u00e1nni, i\u00f0 t\u00fa kanst kanna n\u00e6rri <a href=\"https:\/\/www.nlh.fo\/en\">her<\/a><\/p>\n\n\n\n<div style=\"height:100px\" aria-hidden=\"true\" class=\"wp-block-spacer\"><\/div>\n<\/div><\/div>\n\n\n\n<div style=\"height:80px\" aria-hidden=\"true\" class=\"wp-block-spacer\"><\/div>\n\n\n\n<div class=\"wp-block-media-text alignwide has-media-on-the-right is-stacked-on-mobile is-image-fill-element\"><div class=\"wp-block-media-text__content\">\n<div style=\"height:160px\" aria-hidden=\"true\" class=\"wp-block-spacer\"><\/div>\n\n\n\n<h3 class=\"wp-block-heading\">Gamli kirkjugar\u00f0urin<\/h3>\n\n\n\n<p>Far ein t\u00far \u00ed gamla kirkjugar\u00f0in \u00ed Havn, har stovnararnir av n\u00fat\u00edmans h\u00f8vu\u00f0ssta\u00f0num T\u00f3rshavn, b\u00e6\u00f0i teir vanligu og teir serligu, hv\u00edla. Til ber at royna lj\u00f3\u00f0s\u00f8gut\u00farin, i\u00f0 n\u00fa er t\u00f8kur. Alt t\u00fa skalt gera, er at skanna eina QR-kotu vi\u00f0 portri\u00f0, s\u00ed\u00f0an kanst t\u00fa nj\u00f3ta henda s\u00f8guliga sta\u00f0 mitt \u00ed hjartanum \u00ed Havn.<\/p>\n\n\n\n<div style=\"height:160px\" aria-hidden=\"true\" class=\"wp-block-spacer\"><\/div>\n<\/div><figure class=\"wp-block-media-text__media\"><img decoding=\"async\" width=\"1440\" height=\"957\" data-src=\"https:\/\/www.visittorshavn.fo\/wp-content\/smush-webp\/2024\/03\/oldgraveyardinthorshavn-scaled_full-1-1440x957.jpg.webp\" alt=\"\" class=\"wp-image-2568 size-full lazyload\" style=\"--smush-placeholder-width: 1440px; --smush-placeholder-aspect-ratio: 1440\/957;object-position:50% 50%\" data-srcset=\"https:\/\/www.visittorshavn.fo\/wp-content\/smush-webp\/2024\/03\/oldgraveyardinthorshavn-scaled_full-1-1440x957.jpg.webp 1440w, https:\/\/www.visittorshavn.fo\/wp-content\/smush-webp\/2024\/03\/oldgraveyardinthorshavn-scaled_full-1-600x399.jpg.webp 600w, https:\/\/www.visittorshavn.fo\/wp-content\/smush-webp\/2024\/03\/oldgraveyardinthorshavn-scaled_full-1-800x532.jpg.webp 800w, https:\/\/www.visittorshavn.fo\/wp-content\/smush-webp\/2024\/03\/oldgraveyardinthorshavn-scaled_full-1-768x510.jpg.webp 768w, https:\/\/www.visittorshavn.fo\/wp-content\/smush-webp\/2024\/03\/oldgraveyardinthorshavn-scaled_full-1-1536x1021.jpg.webp 1536w, https:\/\/www.visittorshavn.fo\/wp-content\/smush-webp\/2024\/03\/oldgraveyardinthorshavn-scaled_full-1.jpg.webp 1920w\" data-sizes=\"auto\" src=\"data:image\/svg+xml;base64,PHN2ZyB3aWR0aD0iMSIgaGVpZ2h0PSIxIiB4bWxucz0iaHR0cDovL3d3dy53My5vcmcvMjAwMC9zdmciPjwvc3ZnPg==\" data-original-sizes=\"(max-width: 1440px) 100vw, 1440px\" \/><\/figure><\/div>\n\n\n\n<div style=\"height:80px\" aria-hidden=\"true\" class=\"wp-block-spacer\"><\/div>\n\n\n\n<div class=\"wp-block-media-text alignwide is-stacked-on-mobile is-image-fill-element\"><figure class=\"wp-block-media-text__media\"><img decoding=\"async\" width=\"1440\" height=\"1080\" data-src=\"https:\/\/www.visittorshavn.fo\/wp-content\/smush-webp\/2024\/04\/Vidarlundin-folk-ganga-park-1-1440x1080.jpg.webp\" alt=\"\" class=\"wp-image-3142 size-full lazyload\" style=\"--smush-placeholder-width: 1440px; --smush-placeholder-aspect-ratio: 1440\/1080;object-position:50% 50%\" data-srcset=\"https:\/\/www.visittorshavn.fo\/wp-content\/smush-webp\/2024\/04\/Vidarlundin-folk-ganga-park-1-1440x1080.jpg.webp 1440w, https:\/\/www.visittorshavn.fo\/wp-content\/smush-webp\/2024\/04\/Vidarlundin-folk-ganga-park-1-600x450.jpg.webp 600w, https:\/\/www.visittorshavn.fo\/wp-content\/smush-webp\/2024\/04\/Vidarlundin-folk-ganga-park-1-800x600.jpg.webp 800w, https:\/\/www.visittorshavn.fo\/wp-content\/smush-webp\/2024\/04\/Vidarlundin-folk-ganga-park-1-768x576.jpg.webp 768w, https:\/\/www.visittorshavn.fo\/wp-content\/smush-webp\/2024\/04\/Vidarlundin-folk-ganga-park-1-1536x1152.jpg.webp 1536w, https:\/\/www.visittorshavn.fo\/wp-content\/smush-webp\/2024\/04\/Vidarlundin-folk-ganga-park-1-2048x1536.jpg.webp 2048w\" data-sizes=\"auto\" src=\"data:image\/svg+xml;base64,PHN2ZyB3aWR0aD0iMSIgaGVpZ2h0PSIxIiB4bWxucz0iaHR0cDovL3d3dy53My5vcmcvMjAwMC9zdmciPjwvc3ZnPg==\" data-original-sizes=\"(max-width: 1440px) 100vw, 1440px\" \/><\/figure><div class=\"wp-block-media-text__content\">\n<div style=\"height:100px\" aria-hidden=\"true\" class=\"wp-block-spacer\"><\/div>\n\n\n\n<h3 class=\"wp-block-heading\">Plantasjan og Listasavni\u00f0<\/h3>\n\n\n\n<p>Ein av st\u00f8rstu vi\u00f0arlundunum \u00ed F\u00f8royum er plantasjan \u00ed Havn. \u00cd j\u00f3la\u00f3dnini \u00ed 1988 koppa\u00f0u n\u00f3gv tr\u00f8 \u00ed har\u00f0a vindinum. \u00cd dag skapa tey koppa\u00f0u tr\u00f8ini eitt stuttligt og n\u00e1tt\u00farligt sp\u00e6lipl\u00e1ss, har b\u00e6\u00f0i b\u00f8rn og vaksin kunnu stuttleika s\u00e6r. Sp\u00e1ka eftir hugnaligu g\u00f8tunum, vitja dunnuhylin og hoyr fuglasang og \u00e1artutl.<\/p>\n\n\n\n<p>\u00cd plantasjuni finnur t\u00fa n\u00f3gvar vakrar standmyndir, har\u00edmillum minnisvar\u00f0an fyri f\u00f8roysk sj\u00f3f\u00f3lk, i\u00f0 mistu l\u00edvi\u00f0 \u00e1 havinum undir Seinna Heimsbardaga.<\/p>\n\n\n\n<p><a href=\"https:\/\/art.fo\/\">Listasavn F\u00f8roya<\/a> finnur t\u00fa \u00ed nor\u00f0ara endanum av plantasjuni. Listasavni\u00f0 var\u00f0 stovna\u00f0 \u00ed 1989 og s\u00fdnir fram f\u00f8royska list. Ta\u00f0 h\u00fdsir umlei\u00f0 2800 listaverkum, serliga m\u00e1lningum, saman vi\u00f0 grafikki, skulpturum, installati\u00f3num og tekstilum, sum spenna fr\u00e1 1830&#8217;unum til \u00ed dag.<\/p>\n\n\n\n<p>Ein partur av savninum h\u00fdsir eina fasta frams\u00fdning, i\u00f0 l\u00fdsir f\u00f8royska landslagi\u00f0 og n\u00e1tt\u00faruna. N\u00f8kur av teimum serst\u00f8ku verkunum eru ein glasinstallati\u00f3n, i\u00f0 gevur einum kensluna av at fl\u00f3ta \u00e1 sj\u00f3num eins og serst\u00f8k listaverk gj\u00f8rd \u00far ull og faksi. Savni\u00f0 h\u00fdsir eisini skiftandi serframs\u00fdningum vi\u00f0 f\u00f8royskum listaf\u00f3lkum.<\/p>\n\n\n\n<div style=\"height:100px\" aria-hidden=\"true\" class=\"wp-block-spacer\"><\/div>\n<\/div><\/div>\n\n\n\n<div style=\"height:80px\" aria-hidden=\"true\" class=\"wp-block-spacer\"><\/div>\n\n\n\n<div class=\"wp-block-media-text alignwide has-media-on-the-right is-stacked-on-mobile is-image-fill-element\"><div class=\"wp-block-media-text__content\">\n<div style=\"height:100px\" aria-hidden=\"true\" class=\"wp-block-spacer\"><\/div>\n\n\n\n<h3 class=\"wp-block-heading\">Vagli\u00f0<\/h3>\n\n\n\n<p>\u00c1 Vaglinum framman fyri <a href=\"https:\/\/www.visittorshavn.fo\/place\/hn-jacobsens-bookstore0\/\">Gamla B\u00f3khandli<\/a> finnur t\u00fa R\u00e1h\u00fasi\u00f0, i\u00f0 upprunliga var ein sk\u00fali bygdur \u00far basalti \u00ed 1894. Hinumegin vegin finnur t\u00fa L\u00f8gtingi\u00f0. \u00c1 vegnum kemur t\u00fa fram vi\u00f0 hugnaligu Kioskina hj\u00e1 Astu, i\u00f0 \u00ed mong \u00e1r hevur veri\u00f0 eitt ekta\u00f0 Havnar-ey\u00f0kenni.<\/p>\n\n\n\n<p>Vagli\u00f0 er \u00e1ri\u00f0 runt karmur fyri mongum h\u00e1t\u00ed\u00f0arhaldum. \u00c1 \u00f3lavs\u00f8ku hava flestu f\u00f8royingar sp\u00e1ka\u00f0 s\u00e6r oman og ni\u00f0an, heilsa\u00f0 hv\u00f8rjum \u00f8\u00f0rum, sungi\u00f0 midn\u00e1ttarsang og dansa\u00f0 f\u00f8royskan dans &#8211; mitt \u00e1 Vaglinum. Ta\u00f0 er eisini her barnafamiljurnar savnast, t\u00e1 j\u00f3latr\u00e6i\u00f0 ver\u00f0ur tendra\u00f0 s\u00ed\u00f0sta leygardag \u00ed november.<\/p>\n\n\n\n<div style=\"height:100px\" aria-hidden=\"true\" class=\"wp-block-spacer\"><\/div>\n<\/div><figure class=\"wp-block-media-text__media\"><img decoding=\"async\" width=\"1200\" height=\"800\" data-src=\"https:\/\/www.visittorshavn.fo\/wp-content\/smush-webp\/2024\/06\/24aug23_B3A7218-1200x800.jpg.webp\" alt=\"vagli\u00f0 \u00e1in havnar\u00e1 kioskin hj\u00e1 astu l\u00f8gting\" class=\"wp-image-7186 size-full lazyload\" style=\"--smush-placeholder-width: 1200px; --smush-placeholder-aspect-ratio: 1200\/800;object-position:50% 50%\" data-srcset=\"https:\/\/www.visittorshavn.fo\/wp-content\/smush-webp\/2024\/06\/24aug23_B3A7218-1200x800.jpg.webp 1200w, https:\/\/www.visittorshavn.fo\/wp-content\/smush-webp\/2024\/06\/24aug23_B3A7218-800x534.jpg.webp 800w, https:\/\/www.visittorshavn.fo\/wp-content\/smush-webp\/2024\/06\/24aug23_B3A7218-768x512.jpg.webp 768w, https:\/\/www.visittorshavn.fo\/wp-content\/smush-webp\/2024\/06\/24aug23_B3A7218-1536x1025.jpg.webp 1536w, https:\/\/www.visittorshavn.fo\/wp-content\/smush-webp\/2024\/06\/24aug23_B3A7218-2048x1366.jpg.webp 2048w, https:\/\/www.visittorshavn.fo\/wp-content\/smush-webp\/2024\/06\/24aug23_B3A7218-600x400.jpg.webp 600w\" data-sizes=\"auto\" src=\"data:image\/svg+xml;base64,PHN2ZyB3aWR0aD0iMSIgaGVpZ2h0PSIxIiB4bWxucz0iaHR0cDovL3d3dy53My5vcmcvMjAwMC9zdmciPjwvc3ZnPg==\" data-original-sizes=\"(max-width: 1200px) 100vw, 1200px\" \/><\/figure><\/div>\n\n\n\n<div style=\"height:80px\" aria-hidden=\"true\" class=\"wp-block-spacer\"><\/div>\n\n\n\n<div class=\"wp-block-media-text alignwide is-stacked-on-mobile is-image-fill-element\"><figure class=\"wp-block-media-text__media\"><img decoding=\"async\" width=\"1200\" height=\"675\" data-src=\"https:\/\/www.visittorshavn.fo\/wp-content\/smush-webp\/2024\/06\/1jan09_00Q1183-Pano-1200x675.jpg.webp\" alt=\"v\u00e1gsbotn j\u00f3l\" class=\"wp-image-7146 size-full lazyload\" style=\"--smush-placeholder-width: 1200px; --smush-placeholder-aspect-ratio: 1200\/675;object-position:50% 50%\" data-srcset=\"https:\/\/www.visittorshavn.fo\/wp-content\/smush-webp\/2024\/06\/1jan09_00Q1183-Pano-1200x675.jpg.webp 1200w, https:\/\/www.visittorshavn.fo\/wp-content\/smush-webp\/2024\/06\/1jan09_00Q1183-Pano-800x450.jpg.webp 800w, https:\/\/www.visittorshavn.fo\/wp-content\/smush-webp\/2024\/06\/1jan09_00Q1183-Pano-768x432.jpg.webp 768w, https:\/\/www.visittorshavn.fo\/wp-content\/smush-webp\/2024\/06\/1jan09_00Q1183-Pano-1536x864.jpg.webp 1536w, https:\/\/www.visittorshavn.fo\/wp-content\/smush-webp\/2024\/06\/1jan09_00Q1183-Pano-2048x1152.jpg.webp 2048w, https:\/\/www.visittorshavn.fo\/wp-content\/smush-webp\/2024\/06\/1jan09_00Q1183-Pano-600x337.jpg.webp 600w\" data-sizes=\"auto\" src=\"data:image\/svg+xml;base64,PHN2ZyB3aWR0aD0iMSIgaGVpZ2h0PSIxIiB4bWxucz0iaHR0cDovL3d3dy53My5vcmcvMjAwMC9zdmciPjwvc3ZnPg==\" data-original-sizes=\"(max-width: 1200px) 100vw, 1200px\" \/><\/figure><div class=\"wp-block-media-text__content\">\n<div style=\"height:100px\" aria-hidden=\"true\" class=\"wp-block-spacer\"><\/div>\n\n\n\n<h3 class=\"wp-block-heading\">V\u00e1gsbotnur<\/h3>\n\n\n\n<p>V\u00e1gsbotnur var einafer\u00f0 dukandi hjarta\u00f0 \u00e1 sj\u00f3vinnuhandlinum \u00ed T\u00f3rshavn, og sporini av einahandlinum s\u00edggjast enn \u00ed dag. Eitt d\u00f8mi er gamla v\u00f8ruh\u00fasi\u00f0 hj\u00e1 Poul Hansen, sum \u00ed dag h\u00fdsir matstovuni&nbsp;<a href=\"https:\/\/www.visittorshavn.fo\/place\/the-tarv\/\">TARV<\/a>. \u00cdmillum s\u00f8guligu, gomlu bygningarnar og serstaka huglagi\u00f0 \u00ed V\u00e1gsbotni er hugnaligt at f\u00e1a s\u00e6r ein kaffimunn og eitt gott pr\u00e1t \u00ed vesturskininum \u00e1 teimum mongu uttandura sitipl\u00e1ssunum, ella at sita heitt og gott inni \u00ed einum av mongu matstovunum og eyglei\u00f0a myrkri\u00f0 fella yvir b\u00e1tarnar uttanfyri.<\/p>\n\n\n\n<p>\u00cd V\u00e1gsbotni er eisini sta\u00f0bundin matmarkna\u00f0ur fyrsta sunnudag \u00ed hv\u00f8rjum m\u00e1na\u00f0i. Her ber til at ogna s\u00e6r feskastu r\u00e1v\u00f8rurnar \u00far f\u00f8roysku n\u00e1tt\u00faruni, t\u00e1 i\u00f0 b\u00f8ndur og matframlei\u00f0arar koma at selja teirra \u00farval av kj\u00f8ti, gr\u00f8nmeti og \u00f8\u00f0rum heimagj\u00f8rdum.<\/p>\n\n\n\n<div style=\"height:100px\" aria-hidden=\"true\" class=\"wp-block-spacer\"><\/div>\n<\/div><\/div>\n\n\n\n<div style=\"height:80px\" aria-hidden=\"true\" class=\"wp-block-spacer\"><\/div>\n\n\n\n<div class=\"wp-block-media-text alignwide has-media-on-the-right is-stacked-on-mobile is-image-fill-element\"><div class=\"wp-block-media-text__content\">\n<div style=\"height:100px\" aria-hidden=\"true\" class=\"wp-block-spacer\"><\/div>\n\n\n\n<h3 class=\"wp-block-heading\">Havnar Kirkja<\/h3>\n\n\n\n<p>Havnar Kirkja var\u00f0 v\u00edgd \u00ed 1788. \u00cd 1990 var\u00f0 Havnar kirkja vald at vera d\u00f3mkirkja og emb\u00e6ti\u00f0 sum d\u00f3mpr\u00f3stur var\u00f0 sett \u00e1 stovn. Fyrst \u00ed 1780-\u00e1runum var\u00f0 fari\u00f0 undir at byggja n\u00fdggja kirkju. Kirkjan var\u00f0 bygd beint nor\u00f0an fyri b\u00fdaarmarki\u00f0, sum var fr\u00e1 1714, vi\u00f0 Bryggjubakka. Hon var\u00f0 v\u00edgd \u00ed 1788. Um hetta mundi\u00f0 b\u00fa\u00f0u um 600 f\u00f3lk \u00ed Havn. \u00cd hesari n\u00fdggju kirkju, sum var n\u00f3gv st\u00f8rri enn bygdakirkjurnar, var pl\u00e1ss fyri at kalla \u00f8llum \u00ed s\u00f3knini. \u00cd 1865 fekk kirkjan eina vi\u00f0fevnda umbygging, og fekk t\u00e1 \u00ed flestum lutum ta \u00fatsj\u00f3nd, sum hon hevur \u00ed dag. T\u00e1 i\u00f0 Biskupsd\u00f8mi F\u00f8roya var\u00f0 endurstovna\u00f0 \u00ed 1990, var\u00f0 Havnar kirkja vald at vera d\u00f3mkirkja, og emb\u00e6ti\u00f0 sum d\u00f3mpr\u00f3stur var\u00f0 sett \u00e1 stovn. T\u00e1 i\u00f0 l\u00f8gtingi\u00f0 ver\u00f0ur sett \u00e1 \u00f3lavs\u00f8ku er si\u00f0ur, at l\u00f8gtingslimir, landst\u00fdrisumbo\u00f0 og emb\u00e6tisf\u00f3lk saman vi\u00f0 biskupi og prestum ganga skr\u00fagongu \u00far l\u00f8gtinginum til gudst\u00e6nastu \u00ed Havnar Kirkju.<\/p>\n\n\n\n<div style=\"height:100px\" aria-hidden=\"true\" class=\"wp-block-spacer\"><\/div>\n<\/div><figure class=\"wp-block-media-text__media\"><img decoding=\"async\" width=\"1024\" height=\"683\" data-src=\"https:\/\/www.visittorshavn.fo\/wp-content\/smush-webp\/2024\/06\/Havnar-kirkja.jpg.webp\" alt=\"\" class=\"wp-image-7700 size-full lazyload\" style=\"--smush-placeholder-width: 1024px; --smush-placeholder-aspect-ratio: 1024\/683;object-position:50% 50%\" data-srcset=\"https:\/\/www.visittorshavn.fo\/wp-content\/smush-webp\/2024\/06\/Havnar-kirkja.jpg.webp 1024w, https:\/\/www.visittorshavn.fo\/wp-content\/smush-webp\/2024\/06\/Havnar-kirkja-800x534.jpg.webp 800w, https:\/\/www.visittorshavn.fo\/wp-content\/smush-webp\/2024\/06\/Havnar-kirkja-768x512.jpg.webp 768w, https:\/\/www.visittorshavn.fo\/wp-content\/smush-webp\/2024\/06\/Havnar-kirkja-600x400.jpg.webp 600w\" data-sizes=\"auto\" src=\"data:image\/svg+xml;base64,PHN2ZyB3aWR0aD0iMSIgaGVpZ2h0PSIxIiB4bWxucz0iaHR0cDovL3d3dy53My5vcmcvMjAwMC9zdmciPjwvc3ZnPg==\" data-original-sizes=\"(max-width: 1024px) 100vw, 1024px\" \/><\/figure><\/div>\n\n\n\n<div style=\"height:80px\" aria-hidden=\"true\" class=\"wp-block-spacer\"><\/div>\n\n\n\n<div class=\"wp-block-media-text alignwide is-stacked-on-mobile is-image-fill-element\"><figure class=\"wp-block-media-text__media\"><img decoding=\"async\" width=\"1200\" height=\"800\" data-src=\"https:\/\/www.visittorshavn.fo\/wp-content\/smush-webp\/2024\/06\/Kongaminnid-2-Faroephoto-1200x800.jpg.webp\" alt=\"\" class=\"wp-image-7711 size-full lazyload\" style=\"--smush-placeholder-width: 1200px; --smush-placeholder-aspect-ratio: 1200\/800;object-position:50% 50%\" data-srcset=\"https:\/\/www.visittorshavn.fo\/wp-content\/smush-webp\/2024\/06\/Kongaminnid-2-Faroephoto-1200x800.jpg.webp 1200w, https:\/\/www.visittorshavn.fo\/wp-content\/smush-webp\/2024\/06\/Kongaminnid-2-Faroephoto-800x533.jpg.webp 800w, https:\/\/www.visittorshavn.fo\/wp-content\/smush-webp\/2024\/06\/Kongaminnid-2-Faroephoto-768x512.jpg.webp 768w, https:\/\/www.visittorshavn.fo\/wp-content\/smush-webp\/2024\/06\/Kongaminnid-2-Faroephoto-1536x1024.jpg.webp 1536w, https:\/\/www.visittorshavn.fo\/wp-content\/smush-webp\/2024\/06\/Kongaminnid-2-Faroephoto-2048x1365.jpg.webp 2048w, https:\/\/www.visittorshavn.fo\/wp-content\/smush-webp\/2024\/06\/Kongaminnid-2-Faroephoto-600x400.jpg.webp 600w\" data-sizes=\"auto\" src=\"data:image\/svg+xml;base64,PHN2ZyB3aWR0aD0iMSIgaGVpZ2h0PSIxIiB4bWxucz0iaHR0cDovL3d3dy53My5vcmcvMjAwMC9zdmciPjwvc3ZnPg==\" data-original-sizes=\"(max-width: 1200px) 100vw, 1200px\" \/><\/figure><div class=\"wp-block-media-text__content\">\n<div style=\"height:100px\" aria-hidden=\"true\" class=\"wp-block-spacer\"><\/div>\n\n\n\n<h3 class=\"wp-block-heading\">Kongaminni\u00f0<\/h3>\n\n\n\n<p>Kongaminni\u00f0 var\u00f0 reist sum eitt minni um fyrstu donsku kongavitjanina \u00ed F\u00f8royum, t\u00e1 Kristian 9. kongur vitja\u00f0i beint undan \u00f3lavs\u00f8ku \u00ed 1874. Kristian 9. kongur kom \u00e1 land ni\u00f0ri \u00e1 Kongabr\u00fanni vi\u00f0 Eystaru v\u00e1g, sum var\u00f0 bygd j\u00fast til hetta sama h\u00f8vi\u00f0. <\/p>\n\n\n\n<p>Kongur bleiv fagna\u00f0ur vi\u00f0 hei\u00f0ursportri, fl\u00f8ggum og miklum l\u00f3gvabrestum av havnaf\u00f3lkum, sum v\u00f3ru komin oman at uppliva hesa h\u00e1t\u00ed\u00f0arligu og s\u00f8guligu hending. Minnismerki\u00f0, sum vit \u00ed dag r\u00f3pa \u201cKongaminni\u00f0\u201d var\u00f0 reist \u00ed 1882 sum minni um vitjanina. Ta\u00f0 var navnframi gr\u00f3tla\u00f0arin, J\u00e1kup Andreas Arge, vanliga nevndur \u201cJampan\u201d, sum saman vi\u00f0 \u00f8\u00f0rum fr\u00e6gum monnum st\u00f3\u00f0 fyri hesum arbei\u00f0inum.<\/p>\n\n\n\n<p>Ta\u00f0, sum ey\u00f0kennir sta\u00f0i\u00f0, har Kongaminni\u00f0 er reist, er ta\u00f0 fram\u00far g\u00f3\u00f0a \u00fats\u00fdni\u00f0 oman yvir mi\u00f0b\u00fdin.<\/p>\n\n\n\n<div style=\"height:100px\" aria-hidden=\"true\" class=\"wp-block-spacer\"><\/div>\n<\/div><\/div>\n\n\n\n<div style=\"height:100px\" aria-hidden=\"true\" class=\"wp-block-spacer\"><\/div>\n\n\n\n<div class=\"wp-block-group alignfull has-light-pink-background-color has-background is-layout-constrained wp-block-group-is-layout-constrained\">\n<div style=\"height:120px\" aria-hidden=\"true\" class=\"wp-block-spacer\"><\/div>\n\n\n\n<h2 class=\"wp-block-heading alignwide has-text-align-center has-small-font-size\">Ert t\u00fa enn forvitin? Vit hava meir!<\/h2>\n\n\n\n<div style=\"height:40px\" aria-hidden=\"true\" class=\"wp-block-spacer\"><\/div>\n\n\n\n<div id=\"shortcuts_block_cdb8144b4aabd988f651066df5347748\" class=\"lunnar-shortcuts alignwide\">\n    \n            \n            \n            \n                                    <div class=\"shortcuts-grid\">\n                    \n                                                                <a href=\"https:\/\/www.visittorshavn.fo\/fo\/must-sees-in-the-region\/\" target=\"\" class=\"shortcut-card swiper-slide small-card is-visible\">\n                            <div class=\"shortcut-card--image\">\n                                                                    <img decoding=\"async\" data-src=\"https:\/\/www.visittorshavn.fo\/wp-content\/smush-webp\/2024\/06\/nordadalur-talva.jpg.webp\" width=\"600\" height=\"50% 50%\" style=\"--smush-placeholder-width: 960px; --smush-placeholder-aspect-ratio: 960\/720;object-position:800;\" src=\"data:image\/svg+xml;base64,PHN2ZyB3aWR0aD0iMSIgaGVpZ2h0PSIxIiB4bWxucz0iaHR0cDovL3d3dy53My5vcmcvMjAwMC9zdmciPjwvc3ZnPg==\" class=\"lazyload\" data-srcset=\"https:\/\/www.visittorshavn.fo\/wp-content\/smush-webp\/2024\/06\/nordadalur-talva.jpg.webp 960w, https:\/\/www.visittorshavn.fo\/wp-content\/smush-webp\/2024\/06\/nordadalur-talva-800x600.jpg.webp 800w, https:\/\/www.visittorshavn.fo\/wp-content\/smush-webp\/2024\/06\/nordadalur-talva-768x576.jpg.webp 768w, https:\/\/www.visittorshavn.fo\/wp-content\/smush-webp\/2024\/06\/nordadalur-talva-600x450.jpg.webp 600w\" data-sizes=\"auto\" data-original-sizes=\"(max-width: 600px) 100vw, 600px\">\n                                                            <\/div>\n\n                            <div class=\"shortcut-card--content\">\n                                <div class=\"shortcut-icon--top\">\n                                    <img decoding=\"async\" src=\"https:\/\/www.visittorshavn.fo\/wp-content\/themes\/lunnar-visittorshavn\/images\/icon-arrow.svg\" class=\"injectable\" \/>                                <\/div>\n\n                                \n                                <div class=\"shortcut-text\">\n                                                                            <h3>\n                                            At s\u00edggja \u00ed n\u00e6rumhv\u00f8rvinum                                        <\/h3>\n                                    \n                                                                    <\/div>\n                            <\/div>\n                        <\/a>\n                                            <a href=\"https:\/\/www.visittorshavn.fo\/fo\/gallari-og-listasovn\/\" target=\"\" class=\"shortcut-card swiper-slide small-card is-visible\">\n                            <div class=\"shortcut-card--image\">\n                                                                    <img decoding=\"async\" data-src=\"https:\/\/www.visittorshavn.fo\/wp-content\/smush-webp\/2024\/03\/gallari-havnara-3_full-1.jpg.webp\" width=\"600\" height=\"50% 50%\" style=\"--smush-placeholder-width: 1920px; --smush-placeholder-aspect-ratio: 1920\/1440;object-position:800;\" src=\"data:image\/svg+xml;base64,PHN2ZyB3aWR0aD0iMSIgaGVpZ2h0PSIxIiB4bWxucz0iaHR0cDovL3d3dy53My5vcmcvMjAwMC9zdmciPjwvc3ZnPg==\" class=\"lazyload\" data-srcset=\"https:\/\/www.visittorshavn.fo\/wp-content\/smush-webp\/2024\/03\/gallari-havnara-3_full-1.jpg.webp 1920w, https:\/\/www.visittorshavn.fo\/wp-content\/smush-webp\/2024\/03\/gallari-havnara-3_full-1-800x600.jpg.webp 800w, https:\/\/www.visittorshavn.fo\/wp-content\/uploads\/2024\/03\/gallari-havnara-3_full-1-1200x900.jpg 1200w, https:\/\/www.visittorshavn.fo\/wp-content\/smush-webp\/2024\/03\/gallari-havnara-3_full-1-768x576.jpg.webp 768w, https:\/\/www.visittorshavn.fo\/wp-content\/smush-webp\/2024\/03\/gallari-havnara-3_full-1-1536x1152.jpg.webp 1536w, https:\/\/www.visittorshavn.fo\/wp-content\/uploads\/2024\/03\/gallari-havnara-3_full-1-1320x990.jpg 1320w, https:\/\/www.visittorshavn.fo\/wp-content\/smush-webp\/2024\/03\/gallari-havnara-3_full-1-600x450.jpg.webp 600w\" data-sizes=\"auto\" data-original-sizes=\"(max-width: 600px) 100vw, 600px\">\n                                                            <\/div>\n\n                            <div class=\"shortcut-card--content\">\n                                <div class=\"shortcut-icon--top\">\n                                    <img decoding=\"async\" src=\"https:\/\/www.visittorshavn.fo\/wp-content\/themes\/lunnar-visittorshavn\/images\/icon-arrow.svg\" class=\"injectable\" \/>                                <\/div>\n\n                                \n                                <div class=\"shortcut-text\">\n                                                                            <h3>\n                                            Gallar\u00ed                                        <\/h3>\n                                    \n                                                                    <\/div>\n                            <\/div>\n                        <\/a>\n                                            <a href=\"https:\/\/www.visittorshavn.fo\/fo\/kaffistovur\/\" target=\"\" class=\"shortcut-card swiper-slide small-card is-visible\">\n                            <div class=\"shortcut-card--image\">\n                                                                    <img decoding=\"async\" data-src=\"https:\/\/www.visittorshavn.fo\/wp-content\/smush-webp\/2024\/03\/4k4a1955_full.jpg.webp\" width=\"533\" height=\"50% 50%\" style=\"--smush-placeholder-width: 1920px; --smush-placeholder-aspect-ratio: 1920\/1279;object-position:800;\" src=\"data:image\/svg+xml;base64,PHN2ZyB3aWR0aD0iMSIgaGVpZ2h0PSIxIiB4bWxucz0iaHR0cDovL3d3dy53My5vcmcvMjAwMC9zdmciPjwvc3ZnPg==\" class=\"lazyload\" data-srcset=\"https:\/\/www.visittorshavn.fo\/wp-content\/smush-webp\/2024\/03\/4k4a1955_full.jpg.webp 1920w, https:\/\/www.visittorshavn.fo\/wp-content\/smush-webp\/2024\/03\/4k4a1955_full-800x533.jpg.webp 800w, https:\/\/www.visittorshavn.fo\/wp-content\/uploads\/2024\/03\/4k4a1955_full-1200x799.jpg 1200w, https:\/\/www.visittorshavn.fo\/wp-content\/smush-webp\/2024\/03\/4k4a1955_full-768x512.jpg.webp 768w, https:\/\/www.visittorshavn.fo\/wp-content\/smush-webp\/2024\/03\/4k4a1955_full-1536x1023.jpg.webp 1536w, https:\/\/www.visittorshavn.fo\/wp-content\/uploads\/2024\/03\/4k4a1955_full-1320x879.jpg 1320w, https:\/\/www.visittorshavn.fo\/wp-content\/smush-webp\/2024\/03\/4k4a1955_full-600x400.jpg.webp 600w\" data-sizes=\"auto\" data-original-sizes=\"(max-width: 533px) 100vw, 533px\">\n                                                            <\/div>\n\n                            <div class=\"shortcut-card--content\">\n                                <div class=\"shortcut-icon--top\">\n                                    <img decoding=\"async\" src=\"https:\/\/www.visittorshavn.fo\/wp-content\/themes\/lunnar-visittorshavn\/images\/icon-arrow.svg\" class=\"injectable\" \/>                                <\/div>\n\n                                \n                                <div class=\"shortcut-text\">\n                                                                            <h3>\n                                            Kaffistovur                                        <\/h3>\n                                    \n                                                                    <\/div>\n                            <\/div>\n                        <\/a>\n                                            <a href=\"https:\/\/www.visittorshavn.fo\/fo\/museums\/\" target=\"\" class=\"shortcut-card swiper-slide small-card is-visible\">\n                            <div class=\"shortcut-card--image\">\n                                                                    <img decoding=\"async\" data-src=\"https:\/\/www.visittorshavn.fo\/wp-content\/smush-webp\/2024\/01\/3Image.jpg.webp\" width=\"420\" height=\"50% 50%\" style=\"--smush-placeholder-width: 343px; --smush-placeholder-aspect-ratio: 343\/420;object-position:343;\" src=\"data:image\/svg+xml;base64,PHN2ZyB3aWR0aD0iMSIgaGVpZ2h0PSIxIiB4bWxucz0iaHR0cDovL3d3dy53My5vcmcvMjAwMC9zdmciPjwvc3ZnPg==\" class=\"lazyload\">\n                                                            <\/div>\n\n                            <div class=\"shortcut-card--content\">\n                                <div class=\"shortcut-icon--top\">\n                                    <img decoding=\"async\" src=\"https:\/\/www.visittorshavn.fo\/wp-content\/themes\/lunnar-visittorshavn\/images\/icon-arrow.svg\" class=\"injectable\" \/>                                <\/div>\n\n                                \n                                <div class=\"shortcut-text\">\n                                                                            <h3>\n                                            S\u00f8vn                                        <\/h3>\n                                    \n                                                                    <\/div>\n                            <\/div>\n                        <\/a>\n                                            <a href=\"https:\/\/www.visittorshavn.fo\/fo\/music\/\" target=\"\" class=\"shortcut-card swiper-slide small-card is-visible\">\n                            <div class=\"shortcut-card--image\">\n                                                                    <img decoding=\"async\" data-src=\"https:\/\/www.visittorshavn.fo\/wp-content\/smush-webp\/2024\/01\/5Image.jpg.webp\" width=\"420\" height=\"50% 50%\" style=\"--smush-placeholder-width: 343px; --smush-placeholder-aspect-ratio: 343\/420;object-position:343;\" src=\"data:image\/svg+xml;base64,PHN2ZyB3aWR0aD0iMSIgaGVpZ2h0PSIxIiB4bWxucz0iaHR0cDovL3d3dy53My5vcmcvMjAwMC9zdmciPjwvc3ZnPg==\" class=\"lazyload\">\n                                                            <\/div>\n\n                            <div class=\"shortcut-card--content\">\n                                <div class=\"shortcut-icon--top\">\n                                    <img decoding=\"async\" src=\"https:\/\/www.visittorshavn.fo\/wp-content\/themes\/lunnar-visittorshavn\/images\/icon-arrow.svg\" class=\"injectable\" \/>                                <\/div>\n\n                                \n                                <div class=\"shortcut-text\">\n                                                                            <h3>\n                                            T\u00f3nleikur                                        <\/h3>\n                                    \n                                                                    <\/div>\n                            <\/div>\n                        <\/a>\n                                            <a href=\"https:\/\/www.visittorshavn.fo\/fo\/havnarfolk\/\" target=\"\" class=\"shortcut-card swiper-slide small-card is-visible\">\n                            <div class=\"shortcut-card--image\">\n                                                                    <img decoding=\"async\" data-src=\"https:\/\/www.visittorshavn.fo\/wp-content\/smush-webp\/2024\/02\/carousel-4.jpg.webp\" width=\"471\" height=\"50% 50%\" style=\"--smush-placeholder-width: 1512px; --smush-placeholder-aspect-ratio: 1512\/891;object-position:800;\" src=\"data:image\/svg+xml;base64,PHN2ZyB3aWR0aD0iMSIgaGVpZ2h0PSIxIiB4bWxucz0iaHR0cDovL3d3dy53My5vcmcvMjAwMC9zdmciPjwvc3ZnPg==\" class=\"lazyload\" data-srcset=\"https:\/\/www.visittorshavn.fo\/wp-content\/smush-webp\/2024\/02\/carousel-4.jpg.webp 1512w, https:\/\/www.visittorshavn.fo\/wp-content\/smush-webp\/2024\/02\/carousel-4-800x471.jpg.webp 800w, https:\/\/www.visittorshavn.fo\/wp-content\/smush-webp\/2024\/02\/carousel-4-1200x707.jpg.webp 1200w, https:\/\/www.visittorshavn.fo\/wp-content\/smush-webp\/2024\/02\/carousel-4-768x453.jpg.webp 768w, https:\/\/www.visittorshavn.fo\/wp-content\/smush-webp\/2024\/02\/carousel-4-1320x778.jpg.webp 1320w, https:\/\/www.visittorshavn.fo\/wp-content\/smush-webp\/2024\/02\/carousel-4-600x354.jpg.webp 600w\" data-sizes=\"auto\" data-original-sizes=\"(max-width: 471px) 100vw, 471px\">\n                                                            <\/div>\n\n                            <div class=\"shortcut-card--content\">\n                                <div class=\"shortcut-icon--top\">\n                                    <img decoding=\"async\" src=\"https:\/\/www.visittorshavn.fo\/wp-content\/themes\/lunnar-visittorshavn\/images\/icon-arrow.svg\" class=\"injectable\" \/>                                <\/div>\n\n                                \n                                <div class=\"shortcut-text\">\n                                                                            <h3>\n                                            Havnarf\u00f3lk                                        <\/h3>\n                                    \n                                                                    <\/div>\n                            <\/div>\n                        <\/a>\n                                    \n                                    <\/div>\n                \n                    <\/div>\n\n\n<div style=\"height:200px\" aria-hidden=\"true\" class=\"wp-block-spacer\"><\/div>\n<\/div>\n","protected":false},"excerpt":{"rendered":"<p>Uppdaga ta\u00f0 besta av h\u00f8vu\u00f0ssta\u00f0num Ta\u00f0 besta vi\u00f0 einum l\u00edtlum h\u00f8vu\u00f0ssta\u00f0i er, at alt er \u00ed n\u00e1nd. T\u00fa kanst akkur\u00e1t sum einki ganga runt \u00ed b\u00fdnum og uppliva alt ta\u00f0 [&hellip;]<\/p>\n","protected":false},"author":4,"featured_media":7189,"parent":13523,"menu_order":0,"comment_status":"closed","ping_status":"closed","template":"","meta":{"_acf_changed":false,"footnotes":""},"page_category":[],"class_list":["post-13586","page","type-page","status-publish","has-post-thumbnail","hentry"],"acf":[],"yoast_head":"<!-- This site is optimized with the Yoast SEO plugin v27.5 - https:\/\/yoast.com\/product\/yoast-seo-wordpress\/ -->\n<title>Vitjanarverd st\u00f8\u00f0 \u00ed Havnini - Visit Torshavn<\/title>\n<meta name=\"robots\" content=\"index, follow, max-snippet:-1, max-image-preview:large, max-video-preview:-1\" \/>\n<link rel=\"canonical\" href=\"https:\/\/www.visittorshavn.fo\/fo\/upplivingar\/vitjanarverd-stod-i-havnini\/\" \/>\n<meta property=\"og:locale\" content=\"fo_FO\" \/>\n<meta property=\"og:type\" content=\"article\" \/>\n<meta property=\"og:title\" content=\"Vitjanarverd st\u00f8\u00f0 \u00ed Havnini - Visit Torshavn\" \/>\n<meta property=\"og:description\" content=\"Uppdaga ta\u00f0 besta av h\u00f8vu\u00f0ssta\u00f0num Ta\u00f0 besta vi\u00f0 einum l\u00edtlum h\u00f8vu\u00f0ssta\u00f0i er, at alt er \u00ed n\u00e1nd. T\u00fa kanst akkur\u00e1t sum einki ganga runt \u00ed b\u00fdnum og uppliva alt ta\u00f0 [&hellip;]\" \/>\n<meta property=\"og:url\" content=\"https:\/\/www.visittorshavn.fo\/fo\/upplivingar\/vitjanarverd-stod-i-havnini\/\" \/>\n<meta property=\"og:site_name\" content=\"Visit Torshavn\" \/>\n<meta property=\"article:modified_time\" content=\"2025-03-20T11:50:18+00:00\" \/>\n<meta property=\"og:image\" content=\"https:\/\/www.visittorshavn.fo\/wp-content\/uploads\/2024\/06\/Sida-92-31aug22_0999-1200x799.jpg\" \/>\n\t<meta property=\"og:image:width\" content=\"1200\" \/>\n\t<meta property=\"og:image:height\" content=\"799\" \/>\n\t<meta property=\"og:image:type\" content=\"image\/jpeg\" \/>\n<meta name=\"twitter:card\" content=\"summary_large_image\" \/>\n<meta name=\"twitter:label1\" content=\"Est. reading time\" \/>\n\t<meta name=\"twitter:data1\" content=\"8 minutes\" \/>\n<script type=\"application\/ld+json\" class=\"yoast-schema-graph\">{\"@context\":\"https:\\\/\\\/schema.org\",\"@graph\":[{\"@type\":\"WebPage\",\"@id\":\"https:\\\/\\\/www.visittorshavn.fo\\\/fo\\\/upplivingar\\\/vitjanarverd-stod-i-havnini\\\/\",\"url\":\"https:\\\/\\\/www.visittorshavn.fo\\\/fo\\\/upplivingar\\\/vitjanarverd-stod-i-havnini\\\/\",\"name\":\"Vitjanarverd st\u00f8\u00f0 \u00ed Havnini - Visit Torshavn\",\"isPartOf\":{\"@id\":\"https:\\\/\\\/www.visittorshavn.fo\\\/fo\\\/#website\"},\"primaryImageOfPage\":{\"@id\":\"https:\\\/\\\/www.visittorshavn.fo\\\/fo\\\/upplivingar\\\/vitjanarverd-stod-i-havnini\\\/#primaryimage\"},\"image\":{\"@id\":\"https:\\\/\\\/www.visittorshavn.fo\\\/fo\\\/upplivingar\\\/vitjanarverd-stod-i-havnini\\\/#primaryimage\"},\"thumbnailUrl\":\"https:\\\/\\\/www.visittorshavn.fo\\\/wp-content\\\/uploads\\\/2024\\\/06\\\/Sida-92-31aug22_0999.jpg\",\"datePublished\":\"2024-05-19T15:54:25+00:00\",\"dateModified\":\"2025-03-20T11:50:18+00:00\",\"breadcrumb\":{\"@id\":\"https:\\\/\\\/www.visittorshavn.fo\\\/fo\\\/upplivingar\\\/vitjanarverd-stod-i-havnini\\\/#breadcrumb\"},\"inLanguage\":\"fo-FO\",\"potentialAction\":[{\"@type\":\"ReadAction\",\"target\":[\"https:\\\/\\\/www.visittorshavn.fo\\\/fo\\\/upplivingar\\\/vitjanarverd-stod-i-havnini\\\/\"]}]},{\"@type\":\"ImageObject\",\"inLanguage\":\"fo-FO\",\"@id\":\"https:\\\/\\\/www.visittorshavn.fo\\\/fo\\\/upplivingar\\\/vitjanarverd-stod-i-havnini\\\/#primaryimage\",\"url\":\"https:\\\/\\\/www.visittorshavn.fo\\\/wp-content\\\/uploads\\\/2024\\\/06\\\/Sida-92-31aug22_0999.jpg\",\"contentUrl\":\"https:\\\/\\\/www.visittorshavn.fo\\\/wp-content\\\/uploads\\\/2024\\\/06\\\/Sida-92-31aug22_0999.jpg\",\"width\":2560,\"height\":1705,\"caption\":\"trappan b\u00fdarmynd havnar kirkja\"},{\"@type\":\"BreadcrumbList\",\"@id\":\"https:\\\/\\\/www.visittorshavn.fo\\\/fo\\\/upplivingar\\\/vitjanarverd-stod-i-havnini\\\/#breadcrumb\",\"itemListElement\":[{\"@type\":\"ListItem\",\"position\":1,\"name\":\"Home\",\"item\":\"https:\\\/\\\/www.visittorshavn.fo\\\/fo\\\/\"},{\"@type\":\"ListItem\",\"position\":2,\"name\":\"Upplivingar\",\"item\":\"https:\\\/\\\/www.visittorshavn.fo\\\/fo\\\/see-do\\\/\"},{\"@type\":\"ListItem\",\"position\":3,\"name\":\"Vitjanarverd st\u00f8\u00f0 \u00ed Havnini\"}]},{\"@type\":\"WebSite\",\"@id\":\"https:\\\/\\\/www.visittorshavn.fo\\\/fo\\\/#website\",\"url\":\"https:\\\/\\\/www.visittorshavn.fo\\\/fo\\\/\",\"name\":\"Visit Torshavn\",\"description\":\"\",\"potentialAction\":[{\"@type\":\"SearchAction\",\"target\":{\"@type\":\"EntryPoint\",\"urlTemplate\":\"https:\\\/\\\/www.visittorshavn.fo\\\/fo\\\/?s={search_term_string}\"},\"query-input\":{\"@type\":\"PropertyValueSpecification\",\"valueRequired\":true,\"valueName\":\"search_term_string\"}}],\"inLanguage\":\"fo-FO\"}]}<\/script>\n<!-- \/ Yoast SEO plugin. -->","yoast_head_json":{"title":"Vitjanarverd st\u00f8\u00f0 \u00ed Havnini - Visit Torshavn","robots":{"index":"index","follow":"follow","max-snippet":"max-snippet:-1","max-image-preview":"max-image-preview:large","max-video-preview":"max-video-preview:-1"},"canonical":"https:\/\/www.visittorshavn.fo\/fo\/upplivingar\/vitjanarverd-stod-i-havnini\/","og_locale":"fo_FO","og_type":"article","og_title":"Vitjanarverd st\u00f8\u00f0 \u00ed Havnini - Visit Torshavn","og_description":"Uppdaga ta\u00f0 besta av h\u00f8vu\u00f0ssta\u00f0num Ta\u00f0 besta vi\u00f0 einum l\u00edtlum h\u00f8vu\u00f0ssta\u00f0i er, at alt er \u00ed n\u00e1nd. T\u00fa kanst akkur\u00e1t sum einki ganga runt \u00ed b\u00fdnum og uppliva alt ta\u00f0 [&hellip;]","og_url":"https:\/\/www.visittorshavn.fo\/fo\/upplivingar\/vitjanarverd-stod-i-havnini\/","og_site_name":"Visit Torshavn","article_modified_time":"2025-03-20T11:50:18+00:00","og_image":[{"width":1200,"height":799,"url":"https:\/\/www.visittorshavn.fo\/wp-content\/uploads\/2024\/06\/Sida-92-31aug22_0999-1200x799.jpg","type":"image\/jpeg"}],"twitter_card":"summary_large_image","twitter_misc":{"Est. reading time":"8 minutes"},"schema":{"@context":"https:\/\/schema.org","@graph":[{"@type":"WebPage","@id":"https:\/\/www.visittorshavn.fo\/fo\/upplivingar\/vitjanarverd-stod-i-havnini\/","url":"https:\/\/www.visittorshavn.fo\/fo\/upplivingar\/vitjanarverd-stod-i-havnini\/","name":"Vitjanarverd st\u00f8\u00f0 \u00ed Havnini - Visit Torshavn","isPartOf":{"@id":"https:\/\/www.visittorshavn.fo\/fo\/#website"},"primaryImageOfPage":{"@id":"https:\/\/www.visittorshavn.fo\/fo\/upplivingar\/vitjanarverd-stod-i-havnini\/#primaryimage"},"image":{"@id":"https:\/\/www.visittorshavn.fo\/fo\/upplivingar\/vitjanarverd-stod-i-havnini\/#primaryimage"},"thumbnailUrl":"https:\/\/www.visittorshavn.fo\/wp-content\/uploads\/2024\/06\/Sida-92-31aug22_0999.jpg","datePublished":"2024-05-19T15:54:25+00:00","dateModified":"2025-03-20T11:50:18+00:00","breadcrumb":{"@id":"https:\/\/www.visittorshavn.fo\/fo\/upplivingar\/vitjanarverd-stod-i-havnini\/#breadcrumb"},"inLanguage":"fo-FO","potentialAction":[{"@type":"ReadAction","target":["https:\/\/www.visittorshavn.fo\/fo\/upplivingar\/vitjanarverd-stod-i-havnini\/"]}]},{"@type":"ImageObject","inLanguage":"fo-FO","@id":"https:\/\/www.visittorshavn.fo\/fo\/upplivingar\/vitjanarverd-stod-i-havnini\/#primaryimage","url":"https:\/\/www.visittorshavn.fo\/wp-content\/uploads\/2024\/06\/Sida-92-31aug22_0999.jpg","contentUrl":"https:\/\/www.visittorshavn.fo\/wp-content\/uploads\/2024\/06\/Sida-92-31aug22_0999.jpg","width":2560,"height":1705,"caption":"trappan b\u00fdarmynd havnar kirkja"},{"@type":"BreadcrumbList","@id":"https:\/\/www.visittorshavn.fo\/fo\/upplivingar\/vitjanarverd-stod-i-havnini\/#breadcrumb","itemListElement":[{"@type":"ListItem","position":1,"name":"Home","item":"https:\/\/www.visittorshavn.fo\/fo\/"},{"@type":"ListItem","position":2,"name":"Upplivingar","item":"https:\/\/www.visittorshavn.fo\/fo\/see-do\/"},{"@type":"ListItem","position":3,"name":"Vitjanarverd st\u00f8\u00f0 \u00ed Havnini"}]},{"@type":"WebSite","@id":"https:\/\/www.visittorshavn.fo\/fo\/#website","url":"https:\/\/www.visittorshavn.fo\/fo\/","name":"Visit Torshavn","description":"","potentialAction":[{"@type":"SearchAction","target":{"@type":"EntryPoint","urlTemplate":"https:\/\/www.visittorshavn.fo\/fo\/?s={search_term_string}"},"query-input":{"@type":"PropertyValueSpecification","valueRequired":true,"valueName":"search_term_string"}}],"inLanguage":"fo-FO"}]}},"_links":{"self":[{"href":"https:\/\/www.visittorshavn.fo\/fo\/wp-json\/wp\/v2\/pages\/13586","targetHints":{"allow":["GET"]}}],"collection":[{"href":"https:\/\/www.visittorshavn.fo\/fo\/wp-json\/wp\/v2\/pages"}],"about":[{"href":"https:\/\/www.visittorshavn.fo\/fo\/wp-json\/wp\/v2\/types\/page"}],"author":[{"embeddable":true,"href":"https:\/\/www.visittorshavn.fo\/fo\/wp-json\/wp\/v2\/users\/4"}],"replies":[{"embeddable":true,"href":"https:\/\/www.visittorshavn.fo\/fo\/wp-json\/wp\/v2\/comments?post=13586"}],"version-history":[{"count":0,"href":"https:\/\/www.visittorshavn.fo\/fo\/wp-json\/wp\/v2\/pages\/13586\/revisions"}],"up":[{"embeddable":true,"href":"https:\/\/www.visittorshavn.fo\/fo\/wp-json\/wp\/v2\/pages\/13523"}],"wp:featuredmedia":[{"embeddable":true,"href":"https:\/\/www.visittorshavn.fo\/fo\/wp-json\/wp\/v2\/media\/7189"}],"wp:attachment":[{"href":"https:\/\/www.visittorshavn.fo\/fo\/wp-json\/wp\/v2\/media?parent=13586"}],"wp:term":[{"taxonomy":"page_category","embeddable":true,"href":"https:\/\/www.visittorshavn.fo\/fo\/wp-json\/wp\/v2\/page_category?post=13586"}],"curies":[{"name":"wp","href":"https:\/\/api.w.org\/{rel}","templated":true}]}}