{"id":14144,"date":"2024-04-23T14:28:10","date_gmt":"2024-04-23T13:28:10","guid":{"rendered":"https:\/\/www.visittorshavn.fo\/?page_id=14144"},"modified":"2025-08-14T11:00:05","modified_gmt":"2025-08-14T10:00:05","slug":"menning","status":"publish","type":"page","link":"https:\/\/www.visittorshavn.fo\/fo\/menning\/","title":{"rendered":"Menning"},"content":{"rendered":"\n<div class=\"wp-block-cover alignfull has-custom-content-position is-position-bottom-center\" style=\"min-height:582px;aspect-ratio:unset;\"><img decoding=\"async\" width=\"800\" height=\"1200\" class=\"wp-block-cover__image-background wp-image-127081 size-large lazyload\" alt=\"\" data-src=\"https:\/\/www.visittorshavn.fo\/wp-content\/smush-webp\/2025\/07\/faroe-islands-70-800x1200.jpg.webp\" data-object-fit=\"cover\" data-srcset=\"https:\/\/www.visittorshavn.fo\/wp-content\/smush-webp\/2025\/07\/faroe-islands-70-800x1200.jpg.webp 800w, https:\/\/www.visittorshavn.fo\/wp-content\/smush-webp\/2025\/07\/faroe-islands-70-533x800.jpg.webp 533w, https:\/\/www.visittorshavn.fo\/wp-content\/smush-webp\/2025\/07\/faroe-islands-70-768x1152.jpg.webp 768w, https:\/\/www.visittorshavn.fo\/wp-content\/smush-webp\/2025\/07\/faroe-islands-70-1024x1536.jpg.webp 1024w, https:\/\/www.visittorshavn.fo\/wp-content\/smush-webp\/2025\/07\/faroe-islands-70-600x900.jpg.webp 600w, https:\/\/www.visittorshavn.fo\/wp-content\/smush-webp\/2025\/07\/faroe-islands-70.jpg.webp 1080w\" data-sizes=\"auto\" src=\"data:image\/svg+xml;base64,PHN2ZyB3aWR0aD0iMSIgaGVpZ2h0PSIxIiB4bWxucz0iaHR0cDovL3d3dy53My5vcmcvMjAwMC9zdmciPjwvc3ZnPg==\" style=\"--smush-placeholder-width: 800px; --smush-placeholder-aspect-ratio: 800\/1200;\" data-original-sizes=\"(max-width: 800px) 100vw, 800px\" \/><span aria-hidden=\"true\" class=\"wp-block-cover__background has-dark-background-color has-background-dim-40 has-background-dim\"><\/span><div class=\"wp-block-cover__inner-container is-layout-constrained wp-block-cover-is-layout-constrained\">\n<div class=\"wp-block-columns is-layout-flex wp-container-core-columns-is-layout-9d6595d7 wp-block-columns-is-layout-flex\">\n<div class=\"wp-block-column is-layout-flow wp-block-column-is-layout-flow\">\n<div id=\"breadcrumbs_block_0b784a38128f931bc70146ab89364464\" class=\"lunnar-breadcrumbs\">\n            <div class=\"lunnar-breadcrumbs\"><ul><\/ul><\/div>    <\/div>\n\n\n<h1 class=\"wp-block-heading\">Menning<\/h1>\n<\/div>\n\n\n\n<div class=\"wp-block-column is-vertically-aligned-bottom is-layout-flow wp-block-column-is-layout-flow\">\n<p><\/p>\n<\/div>\n<\/div>\n\n\n\n<div style=\"height:60px\" aria-hidden=\"true\" class=\"wp-block-spacer\"><\/div>\n\n\n\n<p>Photo: Jo\u00e3o Falc\u00e3o \/ Visit Faroe Islands<\/p>\n<\/div><\/div>\n\n\n\n<div class=\"wp-block-cover alignfull\"><span aria-hidden=\"true\" class=\"wp-block-cover__background has-sunshine-background-color has-background-dim-100 has-background-dim\"><\/span><div class=\"wp-block-cover__inner-container is-layout-constrained wp-block-cover-is-layout-constrained\">\n<div class=\"wp-block-columns has-dark-color has-text-color has-link-color wp-elements-dc605f1f9d450bf36092490a40ebdd15 is-layout-flex wp-container-core-columns-is-layout-9d6595d7 wp-block-columns-is-layout-flex\">\n<div class=\"wp-block-column is-layout-flow wp-block-column-is-layout-flow\">\n<div style=\"height:75px\" aria-hidden=\"true\" class=\"wp-block-spacer\"><\/div>\n\n\n\n<h3 class=\"wp-block-heading\"><strong>Visit T\u00f3rshavn:<\/strong> <br>Mennir fer\u00f0avinnu og skapar g\u00f3\u00f0ar  upplivingar fyri borgaran<\/h3>\n\n\n\n<div style=\"height:75px\" aria-hidden=\"true\" class=\"wp-block-spacer\"><\/div>\n<\/div>\n\n\n\n<div class=\"wp-block-column is-layout-flow wp-block-column-is-layout-flow\">\n<div style=\"height:75px\" aria-hidden=\"true\" class=\"wp-block-spacer\"><\/div>\n\n\n\n<p>Vit stremba alla t\u00ed\u00f0 eftir at menna bur\u00f0ardygga fer\u00f0avinnu \u00ed kommununi, og eru vit \u00ed t\u00f8ttum samstarvi vi\u00f0 almennar og privatar \u00e1hugapartar. Til d\u00f8mis hava vit tiki\u00f0 lut \u00ed afturvendandi tiltakinum <em>Closed for Maintenance<\/em>; vit hava skipa\u00f0 fyri ymiskum netverkstilt\u00f8kum; tiki\u00f0 stig til or\u00f0askiftisfundir millum lokalar borgarar; tiki\u00f0 lut \u00ed fer\u00f0avinnuverk\u00e6tlanum, b\u00e6\u00f0i f\u00f8royskum og altj\u00f3\u00f0a; vit hava framleitt b\u00f3klingar og skelting; og vit arbei\u00f0a \u00e1haldandi m\u00f3tvegis eini fer\u00f0avinnu, har i\u00f0 borgarar og fer\u00f0af\u00f3lk s\u00fdna vir\u00f0ing s\u00edn\u00e1millum.<\/p>\n\n\n\n<div style=\"height:75px\" aria-hidden=\"true\" class=\"wp-block-spacer\"><\/div>\n<\/div>\n<\/div>\n<\/div><\/div>\n\n\n\n<div style=\"height:100px\" aria-hidden=\"true\" class=\"wp-block-spacer\"><\/div>\n\n\n\n<h2 class=\"wp-block-heading\"><strong>Vit arbei\u00f0a fram \u00edm\u00f3ti regenerativari og bur\u00f0ardyggari fer\u00f0avinnumenning<\/strong><\/h2>\n\n\n\n<div class=\"wp-block-group is-layout-constrained wp-block-group-is-layout-constrained\">\n<h4 class=\"wp-block-heading\"><\/h4>\n\n\n\n<p>Okkara m\u00e1l er, at fer\u00f0avinna skal gerast endurn\u00fdggjandi. Hetta merkir, at fer\u00f0avinna \u00e1 einhv\u00f8nn h\u00e1tt leggur vir\u00f0i aftrat l\u00edvinum hj\u00e1 teimum, sum b\u00fagva her. Vit byggja alt\u00ed\u00f0 okkara arbei\u00f0i upp\u00e1 t\u00e6r tr\u00edggjar bur\u00f0ardygdars\u00falurnar, i\u00f0 merkir, at vit alt\u00ed\u00f0 royna at taka umhv\u00f8rvislig, f\u00edggjarlig og samfelagslig atlit. <\/p>\n\n\n\n<p>Les meira um summi av okkara altj\u00f3\u00f0a menningar\u00e1t\u00f8kum \u00ed kassanum ni\u00f0anfyri.<\/p>\n<\/div>\n\n\n\n<div style=\"height:100px\" aria-hidden=\"true\" class=\"wp-block-spacer\"><\/div>\n\n\n\n<div class=\"wp-block-media-text is-stacked-on-mobile is-image-fill-element\"><figure class=\"wp-block-media-text__media\"><img decoding=\"async\" width=\"857\" height=\"1200\" data-src=\"https:\/\/www.visittorshavn.fo\/wp-content\/smush-webp\/2024\/09\/Nyskapan-2023-1-857x1200.jpg.webp\" alt=\"\" class=\"wp-image-15271 size-full lazyload\" style=\"--smush-placeholder-width: 857px; --smush-placeholder-aspect-ratio: 857\/1200;object-position:50% 50%\" data-srcset=\"https:\/\/www.visittorshavn.fo\/wp-content\/smush-webp\/2024\/09\/Nyskapan-2023-1-857x1200.jpg.webp 857w, https:\/\/www.visittorshavn.fo\/wp-content\/uploads\/2024\/09\/Nyskapan-2023-1-572x800.jpg 572w, https:\/\/www.visittorshavn.fo\/wp-content\/smush-webp\/2024\/09\/Nyskapan-2023-1-768x1075.jpg.webp 768w, https:\/\/www.visittorshavn.fo\/wp-content\/smush-webp\/2024\/09\/Nyskapan-2023-1-1097x1536.jpg.webp 1097w, https:\/\/www.visittorshavn.fo\/wp-content\/smush-webp\/2024\/09\/Nyskapan-2023-1-1463x2048.jpg.webp 1463w, https:\/\/www.visittorshavn.fo\/wp-content\/uploads\/2024\/09\/Nyskapan-2023-1-1320x1848.jpg 1320w, https:\/\/www.visittorshavn.fo\/wp-content\/smush-webp\/2024\/09\/Nyskapan-2023-1-600x840.jpg.webp 600w, https:\/\/www.visittorshavn.fo\/wp-content\/smush-webp\/2024\/09\/Nyskapan-2023-1.jpg.webp 1829w\" data-sizes=\"auto\" src=\"data:image\/svg+xml;base64,PHN2ZyB3aWR0aD0iMSIgaGVpZ2h0PSIxIiB4bWxucz0iaHR0cDovL3d3dy53My5vcmcvMjAwMC9zdmciPjwvc3ZnPg==\" data-original-sizes=\"(max-width: 857px) 100vw, 857px\" \/><\/figure><div class=\"wp-block-media-text__content\">\n<h3 class=\"wp-block-heading\"><strong>Samstarv og      menning av upplivingum<\/strong><\/h3>\n\n\n\n<p>Visit T\u00f3rshavn og Hugskoti\u00f0 (kommunala \u00cdverksetarah\u00fasi\u00f0) hava \u00ed fleiri \u00e1r samstarva\u00f0 um eitt \u00e1rligt \u00edbirtingartiltak, i\u00f0 kallast &#8220;N\u00fdskapan \u00ed Fer\u00f0avinnuni&#8221;<\/p>\n\n\n\n<p>Endam\u00e1li\u00f0 vi\u00f0 tiltakinum er at hj\u00e1lpa f\u00f3lki og fyrit\u00f8kum, sum anna\u00f0hv\u00f8rt hava hug at skapa eina fer\u00f0avinnuv\u00f8ru ella ynskja at skunda undir menningina av teirra v\u00f8ru. Dagsskr\u00e1in er samansett av sergj\u00f8rdum verkstovum og veglei\u00f0ing innanfyri t\u00fddningarmikil \u00f8ki fyri luttakararnar. Higartil, \u00ed 2024, hava \u00ed alt 39 verk\u00e6tlanir luttiki\u00f0 \u00ed tiltakinum, og flestu teirra standa framvegis stinnar.<\/p>\n\n\n\n<p>Visit T\u00f3rshavn samstarvar vi\u00f0 lokalar fyrit\u00f8kur og felagsskapir fyri at skapa og menna upplivingar, fr\u00e1 s\u00f8guligum t\u00farum vi\u00f0 fer\u00f0alei\u00f0ara til gastronomiskar upplivingar hj\u00e1 veitarum, i\u00f0 s\u00fdna fram f\u00f8royskar matsi\u00f0ir.<\/p>\n\n\n\n<div style=\"height:5px\" aria-hidden=\"true\" class=\"wp-block-spacer\"><\/div>\n\n\n\n<p class=\"has-black-300-color has-text-color has-link-color has-small-font-size wp-elements-33a56b69d044b4c0ced82b9197cf7f9e\">Mynd: S\u00fasanna Smith Johansen<\/p>\n<\/div><\/div>\n\n\n\n<div style=\"height:100px\" aria-hidden=\"true\" class=\"wp-block-spacer\"><\/div>\n\n\n\n<div class=\"wp-block-media-text has-media-on-the-right is-stacked-on-mobile is-image-fill-element\"><div class=\"wp-block-media-text__content\">\n<h3 class=\"wp-block-heading\"><strong>Closed For Maintenance<\/strong><\/h3>\n\n\n\n<p>Ein m\u00e1ti at arbei\u00f0a bur\u00f0ardygt og endurn\u00fdggjandi vi\u00f0 fer\u00f0avinnu er \u00edgj\u00f8gnum \u00e1rliga \u00e1taki\u00f0 &#8220;Closed for Maintenance&#8221;, sum vit hava luttiki\u00f0 \u00ed sum lokalur samstarvsfelagi hv\u00f8rt \u00e1r, s\u00ed\u00f0ani ta\u00f0 byrja\u00f0i. \u00cd hesum \u00e1taki samstarva vit t\u00e6tt vi\u00f0 lokalar eigarar b\u00e6\u00f0i vi\u00f0 at b\u00f8ta og endurbyggja bygdag\u00f8tur og onnur \u00f8ki, sum hava t\u00f8rv \u00e1 okkara hj\u00e1lp. Vit arbei\u00f0a vi\u00f0 hj\u00e1lp fr\u00e1 b\u00e6\u00f0i altj\u00f3\u00f0a og lokalum sj\u00e1lvbo\u00f0num fer\u00f0af\u00f3lki.<\/p>\n\n\n\n<p>Um t\u00fa vilt vera vi\u00f0 \u00ed \u00e1takinum &#8220;Closed for Maintenance&#8221;, kanst t\u00fa s\u00f8kja gj\u00f8gnum <a href=\"https:\/\/visitfaroeislands.com\/en\/closed\">Visit Faroe Islands<\/a> &#8211; gev g\u00e6tur, at vit alt\u00ed\u00f0 f\u00e1a n\u00f3gv fleiri ums\u00f3knir enn vit hava t\u00f8k pl\u00e1ss til, so vit kunnu ikki tryggja t\u00e6r eitt pl\u00e1ss &#8211; men vit eggja t\u00e6r til at s\u00f8kja, inntil ta\u00f0 eydnast. Vit gle\u00f0a okkum til at hava teg \u00e1 okkara li\u00f0i!<\/p>\n\n\n\n<div style=\"height:5px\" aria-hidden=\"true\" class=\"wp-block-spacer\"><\/div>\n\n\n\n<p class=\"has-black-300-color has-text-color has-link-color has-small-font-size wp-elements-320088bda25e5a909c0068b3ea3f9680\">Mynd: Klara Johannesen \/ Visit Faroe Islands<\/p>\n<\/div><figure class=\"wp-block-media-text__media\"><img decoding=\"async\" width=\"800\" height=\"1200\" data-src=\"https:\/\/www.visittorshavn.fo\/wp-content\/smush-webp\/2024\/07\/Klara-Johannesen-DSC_3231-800x1200.jpg.webp\" alt=\"CFM Closed For Maintenance Kirkjub\u00f8ur\" class=\"wp-image-9587 size-full lazyload\" style=\"--smush-placeholder-width: 800px; --smush-placeholder-aspect-ratio: 800\/1200;object-position:50% 50%\" data-srcset=\"https:\/\/www.visittorshavn.fo\/wp-content\/smush-webp\/2024\/07\/Klara-Johannesen-DSC_3231-800x1200.jpg.webp 800w, https:\/\/www.visittorshavn.fo\/wp-content\/smush-webp\/2024\/07\/Klara-Johannesen-DSC_3231-533x800.jpg.webp 533w, https:\/\/www.visittorshavn.fo\/wp-content\/smush-webp\/2024\/07\/Klara-Johannesen-DSC_3231-768x1152.jpg.webp 768w, https:\/\/www.visittorshavn.fo\/wp-content\/smush-webp\/2024\/07\/Klara-Johannesen-DSC_3231-1024x1536.jpg.webp 1024w, https:\/\/www.visittorshavn.fo\/wp-content\/uploads\/2024\/07\/Klara-Johannesen-DSC_3231-1366x2048.jpg 1366w, https:\/\/www.visittorshavn.fo\/wp-content\/uploads\/2024\/07\/Klara-Johannesen-DSC_3231-1320x1980.jpg 1320w, https:\/\/www.visittorshavn.fo\/wp-content\/smush-webp\/2024\/07\/Klara-Johannesen-DSC_3231-600x900.jpg.webp 600w, https:\/\/www.visittorshavn.fo\/wp-content\/smush-webp\/2024\/07\/Klara-Johannesen-DSC_3231.jpg.webp 1707w\" data-sizes=\"auto\" src=\"data:image\/svg+xml;base64,PHN2ZyB3aWR0aD0iMSIgaGVpZ2h0PSIxIiB4bWxucz0iaHR0cDovL3d3dy53My5vcmcvMjAwMC9zdmciPjwvc3ZnPg==\" data-original-sizes=\"(max-width: 800px) 100vw, 800px\" \/><\/figure><\/div>\n\n\n\n<div style=\"height:100px\" aria-hidden=\"true\" class=\"wp-block-spacer\"><\/div>\n\n\n\n<div class=\"wp-block-media-text is-stacked-on-mobile is-image-fill-element\"><figure class=\"wp-block-media-text__media\"><img decoding=\"async\" width=\"800\" height=\"1200\" data-src=\"https:\/\/www.visittorshavn.fo\/wp-content\/smush-webp\/2024\/07\/Sundshagi-CFM-2924-Klara-Johannesen-9-800x1200.jpg.webp\" alt=\"Sundshagi CFM Closed For Maintenance\" class=\"wp-image-9573 size-full lazyload\" style=\"--smush-placeholder-width: 800px; --smush-placeholder-aspect-ratio: 800\/1200;object-position:50% 50%\" data-srcset=\"https:\/\/www.visittorshavn.fo\/wp-content\/smush-webp\/2024\/07\/Sundshagi-CFM-2924-Klara-Johannesen-9-800x1200.jpg.webp 800w, https:\/\/www.visittorshavn.fo\/wp-content\/smush-webp\/2024\/07\/Sundshagi-CFM-2924-Klara-Johannesen-9-533x800.jpg.webp 533w, https:\/\/www.visittorshavn.fo\/wp-content\/smush-webp\/2024\/07\/Sundshagi-CFM-2924-Klara-Johannesen-9-768x1152.jpg.webp 768w, https:\/\/www.visittorshavn.fo\/wp-content\/smush-webp\/2024\/07\/Sundshagi-CFM-2924-Klara-Johannesen-9-1024x1536.jpg.webp 1024w, https:\/\/www.visittorshavn.fo\/wp-content\/uploads\/2024\/07\/Sundshagi-CFM-2924-Klara-Johannesen-9-1366x2048.jpg 1366w, https:\/\/www.visittorshavn.fo\/wp-content\/uploads\/2024\/07\/Sundshagi-CFM-2924-Klara-Johannesen-9-1320x1980.jpg 1320w, https:\/\/www.visittorshavn.fo\/wp-content\/smush-webp\/2024\/07\/Sundshagi-CFM-2924-Klara-Johannesen-9-600x900.jpg.webp 600w, https:\/\/www.visittorshavn.fo\/wp-content\/smush-webp\/2024\/07\/Sundshagi-CFM-2924-Klara-Johannesen-9.jpg.webp 1707w\" data-sizes=\"auto\" src=\"data:image\/svg+xml;base64,PHN2ZyB3aWR0aD0iMSIgaGVpZ2h0PSIxIiB4bWxucz0iaHR0cDovL3d3dy53My5vcmcvMjAwMC9zdmciPjwvc3ZnPg==\" data-original-sizes=\"(max-width: 800px) 100vw, 800px\" \/><\/figure><div class=\"wp-block-media-text__content\">\n<h3 class=\"wp-block-heading\"><strong>NorReg &#8211; Nordic Regenerative Tourism<\/strong><\/h3>\n\n\n\n<p>NorReg er ein nor\u00f0urlendsk verk\u00e6tlan, sum \u00fatvegar atkomulig ambo\u00f0 til sm\u00e1ar og mi\u00f0alst\u00f3rar fer\u00f0avinnufyrit\u00f8kur \u00ed Nor\u00f0urlondum.<\/p>\n\n\n\n<p>Visit T\u00f3rshavn hevur veri\u00f0 vi\u00f0 \u00ed verk\u00e6tlanini s\u00ed\u00f0an \u00ed september 2023.<\/p>\n\n\n\n<p>Les meira um NorReg <a href=\"https:\/\/www.norreg.is\/\">her<\/a>.<\/p>\n\n\n\n<div style=\"height:5px\" aria-hidden=\"true\" class=\"wp-block-spacer\"><\/div>\n\n\n\n<p class=\"has-black-300-color has-text-color has-link-color has-small-font-size wp-elements-320088bda25e5a909c0068b3ea3f9680\">Mynd: Klara Johannesen \/ Visit Faroe Islands<\/p>\n<\/div><\/div>\n\n\n\n<div style=\"height:100px\" aria-hidden=\"true\" class=\"wp-block-spacer\"><\/div>\n\n\n\n<div class=\"wp-block-media-text has-media-on-the-right is-stacked-on-mobile\"><div class=\"wp-block-media-text__content\">\n<h3 class=\"wp-block-heading\"><strong>Vinnufer\u00f0avinna<\/strong><\/h3>\n\n\n\n<p>Umframt fr\u00edt\u00ed\u00f0arfer\u00f0avinnu, er fundarvinna eisini millum okkara a\u00f0alm\u00e1l. <\/p>\n\n\n\n<p>Vit hava dr\u00fagt MICE-samstarv (MICE er stytting fyri &#8216;<em>meetings&#8217;<\/em>,<em> &#8216;incentives&#8217;<\/em>,<em> &#8216;conferences&#8217;<\/em> og &#8216;<em>exhibitions&#8217;<\/em>) vi\u00f0 Visit Faroe Islands og T\u00f3rshavnar kommunu.&nbsp;<\/p>\n\n\n\n<p>Les meira <a href=\"https:\/\/www.visittorshavn.fo\/fo\/mice-vinnuferdavinna\/\">her<\/a>.<\/p>\n<\/div><figure class=\"wp-block-media-text__media\"><img decoding=\"async\" width=\"1200\" height=\"800\" data-src=\"https:\/\/www.visittorshavn.fo\/wp-content\/smush-webp\/2024\/07\/ICCA_VFI_23_LMS2279-1-1200x800.jpg.webp\" alt=\"vinnufer\u00f0avinna mice visit faroe islands meetings events\" class=\"wp-image-9447 size-full lazyload\" data-srcset=\"https:\/\/www.visittorshavn.fo\/wp-content\/smush-webp\/2024\/07\/ICCA_VFI_23_LMS2279-1-1200x800.jpg.webp 1200w, https:\/\/www.visittorshavn.fo\/wp-content\/smush-webp\/2024\/07\/ICCA_VFI_23_LMS2279-1-800x533.jpg.webp 800w, https:\/\/www.visittorshavn.fo\/wp-content\/smush-webp\/2024\/07\/ICCA_VFI_23_LMS2279-1-768x512.jpg.webp 768w, https:\/\/www.visittorshavn.fo\/wp-content\/smush-webp\/2024\/07\/ICCA_VFI_23_LMS2279-1-1536x1024.jpg.webp 1536w, https:\/\/www.visittorshavn.fo\/wp-content\/uploads\/2024\/07\/ICCA_VFI_23_LMS2279-1-1320x880.jpg 1320w, https:\/\/www.visittorshavn.fo\/wp-content\/smush-webp\/2024\/07\/ICCA_VFI_23_LMS2279-1-600x400.jpg.webp 600w, https:\/\/www.visittorshavn.fo\/wp-content\/smush-webp\/2024\/07\/ICCA_VFI_23_LMS2279-1.jpg.webp 2048w\" data-sizes=\"auto\" src=\"data:image\/svg+xml;base64,PHN2ZyB3aWR0aD0iMSIgaGVpZ2h0PSIxIiB4bWxucz0iaHR0cDovL3d3dy53My5vcmcvMjAwMC9zdmciPjwvc3ZnPg==\" style=\"--smush-placeholder-width: 1200px; --smush-placeholder-aspect-ratio: 1200\/800;\" data-original-sizes=\"(max-width: 1200px) 100vw, 1200px\" \/><\/figure><\/div>\n\n\n\n<div style=\"height:200px\" aria-hidden=\"true\" class=\"wp-block-spacer\"><\/div>\n\n\n\n<h2 class=\"wp-block-heading alignwide\">Les meira her:<\/h2>\n\n\n\n<div id=\"shortcuts_block_de6b9d015b575b38284d70dfd89b7f6d\" class=\"lunnar-shortcuts alignwide\">\n    \n                        <div class=\"shortcuts-swiper\">\n            \n            \n                            <div class=\"swiper-wrapper\">\n                \n                \n                                                                <a href=\"https:\/\/www.visittorshavn.fo\/fo\/n-lite-literary-tourism-immersive-technology-acceleration\/\" target=\"\" class=\"shortcut-card swiper-slide is-visible\">\n                            <div class=\"shortcut-card--image\">\n                                                                    <img decoding=\"async\" data-src=\"https:\/\/www.visittorshavn.fo\/wp-content\/smush-webp\/2025\/07\/design-11-e1751901241507.png.webp\" width=\"800\" height=\"50% 50%\" style=\"--smush-placeholder-width: 780px; --smush-placeholder-aspect-ratio: 780\/848;object-position:736;\" src=\"data:image\/svg+xml;base64,PHN2ZyB3aWR0aD0iMSIgaGVpZ2h0PSIxIiB4bWxucz0iaHR0cDovL3d3dy53My5vcmcvMjAwMC9zdmciPjwvc3ZnPg==\" class=\"lazyload\" data-srcset=\"https:\/\/www.visittorshavn.fo\/wp-content\/smush-webp\/2025\/07\/design-11-e1751901241507.png.webp 780w, https:\/\/www.visittorshavn.fo\/wp-content\/smush-webp\/2025\/07\/design-11-e1751901241507-736x800.png.webp 736w, https:\/\/www.visittorshavn.fo\/wp-content\/smush-webp\/2025\/07\/design-11-e1751901241507-768x835.png.webp 768w, https:\/\/www.visittorshavn.fo\/wp-content\/smush-webp\/2025\/07\/design-11-e1751901241507-600x652.png.webp 600w\" data-sizes=\"auto\" data-original-sizes=\"(max-width: 800px) 100vw, 800px\">\n                                                            <\/div>\n\n                            <div class=\"shortcut-card--content\">\n                                <div class=\"shortcut-icon--top\">\n                                    <img decoding=\"async\" src=\"https:\/\/www.visittorshavn.fo\/wp-content\/themes\/lunnar-visittorshavn\/images\/icon-arrow.svg\" class=\"injectable\" \/>                                <\/div>\n\n                                \n                                <div class=\"shortcut-text\">\n                                                                            <h3>\n                                            N-LITE \u00c1taki\u00f0                                        <\/h3>\n                                    \n                                                                            <p>\n                                            B\u00f3kmentalig fer\u00f0avinna                                        <\/p>\n                                                                    <\/div>\n                            <\/div>\n                        <\/a>\n                                            <a href=\"https:\/\/www.visittorshavn.fo\/fo\/sub-sukkluferdavinna\/\" target=\"\" class=\"shortcut-card swiper-slide is-visible\">\n                            <div class=\"shortcut-card--image\">\n                                                                    <img decoding=\"async\" data-src=\"https:\/\/www.visittorshavn.fo\/wp-content\/smush-webp\/2024\/08\/FIEL_SUKKLUTURUR-2.jpg.webp\" width=\"533\" height=\"54.1221% 44.1050%\" style=\"--smush-placeholder-width: 2560px; --smush-placeholder-aspect-ratio: 2560\/1707;object-position:800;\" src=\"data:image\/svg+xml;base64,PHN2ZyB3aWR0aD0iMSIgaGVpZ2h0PSIxIiB4bWxucz0iaHR0cDovL3d3dy53My5vcmcvMjAwMC9zdmciPjwvc3ZnPg==\" class=\"lazyload\" data-srcset=\"https:\/\/www.visittorshavn.fo\/wp-content\/smush-webp\/2024\/08\/FIEL_SUKKLUTURUR-2.jpg.webp 2560w, https:\/\/www.visittorshavn.fo\/wp-content\/smush-webp\/2024\/08\/FIEL_SUKKLUTURUR-2-800x533.jpg.webp 800w, https:\/\/www.visittorshavn.fo\/wp-content\/smush-webp\/2024\/08\/FIEL_SUKKLUTURUR-2-1200x800.jpg.webp 1200w, https:\/\/www.visittorshavn.fo\/wp-content\/smush-webp\/2024\/08\/FIEL_SUKKLUTURUR-2-768x512.jpg.webp 768w, https:\/\/www.visittorshavn.fo\/wp-content\/smush-webp\/2024\/08\/FIEL_SUKKLUTURUR-2-1536x1024.jpg.webp 1536w, https:\/\/www.visittorshavn.fo\/wp-content\/uploads\/2024\/08\/FIEL_SUKKLUTURUR-2-2048x1366.jpg 2048w, https:\/\/www.visittorshavn.fo\/wp-content\/uploads\/2024\/08\/FIEL_SUKKLUTURUR-2-1320x880.jpg 1320w, https:\/\/www.visittorshavn.fo\/wp-content\/smush-webp\/2024\/08\/FIEL_SUKKLUTURUR-2-600x400.jpg.webp 600w\" data-sizes=\"auto\" data-original-sizes=\"(max-width: 533px) 100vw, 533px\">\n                                                            <\/div>\n\n                            <div class=\"shortcut-card--content\">\n                                <div class=\"shortcut-icon--top\">\n                                    <img decoding=\"async\" src=\"https:\/\/www.visittorshavn.fo\/wp-content\/themes\/lunnar-visittorshavn\/images\/icon-arrow.svg\" class=\"injectable\" \/>                                <\/div>\n\n                                \n                                <div class=\"shortcut-text\">\n                                                                            <h3>\n                                            SUB \u00c1taki\u00f0                                        <\/h3>\n                                    \n                                                                            <p>\n                                            S\u00fakklufer\u00f0avinna                                        <\/p>\n                                                                    <\/div>\n                            <\/div>\n                        <\/a>\n                                            <a href=\"https:\/\/www.visittorshavn.fo\/fo\/norreg-nordic-regenerative-tourism\/\" target=\"\" class=\"shortcut-card swiper-slide is-visible\">\n                            <div class=\"shortcut-card--image\">\n                                                                    <img decoding=\"async\" data-src=\"https:\/\/www.visittorshavn.fo\/wp-content\/uploads\/2024\/08\/9okt20_00Q4290-1-e1725363410909.jpg\" width=\"363\" height=\"48.9544% 19.8550%\" style=\"--smush-placeholder-width: 2530px; --smush-placeholder-aspect-ratio: 2530\/1147;object-position:800;\" src=\"data:image\/svg+xml;base64,PHN2ZyB3aWR0aD0iMSIgaGVpZ2h0PSIxIiB4bWxucz0iaHR0cDovL3d3dy53My5vcmcvMjAwMC9zdmciPjwvc3ZnPg==\" class=\"lazyload\" data-srcset=\"https:\/\/www.visittorshavn.fo\/wp-content\/uploads\/2024\/08\/9okt20_00Q4290-1-e1725363410909.jpg 2530w, https:\/\/www.visittorshavn.fo\/wp-content\/uploads\/2024\/08\/9okt20_00Q4290-1-e1725363410909-800x363.jpg 800w, https:\/\/www.visittorshavn.fo\/wp-content\/uploads\/2024\/08\/9okt20_00Q4290-1-e1725363410909-1200x544.jpg 1200w, https:\/\/www.visittorshavn.fo\/wp-content\/uploads\/2024\/08\/9okt20_00Q4290-1-e1725363410909-768x348.jpg 768w, https:\/\/www.visittorshavn.fo\/wp-content\/uploads\/2024\/08\/9okt20_00Q4290-1-e1725363410909-1536x696.jpg 1536w, https:\/\/www.visittorshavn.fo\/wp-content\/uploads\/2024\/08\/9okt20_00Q4290-1-e1725363410909-2048x928.jpg 2048w, https:\/\/www.visittorshavn.fo\/wp-content\/uploads\/2024\/08\/9okt20_00Q4290-1-e1725363410909-1320x598.jpg 1320w, https:\/\/www.visittorshavn.fo\/wp-content\/uploads\/2024\/08\/9okt20_00Q4290-1-e1725363410909-600x272.jpg 600w\" data-sizes=\"auto\" data-original-sizes=\"(max-width: 363px) 100vw, 363px\">\n                                                            <\/div>\n\n                            <div class=\"shortcut-card--content\">\n                                <div class=\"shortcut-icon--top\">\n                                    <img decoding=\"async\" src=\"https:\/\/www.visittorshavn.fo\/wp-content\/themes\/lunnar-visittorshavn\/images\/icon-arrow.svg\" class=\"injectable\" \/>                                <\/div>\n\n                                \n                                <div class=\"shortcut-text\">\n                                                                            <h3>\n                                            Regenerativ fer\u00f0avinna                                        <\/h3>\n                                    \n                                                                            <p>\n                                            NorReg                                        <\/p>\n                                                                    <\/div>\n                            <\/div>\n                        <\/a>\n                                            <a href=\"https:\/\/www.visittorshavn.fo\/fo\/mice-vinnuferdavinna\/\" target=\"\" class=\"shortcut-card swiper-slide is-visible\">\n                            <div class=\"shortcut-card--image\">\n                                                                    <img decoding=\"async\" data-src=\"https:\/\/www.visittorshavn.fo\/wp-content\/smush-webp\/2024\/07\/Billede2.jpg.webp\" width=\"450\" height=\"50% 50%\" style=\"--smush-placeholder-width: 2000px; --smush-placeholder-aspect-ratio: 2000\/1125;object-position:800;\" src=\"data:image\/svg+xml;base64,PHN2ZyB3aWR0aD0iMSIgaGVpZ2h0PSIxIiB4bWxucz0iaHR0cDovL3d3dy53My5vcmcvMjAwMC9zdmciPjwvc3ZnPg==\" class=\"lazyload\" data-srcset=\"https:\/\/www.visittorshavn.fo\/wp-content\/smush-webp\/2024\/07\/Billede2.jpg.webp 2000w, https:\/\/www.visittorshavn.fo\/wp-content\/smush-webp\/2024\/07\/Billede2-800x450.jpg.webp 800w, https:\/\/www.visittorshavn.fo\/wp-content\/smush-webp\/2024\/07\/Billede2-1200x675.jpg.webp 1200w, https:\/\/www.visittorshavn.fo\/wp-content\/smush-webp\/2024\/07\/Billede2-768x432.jpg.webp 768w, https:\/\/www.visittorshavn.fo\/wp-content\/smush-webp\/2024\/07\/Billede2-1536x864.jpg.webp 1536w, https:\/\/www.visittorshavn.fo\/wp-content\/uploads\/2024\/07\/Billede2-1320x743.jpg 1320w, https:\/\/www.visittorshavn.fo\/wp-content\/smush-webp\/2024\/07\/Billede2-600x338.jpg.webp 600w\" data-sizes=\"auto\" data-original-sizes=\"(max-width: 450px) 100vw, 450px\">\n                                                            <\/div>\n\n                            <div class=\"shortcut-card--content\">\n                                <div class=\"shortcut-icon--top\">\n                                    <img decoding=\"async\" src=\"https:\/\/www.visittorshavn.fo\/wp-content\/themes\/lunnar-visittorshavn\/images\/icon-arrow.svg\" class=\"injectable\" \/>                                <\/div>\n\n                                \n                                <div class=\"shortcut-text\">\n                                                                            <h3>\n                                            MICE- Meetings &#038; Events                                        <\/h3>\n                                    \n                                                                            <p>\n                                            Vinnufer\u00f0avinna                                        <\/p>\n                                                                    <\/div>\n                            <\/div>\n                        <\/a>\n                                    \n                \n                                <\/div>\n\n                            <\/div>\n            <\/div>\n\n\n<div style=\"height:100px\" aria-hidden=\"true\" class=\"wp-block-spacer\"><\/div>\n\n\n\n<div class=\"wp-block-columns is-layout-flex wp-container-core-columns-is-layout-9d6595d7 wp-block-columns-is-layout-flex\">\n<div class=\"wp-block-column is-layout-flow wp-block-column-is-layout-flow\">\n<h2 class=\"wp-block-heading\">Set teg \u00ed samband vi\u00f0 okkum<\/h2>\n\n\n\n<p>Fyri n\u00e6rri kunning, set teg \u00ed samband vi\u00f0 verk\u00e6tlanarlei\u00f0ara Anniku Lisberg ella ring til okkara \u00e1 +298 302425.<\/p>\n<\/div>\n\n\n\n<div class=\"wp-block-column is-layout-flow wp-block-column-is-layout-flow\">\n<div id=\"employees_block_5899497660ae9f5d94951ba0dfeae764\" class=\"lunnar-employees \">\n\n    \n            <div class=\"employees-grid per-row-1\">\n                            \n                <div class=\"employee-card\">\n                    <div class=\"employee-card--image\">\n                                                    <img decoding=\"async\" data-src=\"https:\/\/www.visittorshavn.fo\/wp-content\/smush-webp\/2024\/02\/Rectangle-113.jpg.webp\" width=\"343\" height=\"343\" alt=\"\" style=\"--smush-placeholder-width: 343px; --smush-placeholder-aspect-ratio: 343\/343;object-position: 50% 50%;\" src=\"data:image\/svg+xml;base64,PHN2ZyB3aWR0aD0iMSIgaGVpZ2h0PSIxIiB4bWxucz0iaHR0cDovL3d3dy53My5vcmcvMjAwMC9zdmciPjwvc3ZnPg==\" class=\"lazyload\" data-srcset=\"https:\/\/www.visittorshavn.fo\/wp-content\/smush-webp\/2024\/02\/Rectangle-113.jpg.webp 343w, https:\/\/www.visittorshavn.fo\/wp-content\/smush-webp\/2024\/02\/Rectangle-113-300x300.jpg.webp 300w, https:\/\/www.visittorshavn.fo\/wp-content\/smush-webp\/2024\/02\/Rectangle-113-100x100.jpg.webp 100w\" data-sizes=\"auto\" data-original-sizes=\"(max-width: 343px) 100vw, 343px\">\n                                            <\/div>\n\n                    <div class=\"employee-card--content\">\n                        <div class=\"employee-card--text\">\n                            <h5>Annika Lisberg<\/h5>\n                            <p>Virkandi Stj\u00f3ri \/ Menningarf\u00f3lk<\/p>\n                        <\/div>\n\n                        <div class=\"employee-card--meta\">\n                                                            <a href=\"tel: +298 302 425\">\n                                    <img decoding=\"async\" src=\"https:\/\/www.visittorshavn.fo\/wp-content\/themes\/lunnar-visittorshavn\/images\/icon-phone.svg\" class=\"injectable\" \/>\n                                    +298 302 425                                <\/a>\n                                                                                        <a href=\"mailto: annikali@torshavn.fo\">\n                                    <img decoding=\"async\" src=\"https:\/\/www.visittorshavn.fo\/wp-content\/themes\/lunnar-visittorshavn\/images\/icon-at.svg\" class=\"injectable\" \/>\n                                    annikali@torshavn.fo                                <\/a>\n                                                    <\/div>\n                    <\/div>\n                <\/div>\n                    <\/div>\n    <\/div><\/div>\n<\/div>\n\n\n\n<div style=\"height:200px\" aria-hidden=\"true\" class=\"wp-block-spacer\"><\/div>\n","protected":false},"excerpt":{"rendered":"<p>Vit arbei\u00f0a fram \u00edm\u00f3ti regenerativari og bur\u00f0ardyggari fer\u00f0avinnumenning Okkara m\u00e1l er, at fer\u00f0avinna skal gerast endurn\u00fdggjandi. Hetta merkir, at fer\u00f0avinna \u00e1 einhv\u00f8nn h\u00e1tt leggur vir\u00f0i aftrat l\u00edvinum hj\u00e1 teimum, sum [&hellip;]<\/p>\n","protected":false},"author":4,"featured_media":127081,"parent":0,"menu_order":0,"comment_status":"closed","ping_status":"closed","template":"","meta":{"_acf_changed":false,"footnotes":""},"page_category":[],"class_list":["post-14144","page","type-page","status-publish","has-post-thumbnail","hentry"],"acf":[],"yoast_head":"<!-- This site is optimized with the Yoast SEO plugin v27.5 - https:\/\/yoast.com\/product\/yoast-seo-wordpress\/ -->\n<title>Menning - Visit Torshavn<\/title>\n<meta name=\"robots\" content=\"index, follow, max-snippet:-1, max-image-preview:large, max-video-preview:-1\" \/>\n<link rel=\"canonical\" href=\"https:\/\/www.visittorshavn.fo\/fo\/menning\/\" \/>\n<meta property=\"og:locale\" content=\"fo_FO\" \/>\n<meta property=\"og:type\" content=\"article\" \/>\n<meta property=\"og:title\" content=\"Menning - Visit Torshavn\" \/>\n<meta property=\"og:description\" content=\"Vit arbei\u00f0a fram \u00edm\u00f3ti regenerativari og bur\u00f0ardyggari fer\u00f0avinnumenning Okkara m\u00e1l er, at fer\u00f0avinna skal gerast endurn\u00fdggjandi. Hetta merkir, at fer\u00f0avinna \u00e1 einhv\u00f8nn h\u00e1tt leggur vir\u00f0i aftrat l\u00edvinum hj\u00e1 teimum, sum [&hellip;]\" \/>\n<meta property=\"og:url\" content=\"https:\/\/www.visittorshavn.fo\/fo\/menning\/\" \/>\n<meta property=\"og:site_name\" content=\"Visit Torshavn\" \/>\n<meta property=\"article:modified_time\" content=\"2025-08-14T10:00:05+00:00\" \/>\n<meta property=\"og:image\" content=\"https:\/\/www.visittorshavn.fo\/wp-content\/uploads\/2025\/07\/faroe-islands-70.jpg\" \/>\n\t<meta property=\"og:image:width\" content=\"1080\" \/>\n\t<meta property=\"og:image:height\" content=\"1620\" \/>\n\t<meta property=\"og:image:type\" content=\"image\/jpeg\" \/>\n<meta name=\"twitter:card\" content=\"summary_large_image\" \/>\n<meta name=\"twitter:label1\" content=\"Est. reading time\" \/>\n\t<meta name=\"twitter:data1\" content=\"4 minutes\" \/>\n<script type=\"application\/ld+json\" class=\"yoast-schema-graph\">{\"@context\":\"https:\\\/\\\/schema.org\",\"@graph\":[{\"@type\":\"WebPage\",\"@id\":\"https:\\\/\\\/www.visittorshavn.fo\\\/fo\\\/menning\\\/\",\"url\":\"https:\\\/\\\/www.visittorshavn.fo\\\/fo\\\/menning\\\/\",\"name\":\"Menning - Visit Torshavn\",\"isPartOf\":{\"@id\":\"https:\\\/\\\/www.visittorshavn.fo\\\/fo\\\/#website\"},\"primaryImageOfPage\":{\"@id\":\"https:\\\/\\\/www.visittorshavn.fo\\\/fo\\\/menning\\\/#primaryimage\"},\"image\":{\"@id\":\"https:\\\/\\\/www.visittorshavn.fo\\\/fo\\\/menning\\\/#primaryimage\"},\"thumbnailUrl\":\"https:\\\/\\\/www.visittorshavn.fo\\\/wp-content\\\/uploads\\\/2025\\\/07\\\/faroe-islands-70.jpg\",\"datePublished\":\"2024-04-23T13:28:10+00:00\",\"dateModified\":\"2025-08-14T10:00:05+00:00\",\"breadcrumb\":{\"@id\":\"https:\\\/\\\/www.visittorshavn.fo\\\/fo\\\/menning\\\/#breadcrumb\"},\"inLanguage\":\"fo-FO\",\"potentialAction\":[{\"@type\":\"ReadAction\",\"target\":[\"https:\\\/\\\/www.visittorshavn.fo\\\/fo\\\/menning\\\/\"]}]},{\"@type\":\"ImageObject\",\"inLanguage\":\"fo-FO\",\"@id\":\"https:\\\/\\\/www.visittorshavn.fo\\\/fo\\\/menning\\\/#primaryimage\",\"url\":\"https:\\\/\\\/www.visittorshavn.fo\\\/wp-content\\\/uploads\\\/2025\\\/07\\\/faroe-islands-70.jpg\",\"contentUrl\":\"https:\\\/\\\/www.visittorshavn.fo\\\/wp-content\\\/uploads\\\/2025\\\/07\\\/faroe-islands-70.jpg\",\"width\":1080,\"height\":1620,\"caption\":\"Jo\u00e3o Falc\u00e3o \\\/ @ joaoffalcao October 2021\"},{\"@type\":\"BreadcrumbList\",\"@id\":\"https:\\\/\\\/www.visittorshavn.fo\\\/fo\\\/menning\\\/#breadcrumb\",\"itemListElement\":[{\"@type\":\"ListItem\",\"position\":1,\"name\":\"Home\",\"item\":\"https:\\\/\\\/www.visittorshavn.fo\\\/fo\\\/\"},{\"@type\":\"ListItem\",\"position\":2,\"name\":\"Menning\"}]},{\"@type\":\"WebSite\",\"@id\":\"https:\\\/\\\/www.visittorshavn.fo\\\/fo\\\/#website\",\"url\":\"https:\\\/\\\/www.visittorshavn.fo\\\/fo\\\/\",\"name\":\"Visit Torshavn\",\"description\":\"\",\"potentialAction\":[{\"@type\":\"SearchAction\",\"target\":{\"@type\":\"EntryPoint\",\"urlTemplate\":\"https:\\\/\\\/www.visittorshavn.fo\\\/fo\\\/?s={search_term_string}\"},\"query-input\":{\"@type\":\"PropertyValueSpecification\",\"valueRequired\":true,\"valueName\":\"search_term_string\"}}],\"inLanguage\":\"fo-FO\"}]}<\/script>\n<!-- \/ Yoast SEO plugin. -->","yoast_head_json":{"title":"Menning - Visit Torshavn","robots":{"index":"index","follow":"follow","max-snippet":"max-snippet:-1","max-image-preview":"max-image-preview:large","max-video-preview":"max-video-preview:-1"},"canonical":"https:\/\/www.visittorshavn.fo\/fo\/menning\/","og_locale":"fo_FO","og_type":"article","og_title":"Menning - Visit Torshavn","og_description":"Vit arbei\u00f0a fram \u00edm\u00f3ti regenerativari og bur\u00f0ardyggari fer\u00f0avinnumenning Okkara m\u00e1l er, at fer\u00f0avinna skal gerast endurn\u00fdggjandi. Hetta merkir, at fer\u00f0avinna \u00e1 einhv\u00f8nn h\u00e1tt leggur vir\u00f0i aftrat l\u00edvinum hj\u00e1 teimum, sum [&hellip;]","og_url":"https:\/\/www.visittorshavn.fo\/fo\/menning\/","og_site_name":"Visit Torshavn","article_modified_time":"2025-08-14T10:00:05+00:00","og_image":[{"width":1080,"height":1620,"url":"https:\/\/www.visittorshavn.fo\/wp-content\/uploads\/2025\/07\/faroe-islands-70.jpg","type":"image\/jpeg"}],"twitter_card":"summary_large_image","twitter_misc":{"Est. reading time":"4 minutes"},"schema":{"@context":"https:\/\/schema.org","@graph":[{"@type":"WebPage","@id":"https:\/\/www.visittorshavn.fo\/fo\/menning\/","url":"https:\/\/www.visittorshavn.fo\/fo\/menning\/","name":"Menning - Visit Torshavn","isPartOf":{"@id":"https:\/\/www.visittorshavn.fo\/fo\/#website"},"primaryImageOfPage":{"@id":"https:\/\/www.visittorshavn.fo\/fo\/menning\/#primaryimage"},"image":{"@id":"https:\/\/www.visittorshavn.fo\/fo\/menning\/#primaryimage"},"thumbnailUrl":"https:\/\/www.visittorshavn.fo\/wp-content\/uploads\/2025\/07\/faroe-islands-70.jpg","datePublished":"2024-04-23T13:28:10+00:00","dateModified":"2025-08-14T10:00:05+00:00","breadcrumb":{"@id":"https:\/\/www.visittorshavn.fo\/fo\/menning\/#breadcrumb"},"inLanguage":"fo-FO","potentialAction":[{"@type":"ReadAction","target":["https:\/\/www.visittorshavn.fo\/fo\/menning\/"]}]},{"@type":"ImageObject","inLanguage":"fo-FO","@id":"https:\/\/www.visittorshavn.fo\/fo\/menning\/#primaryimage","url":"https:\/\/www.visittorshavn.fo\/wp-content\/uploads\/2025\/07\/faroe-islands-70.jpg","contentUrl":"https:\/\/www.visittorshavn.fo\/wp-content\/uploads\/2025\/07\/faroe-islands-70.jpg","width":1080,"height":1620,"caption":"Jo\u00e3o Falc\u00e3o \/ @ joaoffalcao October 2021"},{"@type":"BreadcrumbList","@id":"https:\/\/www.visittorshavn.fo\/fo\/menning\/#breadcrumb","itemListElement":[{"@type":"ListItem","position":1,"name":"Home","item":"https:\/\/www.visittorshavn.fo\/fo\/"},{"@type":"ListItem","position":2,"name":"Menning"}]},{"@type":"WebSite","@id":"https:\/\/www.visittorshavn.fo\/fo\/#website","url":"https:\/\/www.visittorshavn.fo\/fo\/","name":"Visit Torshavn","description":"","potentialAction":[{"@type":"SearchAction","target":{"@type":"EntryPoint","urlTemplate":"https:\/\/www.visittorshavn.fo\/fo\/?s={search_term_string}"},"query-input":{"@type":"PropertyValueSpecification","valueRequired":true,"valueName":"search_term_string"}}],"inLanguage":"fo-FO"}]}},"_links":{"self":[{"href":"https:\/\/www.visittorshavn.fo\/fo\/wp-json\/wp\/v2\/pages\/14144","targetHints":{"allow":["GET"]}}],"collection":[{"href":"https:\/\/www.visittorshavn.fo\/fo\/wp-json\/wp\/v2\/pages"}],"about":[{"href":"https:\/\/www.visittorshavn.fo\/fo\/wp-json\/wp\/v2\/types\/page"}],"author":[{"embeddable":true,"href":"https:\/\/www.visittorshavn.fo\/fo\/wp-json\/wp\/v2\/users\/4"}],"replies":[{"embeddable":true,"href":"https:\/\/www.visittorshavn.fo\/fo\/wp-json\/wp\/v2\/comments?post=14144"}],"version-history":[{"count":0,"href":"https:\/\/www.visittorshavn.fo\/fo\/wp-json\/wp\/v2\/pages\/14144\/revisions"}],"wp:featuredmedia":[{"embeddable":true,"href":"https:\/\/www.visittorshavn.fo\/fo\/wp-json\/wp\/v2\/media\/127081"}],"wp:attachment":[{"href":"https:\/\/www.visittorshavn.fo\/fo\/wp-json\/wp\/v2\/media?parent=14144"}],"wp:term":[{"taxonomy":"page_category","embeddable":true,"href":"https:\/\/www.visittorshavn.fo\/fo\/wp-json\/wp\/v2\/page_category?post=14144"}],"curies":[{"name":"wp","href":"https:\/\/api.w.org\/{rel}","templated":true}]}}