{"id":142436,"date":"2025-09-12T11:47:13","date_gmt":"2025-09-12T10:47:13","guid":{"rendered":"https:\/\/www.visittorshavn.fo\/?page_id=142436"},"modified":"2025-09-18T14:06:23","modified_gmt":"2025-09-18T13:06:23","slug":"leiga-jolasmattu","status":"publish","type":"page","link":"https:\/\/www.visittorshavn.fo\/fo\/leiga-jolasmattu\/","title":{"rendered":"Leiga j\u00f3lasm\u00e1ttu"},"content":{"rendered":"\n<div class=\"wp-block-cover alignfull has-custom-content-position is-position-bottom-center\" style=\"min-height:625px;aspect-ratio:unset;\"><img decoding=\"async\" class=\"wp-block-cover__image-background wp-image-147048 size-large smush-dimensions lazyload\" alt=\"\" data-src=\"https:\/\/www.visittorshavn.fo\/wp-content\/uploads\/2025\/09\/30nov24_B3A0013-1200x800.jpg\" data-object-fit=\"cover\" width=\"1200\" style=\"--smush-image-width: 1200px; --smush-image-aspect-ratio: 1200\/800;\" src=\"data:image\/svg+xml;base64,PHN2ZyB3aWR0aD0iMSIgaGVpZ2h0PSIxIiB4bWxucz0iaHR0cDovL3d3dy53My5vcmcvMjAwMC9zdmciPjwvc3ZnPg==\" data-srcset=\"https:\/\/www.visittorshavn.fo\/wp-content\/uploads\/2025\/09\/30nov24_B3A0013-1200x800.jpg 1200w, https:\/\/www.visittorshavn.fo\/wp-content\/uploads\/2025\/09\/30nov24_B3A0013-800x534.jpg 800w, https:\/\/www.visittorshavn.fo\/wp-content\/uploads\/2025\/09\/30nov24_B3A0013-768x512.jpg 768w, https:\/\/www.visittorshavn.fo\/wp-content\/uploads\/2025\/09\/30nov24_B3A0013-1536x1024.jpg 1536w, https:\/\/www.visittorshavn.fo\/wp-content\/uploads\/2025\/09\/30nov24_B3A0013-1320x880.jpg 1320w, https:\/\/www.visittorshavn.fo\/wp-content\/uploads\/2025\/09\/30nov24_B3A0013-600x400.jpg 600w, https:\/\/www.visittorshavn.fo\/wp-content\/uploads\/2025\/09\/30nov24_B3A0013.jpg 1600w\" data-sizes=\"auto\" data-original-sizes=\"(max-width: 1200px) 100vw, 1200px\" \/><span aria-hidden=\"true\" class=\"wp-block-cover__background has-background-dim-10 has-background-dim\" style=\"background-color:#b26565\"><\/span><div class=\"wp-block-cover__inner-container is-layout-constrained wp-block-cover-is-layout-constrained\">\n<div class=\"wp-block-columns is-layout-flex wp-container-core-columns-is-layout-9d6595d7 wp-block-columns-is-layout-flex\">\n<div class=\"wp-block-column is-layout-flow wp-block-column-is-layout-flow\">\n<div id=\"breadcrumbs_block_f631bd626938ffde0fe691df695abd4f\" class=\"lunnar-breadcrumbs\">\n            <div class=\"lunnar-breadcrumbs\"><ul><\/ul><\/div>    <\/div>\n\n\n<h1 class=\"wp-block-heading\"><\/h1>\n<\/div>\n\n\n\n<div class=\"wp-block-column is-layout-flow wp-block-column-is-layout-flow\"><\/div>\n<\/div>\n\n\n\n<div style=\"height:60px\" aria-hidden=\"true\" class=\"wp-block-spacer\"><\/div>\n<\/div><\/div>\n\n\n\n<div style=\"height:100px\" aria-hidden=\"true\" class=\"wp-block-spacer\"><\/div>\n\n\n\n<h2 class=\"wp-block-heading\">J\u00f3lamarkna\u00f0urin \u00e1 Vaglinum!<\/h2>\n\n\n\n<p>\u00cd sm\u00e1ttunum ber til at keypa s\u00e6r okkurt heitt at drekka og okkurt s\u00f8tt afturvi\u00f0, me\u00f0an man n\u00fdtur g\u00f3\u00f0a j\u00f3lastemningin \u00ed b\u00fdnum.<br>Eisini eru har sm\u00e1ttur i\u00f0 selja ymiskt heimavirka, so kanska man eisini finnur t\u00ed perfektu j\u00f3lag\u00e1vuna!<\/p>\n\n\n\n<p>\u00d8ll eru v\u00e6lkomin at leiga eina j\u00f3lasm\u00e1ttu!<\/p>\n\n\n\n<div style=\"height:15px\" aria-hidden=\"true\" class=\"wp-block-spacer\"><\/div>\n\n\n\n<h6 class=\"wp-block-heading\"><strong>Treytir fyri at selja \u00ed eini j\u00f3lasm\u00e1ttu \u00e1 j\u00f3lamarkna\u00f0inum<\/strong><\/h6>\n\n\n\n<ul class=\"wp-block-list\">\n<li>J\u00f3lasm\u00e1ttan er \u00f3keypis at leiga, t\u00f3 skal:\n<ul class=\"wp-block-list\">\n<li>Ein leigus\u00e1ttm\u00e1li undirskrivast &#8211; brot \u00e1 hesa kontrakt kann f\u00f8ra til eina b\u00f3t \u00e1 2000kr<\/li>\n\n\n\n<li>Ney\u00f0ugt er vi\u00f0 einum \u00e1byrgdarf\u00f3lki fyri sm\u00e1ttuna. \u00c1byrgdarf\u00f3lki\u00f0 m\u00e1 vera yvir 18 \u00e1r, og m\u00e1 vera tilsta\u00f0ar t\u00e1 sm\u00e1ttan er opin.<\/li>\n\n\n\n<li>Vikuskiftir skulu b\u00edleggjast fr\u00e1 fr\u00edggjadag til og vi\u00f0 sunnudag, tvs. 3 dagar.<\/li>\n<\/ul>\n<\/li>\n\n\n\n<li>Sm\u00e1ttan skal hava opi\u00f0, t\u00e1 j\u00f3lamarkna\u00f0urin er opin.<\/li>\n\n\n\n<li>Hissini s\u00f8luloyvi\u00f0 m\u00e1 skaffast fr\u00e1 T\u00f3rshavnar Kommunu &#8211; hetta ver\u00f0ur fyrst gj\u00f8rt t\u00e1 tit hava fingi\u00f0 eina sm\u00e1ttu.<\/li>\n<\/ul>\n\n\n\n<p>Vit f\u00e1a n\u00f3gvar fyrispurningar um at vera vi\u00f0 \u00e1 j\u00f3lamarkna\u00f0inum, so \u00e1hugin er st\u00f3rur, og t\u00ed tilskila vit okkum r\u00e6ttin til at velja burtur\u00far, fyri at b\u00e1sarnir og v\u00f8ru\u00farvali\u00f0 er fj\u00f8lbroytt, og at j\u00f3lamarkna\u00f0urin er fj\u00e1lgur og hevur ein d\u00e1m av j\u00f3lahugna.<\/p>\n\n\n\n<div style=\"height:15px\" aria-hidden=\"true\" class=\"wp-block-spacer\"><\/div>\n\n\n\n<h6 class=\"wp-block-heading has-text-align-center\">Ni\u00f0anfyri ber\u00f0 til at taka leigus\u00e1ttm\u00e1lan til j\u00f3lasm\u00e1tturnar ni\u00f0ur:<\/h6>\n\n\n\n<div style=\"height:5px\" aria-hidden=\"true\" class=\"wp-block-spacer\"><\/div>\n\n\n\n<div id=\"files_block_501834e50210bdb3dad3e26990957369\" class=\"lunnar-files\">\n\n    \n            <div class=\"files-grid per-row-1\">\n                                            <a href=\"https:\/\/www.visittorshavn.fo\/wp-content\/uploads\/2025\/09\/Leigusattmali-um-Jolasmattur-1.pdf\" download class=\"file-upload\">\n                                            <div class=\"file-upload--image\">\n                            <div class=\"file-upload--image-inner\">\n                                <img decoding=\"async\" data-src=\"https:\/\/www.visittorshavn.fo\/wp-content\/smush-webp\/2025\/09\/25nov23_B3A2391.jpg.webp\" width=\"800\" height=\"534\" style=\"--smush-placeholder-width: 800px; --smush-placeholder-aspect-ratio: 800\/534;object-position: 49.3488% 31.6250%\" src=\"data:image\/svg+xml;base64,PHN2ZyB3aWR0aD0iMSIgaGVpZ2h0PSIxIiB4bWxucz0iaHR0cDovL3d3dy53My5vcmcvMjAwMC9zdmciPjwvc3ZnPg==\" class=\"lazyload\" data-srcset=\"https:\/\/www.visittorshavn.fo\/wp-content\/smush-webp\/2025\/09\/25nov23_B3A2391.jpg.webp 1600w, https:\/\/www.visittorshavn.fo\/wp-content\/smush-webp\/2025\/09\/25nov23_B3A2391-800x534.jpg.webp 800w, https:\/\/www.visittorshavn.fo\/wp-content\/smush-webp\/2025\/09\/25nov23_B3A2391-1200x800.jpg.webp 1200w, https:\/\/www.visittorshavn.fo\/wp-content\/smush-webp\/2025\/09\/25nov23_B3A2391-768x512.jpg.webp 768w, https:\/\/www.visittorshavn.fo\/wp-content\/smush-webp\/2025\/09\/25nov23_B3A2391-1536x1024.jpg.webp 1536w, https:\/\/www.visittorshavn.fo\/wp-content\/smush-webp\/2025\/09\/25nov23_B3A2391-1320x880.jpg.webp 1320w, https:\/\/www.visittorshavn.fo\/wp-content\/smush-webp\/2025\/09\/25nov23_B3A2391-600x400.jpg.webp 600w\" data-sizes=\"auto\" data-original-sizes=\"(max-width: 800px) 100vw, 800px\">\n                            <\/div>\n                        <\/div>\n                    \n                    <div class=\"file-upload--text\">\n                        <div class=\"file-upload--title\">\n                            <img decoding=\"async\" src=\"https:\/\/www.visittorshavn.fo\/wp-content\/themes\/lunnar-visittorshavn\/images\/icon-download.svg\" class=\"injectable\" \/>\n                                                            <h6>Leigus\u00e1ttm\u00e1li um j\u00f3lasm\u00e1ttur<\/h6>\n                                                    <\/div>\n\n                        <div class=\"file-upload--download\">\n                            <p>Heinta f\u00edlu<\/p>\n\n                            <img decoding=\"async\" src=\"https:\/\/www.visittorshavn.fo\/wp-content\/themes\/lunnar-visittorshavn\/images\/icon-download.svg\" class=\"injectable\" \/>                        <\/div>\n                    <\/div>\n                <\/a>\n                    <\/div>\n    <\/div>\n\n\n<div style=\"height:15px\" aria-hidden=\"true\" class=\"wp-block-spacer\"><\/div>\n\n\n\n<h6 class=\"wp-block-heading\"><strong>Praktisk kunning<\/strong><\/h6>\n\n\n\n<ul class=\"wp-block-list\">\n<li>El ver\u00f0ur t\u00f8kt \u00ed \u00f8llum b\u00e1sunum &#8211; t\u00f3 er ney\u00f0ugt hj\u00e1 okkum j\u00fast at vita hvussu n\u00f3gv el-t\u00f3l tit koma at br\u00faka.<\/li>\n\n\n\n<li>Hita-g\u00f3lvlampur eru t\u00f8kur at l\u00e1na &#8211; har er eitt depositum \u00e1 300kr (kontant), sum s\u00ed\u00f0ani ver\u00f0ur afturgoldi\u00f0, t\u00e1 lampan ver\u00f0ur lantin inn aftur.<\/li>\n\n\n\n<li>Sm\u00e1tturnar vera pynta\u00f0ar vi\u00f0 perum uttan &#8211; men tit skulu vera v\u00e6lkomin at hava egi\u00f0 pynt vi\u00f0, fyri at f\u00e1a j\u00f3lad\u00e1min inn\u00ed sm\u00e1ttuna<\/li>\n<\/ul>\n\n\n\n<div style=\"height:15px\" aria-hidden=\"true\" class=\"wp-block-spacer\"><\/div>\n\n\n\n<h6 class=\"wp-block-heading\"><strong>Upplatingart\u00ed\u00f0ir fyri j\u00f3lamarkna\u00f0in<\/strong>:<\/h6>\n\n\n\n<div class=\"wp-block-columns is-layout-flex wp-container-core-columns-is-layout-9d6595d7 wp-block-columns-is-layout-flex\">\n<div class=\"wp-block-column is-layout-flow wp-block-column-is-layout-flow\">\n<p>29.november kl. 12 &#8211; 20 (J\u00f3latr\u00e6i\u00f0 \u00e1 Vaglinum tendrar)<\/p>\n\n\n\n<p>30.november kl. 14 &#8211; 20<\/p>\n\n\n\n<p>5.december kl. 16 &#8211; 20<\/p>\n\n\n\n<p>6.december kl. 12 &#8211; 20 (Barnaj\u00f3l)<\/p>\n\n\n\n<p>7.december kl. 14 \u2013 20<\/p>\n\n\n\n<p>12.december kl. 16 &#8211; 20<\/p>\n\n\n\n<p>13.december kl. 12 &#8211; 20 (J\u00f3laskipi\u00f0 kemur)<\/p>\n\n\n\n<p>14.december kl. 14 &#8211; 20<\/p>\n\n\n\n<p>15.december kl. 14 &#8211; 20<\/p>\n<\/div>\n\n\n\n<div class=\"wp-block-column is-layout-flow wp-block-column-is-layout-flow\">\n<p>16.december kl. 14 &#8211; 20<\/p>\n\n\n\n<p>17.december Kl. 14 &#8211; 20<\/p>\n\n\n\n<p>18.december Kl. 14 &#8211; 20<\/p>\n\n\n\n<p>19.december Kl. 14 &#8211; 20<\/p>\n\n\n\n<p>20.december Kl. 14 &#8211; 20<\/p>\n\n\n\n<p>21.december kl. 14 &#8211; 20 (j\u00f3lamenn \u00e1 s\u00fakklu)<\/p>\n\n\n\n<p>22.december kl. 14 &#8211; 21<\/p>\n\n\n\n<p>23.december kl. 14 &#8211; 21<\/p>\n<\/div>\n<\/div>\n\n\n\n<div style=\"height:100px\" aria-hidden=\"true\" class=\"wp-block-spacer\"><\/div>\n\n\n\n<h4 class=\"wp-block-heading has-text-align-center\"><strong>Leiga eina j\u00f3lasm\u00e1ttu vi\u00f0 at \u00fatfylla skjali\u00f0 ni\u00f0anfyri:<\/strong><\/h4>\n\n\n\n<p class=\"has-text-align-center has-small-font-size\"><em>Seinasta freist at s\u00f8kja um at leiga eina sm\u00e1ttu er 1.november 2025, og vit venda aftur vi\u00f0 n\u00e6r og hvar \u00ed seinasta lagi 14.<em>november 2025<\/em><\/em><\/p>\n\n\n\n<div style=\"height:65px\" aria-hidden=\"true\" class=\"wp-block-spacer\"><\/div>\n\n\nUnpublished form\n\n\n<div style=\"height:200px\" aria-hidden=\"true\" class=\"wp-block-spacer\"><\/div>\n","protected":false},"excerpt":{"rendered":"<p>J\u00f3lamarkna\u00f0urin \u00e1 Vaglinum! \u00cd sm\u00e1ttunum ber til at keypa s\u00e6r okkurt heitt at drekka og okkurt s\u00f8tt afturvi\u00f0, me\u00f0an man n\u00fdtur g\u00f3\u00f0a j\u00f3lastemningin \u00ed b\u00fdnum.Eisini eru har sm\u00e1ttur i\u00f0 selja [&hellip;]<\/p>\n","protected":false},"author":3,"featured_media":147052,"parent":0,"menu_order":0,"comment_status":"closed","ping_status":"closed","template":"","meta":{"_acf_changed":false,"footnotes":""},"page_category":[],"class_list":["post-142436","page","type-page","status-publish","has-post-thumbnail","hentry"],"acf":[],"yoast_head":"<!-- This site is optimized with the Yoast SEO plugin v27.5 - https:\/\/yoast.com\/product\/yoast-seo-wordpress\/ -->\n<title>Leiga j\u00f3lasm\u00e1ttu - Visit Torshavn<\/title>\n<meta name=\"robots\" content=\"index, follow, max-snippet:-1, max-image-preview:large, max-video-preview:-1\" \/>\n<link rel=\"canonical\" href=\"https:\/\/www.visittorshavn.fo\/fo\/leiga-jolasmattu\/\" \/>\n<meta property=\"og:locale\" content=\"fo_FO\" \/>\n<meta property=\"og:type\" content=\"article\" \/>\n<meta property=\"og:title\" content=\"Leiga j\u00f3lasm\u00e1ttu - Visit Torshavn\" \/>\n<meta property=\"og:description\" content=\"J\u00f3lamarkna\u00f0urin \u00e1 Vaglinum! \u00cd sm\u00e1ttunum ber til at keypa s\u00e6r okkurt heitt at drekka og okkurt s\u00f8tt afturvi\u00f0, me\u00f0an man n\u00fdtur g\u00f3\u00f0a j\u00f3lastemningin \u00ed b\u00fdnum.Eisini eru har sm\u00e1ttur i\u00f0 selja [&hellip;]\" \/>\n<meta property=\"og:url\" content=\"https:\/\/www.visittorshavn.fo\/fo\/leiga-jolasmattu\/\" \/>\n<meta property=\"og:site_name\" content=\"Visit Torshavn\" \/>\n<meta property=\"article:modified_time\" content=\"2025-09-18T13:06:23+00:00\" \/>\n<meta property=\"og:image\" content=\"https:\/\/www.visittorshavn.fo\/wp-content\/uploads\/2025\/09\/30nov24_B3A0013-1-1200x800.jpg\" \/>\n\t<meta property=\"og:image:width\" content=\"1200\" \/>\n\t<meta property=\"og:image:height\" content=\"800\" \/>\n\t<meta property=\"og:image:type\" content=\"image\/jpeg\" \/>\n<meta name=\"twitter:card\" content=\"summary_large_image\" \/>\n<meta name=\"twitter:label1\" content=\"Est. reading time\" \/>\n\t<meta name=\"twitter:data1\" content=\"3 minutes\" \/>\n<script type=\"application\/ld+json\" class=\"yoast-schema-graph\">{\"@context\":\"https:\\\/\\\/schema.org\",\"@graph\":[{\"@type\":\"WebPage\",\"@id\":\"https:\\\/\\\/www.visittorshavn.fo\\\/fo\\\/leiga-jolasmattu\\\/\",\"url\":\"https:\\\/\\\/www.visittorshavn.fo\\\/fo\\\/leiga-jolasmattu\\\/\",\"name\":\"Leiga j\u00f3lasm\u00e1ttu - Visit Torshavn\",\"isPartOf\":{\"@id\":\"https:\\\/\\\/www.visittorshavn.fo\\\/fo\\\/#website\"},\"primaryImageOfPage\":{\"@id\":\"https:\\\/\\\/www.visittorshavn.fo\\\/fo\\\/leiga-jolasmattu\\\/#primaryimage\"},\"image\":{\"@id\":\"https:\\\/\\\/www.visittorshavn.fo\\\/fo\\\/leiga-jolasmattu\\\/#primaryimage\"},\"thumbnailUrl\":\"https:\\\/\\\/www.visittorshavn.fo\\\/wp-content\\\/uploads\\\/2025\\\/09\\\/30nov24_B3A0013-1.jpg\",\"datePublished\":\"2025-09-12T10:47:13+00:00\",\"dateModified\":\"2025-09-18T13:06:23+00:00\",\"breadcrumb\":{\"@id\":\"https:\\\/\\\/www.visittorshavn.fo\\\/fo\\\/leiga-jolasmattu\\\/#breadcrumb\"},\"inLanguage\":\"fo-FO\",\"potentialAction\":[{\"@type\":\"ReadAction\",\"target\":[\"https:\\\/\\\/www.visittorshavn.fo\\\/fo\\\/leiga-jolasmattu\\\/\"]}]},{\"@type\":\"ImageObject\",\"inLanguage\":\"fo-FO\",\"@id\":\"https:\\\/\\\/www.visittorshavn.fo\\\/fo\\\/leiga-jolasmattu\\\/#primaryimage\",\"url\":\"https:\\\/\\\/www.visittorshavn.fo\\\/wp-content\\\/uploads\\\/2025\\\/09\\\/30nov24_B3A0013-1.jpg\",\"contentUrl\":\"https:\\\/\\\/www.visittorshavn.fo\\\/wp-content\\\/uploads\\\/2025\\\/09\\\/30nov24_B3A0013-1.jpg\",\"width\":1600,\"height\":1067},{\"@type\":\"BreadcrumbList\",\"@id\":\"https:\\\/\\\/www.visittorshavn.fo\\\/fo\\\/leiga-jolasmattu\\\/#breadcrumb\",\"itemListElement\":[{\"@type\":\"ListItem\",\"position\":1,\"name\":\"Home\",\"item\":\"https:\\\/\\\/www.visittorshavn.fo\\\/fo\\\/\"},{\"@type\":\"ListItem\",\"position\":2,\"name\":\"Leiga j\u00f3lasm\u00e1ttu\"}]},{\"@type\":\"WebSite\",\"@id\":\"https:\\\/\\\/www.visittorshavn.fo\\\/fo\\\/#website\",\"url\":\"https:\\\/\\\/www.visittorshavn.fo\\\/fo\\\/\",\"name\":\"Visit Torshavn\",\"description\":\"\",\"potentialAction\":[{\"@type\":\"SearchAction\",\"target\":{\"@type\":\"EntryPoint\",\"urlTemplate\":\"https:\\\/\\\/www.visittorshavn.fo\\\/fo\\\/?s={search_term_string}\"},\"query-input\":{\"@type\":\"PropertyValueSpecification\",\"valueRequired\":true,\"valueName\":\"search_term_string\"}}],\"inLanguage\":\"fo-FO\"}]}<\/script>\n<!-- \/ Yoast SEO plugin. -->","yoast_head_json":{"title":"Leiga j\u00f3lasm\u00e1ttu - Visit Torshavn","robots":{"index":"index","follow":"follow","max-snippet":"max-snippet:-1","max-image-preview":"max-image-preview:large","max-video-preview":"max-video-preview:-1"},"canonical":"https:\/\/www.visittorshavn.fo\/fo\/leiga-jolasmattu\/","og_locale":"fo_FO","og_type":"article","og_title":"Leiga j\u00f3lasm\u00e1ttu - Visit Torshavn","og_description":"J\u00f3lamarkna\u00f0urin \u00e1 Vaglinum! \u00cd sm\u00e1ttunum ber til at keypa s\u00e6r okkurt heitt at drekka og okkurt s\u00f8tt afturvi\u00f0, me\u00f0an man n\u00fdtur g\u00f3\u00f0a j\u00f3lastemningin \u00ed b\u00fdnum.Eisini eru har sm\u00e1ttur i\u00f0 selja [&hellip;]","og_url":"https:\/\/www.visittorshavn.fo\/fo\/leiga-jolasmattu\/","og_site_name":"Visit Torshavn","article_modified_time":"2025-09-18T13:06:23+00:00","og_image":[{"width":1200,"height":800,"url":"https:\/\/www.visittorshavn.fo\/wp-content\/uploads\/2025\/09\/30nov24_B3A0013-1-1200x800.jpg","type":"image\/jpeg"}],"twitter_card":"summary_large_image","twitter_misc":{"Est. reading time":"3 minutes"},"schema":{"@context":"https:\/\/schema.org","@graph":[{"@type":"WebPage","@id":"https:\/\/www.visittorshavn.fo\/fo\/leiga-jolasmattu\/","url":"https:\/\/www.visittorshavn.fo\/fo\/leiga-jolasmattu\/","name":"Leiga j\u00f3lasm\u00e1ttu - Visit Torshavn","isPartOf":{"@id":"https:\/\/www.visittorshavn.fo\/fo\/#website"},"primaryImageOfPage":{"@id":"https:\/\/www.visittorshavn.fo\/fo\/leiga-jolasmattu\/#primaryimage"},"image":{"@id":"https:\/\/www.visittorshavn.fo\/fo\/leiga-jolasmattu\/#primaryimage"},"thumbnailUrl":"https:\/\/www.visittorshavn.fo\/wp-content\/uploads\/2025\/09\/30nov24_B3A0013-1.jpg","datePublished":"2025-09-12T10:47:13+00:00","dateModified":"2025-09-18T13:06:23+00:00","breadcrumb":{"@id":"https:\/\/www.visittorshavn.fo\/fo\/leiga-jolasmattu\/#breadcrumb"},"inLanguage":"fo-FO","potentialAction":[{"@type":"ReadAction","target":["https:\/\/www.visittorshavn.fo\/fo\/leiga-jolasmattu\/"]}]},{"@type":"ImageObject","inLanguage":"fo-FO","@id":"https:\/\/www.visittorshavn.fo\/fo\/leiga-jolasmattu\/#primaryimage","url":"https:\/\/www.visittorshavn.fo\/wp-content\/uploads\/2025\/09\/30nov24_B3A0013-1.jpg","contentUrl":"https:\/\/www.visittorshavn.fo\/wp-content\/uploads\/2025\/09\/30nov24_B3A0013-1.jpg","width":1600,"height":1067},{"@type":"BreadcrumbList","@id":"https:\/\/www.visittorshavn.fo\/fo\/leiga-jolasmattu\/#breadcrumb","itemListElement":[{"@type":"ListItem","position":1,"name":"Home","item":"https:\/\/www.visittorshavn.fo\/fo\/"},{"@type":"ListItem","position":2,"name":"Leiga j\u00f3lasm\u00e1ttu"}]},{"@type":"WebSite","@id":"https:\/\/www.visittorshavn.fo\/fo\/#website","url":"https:\/\/www.visittorshavn.fo\/fo\/","name":"Visit Torshavn","description":"","potentialAction":[{"@type":"SearchAction","target":{"@type":"EntryPoint","urlTemplate":"https:\/\/www.visittorshavn.fo\/fo\/?s={search_term_string}"},"query-input":{"@type":"PropertyValueSpecification","valueRequired":true,"valueName":"search_term_string"}}],"inLanguage":"fo-FO"}]}},"_links":{"self":[{"href":"https:\/\/www.visittorshavn.fo\/fo\/wp-json\/wp\/v2\/pages\/142436","targetHints":{"allow":["GET"]}}],"collection":[{"href":"https:\/\/www.visittorshavn.fo\/fo\/wp-json\/wp\/v2\/pages"}],"about":[{"href":"https:\/\/www.visittorshavn.fo\/fo\/wp-json\/wp\/v2\/types\/page"}],"author":[{"embeddable":true,"href":"https:\/\/www.visittorshavn.fo\/fo\/wp-json\/wp\/v2\/users\/3"}],"replies":[{"embeddable":true,"href":"https:\/\/www.visittorshavn.fo\/fo\/wp-json\/wp\/v2\/comments?post=142436"}],"version-history":[{"count":0,"href":"https:\/\/www.visittorshavn.fo\/fo\/wp-json\/wp\/v2\/pages\/142436\/revisions"}],"wp:featuredmedia":[{"embeddable":true,"href":"https:\/\/www.visittorshavn.fo\/fo\/wp-json\/wp\/v2\/media\/147052"}],"wp:attachment":[{"href":"https:\/\/www.visittorshavn.fo\/fo\/wp-json\/wp\/v2\/media?parent=142436"}],"wp:term":[{"taxonomy":"page_category","embeddable":true,"href":"https:\/\/www.visittorshavn.fo\/fo\/wp-json\/wp\/v2\/page_category?post=142436"}],"curies":[{"name":"wp","href":"https:\/\/api.w.org\/{rel}","templated":true}]}}