{"id":15171,"date":"2024-06-05T09:27:37","date_gmt":"2024-06-05T08:27:37","guid":{"rendered":"https:\/\/www.visittorshavn.fo\/?page_id=15171"},"modified":"2025-08-15T16:04:08","modified_gmt":"2025-08-15T15:04:08","slug":"tann-deiliga-havn","status":"publish","type":"page","link":"https:\/\/www.visittorshavn.fo\/fo\/tann-deiliga-havn\/","title":{"rendered":"Tann deiliga Havn"},"content":{"rendered":"\n<div class=\"wp-block-cover alignfull has-custom-content-position is-position-bottom-center\" style=\"min-height:600px;aspect-ratio:unset;\"><span aria-hidden=\"true\" class=\"wp-block-cover__background has-background-dim\" style=\"background-color:#967551\"><\/span><img decoding=\"async\" width=\"2560\" height=\"1707\" data-src=\"https:\/\/www.visittorshavn.fo\/wp-content\/smush-webp\/2024\/06\/13jan17_8234.jpg.webp\" class=\"wp-block-cover__image-background wp-post-image lazyload\" alt=\"\" data-object-fit=\"cover\" data-object-position=\"44% 62%\" style=\"--smush-placeholder-width: 2560px; --smush-placeholder-aspect-ratio: 2560\/1707;object-position:44% 62%;\" data-srcset=\"https:\/\/www.visittorshavn.fo\/wp-content\/smush-webp\/2024\/06\/13jan17_8234.jpg.webp 2560w, https:\/\/www.visittorshavn.fo\/wp-content\/smush-webp\/2024\/06\/13jan17_8234-800x533.jpg.webp 800w, https:\/\/www.visittorshavn.fo\/wp-content\/smush-webp\/2024\/06\/13jan17_8234-1200x800.jpg.webp 1200w, https:\/\/www.visittorshavn.fo\/wp-content\/smush-webp\/2024\/06\/13jan17_8234-768x512.jpg.webp 768w, https:\/\/www.visittorshavn.fo\/wp-content\/smush-webp\/2024\/06\/13jan17_8234-1536x1024.jpg.webp 1536w, https:\/\/www.visittorshavn.fo\/wp-content\/uploads\/2024\/06\/13jan17_8234-2048x1366.jpg 2048w, https:\/\/www.visittorshavn.fo\/wp-content\/uploads\/2024\/06\/13jan17_8234-1320x880.jpg 1320w, https:\/\/www.visittorshavn.fo\/wp-content\/smush-webp\/2024\/06\/13jan17_8234-600x400.jpg.webp 600w\" data-sizes=\"auto\" src=\"data:image\/svg+xml;base64,PHN2ZyB3aWR0aD0iMSIgaGVpZ2h0PSIxIiB4bWxucz0iaHR0cDovL3d3dy53My5vcmcvMjAwMC9zdmciPjwvc3ZnPg==\" data-original-sizes=\"(max-width: 2560px) 100vw, 2560px\" \/><div class=\"wp-block-cover__inner-container is-layout-constrained wp-block-cover-is-layout-constrained\">\n<div class=\"wp-block-columns alignwide is-layout-flex wp-container-core-columns-is-layout-9d6595d7 wp-block-columns-is-layout-flex\">\n<div class=\"wp-block-column is-layout-flow wp-block-column-is-layout-flow\">\n<div id=\"breadcrumbs_block_ecbfcb99b18a565c28688d7d06ebe210\" class=\"lunnar-breadcrumbs\">\n            <div class=\"lunnar-breadcrumbs\"><ul><\/ul><\/div>    <\/div>\n\n\n<h1 class=\"wp-block-heading\">Tann deiliga Havn<\/h1>\n<\/div>\n\n\n\n<div class=\"wp-block-column is-layout-flow wp-block-column-is-layout-flow\"><\/div>\n<\/div>\n\n\n\n<div style=\"height:60px\" aria-hidden=\"true\" class=\"wp-block-spacer\"><\/div>\n<\/div><\/div>\n\n\n\n<div style=\"height:100px\" aria-hidden=\"true\" class=\"wp-block-spacer\"><\/div>\n\n\n\n<div class=\"wp-block-columns is-layout-flex wp-container-core-columns-is-layout-9d6595d7 wp-block-columns-is-layout-flex\">\n<div class=\"wp-block-column is-vertically-aligned-top is-layout-flow wp-block-column-is-layout-flow\">\n<h1 class=\"wp-block-heading\">Hendinga-r\u00edka Havnin<\/h1>\n<\/div>\n\n\n\n<div class=\"wp-block-column is-vertically-aligned-top is-layout-flow wp-block-column-is-layout-flow\">\n<p>Havnin er karmur um mong tilt\u00f8k og hendingar, i\u00f0 fagna f\u00f8royska andan og binda okkum saman. \u00cd h\u00f3pi vi\u00f0 \u00f8\u00f0rum hugna vit okkum \u00e1 fj\u00f8lbroyttum matstovum, stuttleika okkum saman vi\u00f0 familjuni og fara til alskyns tilt\u00f8k \u00ed b\u00fdnum.<\/p>\n<\/div>\n<\/div>\n\n\n\n<div style=\"height:100px\" aria-hidden=\"true\" class=\"wp-block-spacer\"><\/div>\n\n\n\n<div id=\"news_block_cce0513c14f424aa6783b92eb80583a3\" class=\"lunnar-news alignwide\">\n\n    \n                        <div class=\"news-grid\">\n                                    \n<a href=\"https:\/\/www.visittorshavn.fo\/fo\/earth-hour-foroyar\/\" class=\"post-container\">\n    <div class=\"post-content--container\">\n        <div class=\"post-action--container\">\n                            <div class=\"action-tag--container\" style=\"background-color: #8FD6DA\">\n                    <small>Upplivingar<\/small>\n                <\/div>\n            \n            <div class=\"action-icon--container\">\n                <img decoding=\"async\" src=\"https:\/\/www.visittorshavn.fo\/wp-content\/themes\/lunnar-visittorshavn\/images\/icon-arrow.svg\" class=\"injectable\" \/>            <\/div>\n        <\/div>\n\n        <div class=\"post-text--container\">\n            <h3>\n                Jar\u00f0art\u00edmin (Earth Hour)            <\/h3>\n\n                            <small>\n                    February 17th 2026                <\/small>\n            \n                            <p>\n                    Jar\u00f0art\u00edmin (Earth Hour) 2026 er \u00e1settur at vera leygardagin 28. mars fr\u00e1 kl. 20.30 til kl. 21.30. \u00c1taki\u00f0 Earth Hour er l\u00e6tt at vera vi\u00f0 \u00ed. Sl\u00f8kk lj\u00f3si\u00f0 \u00ed ein t&#8230;                <\/p>\n                    <\/div>\n    <\/div>\n\n    <div class=\"post-image\">\n                    <img decoding=\"async\" data-src=\"https:\/\/www.visittorshavn.fo\/wp-content\/smush-webp\/2024\/09\/earth-hour.png.webp\" style=\"--smush-image-width: 1920px; --smush-image-aspect-ratio: 1920\/1080;object-position: 50% 50%;\" width=\"1920\" class=\"smush-dimensions lazyload\" src=\"data:image\/svg+xml;base64,PHN2ZyB3aWR0aD0iMSIgaGVpZ2h0PSIxIiB4bWxucz0iaHR0cDovL3d3dy53My5vcmcvMjAwMC9zdmciPjwvc3ZnPg==\" data-srcset=\"https:\/\/www.visittorshavn.fo\/wp-content\/smush-webp\/2024\/09\/earth-hour.png.webp 1920w, https:\/\/www.visittorshavn.fo\/wp-content\/smush-webp\/2024\/09\/earth-hour-800x450.png.webp 800w, https:\/\/www.visittorshavn.fo\/wp-content\/smush-webp\/2024\/09\/earth-hour-1200x675.png.webp 1200w, https:\/\/www.visittorshavn.fo\/wp-content\/smush-webp\/2024\/09\/earth-hour-768x432.png.webp 768w, https:\/\/www.visittorshavn.fo\/wp-content\/smush-webp\/2024\/09\/earth-hour-1536x864.png.webp 1536w, https:\/\/www.visittorshavn.fo\/wp-content\/smush-webp\/2024\/09\/earth-hour-600x338.png.webp 600w\" data-sizes=\"auto\" data-original-sizes=\"(max-width: 1920px) 100vw, 1920px\">\n            <\/div>\n<\/a>                                    \n<a href=\"https:\/\/www.visittorshavn.fo\/fo\/romantiska-havnin\/\" class=\"post-container\">\n    <div class=\"post-content--container\">\n        <div class=\"post-action--container\">\n                            <div class=\"action-tag--container\" style=\"background-color: #f9955f\">\n                    <small>Eat &amp; Drink<\/small>\n                <\/div>\n            \n            <div class=\"action-icon--container\">\n                <img decoding=\"async\" src=\"https:\/\/www.visittorshavn.fo\/wp-content\/themes\/lunnar-visittorshavn\/images\/icon-arrow.svg\" class=\"injectable\" \/>            <\/div>\n        <\/div>\n\n        <div class=\"post-text--container\">\n            <h3>\n                Romantiska Havnin            <\/h3>\n\n                            <small>\n                    February 14th 2026                <\/small>\n            \n                            <p>\n                    Bor\u00f0 fyri tvey vi\u00f0 livandi lj\u00f3si og n\u00e6rveruni av hv\u00f8rjum \u00f8\u00f0rum \u2013 mitt \u00ed hjartanum \u00ed Havn. Bara tit b\u00e6\u00f0i \u2026 og ein matarskr\u00e1 \u00e1 tremur vi\u00f0 t\u00ed feskasta, sum Havnin &#8230;                <\/p>\n                    <\/div>\n    <\/div>\n\n    <div class=\"post-image\">\n                    <img decoding=\"async\" data-src=\"https:\/\/www.visittorshavn.fo\/wp-content\/smush-webp\/2024\/04\/hallartun.jpg.webp\" style=\"--smush-image-width: 2560px; --smush-image-aspect-ratio: 2560\/1707;object-position: 50% 50%;\" width=\"2560\" class=\"smush-dimensions lazyload\" src=\"data:image\/svg+xml;base64,PHN2ZyB3aWR0aD0iMSIgaGVpZ2h0PSIxIiB4bWxucz0iaHR0cDovL3d3dy53My5vcmcvMjAwMC9zdmciPjwvc3ZnPg==\" data-srcset=\"https:\/\/www.visittorshavn.fo\/wp-content\/smush-webp\/2024\/04\/hallartun.jpg.webp 2560w, https:\/\/www.visittorshavn.fo\/wp-content\/smush-webp\/2024\/04\/hallartun-800x533.jpg.webp 800w, https:\/\/www.visittorshavn.fo\/wp-content\/uploads\/2024\/04\/hallartun-1200x800.jpg 1200w, https:\/\/www.visittorshavn.fo\/wp-content\/smush-webp\/2024\/04\/hallartun-768x512.jpg.webp 768w, https:\/\/www.visittorshavn.fo\/wp-content\/smush-webp\/2024\/04\/hallartun-1536x1024.jpg.webp 1536w, https:\/\/www.visittorshavn.fo\/wp-content\/uploads\/2024\/04\/hallartun-2048x1366.jpg 2048w, https:\/\/www.visittorshavn.fo\/wp-content\/uploads\/2024\/04\/hallartun-1320x880.jpg 1320w, https:\/\/www.visittorshavn.fo\/wp-content\/smush-webp\/2024\/04\/hallartun-600x400.jpg.webp 600w\" data-sizes=\"auto\" data-original-sizes=\"(max-width: 2560px) 100vw, 2560px\">\n            <\/div>\n<\/a>                                    \n<a href=\"https:\/\/www.visittorshavn.fo\/fo\/havnin-a-heysti\/\" class=\"post-container\">\n    <div class=\"post-content--container\">\n        <div class=\"post-action--container\">\n                            <div class=\"action-tag--container\" style=\"background-color: #f9955f\">\n                    <small>Eat &amp; Drink<\/small>\n                <\/div>\n            \n            <div class=\"action-icon--container\">\n                <img decoding=\"async\" src=\"https:\/\/www.visittorshavn.fo\/wp-content\/themes\/lunnar-visittorshavn\/images\/icon-arrow.svg\" class=\"injectable\" \/>            <\/div>\n        <\/div>\n\n        <div class=\"post-text--container\">\n            <h3>\n                Havnin ein regn fagran dag            <\/h3>\n\n                            <small>\n                    September 01st 2025                <\/small>\n            \n                            <p>\n                    Hugskot til ein hugnaligan regndag \u00ed Havn Fyri at siga ta\u00f0 sum ta\u00f0 er&#8230; Ve\u00f0ri\u00f0 \u00ed Havn er ikki alt\u00ed\u00f0 av t\u00ed besta, men ta\u00f0 er ein partur av t\u00ed, sum ger ein t\u00far t&#8230;                <\/p>\n                    <\/div>\n    <\/div>\n\n    <div class=\"post-image\">\n                    <img decoding=\"async\" data-src=\"https:\/\/www.visittorshavn.fo\/wp-content\/smush-webp\/2025\/09\/DSC_9566.jpg.webp\" style=\"--smush-image-width: 2560px; --smush-image-aspect-ratio: 2560\/1703;object-position: 50% 50%;\" width=\"2560\" class=\"smush-dimensions lazyload\" src=\"data:image\/svg+xml;base64,PHN2ZyB3aWR0aD0iMSIgaGVpZ2h0PSIxIiB4bWxucz0iaHR0cDovL3d3dy53My5vcmcvMjAwMC9zdmciPjwvc3ZnPg==\" data-srcset=\"https:\/\/www.visittorshavn.fo\/wp-content\/smush-webp\/2025\/09\/DSC_9566.jpg.webp 2560w, https:\/\/www.visittorshavn.fo\/wp-content\/smush-webp\/2025\/09\/DSC_9566-800x532.jpg.webp 800w, https:\/\/www.visittorshavn.fo\/wp-content\/smush-webp\/2025\/09\/DSC_9566-1200x798.jpg.webp 1200w, https:\/\/www.visittorshavn.fo\/wp-content\/smush-webp\/2025\/09\/DSC_9566-768x511.jpg.webp 768w, https:\/\/www.visittorshavn.fo\/wp-content\/smush-webp\/2025\/09\/DSC_9566-1536x1022.jpg.webp 1536w, https:\/\/www.visittorshavn.fo\/wp-content\/smush-webp\/2025\/09\/DSC_9566-2048x1362.jpg.webp 2048w, https:\/\/www.visittorshavn.fo\/wp-content\/smush-webp\/2025\/09\/DSC_9566-1320x878.jpg.webp 1320w, https:\/\/www.visittorshavn.fo\/wp-content\/smush-webp\/2025\/09\/DSC_9566-600x399.jpg.webp 600w\" data-sizes=\"auto\" data-original-sizes=\"(max-width: 2560px) 100vw, 2560px\">\n            <\/div>\n<\/a>                                    \n<a href=\"https:\/\/www.visittorshavn.fo\/fo\/nolsoy\/\" class=\"post-container\">\n    <div class=\"post-content--container\">\n        <div class=\"post-action--container\">\n                            <div class=\"action-tag--container\" style=\"background-color: #8FD6DA\">\n                    <small>Upplivingar<\/small>\n                <\/div>\n            \n            <div class=\"action-icon--container\">\n                <img decoding=\"async\" src=\"https:\/\/www.visittorshavn.fo\/wp-content\/themes\/lunnar-visittorshavn\/images\/icon-arrow.svg\" class=\"injectable\" \/>            <\/div>\n        <\/div>\n\n        <div class=\"post-text--container\">\n            <h3>\n                N\u00f3lsoy            <\/h3>\n\n                            <small>\n                    June 29th 2025                <\/small>\n            \n                            <p>\n                    N\u00f3lsoy&nbsp;er ein av sm\u00e1u oyggjunum \u00ed F\u00f8royum, 10 km\u00b2 til v\u00edddar, og liggur stutt eystan fyri h\u00f8vu\u00f0ssta\u00f0in. H\u00f3ast N\u00f3lsoy er 371 metrar h\u00f8g, so er hon tann l\u00e6gs&#8230;                <\/p>\n                    <\/div>\n    <\/div>\n\n    <div class=\"post-image\">\n                    <img decoding=\"async\" data-src=\"https:\/\/www.visittorshavn.fo\/wp-content\/smush-webp\/2024\/03\/nlsoy-scaled_full.jpg.webp\" style=\"--smush-image-width: 1920px; --smush-image-aspect-ratio: 1920\/1272;object-position: 50% 50%;\" width=\"1920\" class=\"smush-dimensions lazyload\" src=\"data:image\/svg+xml;base64,PHN2ZyB3aWR0aD0iMSIgaGVpZ2h0PSIxIiB4bWxucz0iaHR0cDovL3d3dy53My5vcmcvMjAwMC9zdmciPjwvc3ZnPg==\" data-srcset=\"https:\/\/www.visittorshavn.fo\/wp-content\/smush-webp\/2024\/03\/nlsoy-scaled_full.jpg.webp 1920w, https:\/\/www.visittorshavn.fo\/wp-content\/smush-webp\/2024\/03\/nlsoy-scaled_full-800x530.jpg.webp 800w, https:\/\/www.visittorshavn.fo\/wp-content\/uploads\/2024\/03\/nlsoy-scaled_full-1200x795.jpg 1200w, https:\/\/www.visittorshavn.fo\/wp-content\/smush-webp\/2024\/03\/nlsoy-scaled_full-768x509.jpg.webp 768w, https:\/\/www.visittorshavn.fo\/wp-content\/smush-webp\/2024\/03\/nlsoy-scaled_full-1536x1018.jpg.webp 1536w, https:\/\/www.visittorshavn.fo\/wp-content\/uploads\/2024\/03\/nlsoy-scaled_full-1320x875.jpg 1320w, https:\/\/www.visittorshavn.fo\/wp-content\/smush-webp\/2024\/03\/nlsoy-scaled_full-600x398.jpg.webp 600w\" data-sizes=\"auto\" data-original-sizes=\"(max-width: 1920px) 100vw, 1920px\">\n            <\/div>\n<\/a>                                    \n<a href=\"https:\/\/www.visittorshavn.fo\/fo\/mentanarnattin\/\" class=\"post-container\">\n    <div class=\"post-content--container\">\n        <div class=\"post-action--container\">\n                            <div class=\"action-tag--container\" style=\"background-color: #8FD6DA\">\n                    <small>Upplivingar<\/small>\n                <\/div>\n            \n            <div class=\"action-icon--container\">\n                <img decoding=\"async\" src=\"https:\/\/www.visittorshavn.fo\/wp-content\/themes\/lunnar-visittorshavn\/images\/icon-arrow.svg\" class=\"injectable\" \/>            <\/div>\n        <\/div>\n\n        <div class=\"post-text--container\">\n            <h3>\n                Mentanarn\u00e1ttin            <\/h3>\n\n                            <small>\n                    May 19th 2025                <\/small>\n            \n                            <p>\n                    S\u00ed\u00f0ani hon var\u00f0 hildin fyrstu fer\u00f0 \u00ed 2001, hevur Mentanarn\u00e1ttin ment seg til st\u00f8rsta einstaka tiltak \u00ed T\u00f3rshavn aftan \u00e1 \u00f3lavs\u00f8kuna, og ofta ver\u00f0ur hon eisini r\u00f3&#8230;                <\/p>\n                    <\/div>\n    <\/div>\n\n    <div class=\"post-image\">\n                    <img decoding=\"async\" data-src=\"https:\/\/www.visittorshavn.fo\/wp-content\/smush-webp\/2024\/05\/3juni22_B3A4771.jpg.webp\" style=\"--smush-image-width: 1600px; --smush-image-aspect-ratio: 1600\/1067;object-position: 50% 50%;\" width=\"1600\" class=\"smush-dimensions lazyload\" src=\"data:image\/svg+xml;base64,PHN2ZyB3aWR0aD0iMSIgaGVpZ2h0PSIxIiB4bWxucz0iaHR0cDovL3d3dy53My5vcmcvMjAwMC9zdmciPjwvc3ZnPg==\" data-srcset=\"https:\/\/www.visittorshavn.fo\/wp-content\/smush-webp\/2024\/05\/3juni22_B3A4771.jpg.webp 1600w, https:\/\/www.visittorshavn.fo\/wp-content\/smush-webp\/2024\/05\/3juni22_B3A4771-800x534.jpg.webp 800w, https:\/\/www.visittorshavn.fo\/wp-content\/smush-webp\/2024\/05\/3juni22_B3A4771-1200x800.jpg.webp 1200w, https:\/\/www.visittorshavn.fo\/wp-content\/smush-webp\/2024\/05\/3juni22_B3A4771-768x512.jpg.webp 768w, https:\/\/www.visittorshavn.fo\/wp-content\/smush-webp\/2024\/05\/3juni22_B3A4771-1536x1024.jpg.webp 1536w, https:\/\/www.visittorshavn.fo\/wp-content\/uploads\/2024\/05\/3juni22_B3A4771-1320x880.jpg 1320w, https:\/\/www.visittorshavn.fo\/wp-content\/smush-webp\/2024\/05\/3juni22_B3A4771-600x400.jpg.webp 600w\" data-sizes=\"auto\" data-original-sizes=\"(max-width: 1600px) 100vw, 1600px\">\n            <\/div>\n<\/a>                                    \n<a href=\"https:\/\/www.visittorshavn.fo\/fo\/jol-i-midbynum-2\/\" class=\"post-container\">\n    <div class=\"post-content--container\">\n        <div class=\"post-action--container\">\n                            <div class=\"action-tag--container\" style=\"background-color: #8FD6DA\">\n                    <small>Matur &amp; Drekka<\/small>\n                <\/div>\n            \n            <div class=\"action-icon--container\">\n                <img decoding=\"async\" src=\"https:\/\/www.visittorshavn.fo\/wp-content\/themes\/lunnar-visittorshavn\/images\/icon-arrow.svg\" class=\"injectable\" \/>            <\/div>\n        <\/div>\n\n        <div class=\"post-text--container\">\n            <h3>\n                J\u00f3l \u00ed Mi\u00f0b\u00fdnum            <\/h3>\n\n                            <small>\n                    November 21st 2024                <\/small>\n            \n                            <p>\n                    J\u00f3lab\u00fdurin letur uppaftur \u00ed \u00e1r. Hur\u00f0arnar vera \u00f3l\u00e6star, og \u00f8ll eru hjartaliga v\u00e6lkomin at st\u00f8kka inn \u00e1 g\u00f3lvi\u00f0 og s\u00edggja j\u00f3lapr\u00fdddu sm\u00e1tturnar, sum sk\u00f3tarnir \u00ed K&#8230;                <\/p>\n                    <\/div>\n    <\/div>\n\n    <div class=\"post-image\">\n                    <img decoding=\"async\" data-src=\"https:\/\/www.visittorshavn.fo\/wp-content\/smush-webp\/2025\/09\/25nov23_B3A2391.jpg.webp\" style=\"--smush-image-width: 1600px; --smush-image-aspect-ratio: 1600\/1067;object-position: 49.3488% 31.6250%;\" width=\"1600\" class=\"smush-dimensions lazyload\" src=\"data:image\/svg+xml;base64,PHN2ZyB3aWR0aD0iMSIgaGVpZ2h0PSIxIiB4bWxucz0iaHR0cDovL3d3dy53My5vcmcvMjAwMC9zdmciPjwvc3ZnPg==\" data-srcset=\"https:\/\/www.visittorshavn.fo\/wp-content\/smush-webp\/2025\/09\/25nov23_B3A2391.jpg.webp 1600w, https:\/\/www.visittorshavn.fo\/wp-content\/smush-webp\/2025\/09\/25nov23_B3A2391-800x534.jpg.webp 800w, https:\/\/www.visittorshavn.fo\/wp-content\/smush-webp\/2025\/09\/25nov23_B3A2391-1200x800.jpg.webp 1200w, https:\/\/www.visittorshavn.fo\/wp-content\/smush-webp\/2025\/09\/25nov23_B3A2391-768x512.jpg.webp 768w, https:\/\/www.visittorshavn.fo\/wp-content\/smush-webp\/2025\/09\/25nov23_B3A2391-1536x1024.jpg.webp 1536w, https:\/\/www.visittorshavn.fo\/wp-content\/smush-webp\/2025\/09\/25nov23_B3A2391-1320x880.jpg.webp 1320w, https:\/\/www.visittorshavn.fo\/wp-content\/smush-webp\/2025\/09\/25nov23_B3A2391-600x400.jpg.webp 600w\" data-sizes=\"auto\" data-original-sizes=\"(max-width: 1600px) 100vw, 1600px\">\n            <\/div>\n<\/a>                                    \n<a href=\"https:\/\/www.visittorshavn.fo\/fo\/jens-kjeld-jensen\/\" class=\"post-container\">\n    <div class=\"post-content--container\">\n        <div class=\"post-action--container\">\n                            <div class=\"action-tag--container\" style=\"background-color: #8FD6DA\">\n                    <small>N\u00f3lsoy<\/small>\n                <\/div>\n            \n            <div class=\"action-icon--container\">\n                <img decoding=\"async\" src=\"https:\/\/www.visittorshavn.fo\/wp-content\/themes\/lunnar-visittorshavn\/images\/icon-arrow.svg\" class=\"injectable\" \/>            <\/div>\n        <\/div>\n\n        <div class=\"post-text--container\">\n            <h3>\n                Jens Kjeld Jensen            <\/h3>\n\n                            <small>\n                    January 12th 2024                <\/small>\n            \n                            <p>\n                    Jens-Kjeld Jensen&nbsp;er fugla- dj\u00f3ra- skord\u00fdrs- og n\u00e1tt\u00faruserfr\u00f8\u00f0ingur, sum er sj\u00e1lvl\u00e6rdur. Hann er dani, men hevur b\u00fa\u00f0 \u00ed F\u00f8royum s\u00ed\u00f0an 1970, har hann b\u00fdr \u00ed&#038;n&#8230;                <\/p>\n                    <\/div>\n    <\/div>\n\n    <div class=\"post-image\">\n                    <img decoding=\"async\" data-src=\"https:\/\/www.visittorshavn.fo\/wp-content\/smush-webp\/2025\/08\/human240.jpg.webp\" style=\"--smush-image-width: 865px; --smush-image-aspect-ratio: 865\/1286;object-position: 50% 50%;\" width=\"865\" class=\"smush-dimensions lazyload\" src=\"data:image\/svg+xml;base64,PHN2ZyB3aWR0aD0iMSIgaGVpZ2h0PSIxIiB4bWxucz0iaHR0cDovL3d3dy53My5vcmcvMjAwMC9zdmciPjwvc3ZnPg==\" data-srcset=\"https:\/\/www.visittorshavn.fo\/wp-content\/smush-webp\/2025\/08\/human240.jpg.webp 865w, https:\/\/www.visittorshavn.fo\/wp-content\/smush-webp\/2025\/08\/human240-538x800.jpg.webp 538w, https:\/\/www.visittorshavn.fo\/wp-content\/smush-webp\/2025\/08\/human240-807x1200.jpg.webp 807w, https:\/\/www.visittorshavn.fo\/wp-content\/smush-webp\/2025\/08\/human240-768x1142.jpg.webp 768w, https:\/\/www.visittorshavn.fo\/wp-content\/smush-webp\/2025\/08\/human240-600x892.jpg.webp 600w\" data-sizes=\"auto\" data-original-sizes=\"(max-width: 865px) 100vw, 865px\">\n            <\/div>\n<\/a>                                    \n<a href=\"https:\/\/www.visittorshavn.fo\/fo\/ove-joensen\/\" class=\"post-container\">\n    <div class=\"post-content--container no-overlay\">\n        <div class=\"post-action--container\">\n                            <div class=\"action-tag--container\" style=\"background-color: #8FD6DA\">\n                    <small>N\u00f3lsoy<\/small>\n                <\/div>\n            \n            <div class=\"action-icon--container\">\n                <img decoding=\"async\" src=\"https:\/\/www.visittorshavn.fo\/wp-content\/themes\/lunnar-visittorshavn\/images\/icon-arrow.svg\" class=\"injectable\" \/>            <\/div>\n        <\/div>\n\n        <div class=\"post-text--container\">\n            <h3>\n                Ove Joensen            <\/h3>\n\n                            <small>\n                    January 12th 2024                <\/small>\n            \n                            <p>\n                    Ove gj\u00f8rdist kendur v\u00ed\u00f0a um t\u00e1 hann kysti l\u00edtlu havfr\u00fanna hin 11 august 1986 \u00e1 Langelinje \u00ed Keypmannahavn, eftir einsamallur at hava r\u00f3 \u00ed 41 samd\u00f8gur \u00far N\u00f3lsoy&#8230;.                <\/p>\n                    <\/div>\n    <\/div>\n\n    <div class=\"post-image\">\n            <\/div>\n<\/a>                                    \n<a href=\"https:\/\/www.visittorshavn.fo\/fo\/nolsoyar-pall\/\" class=\"post-container\">\n    <div class=\"post-content--container\">\n        <div class=\"post-action--container\">\n                            <div class=\"action-tag--container\" style=\"background-color: #8FD6DA\">\n                    <small>N\u00f3lsoy<\/small>\n                <\/div>\n            \n            <div class=\"action-icon--container\">\n                <img decoding=\"async\" src=\"https:\/\/www.visittorshavn.fo\/wp-content\/themes\/lunnar-visittorshavn\/images\/icon-arrow.svg\" class=\"injectable\" \/>            <\/div>\n        <\/div>\n\n        <div class=\"post-text--container\">\n            <h3>\n                N\u00f3lsoyar P\u00e1ll            <\/h3>\n\n                            <small>\n                    January 12th 2024                <\/small>\n            \n                            <p>\n                    N\u00f3lsoyar P\u00e1ll bygdi Royndina Fr\u00ed\u00f0u, sum var fyrsta skip, i\u00f0 var bygt \u00ed F\u00f8roym s\u00ed\u00f0ani v\u00edkingat\u00ed\u00f0ina. Hann er kendur fyri s\u00edtt str\u00ed\u00f0 m\u00f3ti einahandlinum og donsku &#8230;                <\/p>\n                    <\/div>\n    <\/div>\n\n    <div class=\"post-image\">\n                    <img decoding=\"async\" data-src=\"https:\/\/www.visittorshavn.fo\/wp-content\/smush-webp\/2025\/03\/nolsoyar-pall-e1741184170795.jpg.webp\" style=\"--smush-image-width: 1442px; --smush-image-aspect-ratio: 1442\/2342;object-position: 50% 50%;\" width=\"1442\" class=\"smush-dimensions lazyload\" src=\"data:image\/svg+xml;base64,PHN2ZyB3aWR0aD0iMSIgaGVpZ2h0PSIxIiB4bWxucz0iaHR0cDovL3d3dy53My5vcmcvMjAwMC9zdmciPjwvc3ZnPg==\" data-srcset=\"https:\/\/www.visittorshavn.fo\/wp-content\/smush-webp\/2025\/03\/nolsoyar-pall-e1741184170795.jpg.webp 1442w, https:\/\/www.visittorshavn.fo\/wp-content\/smush-webp\/2025\/03\/nolsoyar-pall-e1741184170795-493x800.jpg.webp 493w, https:\/\/www.visittorshavn.fo\/wp-content\/smush-webp\/2025\/03\/nolsoyar-pall-e1741184170795-739x1200.jpg.webp 739w, https:\/\/www.visittorshavn.fo\/wp-content\/smush-webp\/2025\/03\/nolsoyar-pall-e1741184170795-768x1247.jpg.webp 768w, https:\/\/www.visittorshavn.fo\/wp-content\/smush-webp\/2025\/03\/nolsoyar-pall-e1741184170795-946x1536.jpg.webp 946w, https:\/\/www.visittorshavn.fo\/wp-content\/smush-webp\/2025\/03\/nolsoyar-pall-e1741184170795-1261x2048.jpg.webp 1261w, https:\/\/www.visittorshavn.fo\/wp-content\/uploads\/2025\/03\/nolsoyar-pall-e1741184170795-1320x2144.jpg 1320w, https:\/\/www.visittorshavn.fo\/wp-content\/smush-webp\/2025\/03\/nolsoyar-pall-e1741184170795-600x974.jpg.webp 600w\" data-sizes=\"auto\" data-original-sizes=\"(max-width: 1442px) 100vw, 1442px\">\n            <\/div>\n<\/a>                                    \n<a href=\"https:\/\/www.visittorshavn.fo\/fo\/steffan-danielsen\/\" class=\"post-container\">\n    <div class=\"post-content--container\">\n        <div class=\"post-action--container\">\n                            <div class=\"action-tag--container\" style=\"background-color: #8FD6DA\">\n                    <small>N\u00f3lsoy<\/small>\n                <\/div>\n            \n            <div class=\"action-icon--container\">\n                <img decoding=\"async\" src=\"https:\/\/www.visittorshavn.fo\/wp-content\/themes\/lunnar-visittorshavn\/images\/icon-arrow.svg\" class=\"injectable\" \/>            <\/div>\n        <\/div>\n\n        <div class=\"post-text--container\">\n            <h3>\n                Steffan Danielsen            <\/h3>\n\n                            <small>\n                    January 12th 2024                <\/small>\n            \n                            <p>\n                    Steffan Danielsen var kendur m\u00e1lari, sum f\u00f8ddist 3. september 1922 \u00ed N\u00f3lsoy og anda\u00f0ist 28. mai 1976.Mong meta Steffan vera tann sermerktasta f\u00f8royska listam\u00e1la&#8230;                <\/p>\n                    <\/div>\n    <\/div>\n\n    <div class=\"post-image\">\n                    <img decoding=\"async\" data-src=\"https:\/\/www.visittorshavn.fo\/wp-content\/smush-webp\/2025\/03\/Steffan-Danielsen_pagepic-450x262-1.jpg.webp\" style=\"--smush-image-width: 450px; --smush-image-aspect-ratio: 450\/262;object-position: 50% 50%;\" width=\"450\" class=\"smush-dimensions lazyload\" src=\"data:image\/svg+xml;base64,PHN2ZyB3aWR0aD0iMSIgaGVpZ2h0PSIxIiB4bWxucz0iaHR0cDovL3d3dy53My5vcmcvMjAwMC9zdmciPjwvc3ZnPg==\">\n            <\/div>\n<\/a>                                    \n<a href=\"https:\/\/www.visittorshavn.fo\/fo\/er\/\" class=\"post-container\">\n    <div class=\"post-content--container no-overlay\">\n        <div class=\"post-action--container\">\n            \n            <div class=\"action-icon--container\">\n                <img decoding=\"async\" src=\"https:\/\/www.visittorshavn.fo\/wp-content\/themes\/lunnar-visittorshavn\/images\/icon-arrow.svg\" class=\"injectable\" \/>            <\/div>\n        <\/div>\n\n        <div class=\"post-text--container\">\n            <h3>\n                er            <\/h3>\n\n                            <small>\n                    January 08th 2020                <\/small>\n            \n                            <p>\n                    erg                <\/p>\n                    <\/div>\n    <\/div>\n\n    <div class=\"post-image\">\n            <\/div>\n<\/a>                            <\/div>\n        \n            <\/div>\n\n\n<div style=\"height:100px\" aria-hidden=\"true\" class=\"wp-block-spacer\"><\/div>\n\n\n\n<p><\/p>\n\n\n\n<p><\/p>\n\n\n\n<p><\/p>\n\n\n\n<div class=\"wp-block-columns is-layout-flex wp-container-core-columns-is-layout-9d6595d7 wp-block-columns-is-layout-flex\">\n<div class=\"wp-block-column is-layout-constrained wp-block-column-is-layout-constrained\">\n<h1 class=\"wp-block-heading\">Hvat siga Havnarf\u00f3lkini?<\/h1>\n\n\n\n<div style=\"height:75px\" aria-hidden=\"true\" class=\"wp-block-spacer\"><\/div>\n\n\n\n<div id=\"shortcuts_block_51ae427974e9b02a2c5a150960f6e6c9\" class=\"lunnar-shortcuts\">\n    \n            \n            \n            \n                                    <div class=\"shortcuts-grid\">\n                    \n                                                                <a href=\"https:\/\/www.visittorshavn.fo\/fo\/havnarfolk\/\" target=\"\" class=\"shortcut-card swiper-slide small-card is-visible\">\n                            <div class=\"shortcut-card--image\">\n                                                                    <img decoding=\"async\" data-src=\"https:\/\/www.visittorshavn.fo\/wp-content\/smush-webp\/2024\/04\/meet-the-locals.jpg.webp\" width=\"534\" height=\"50% 50%\" style=\"--smush-placeholder-width: 1024px; --smush-placeholder-aspect-ratio: 1024\/683;object-position:800;\" src=\"data:image\/svg+xml;base64,PHN2ZyB3aWR0aD0iMSIgaGVpZ2h0PSIxIiB4bWxucz0iaHR0cDovL3d3dy53My5vcmcvMjAwMC9zdmciPjwvc3ZnPg==\" class=\"lazyload\" data-srcset=\"https:\/\/www.visittorshavn.fo\/wp-content\/smush-webp\/2024\/04\/meet-the-locals.jpg.webp 1024w, https:\/\/www.visittorshavn.fo\/wp-content\/smush-webp\/2024\/04\/meet-the-locals-800x534.jpg.webp 800w, https:\/\/www.visittorshavn.fo\/wp-content\/smush-webp\/2024\/04\/meet-the-locals-768x512.jpg.webp 768w, https:\/\/www.visittorshavn.fo\/wp-content\/smush-webp\/2024\/04\/meet-the-locals-600x400.jpg.webp 600w\" data-sizes=\"auto\" data-original-sizes=\"(max-width: 534px) 100vw, 534px\">\n                                                            <\/div>\n\n                            <div class=\"shortcut-card--content\">\n                                <div class=\"shortcut-icon--top\">\n                                    <img decoding=\"async\" src=\"https:\/\/www.visittorshavn.fo\/wp-content\/themes\/lunnar-visittorshavn\/images\/icon-arrow.svg\" class=\"injectable\" \/>                                <\/div>\n\n                                \n                                <div class=\"shortcut-text\">\n                                                                            <h3>\n                                            Havnarf\u00f3lk                                        <\/h3>\n                                    \n                                                                    <\/div>\n                            <\/div>\n                        <\/a>\n                                    \n                                    <\/div>\n                \n                    <\/div><\/div>\n<\/div>\n\n\n\n<div style=\"height:200px\" aria-hidden=\"true\" class=\"wp-block-spacer\"><\/div>\n","protected":false},"excerpt":{"rendered":"<p>Hendinga-r\u00edka Havnin Havnin er karmur um mong tilt\u00f8k og hendingar, i\u00f0 fagna f\u00f8royska andan og binda okkum saman. \u00cd h\u00f3pi vi\u00f0 \u00f8\u00f0rum hugna vit okkum \u00e1 fj\u00f8lbroyttum matstovum, stuttleika okkum [&hellip;]<\/p>\n","protected":false},"author":4,"featured_media":7119,"parent":0,"menu_order":0,"comment_status":"closed","ping_status":"closed","template":"","meta":{"_acf_changed":false,"footnotes":""},"page_category":[],"class_list":["post-15171","page","type-page","status-publish","has-post-thumbnail","hentry"],"acf":[],"yoast_head":"<!-- This site is optimized with the Yoast SEO plugin v27.5 - https:\/\/yoast.com\/product\/yoast-seo-wordpress\/ -->\n<title>Tann deiliga Havn - Visit Torshavn<\/title>\n<meta name=\"robots\" content=\"index, follow, max-snippet:-1, max-image-preview:large, max-video-preview:-1\" \/>\n<link rel=\"canonical\" href=\"https:\/\/www.visittorshavn.fo\/fo\/tann-deiliga-havn\/\" \/>\n<meta property=\"og:locale\" content=\"fo_FO\" \/>\n<meta property=\"og:type\" content=\"article\" \/>\n<meta property=\"og:title\" content=\"Tann deiliga Havn - Visit Torshavn\" \/>\n<meta property=\"og:description\" content=\"Hendinga-r\u00edka Havnin Havnin er karmur um mong tilt\u00f8k og hendingar, i\u00f0 fagna f\u00f8royska andan og binda okkum saman. \u00cd h\u00f3pi vi\u00f0 \u00f8\u00f0rum hugna vit okkum \u00e1 fj\u00f8lbroyttum matstovum, stuttleika okkum [&hellip;]\" \/>\n<meta property=\"og:url\" content=\"https:\/\/www.visittorshavn.fo\/fo\/tann-deiliga-havn\/\" \/>\n<meta property=\"og:site_name\" content=\"Visit Torshavn\" \/>\n<meta property=\"article:modified_time\" content=\"2025-08-15T15:04:08+00:00\" \/>\n<meta property=\"og:image\" content=\"https:\/\/www.visittorshavn.fo\/wp-content\/uploads\/2024\/06\/13jan17_8234-1200x800.jpg\" \/>\n\t<meta property=\"og:image:width\" content=\"1200\" \/>\n\t<meta property=\"og:image:height\" content=\"800\" \/>\n\t<meta property=\"og:image:type\" content=\"image\/jpeg\" \/>\n<meta name=\"twitter:card\" content=\"summary_large_image\" \/>\n<meta name=\"twitter:label1\" content=\"Est. reading time\" \/>\n\t<meta name=\"twitter:data1\" content=\"1 minute\" \/>\n<script type=\"application\/ld+json\" class=\"yoast-schema-graph\">{\"@context\":\"https:\\\/\\\/schema.org\",\"@graph\":[{\"@type\":\"WebPage\",\"@id\":\"https:\\\/\\\/www.visittorshavn.fo\\\/fo\\\/tann-deiliga-havn\\\/\",\"url\":\"https:\\\/\\\/www.visittorshavn.fo\\\/fo\\\/tann-deiliga-havn\\\/\",\"name\":\"Tann deiliga Havn - Visit Torshavn\",\"isPartOf\":{\"@id\":\"https:\\\/\\\/www.visittorshavn.fo\\\/fo\\\/#website\"},\"primaryImageOfPage\":{\"@id\":\"https:\\\/\\\/www.visittorshavn.fo\\\/fo\\\/tann-deiliga-havn\\\/#primaryimage\"},\"image\":{\"@id\":\"https:\\\/\\\/www.visittorshavn.fo\\\/fo\\\/tann-deiliga-havn\\\/#primaryimage\"},\"thumbnailUrl\":\"https:\\\/\\\/www.visittorshavn.fo\\\/wp-content\\\/uploads\\\/2024\\\/06\\\/13jan17_8234.jpg\",\"datePublished\":\"2024-06-05T08:27:37+00:00\",\"dateModified\":\"2025-08-15T15:04:08+00:00\",\"breadcrumb\":{\"@id\":\"https:\\\/\\\/www.visittorshavn.fo\\\/fo\\\/tann-deiliga-havn\\\/#breadcrumb\"},\"inLanguage\":\"fo-FO\",\"potentialAction\":[{\"@type\":\"ReadAction\",\"target\":[\"https:\\\/\\\/www.visittorshavn.fo\\\/fo\\\/tann-deiliga-havn\\\/\"]}]},{\"@type\":\"ImageObject\",\"inLanguage\":\"fo-FO\",\"@id\":\"https:\\\/\\\/www.visittorshavn.fo\\\/fo\\\/tann-deiliga-havn\\\/#primaryimage\",\"url\":\"https:\\\/\\\/www.visittorshavn.fo\\\/wp-content\\\/uploads\\\/2024\\\/06\\\/13jan17_8234.jpg\",\"contentUrl\":\"https:\\\/\\\/www.visittorshavn.fo\\\/wp-content\\\/uploads\\\/2024\\\/06\\\/13jan17_8234.jpg\",\"width\":2560,\"height\":1707},{\"@type\":\"BreadcrumbList\",\"@id\":\"https:\\\/\\\/www.visittorshavn.fo\\\/fo\\\/tann-deiliga-havn\\\/#breadcrumb\",\"itemListElement\":[{\"@type\":\"ListItem\",\"position\":1,\"name\":\"Home\",\"item\":\"https:\\\/\\\/www.visittorshavn.fo\\\/fo\\\/\"},{\"@type\":\"ListItem\",\"position\":2,\"name\":\"Tann deiliga Havn\"}]},{\"@type\":\"WebSite\",\"@id\":\"https:\\\/\\\/www.visittorshavn.fo\\\/fo\\\/#website\",\"url\":\"https:\\\/\\\/www.visittorshavn.fo\\\/fo\\\/\",\"name\":\"Visit Torshavn\",\"description\":\"\",\"potentialAction\":[{\"@type\":\"SearchAction\",\"target\":{\"@type\":\"EntryPoint\",\"urlTemplate\":\"https:\\\/\\\/www.visittorshavn.fo\\\/fo\\\/?s={search_term_string}\"},\"query-input\":{\"@type\":\"PropertyValueSpecification\",\"valueRequired\":true,\"valueName\":\"search_term_string\"}}],\"inLanguage\":\"fo-FO\"}]}<\/script>\n<!-- \/ Yoast SEO plugin. -->","yoast_head_json":{"title":"Tann deiliga Havn - Visit Torshavn","robots":{"index":"index","follow":"follow","max-snippet":"max-snippet:-1","max-image-preview":"max-image-preview:large","max-video-preview":"max-video-preview:-1"},"canonical":"https:\/\/www.visittorshavn.fo\/fo\/tann-deiliga-havn\/","og_locale":"fo_FO","og_type":"article","og_title":"Tann deiliga Havn - Visit Torshavn","og_description":"Hendinga-r\u00edka Havnin Havnin er karmur um mong tilt\u00f8k og hendingar, i\u00f0 fagna f\u00f8royska andan og binda okkum saman. \u00cd h\u00f3pi vi\u00f0 \u00f8\u00f0rum hugna vit okkum \u00e1 fj\u00f8lbroyttum matstovum, stuttleika okkum [&hellip;]","og_url":"https:\/\/www.visittorshavn.fo\/fo\/tann-deiliga-havn\/","og_site_name":"Visit Torshavn","article_modified_time":"2025-08-15T15:04:08+00:00","og_image":[{"width":1200,"height":800,"url":"https:\/\/www.visittorshavn.fo\/wp-content\/uploads\/2024\/06\/13jan17_8234-1200x800.jpg","type":"image\/jpeg"}],"twitter_card":"summary_large_image","twitter_misc":{"Est. reading time":"1 minute"},"schema":{"@context":"https:\/\/schema.org","@graph":[{"@type":"WebPage","@id":"https:\/\/www.visittorshavn.fo\/fo\/tann-deiliga-havn\/","url":"https:\/\/www.visittorshavn.fo\/fo\/tann-deiliga-havn\/","name":"Tann deiliga Havn - Visit Torshavn","isPartOf":{"@id":"https:\/\/www.visittorshavn.fo\/fo\/#website"},"primaryImageOfPage":{"@id":"https:\/\/www.visittorshavn.fo\/fo\/tann-deiliga-havn\/#primaryimage"},"image":{"@id":"https:\/\/www.visittorshavn.fo\/fo\/tann-deiliga-havn\/#primaryimage"},"thumbnailUrl":"https:\/\/www.visittorshavn.fo\/wp-content\/uploads\/2024\/06\/13jan17_8234.jpg","datePublished":"2024-06-05T08:27:37+00:00","dateModified":"2025-08-15T15:04:08+00:00","breadcrumb":{"@id":"https:\/\/www.visittorshavn.fo\/fo\/tann-deiliga-havn\/#breadcrumb"},"inLanguage":"fo-FO","potentialAction":[{"@type":"ReadAction","target":["https:\/\/www.visittorshavn.fo\/fo\/tann-deiliga-havn\/"]}]},{"@type":"ImageObject","inLanguage":"fo-FO","@id":"https:\/\/www.visittorshavn.fo\/fo\/tann-deiliga-havn\/#primaryimage","url":"https:\/\/www.visittorshavn.fo\/wp-content\/uploads\/2024\/06\/13jan17_8234.jpg","contentUrl":"https:\/\/www.visittorshavn.fo\/wp-content\/uploads\/2024\/06\/13jan17_8234.jpg","width":2560,"height":1707},{"@type":"BreadcrumbList","@id":"https:\/\/www.visittorshavn.fo\/fo\/tann-deiliga-havn\/#breadcrumb","itemListElement":[{"@type":"ListItem","position":1,"name":"Home","item":"https:\/\/www.visittorshavn.fo\/fo\/"},{"@type":"ListItem","position":2,"name":"Tann deiliga Havn"}]},{"@type":"WebSite","@id":"https:\/\/www.visittorshavn.fo\/fo\/#website","url":"https:\/\/www.visittorshavn.fo\/fo\/","name":"Visit Torshavn","description":"","potentialAction":[{"@type":"SearchAction","target":{"@type":"EntryPoint","urlTemplate":"https:\/\/www.visittorshavn.fo\/fo\/?s={search_term_string}"},"query-input":{"@type":"PropertyValueSpecification","valueRequired":true,"valueName":"search_term_string"}}],"inLanguage":"fo-FO"}]}},"_links":{"self":[{"href":"https:\/\/www.visittorshavn.fo\/fo\/wp-json\/wp\/v2\/pages\/15171","targetHints":{"allow":["GET"]}}],"collection":[{"href":"https:\/\/www.visittorshavn.fo\/fo\/wp-json\/wp\/v2\/pages"}],"about":[{"href":"https:\/\/www.visittorshavn.fo\/fo\/wp-json\/wp\/v2\/types\/page"}],"author":[{"embeddable":true,"href":"https:\/\/www.visittorshavn.fo\/fo\/wp-json\/wp\/v2\/users\/4"}],"replies":[{"embeddable":true,"href":"https:\/\/www.visittorshavn.fo\/fo\/wp-json\/wp\/v2\/comments?post=15171"}],"version-history":[{"count":0,"href":"https:\/\/www.visittorshavn.fo\/fo\/wp-json\/wp\/v2\/pages\/15171\/revisions"}],"wp:featuredmedia":[{"embeddable":true,"href":"https:\/\/www.visittorshavn.fo\/fo\/wp-json\/wp\/v2\/media\/7119"}],"wp:attachment":[{"href":"https:\/\/www.visittorshavn.fo\/fo\/wp-json\/wp\/v2\/media?parent=15171"}],"wp:term":[{"taxonomy":"page_category","embeddable":true,"href":"https:\/\/www.visittorshavn.fo\/fo\/wp-json\/wp\/v2\/page_category?post=15171"}],"curies":[{"name":"wp","href":"https:\/\/api.w.org\/{rel}","templated":true}]}}