{"id":15312,"date":"2024-05-24T13:49:15","date_gmt":"2024-05-24T12:49:15","guid":{"rendered":"https:\/\/www.visittorshavn.fo\/?page_id=15312"},"modified":"2025-08-12T14:29:22","modified_gmt":"2025-08-12T13:29:22","slug":"must-sees-in-the-region","status":"publish","type":"page","link":"https:\/\/www.visittorshavn.fo\/fo\/must-sees-in-the-region\/","title":{"rendered":"At s\u00edggja \u00ed n\u00e6rumhv\u00f8rvinum"},"content":{"rendered":"\n<div class=\"wp-block-cover alignfull has-custom-content-position is-position-bottom-center has-white-color has-text-color has-link-color wp-elements-57de69b0fa95f1ba796f8f5d9687842e\" style=\"min-height:600px;aspect-ratio:unset;\"><img decoding=\"async\" width=\"1200\" height=\"675\" class=\"wp-block-cover__image-background wp-image-136344 size-large lazyload\" alt=\"\" data-src=\"https:\/\/www.visittorshavn.fo\/wp-content\/smush-webp\/2025\/08\/AJ_211014_142591-Edit-1200x675.jpg.webp\" data-object-fit=\"cover\" data-srcset=\"https:\/\/www.visittorshavn.fo\/wp-content\/smush-webp\/2025\/08\/AJ_211014_142591-Edit-1200x675.jpg.webp 1200w, https:\/\/www.visittorshavn.fo\/wp-content\/smush-webp\/2025\/08\/AJ_211014_142591-Edit-800x450.jpg.webp 800w, https:\/\/www.visittorshavn.fo\/wp-content\/smush-webp\/2025\/08\/AJ_211014_142591-Edit-768x432.jpg.webp 768w, https:\/\/www.visittorshavn.fo\/wp-content\/smush-webp\/2025\/08\/AJ_211014_142591-Edit-1536x864.jpg.webp 1536w, https:\/\/www.visittorshavn.fo\/wp-content\/smush-webp\/2025\/08\/AJ_211014_142591-Edit-2048x1152.jpg.webp 2048w, https:\/\/www.visittorshavn.fo\/wp-content\/smush-webp\/2025\/08\/AJ_211014_142591-Edit-1320x743.jpg.webp 1320w, https:\/\/www.visittorshavn.fo\/wp-content\/smush-webp\/2025\/08\/AJ_211014_142591-Edit-600x338.jpg.webp 600w\" data-sizes=\"auto\" src=\"data:image\/svg+xml;base64,PHN2ZyB3aWR0aD0iMSIgaGVpZ2h0PSIxIiB4bWxucz0iaHR0cDovL3d3dy53My5vcmcvMjAwMC9zdmciPjwvc3ZnPg==\" style=\"--smush-placeholder-width: 1200px; --smush-placeholder-aspect-ratio: 1200\/675;\" data-original-sizes=\"(max-width: 1200px) 100vw, 1200px\" \/><span aria-hidden=\"true\" class=\"wp-block-cover__background has-background-dim\" style=\"background-color:#918e85\"><\/span><div class=\"wp-block-cover__inner-container is-layout-constrained wp-block-cover-is-layout-constrained\">\n<div class=\"wp-block-columns alignwide is-layout-flex wp-container-core-columns-is-layout-9d6595d7 wp-block-columns-is-layout-flex\">\n<div class=\"wp-block-column is-layout-flow wp-block-column-is-layout-flow\">\n<div id=\"breadcrumbs_block_44e4e783ae30db545003bdc165e739a6\" class=\"lunnar-breadcrumbs\">\n            <div class=\"lunnar-breadcrumbs\"><ul><\/ul><\/div>    <\/div>\n\n\n<h1 class=\"wp-block-heading\"><strong>At s\u00edggja \u00ed n\u00e6rumhv\u00f8rvinum<\/strong><\/h1>\n<\/div>\n\n\n\n<div class=\"wp-block-column is-layout-flow wp-block-column-is-layout-flow\"><\/div>\n<\/div>\n\n\n\n<div style=\"height:60px\" aria-hidden=\"true\" class=\"wp-block-spacer\"><\/div>\n\n\n\n<p>Mynd: Ashley Joanna \/ Visit Faroe Islands<\/p>\n<\/div><\/div>\n\n\n\n<div class=\"wp-block-group alignfull has-dark-color has-light-green-background-color has-text-color has-background has-link-color wp-elements-bbd3bb2f92ee919c35e65f5d2c9e830a is-layout-constrained wp-block-group-is-layout-constrained\">\n<div style=\"height:200px\" aria-hidden=\"true\" class=\"wp-block-spacer\"><\/div>\n\n\n\n<div class=\"wp-block-columns alignwide is-layout-flex wp-container-core-columns-is-layout-9d6595d7 wp-block-columns-is-layout-flex\">\n<div class=\"wp-block-column is-vertically-aligned-top is-layout-flow wp-block-column-is-layout-flow\" style=\"flex-basis:33.31%\">\n<h2 class=\"wp-block-heading has-small-font-size\"><strong>At s\u00edggja \u00ed n\u00e6rumhv\u00f8rvinum<\/strong><\/h2>\n<\/div>\n\n\n\n<div class=\"wp-block-column is-layout-flow wp-block-column-is-layout-flow\" style=\"flex-basis:66.69%\">\n<p class=\"has-medium-font-size\">\u00cd Kirkjub\u00f8 liggur \u2018M\u00farurin\u2019 (ella, sum hon av r\u00f8ttum eitur, Magnusarkirkjan), fyrsta d\u00f3mkirkjan \u00ed F\u00f8royum og hjarta\u00f0 \u00ed f\u00f8royska mentanar- og kirkjul\u00edvinum \u00ed mi\u00f0\u00f8ldini.&nbsp;<\/p>\n\n\n\n<p class=\"has-medium-font-size\">Ta\u00f0 er skj\u00f3tt at fer\u00f0ast vi\u00f0 ferjuni yvirum fj\u00f8r\u00f0in til N\u00f3lsoyar, sum er kent v\u00ed\u00f0a um fyri s\u00edtt serstaka fuglal\u00edv, \u00f8giligu berg og merkisverdar b\u00fdarmyndum sum Ove Joensen, sum r\u00f3\u00f0i einsamallur til Keypmannahavnar.&nbsp;<\/p>\n\n\n\n<p class=\"has-medium-font-size\">Av Gomlur\u00e6tt kanst t\u00fa fer\u00f0ast \u00fat \u00ed Hest, har t\u00fa kanst nj\u00f3ta n\u00e1tt\u00faruvakruleikan og makaleysu holukonsertirnar um summari\u00f0. Koltur er n\u00fa umgj\u00f8rt til eitt uttandura savn, i\u00f0 var\u00f0veitir si\u00f0bundnan f\u00f8royskan livih\u00e1tt og n\u00e1tt\u00faru. Gamla b\u00fasetingin er umv\u00e6ld og partar av n\u00e1tt\u00faruni \u00e1 oynni eru fri\u00f0a\u00f0i.&nbsp;<\/p>\n\n\n\n<p class=\"has-medium-font-size\">Kaldbak er ein yndislig bygd vi\u00f0 eini s\u00f8guligari kirkju fr\u00e1 1835.&nbsp;<\/p>\n\n\n\n<p class=\"has-medium-font-size\">Um t\u00fa ynskir n\u00e1tt\u00faruvakurleika, kanst t\u00fa koyra til Nor\u00f0radalsskar\u00f0s, sum b\u00fd\u00f0ur t\u00e6r fram\u00farskarandi \u00fats\u00fdni \u00fatyvir Kaldbaksbotn og Koltur.&nbsp;<\/p>\n<\/div>\n<\/div>\n\n\n\n<div style=\"height:200px\" aria-hidden=\"true\" class=\"wp-block-spacer\"><\/div>\n<\/div>\n\n\n\n<div style=\"height:200px\" aria-hidden=\"true\" class=\"wp-block-spacer\"><\/div>\n\n\n\n<div class=\"wp-block-media-text alignwide is-stacked-on-mobile is-image-fill-element\"><figure class=\"wp-block-media-text__media\"><img decoding=\"async\" width=\"1200\" height=\"800\" data-src=\"https:\/\/www.visittorshavn.fo\/wp-content\/smush-webp\/2025\/08\/DSC_4031-1200x800.jpg.webp\" alt=\"\" class=\"wp-image-136111 size-full lazyload\" style=\"--smush-placeholder-width: 1200px; --smush-placeholder-aspect-ratio: 1200\/800;object-position:50% 50%\" data-srcset=\"https:\/\/www.visittorshavn.fo\/wp-content\/smush-webp\/2025\/08\/DSC_4031-1200x800.jpg.webp 1200w, https:\/\/www.visittorshavn.fo\/wp-content\/smush-webp\/2025\/08\/DSC_4031-800x533.jpg.webp 800w, https:\/\/www.visittorshavn.fo\/wp-content\/smush-webp\/2025\/08\/DSC_4031-768x512.jpg.webp 768w, https:\/\/www.visittorshavn.fo\/wp-content\/smush-webp\/2025\/08\/DSC_4031-1536x1024.jpg.webp 1536w, https:\/\/www.visittorshavn.fo\/wp-content\/uploads\/2025\/08\/DSC_4031-2048x1366.jpg 2048w, https:\/\/www.visittorshavn.fo\/wp-content\/smush-webp\/2025\/08\/DSC_4031-1320x880.jpg.webp 1320w, https:\/\/www.visittorshavn.fo\/wp-content\/smush-webp\/2025\/08\/DSC_4031-600x400.jpg.webp 600w\" data-sizes=\"auto\" src=\"data:image\/svg+xml;base64,PHN2ZyB3aWR0aD0iMSIgaGVpZ2h0PSIxIiB4bWxucz0iaHR0cDovL3d3dy53My5vcmcvMjAwMC9zdmciPjwvc3ZnPg==\" data-original-sizes=\"(max-width: 1200px) 100vw, 1200px\" \/><\/figure><div class=\"wp-block-media-text__content\">\n<div style=\"height:100px\" aria-hidden=\"true\" class=\"wp-block-spacer\"><\/div>\n\n\n\n<h3 class=\"wp-block-heading\">Kirkjub\u00f8ur<\/h3>\n\n\n\n<p>Kirkjub\u00f8ur, eitt av mest s\u00f8guligu st\u00f8\u00f0unum \u00ed F\u00f8royum, liggur einans h\u00e1lvan annan t\u00edma fr\u00e1 h\u00f8vu\u00f0ssta\u00f0num. Her stendur sonenvdi M\u00farurin (upprunaliga Magnusarkirkjan) pr\u00fa\u00f0ur. M\u00farurin var\u00f0 bygdur \u00ed 1300-talinum og var eitt f\u00f8royskt valdss\u00e6ti \u00ed fleiri \u00f8ldir. \u00cd mi\u00f0\u00f8ldini var l\u00edtla bygdin mentanarligi og \u00e1tr\u00fana\u00f0arligi h\u00f8vu\u00f0ssta\u00f0urin \u00ed F\u00f8royum.&nbsp;<\/p>\n\n\n\n<p>Les meira um Kirkjub\u00f8 <a href=\"https:\/\/www.visittorshavn.fo\/fo\/kirkjubour\/\">her.<\/a>&nbsp;<\/p>\n\n\n\n<div style=\"height:5px\" aria-hidden=\"true\" class=\"wp-block-spacer\"><\/div>\n\n\n\n<p class=\"has-black-300-color has-text-color has-link-color wp-elements-9dce198525fe269ea7f6cdb351621957\">Mynd: Klara Johannesen \/ Visit Faroe Islands<\/p>\n\n\n\n<div style=\"height:100px\" aria-hidden=\"true\" class=\"wp-block-spacer\"><\/div>\n<\/div><\/div>\n\n\n\n<div style=\"height:80px\" aria-hidden=\"true\" class=\"wp-block-spacer\"><\/div>\n\n\n\n<div class=\"wp-block-media-text alignwide has-media-on-the-right is-stacked-on-mobile is-image-fill-element\"><div class=\"wp-block-media-text__content\">\n<div style=\"height:100px\" aria-hidden=\"true\" class=\"wp-block-spacer\"><\/div>\n\n\n\n<h3 class=\"wp-block-heading\">N\u00f3lsoy<\/h3>\n\n\n\n<p>Far umbor\u00f0 \u00e1 Teistan og sigl til N\u00f3lsoyar. Smala oyggin, sum Havnaf\u00f3lk eru von at s\u00edggja \u00ed sj\u00f3narringinum, verjir h\u00f8vu\u00f0ssta\u00f0in fr\u00e1 h\u00f8r\u00f0um streymi og vindi. \u00c1 b\u00fdlinginum \u00e1 Ei\u00f0inum er so smalt, at t\u00e1 i\u00f0 \u00f3dnarve\u00f0ur er, br\u00fdtur sj\u00f3gvurin inn\u00e1 \u00far b\u00e1\u00f0um s\u00ed\u00f0um. \u00c1 vestaru strondini er oyggin grasgr\u00f8n, men \u00e1 eystaru s\u00ed\u00f0u eru br\u00f8tt berg, sum \u00fd\u00f0ja \u00ed fuglal\u00edvi og dj\u00fapum hellum. <a href=\"https:\/\/www.visittorshavn.fo\/fo\/place\/bordan\/\">Bor\u00f0an<\/a>, har fyrist\u00f8\u00f0uf\u00f3lki\u00f0 hj\u00e1 var\u00f0anum plagdi at b\u00fagva, liggur \u00e1 su\u00f0urs\u00ed\u00f0uni.&nbsp;<\/p>\n\n\n\n<p>\u00dar N\u00f3lsoy kemur n\u00f3gv tiltiki\u00f0 f\u00f3lk, eitt n\u00fa N\u00f3lsoyar P\u00e1ll og Ove Joensen, sum r\u00f3\u00f0i einsamallur til Keypmannahavnar \u00ed 1986. Eisini er kappr\u00f3\u00f0rarfelagi\u00f0 N\u00f3lsoyingur her. \u00c1 eysturs\u00ed\u00f0uni \u00e1 oynni er st\u00f8rsta drunnhv\u00edta-fuglalandi\u00f0 \u00ed heiminum, og hi\u00f0ar ver\u00f0a t\u00farar gj\u00f8rdir um summari\u00f0. &nbsp;<\/p>\n\n\n\n<p>N\u00f3lsoy, sum er kent fyri s\u00edn n\u00e1tt\u00faruvakurleika, fuglal\u00edv og evnar\u00edku t\u00f3nleikaf\u00f3lk, er eitt avbera hugnaligt sta\u00f0 at br\u00faka ein fr\u00eddag.&nbsp;<\/p>\n\n\n\n<p>Les meira um N\u00f3lsoy <a href=\"https:\/\/www.visittorshavn.fo\/fo\/um-okkum\/kring-hovudsstadin\/nolsoy\/\">her.<\/a>&nbsp;<\/p>\n\n\n\n<div style=\"height:5px\" aria-hidden=\"true\" class=\"wp-block-spacer\"><\/div>\n\n\n\n<p class=\"has-black-300-color has-text-color has-link-color wp-elements-d500a81a78c8adf7bc375cf7fc1fca7c\">Mynd: Filip Gielda \/ Visit Faroe Islands<\/p>\n\n\n\n<div style=\"height:100px\" aria-hidden=\"true\" class=\"wp-block-spacer\"><\/div>\n<\/div><figure class=\"wp-block-media-text__media\"><img decoding=\"async\" width=\"1200\" height=\"800\" data-src=\"https:\/\/www.visittorshavn.fo\/wp-content\/smush-webp\/2025\/08\/062-Faroe-Islands-Filip-Gielda-1200x800.jpg.webp\" alt=\"\" class=\"wp-image-136651 size-full lazyload\" style=\"--smush-placeholder-width: 1200px; --smush-placeholder-aspect-ratio: 1200\/800;object-position:50% 50%\" data-srcset=\"https:\/\/www.visittorshavn.fo\/wp-content\/smush-webp\/2025\/08\/062-Faroe-Islands-Filip-Gielda-1200x800.jpg.webp 1200w, https:\/\/www.visittorshavn.fo\/wp-content\/smush-webp\/2025\/08\/062-Faroe-Islands-Filip-Gielda-800x533.jpg.webp 800w, https:\/\/www.visittorshavn.fo\/wp-content\/smush-webp\/2025\/08\/062-Faroe-Islands-Filip-Gielda-768x512.jpg.webp 768w, https:\/\/www.visittorshavn.fo\/wp-content\/smush-webp\/2025\/08\/062-Faroe-Islands-Filip-Gielda-1536x1024.jpg.webp 1536w, https:\/\/www.visittorshavn.fo\/wp-content\/smush-webp\/2025\/08\/062-Faroe-Islands-Filip-Gielda-2048x1366.jpg.webp 2048w, https:\/\/www.visittorshavn.fo\/wp-content\/smush-webp\/2025\/08\/062-Faroe-Islands-Filip-Gielda-1320x880.jpg.webp 1320w, https:\/\/www.visittorshavn.fo\/wp-content\/smush-webp\/2025\/08\/062-Faroe-Islands-Filip-Gielda-600x400.jpg.webp 600w\" data-sizes=\"auto\" src=\"data:image\/svg+xml;base64,PHN2ZyB3aWR0aD0iMSIgaGVpZ2h0PSIxIiB4bWxucz0iaHR0cDovL3d3dy53My5vcmcvMjAwMC9zdmciPjwvc3ZnPg==\" data-original-sizes=\"(max-width: 1200px) 100vw, 1200px\" \/><\/figure><\/div>\n\n\n\n<div style=\"height:80px\" aria-hidden=\"true\" class=\"wp-block-spacer\"><\/div>\n\n\n\n<div class=\"wp-block-media-text alignwide is-stacked-on-mobile is-image-fill-element\"><figure class=\"wp-block-media-text__media\"><img decoding=\"async\" data-src=\"https:\/\/www.visittorshavn.fo\/wp-content\/smush-webp\/2024\/06\/Hestur-1200x800.jpg.webp\" alt=\"\" class=\"wp-image-7735 size-full smush-dimensions lazyload\" style=\"--smush-image-width: 1200px; --smush-image-aspect-ratio: 1200\/800;object-position:50% 50%\" width=\"1200\" src=\"data:image\/svg+xml;base64,PHN2ZyB3aWR0aD0iMSIgaGVpZ2h0PSIxIiB4bWxucz0iaHR0cDovL3d3dy53My5vcmcvMjAwMC9zdmciPjwvc3ZnPg==\" \/><\/figure><div class=\"wp-block-media-text__content\">\n<div style=\"height:100px\" aria-hidden=\"true\" class=\"wp-block-spacer\"><\/div>\n\n\n\n<h3 class=\"wp-block-heading\">Hestur<\/h3>\n\n\n\n<p>Av Gomlur\u00e6tt er siglandi \u00fat \u00ed Hestoynna. \u00cd hesi oynni, sum ber sama navn sum einasta bygdin \u00e1 oynni, b\u00fagva 17 f\u00f3lk.&nbsp;<\/p>\n\n\n\n<p>N\u00f3gv fer\u00f0af\u00f3lk velja at vitja Hest \u00ed b\u00e1ti og ver\u00f0a bergtikin av \u00f8giligu bergunum og tysjandi fuglal\u00edvinum. Um summari\u00f0 skipar pl\u00e1tufelagi\u00f0 <a href=\"https:\/\/www.visittorshavn.fo\/fo\/place\/tutl-label-faroese-music-store\/\">TUTL<\/a> fyri fram\u00far holukonsertum \u00ed Kl\u00e6mintsgj\u00f3gv umbor\u00f0 \u00e1 s\u00f8guligu skonnartini <a href=\"https:\/\/www.visittorshavn.fo\/fo\/place\/nordlysid\/\">Nor\u00f0l\u00fdsi\u00f0.<\/a>&nbsp;<\/p>\n\n\n\n<p>Les meira um Hest <a href=\"https:\/\/www.visittorshavn.fo\/fo\/um-okkum\/kring-hovudsstadin\/hestur\/\">her.&nbsp;<\/a><\/p>\n\n\n\n<div style=\"height:5px\" aria-hidden=\"true\" class=\"wp-block-spacer\"><\/div>\n\n\n\n<p class=\"has-black-300-color has-text-color has-link-color wp-elements-5c8f114efc5d000b22b6b5707231f6a6\">Mynd: FaroePhoto<\/p>\n\n\n\n<div style=\"height:100px\" aria-hidden=\"true\" class=\"wp-block-spacer\"><\/div>\n<\/div><\/div>\n\n\n\n<div style=\"height:80px\" aria-hidden=\"true\" class=\"wp-block-spacer\"><\/div>\n\n\n\n<div class=\"wp-block-media-text alignwide has-media-on-the-right is-stacked-on-mobile is-image-fill-element\"><div class=\"wp-block-media-text__content\">\n<div style=\"height:100px\" aria-hidden=\"true\" class=\"wp-block-spacer\"><\/div>\n\n\n\n<h3 class=\"wp-block-heading\">Koltur<\/h3>\n\n\n\n<p>Inntil seint \u00ed 1980unum b\u00fa\u00f0u umlei\u00f0 50 f\u00f3lk \u00ed Koltri. N\u00fa er oyggin gj\u00f8rd til eitt \u00fatisavn vi\u00f0 tveimum b\u00fdlingum, Heima \u00ed H\u00fasi og Nor\u00f0ri \u00ed Ger\u00f0i, og n\u00fa er eittans f\u00f3lk b\u00fasitandi \u00ed oynni: fyrist\u00f8\u00f0uf\u00f3lki\u00f0 \u00ed oynni, sum b\u00fdr nor\u00f0ri \u00ed Ger\u00f0i.&nbsp;<\/p>\n\n\n\n<p>Koltur var\u00f0veitir og frams\u00fdnir si\u00f0bundna f\u00f8royska l\u00edvi\u00f0 \u00edgj\u00f8gnum endurreisingina av Heima \u00ed H\u00fasi. Koltur hevur veri\u00f0 stu\u00f0la\u00f0 av Koltursgrunninum s\u00ed\u00f0ani 1993, og var\u00f0 innlima\u00f0 \u00ed T\u00f3rshavnar Kommunu \u00ed 2005. \u00cd Koltri er eisini eitt n\u00e1tt\u00farufri\u00f0\u00f8ki og ein ranns\u00f3knarst\u00f8\u00f0.&nbsp;<\/p>\n\n\n\n<p>Les meira um Koltur <a href=\"https:\/\/www.visittorshavn.fo\/fo\/koltur\/\">her.<\/a>&nbsp;<\/p>\n\n\n\n<div style=\"height:5px\" aria-hidden=\"true\" class=\"wp-block-spacer\"><\/div>\n\n\n\n<p class=\"has-black-300-color has-text-color has-link-color wp-elements-5c8f114efc5d000b22b6b5707231f6a6\">Mynd: FaroePhoto<\/p>\n\n\n\n<div style=\"height:100px\" aria-hidden=\"true\" class=\"wp-block-spacer\"><\/div>\n<\/div><figure class=\"wp-block-media-text__media\"><img decoding=\"async\" width=\"1200\" height=\"800\" data-src=\"https:\/\/www.visittorshavn.fo\/wp-content\/smush-webp\/2025\/08\/496605420_1061760739147813_6211510954517497229_n-1200x800.jpg.webp\" alt=\"\" class=\"wp-image-136653 size-full lazyload\" style=\"--smush-placeholder-width: 1200px; --smush-placeholder-aspect-ratio: 1200\/800;object-position:50% 50%\" data-srcset=\"https:\/\/www.visittorshavn.fo\/wp-content\/smush-webp\/2025\/08\/496605420_1061760739147813_6211510954517497229_n-1200x800.jpg.webp 1200w, https:\/\/www.visittorshavn.fo\/wp-content\/smush-webp\/2025\/08\/496605420_1061760739147813_6211510954517497229_n-800x534.jpg.webp 800w, https:\/\/www.visittorshavn.fo\/wp-content\/smush-webp\/2025\/08\/496605420_1061760739147813_6211510954517497229_n-768x512.jpg.webp 768w, https:\/\/www.visittorshavn.fo\/wp-content\/smush-webp\/2025\/08\/496605420_1061760739147813_6211510954517497229_n-1536x1024.jpg.webp 1536w, https:\/\/www.visittorshavn.fo\/wp-content\/smush-webp\/2025\/08\/496605420_1061760739147813_6211510954517497229_n-1320x880.jpg.webp 1320w, https:\/\/www.visittorshavn.fo\/wp-content\/smush-webp\/2025\/08\/496605420_1061760739147813_6211510954517497229_n-600x400.jpg.webp 600w, https:\/\/www.visittorshavn.fo\/wp-content\/smush-webp\/2025\/08\/496605420_1061760739147813_6211510954517497229_n.jpg.webp 1600w\" data-sizes=\"auto\" src=\"data:image\/svg+xml;base64,PHN2ZyB3aWR0aD0iMSIgaGVpZ2h0PSIxIiB4bWxucz0iaHR0cDovL3d3dy53My5vcmcvMjAwMC9zdmciPjwvc3ZnPg==\" data-original-sizes=\"(max-width: 1200px) 100vw, 1200px\" \/><\/figure><\/div>\n\n\n\n<div style=\"height:80px\" aria-hidden=\"true\" class=\"wp-block-spacer\"><\/div>\n\n\n\n<div class=\"wp-block-media-text alignwide is-stacked-on-mobile is-image-fill-element\"><figure class=\"wp-block-media-text__media\"><img decoding=\"async\" width=\"1200\" height=\"800\" data-src=\"https:\/\/www.visittorshavn.fo\/wp-content\/smush-webp\/2025\/08\/185152389_3987087958036035_3324235261397241051_n-1200x800.jpg.webp\" alt=\"\" class=\"wp-image-136663 size-full lazyload\" style=\"--smush-placeholder-width: 1200px; --smush-placeholder-aspect-ratio: 1200\/800;object-position:50% 50%\" data-srcset=\"https:\/\/www.visittorshavn.fo\/wp-content\/smush-webp\/2025\/08\/185152389_3987087958036035_3324235261397241051_n-1200x800.jpg.webp 1200w, https:\/\/www.visittorshavn.fo\/wp-content\/smush-webp\/2025\/08\/185152389_3987087958036035_3324235261397241051_n-800x534.jpg.webp 800w, https:\/\/www.visittorshavn.fo\/wp-content\/smush-webp\/2025\/08\/185152389_3987087958036035_3324235261397241051_n-768x512.jpg.webp 768w, https:\/\/www.visittorshavn.fo\/wp-content\/smush-webp\/2025\/08\/185152389_3987087958036035_3324235261397241051_n-1536x1024.jpg.webp 1536w, https:\/\/www.visittorshavn.fo\/wp-content\/smush-webp\/2025\/08\/185152389_3987087958036035_3324235261397241051_n-1320x880.jpg.webp 1320w, https:\/\/www.visittorshavn.fo\/wp-content\/smush-webp\/2025\/08\/185152389_3987087958036035_3324235261397241051_n-600x400.jpg.webp 600w, https:\/\/www.visittorshavn.fo\/wp-content\/smush-webp\/2025\/08\/185152389_3987087958036035_3324235261397241051_n.jpg.webp 1600w\" data-sizes=\"auto\" src=\"data:image\/svg+xml;base64,PHN2ZyB3aWR0aD0iMSIgaGVpZ2h0PSIxIiB4bWxucz0iaHR0cDovL3d3dy53My5vcmcvMjAwMC9zdmciPjwvc3ZnPg==\" data-original-sizes=\"(max-width: 1200px) 100vw, 1200px\" \/><\/figure><div class=\"wp-block-media-text__content\">\n<div style=\"height:100px\" aria-hidden=\"true\" class=\"wp-block-spacer\"><\/div>\n\n\n\n<h3 class=\"wp-block-heading\">Kaldbak <\/h3>\n\n\n\n<p>Kaldbak er ein yndislig bygd \u00e1 nor\u00f0ara armi \u00e1 Kaldbaksfir\u00f0inum. \u00cd 2023 b\u00fa\u00f0u 251 f\u00f3lk her.&nbsp;<\/p>\n\n\n\n<p>\u00cd bygdini eru 40 merkur, deildar \u00edmillum 7 festarar, teirra millum ein \u00ed Kaldbaksbotni, og 976 sey\u00f0ir hoyra til merkurnar.&nbsp;<\/p>\n\n\n\n<p>\u00c1\u00f0renn 1980, t\u00e1 i\u00f0 vegur var gj\u00f8rdur, bar einans til at koma til Kaldbaks \u00ed b\u00e1ti. Vegager\u00f0in elvdi til f\u00f3lkav\u00f8kstur \u00ed bygdini, serliga av f\u00f3lki, i\u00f0 arbeiddi \u00ed Havn.&nbsp;<\/p>\n\n\n\n<p>\u00dar Kaldbak ber til at ganga til \u2018Mi\u00f0depil\u2019. Sum navni\u00f0 bo\u00f0ar fr\u00e1, er hetta landafr\u00f8\u00f0iligi mi\u00f0depilin \u00ed F\u00f8royum. Her bj\u00f3\u00f0ar serligi felagsskapurin B\u00d6NDUR eina serstaka uppliving,sum byrjar vi\u00f0 einum s\u00f8gur\u00edkum gongut\u00fari til Mi\u00f0depil og endar vi\u00f0 eini hugnaligari heimagj\u00f8rdari m\u00e1lt\u00ed\u00f0 \u00far egnu r\u00e1v\u00f8rum b\u00f3ndanna \u00ed einum fri\u00f0s\u00e6lum dali.&nbsp;<\/p>\n\n\n\n<h5 class=\"wp-block-heading\">Kaldbaks kirkja<\/h5>\n\n\n\n<p>Vakra, v\u00e6l var\u00f0veitta kirkjan \u00ed Kaldbak fr\u00e1 1835 liggur \u00e1 vestaru s\u00ed\u00f0u \u00e1 bygdini \u00ed einum l\u00edtlum, hegnisliga laga\u00f0um kirkjugar\u00f0i.&nbsp;<\/p>\n\n\n\n<p>Kirkjan l\u00edkist \u00f8\u00f0rum f\u00f8royskum kirkjum \u00far hesum t\u00ed\u00f0arskei\u00f0i, vi\u00f0 l\u00e1gari, hv\u00edtk\u00e1lka\u00f0ari grund, tj\u00f8ra\u00f0um timburveggjum og flagtaki.&nbsp;<\/p>\n\n\n\n<p>Kirkjan er v\u00e6l bygd, og tr\u00e6verki\u00f0 \u00ed k\u00f3rinum er serstakliga v\u00e6l tilevna\u00f0 og br\u00fdtur fr\u00e1 n\u00f3gvum \u00f8\u00f0rum kirkjum.&nbsp;<\/p>\n\n\n\n<p>\u00c1tta arbei\u00f0smenn \u00far Kaldbak, Kollafir\u00f0i, Sundi og Glyvrum v\u00f3ru um at byggja kirkjuna. Tilfari\u00f0 var\u00f0 keypt \u00edgj\u00f8gnum kongaliga einahandilin, og byggiarbei\u00f0i\u00f0 t\u00f3k tr\u00edggjar m\u00e1na\u00f0ir. \u00cd l\u00f8tuni er kirkjan ikki opin fyri vitjandi, men til ber at vir\u00f0ismeta hana uttan\u00edfr\u00e1.&nbsp;<\/p>\n\n\n\n<div style=\"height:5px\" aria-hidden=\"true\" class=\"wp-block-spacer\"><\/div>\n\n\n\n<p class=\"has-black-300-color has-text-color has-link-color wp-elements-5c8f114efc5d000b22b6b5707231f6a6\">Mynd: FaroePhoto<\/p>\n\n\n\n<div style=\"height:100px\" aria-hidden=\"true\" class=\"wp-block-spacer\"><\/div>\n<\/div><\/div>\n\n\n\n<div style=\"height:80px\" aria-hidden=\"true\" class=\"wp-block-spacer\"><\/div>\n\n\n\n<div class=\"wp-block-media-text alignwide has-media-on-the-right is-stacked-on-mobile is-image-fill-element\"><div class=\"wp-block-media-text__content\">\n<div style=\"height:100px\" aria-hidden=\"true\" class=\"wp-block-spacer\"><\/div>\n\n\n\n<h3 class=\"wp-block-heading\"><strong>Nor\u00f0radalur og Nor\u00f0radalsskar\u00f0&nbsp;<\/strong><\/h3>\n\n\n\n<p>\u00cd t\u00ed h\u00f8gtliggjandi Nor\u00f0radalsskar\u00f0i\u00f0 ber til at f\u00e1a n\u00f8kur av undurfagrastu \u00fats\u00fdnunum \u00ed F\u00f8royum.&nbsp;<\/p>\n\n\n\n<p>\u00cd Nor\u00f0radali b\u00fagva einans 10 f\u00f3lk. Koyr ni\u00f0an \u00e1 Oyggjavegin, og f\u00e1 fr\u00e1l\u00edk \u00fats\u00fdni \u00fat yvir Kaldbaksbotn \u00e1 vegnum. T\u00e1 i\u00f0 t\u00fa snei\u00f0ar av inn \u00ed Nor\u00f0radal, kemur snirkluti vegurin ni\u00f0ur til bygdina undan, vi\u00f0 Koltri \u00ed bakgrundini.&nbsp;<\/p>\n\n\n\n<p>Ta\u00f0 ber eisini til at ganga \u00far T\u00f3rshavn til Nor\u00f0radals.&nbsp;<\/p>\n\n\n\n<div style=\"height:5px\" aria-hidden=\"true\" class=\"wp-block-spacer\"><\/div>\n\n\n\n<p class=\"has-black-300-color has-text-color has-link-color wp-elements-5c8f114efc5d000b22b6b5707231f6a6\">Mynd: FaroePhoto<\/p>\n\n\n\n<div style=\"height:100px\" aria-hidden=\"true\" class=\"wp-block-spacer\"><\/div>\n<\/div><figure class=\"wp-block-media-text__media\"><img decoding=\"async\" data-src=\"https:\/\/www.visittorshavn.fo\/wp-content\/smush-webp\/2025\/08\/474394948_982043523786202_7068342586278535866_n-1200x800.jpg.webp\" alt=\"\" class=\"wp-image-136683 size-full smush-dimensions lazyload\" style=\"--smush-image-width: 1200px; --smush-image-aspect-ratio: 1200\/800;object-position:50% 50%\" width=\"1200\" src=\"data:image\/svg+xml;base64,PHN2ZyB3aWR0aD0iMSIgaGVpZ2h0PSIxIiB4bWxucz0iaHR0cDovL3d3dy53My5vcmcvMjAwMC9zdmciPjwvc3ZnPg==\" \/><\/figure><\/div>\n\n\n\n<div style=\"height:80px\" aria-hidden=\"true\" class=\"wp-block-spacer\"><\/div>\n\n\n\n<div class=\"wp-block-media-text alignwide is-stacked-on-mobile is-image-fill-element\"><figure class=\"wp-block-media-text__media\"><img decoding=\"async\" data-src=\"https:\/\/www.visittorshavn.fo\/wp-content\/smush-webp\/2025\/08\/506905062_10022280267850077_7638434484906283602_n-1200x800.jpg.webp\" alt=\"\" class=\"wp-image-136685 size-full smush-dimensions lazyload\" style=\"--smush-image-width: 1200px; --smush-image-aspect-ratio: 1200\/800;object-position:50% 50%\" width=\"1200\" src=\"data:image\/svg+xml;base64,PHN2ZyB3aWR0aD0iMSIgaGVpZ2h0PSIxIiB4bWxucz0iaHR0cDovL3d3dy53My5vcmcvMjAwMC9zdmciPjwvc3ZnPg==\" \/><\/figure><div class=\"wp-block-media-text__content\">\n<div style=\"height:100px\" aria-hidden=\"true\" class=\"wp-block-spacer\"><\/div>\n\n\n\n<h3 class=\"wp-block-heading\">Sornfelli<\/h3>\n\n\n\n<p>Koyr \u00far Havn ni\u00f0an \u00e1 Oyggjarvegin. Ste\u00f0ga \u00e1 vi\u00f0 Nor\u00f0radalsskar\u00f0 og nj\u00f3ta vakra \u00fats\u00fdni\u00f0 \u00fat yvir Koltur.&nbsp;<\/p>\n\n\n\n<p>Omanfyri Kaldbakstunnilin kemur t\u00fa framvi\u00f0 fongslinum vi\u00f0 flagtaki, sum einafer\u00f0 var ein herna\u00f0arst\u00f8\u00f0.&nbsp;<\/p>\n\n\n\n<p>Koyrir t\u00fa tveir kilometrar v\u00ed\u00f0ari, kemur t\u00fa til ein smalan, brattan s\u00ed\u00f0uveg \u00e1 vinstru hond. Hesin vegur f\u00f8rir upp \u00e1 tindin \u00e1 Sornfelli, og er h\u00e6gstliggjandi vegur \u00ed F\u00f8royum.&nbsp;<\/p>\n\n\n\n<p>Hi\u00f0ani kanst t\u00fa, t\u00e1 i\u00f0 ta\u00f0 er kl\u00e1rt \u00ed ve\u00f0rinum, f\u00e1a bergtakandi \u00fats\u00fdni \u00fat yvir fleiri av f\u00f8roysku oyggjunum. Sj\u00e1lvt \u00ed mj\u00f8rka er ta\u00f0 hugtakandi at s\u00edggja h\u00f8gu fjallatindarnar \u00edgj\u00f8gnum ta\u00f0 hv\u00edta.<\/p>\n\n\n\n<div style=\"height:5px\" aria-hidden=\"true\" class=\"wp-block-spacer\"><\/div>\n\n\n\n<p class=\"has-black-300-color has-text-color has-link-color wp-elements-5c8f114efc5d000b22b6b5707231f6a6\">Mynd: FaroePhoto<\/p>\n\n\n\n<div style=\"height:100px\" aria-hidden=\"true\" class=\"wp-block-spacer\"><\/div>\n<\/div><\/div>\n\n\n\n<div style=\"height:200px\" aria-hidden=\"true\" class=\"wp-block-spacer\"><\/div>\n\n\n\n<div class=\"wp-block-group alignfull has-sunshine-background-color has-background is-layout-constrained wp-block-group-is-layout-constrained\">\n<div style=\"height:140px\" aria-hidden=\"true\" class=\"wp-block-spacer\"><\/div>\n\n\n\n<h2 class=\"wp-block-heading alignwide has-text-align-center has-small-font-size\">Ert t\u00fa enn forvitin? Vit hava meir!<\/h2>\n\n\n\n<div style=\"height:60px\" aria-hidden=\"true\" class=\"wp-block-spacer\"><\/div>\n\n\n\n<div id=\"shortcuts_block_758808f43d6ba71947ef1da6f1911065\" class=\"lunnar-shortcuts alignwide\">\n    \n            \n            \n            \n                                    <div class=\"shortcuts-grid\">\n                    \n                                                                <a href=\"https:\/\/www.visittorshavn.fo\/fo\/upplivingar\/vitjanarverd-stod-i-havnini\/\" target=\"\" class=\"shortcut-card swiper-slide small-card is-visible\">\n                            <div class=\"shortcut-card--image\">\n                                                                    <img decoding=\"async\" data-src=\"https:\/\/www.visittorshavn.fo\/wp-content\/smush-webp\/2024\/05\/13nov19_0261.jpg.webp\" width=\"533\" height=\"50% 50%\" style=\"--smush-placeholder-width: 2000px; --smush-placeholder-aspect-ratio: 2000\/1332;object-position:800;\" src=\"data:image\/svg+xml;base64,PHN2ZyB3aWR0aD0iMSIgaGVpZ2h0PSIxIiB4bWxucz0iaHR0cDovL3d3dy53My5vcmcvMjAwMC9zdmciPjwvc3ZnPg==\" class=\"lazyload\" data-srcset=\"https:\/\/www.visittorshavn.fo\/wp-content\/smush-webp\/2024\/05\/13nov19_0261.jpg.webp 2000w, https:\/\/www.visittorshavn.fo\/wp-content\/smush-webp\/2024\/05\/13nov19_0261-800x533.jpg.webp 800w, https:\/\/www.visittorshavn.fo\/wp-content\/smush-webp\/2024\/05\/13nov19_0261-1200x799.jpg.webp 1200w, https:\/\/www.visittorshavn.fo\/wp-content\/smush-webp\/2024\/05\/13nov19_0261-768x511.jpg.webp 768w, https:\/\/www.visittorshavn.fo\/wp-content\/smush-webp\/2024\/05\/13nov19_0261-1536x1023.jpg.webp 1536w, https:\/\/www.visittorshavn.fo\/wp-content\/uploads\/2024\/05\/13nov19_0261-1320x879.jpg 1320w, https:\/\/www.visittorshavn.fo\/wp-content\/smush-webp\/2024\/05\/13nov19_0261-600x400.jpg.webp 600w\" data-sizes=\"auto\" data-original-sizes=\"(max-width: 533px) 100vw, 533px\">\n                                                            <\/div>\n\n                            <div class=\"shortcut-card--content\">\n                                <div class=\"shortcut-icon--top\">\n                                    <img decoding=\"async\" src=\"https:\/\/www.visittorshavn.fo\/wp-content\/themes\/lunnar-visittorshavn\/images\/icon-arrow.svg\" class=\"injectable\" \/>                                <\/div>\n\n                                \n                                <div class=\"shortcut-text\">\n                                                                            <h3>\n                                            Vitjanarverd st\u00f8\u00f0 \u00ed Havnini                                        <\/h3>\n                                    \n                                                                    <\/div>\n                            <\/div>\n                        <\/a>\n                                            <a href=\"https:\/\/www.visittorshavn.fo\/fo\/gallari-og-listasovn\/\" target=\"\" class=\"shortcut-card swiper-slide small-card is-visible\">\n                            <div class=\"shortcut-card--image\">\n                                                                    <img decoding=\"async\" data-src=\"https:\/\/www.visittorshavn.fo\/wp-content\/smush-webp\/2025\/08\/KIVA4944.jpg.webp\" width=\"533\" height=\"50% 50%\" style=\"--smush-placeholder-width: 2560px; --smush-placeholder-aspect-ratio: 2560\/1707;object-position:800;\" src=\"data:image\/svg+xml;base64,PHN2ZyB3aWR0aD0iMSIgaGVpZ2h0PSIxIiB4bWxucz0iaHR0cDovL3d3dy53My5vcmcvMjAwMC9zdmciPjwvc3ZnPg==\" class=\"lazyload\" data-srcset=\"https:\/\/www.visittorshavn.fo\/wp-content\/smush-webp\/2025\/08\/KIVA4944.jpg.webp 2560w, https:\/\/www.visittorshavn.fo\/wp-content\/smush-webp\/2025\/08\/KIVA4944-800x533.jpg.webp 800w, https:\/\/www.visittorshavn.fo\/wp-content\/smush-webp\/2025\/08\/KIVA4944-1200x800.jpg.webp 1200w, https:\/\/www.visittorshavn.fo\/wp-content\/smush-webp\/2025\/08\/KIVA4944-768x512.jpg.webp 768w, https:\/\/www.visittorshavn.fo\/wp-content\/smush-webp\/2025\/08\/KIVA4944-1536x1024.jpg.webp 1536w, https:\/\/www.visittorshavn.fo\/wp-content\/uploads\/2025\/08\/KIVA4944-2048x1366.jpg 2048w, https:\/\/www.visittorshavn.fo\/wp-content\/smush-webp\/2025\/08\/KIVA4944-1320x880.jpg.webp 1320w, https:\/\/www.visittorshavn.fo\/wp-content\/smush-webp\/2025\/08\/KIVA4944-600x400.jpg.webp 600w\" data-sizes=\"auto\" data-original-sizes=\"(max-width: 533px) 100vw, 533px\">\n                                                            <\/div>\n\n                            <div class=\"shortcut-card--content\">\n                                <div class=\"shortcut-icon--top\">\n                                    <img decoding=\"async\" src=\"https:\/\/www.visittorshavn.fo\/wp-content\/themes\/lunnar-visittorshavn\/images\/icon-arrow.svg\" class=\"injectable\" \/>                                <\/div>\n\n                                \n                                <div class=\"shortcut-text\">\n                                                                            <h3>\n                                            Gallar\u00ed og listas\u00f8vn                                        <\/h3>\n                                    \n                                                                    <\/div>\n                            <\/div>\n                        <\/a>\n                                            <a href=\"https:\/\/www.visittorshavn.fo\/fo\/kaffistovur\/\" target=\"\" class=\"shortcut-card swiper-slide small-card is-visible\">\n                            <div class=\"shortcut-card--image\">\n                                                                    <img decoding=\"async\" data-src=\"https:\/\/www.visittorshavn.fo\/wp-content\/smush-webp\/2025\/06\/Gomagott.jpg.webp\" width=\"800\" height=\"50% 50%\" style=\"--smush-placeholder-width: 1978px; --smush-placeholder-aspect-ratio: 1978\/2560;object-position:618;\" src=\"data:image\/svg+xml;base64,PHN2ZyB3aWR0aD0iMSIgaGVpZ2h0PSIxIiB4bWxucz0iaHR0cDovL3d3dy53My5vcmcvMjAwMC9zdmciPjwvc3ZnPg==\" class=\"lazyload\" data-srcset=\"https:\/\/www.visittorshavn.fo\/wp-content\/smush-webp\/2025\/06\/Gomagott.jpg.webp 1978w, https:\/\/www.visittorshavn.fo\/wp-content\/smush-webp\/2025\/06\/Gomagott-618x800.jpg.webp 618w, https:\/\/www.visittorshavn.fo\/wp-content\/smush-webp\/2025\/06\/Gomagott-927x1200.jpg.webp 927w, https:\/\/www.visittorshavn.fo\/wp-content\/smush-webp\/2025\/06\/Gomagott-768x994.jpg.webp 768w, https:\/\/www.visittorshavn.fo\/wp-content\/smush-webp\/2025\/06\/Gomagott-1187x1536.jpg.webp 1187w, https:\/\/www.visittorshavn.fo\/wp-content\/smush-webp\/2025\/06\/Gomagott-1582x2048.jpg.webp 1582w, https:\/\/www.visittorshavn.fo\/wp-content\/smush-webp\/2025\/06\/Gomagott-1320x1708.jpg.webp 1320w, https:\/\/www.visittorshavn.fo\/wp-content\/smush-webp\/2025\/06\/Gomagott-600x777.jpg.webp 600w\" data-sizes=\"auto\" data-original-sizes=\"(max-width: 800px) 100vw, 800px\">\n                                                            <\/div>\n\n                            <div class=\"shortcut-card--content\">\n                                <div class=\"shortcut-icon--top\">\n                                    <img decoding=\"async\" src=\"https:\/\/www.visittorshavn.fo\/wp-content\/themes\/lunnar-visittorshavn\/images\/icon-arrow.svg\" class=\"injectable\" \/>                                <\/div>\n\n                                \n                                <div class=\"shortcut-text\">\n                                                                            <h3>\n                                            Kaffistovur og bakar\u00ed                                        <\/h3>\n                                    \n                                                                    <\/div>\n                            <\/div>\n                        <\/a>\n                                            <a href=\"https:\/\/www.visittorshavn.fo\/fo\/standmyndir\/\" target=\"\" class=\"shortcut-card swiper-slide small-card is-visible\">\n                            <div class=\"shortcut-card--image\">\n                                                                    <img decoding=\"async\" data-src=\"https:\/\/www.visittorshavn.fo\/wp-content\/smush-webp\/2025\/08\/1mars23_B3A7103-X3.jpg.webp\" width=\"450\" height=\"50% 50%\" style=\"--smush-placeholder-width: 1600px; --smush-placeholder-aspect-ratio: 1600\/900;object-position:800;\" src=\"data:image\/svg+xml;base64,PHN2ZyB3aWR0aD0iMSIgaGVpZ2h0PSIxIiB4bWxucz0iaHR0cDovL3d3dy53My5vcmcvMjAwMC9zdmciPjwvc3ZnPg==\" class=\"lazyload\" data-srcset=\"https:\/\/www.visittorshavn.fo\/wp-content\/smush-webp\/2025\/08\/1mars23_B3A7103-X3.jpg.webp 1600w, https:\/\/www.visittorshavn.fo\/wp-content\/smush-webp\/2025\/08\/1mars23_B3A7103-X3-800x450.jpg.webp 800w, https:\/\/www.visittorshavn.fo\/wp-content\/smush-webp\/2025\/08\/1mars23_B3A7103-X3-1200x675.jpg.webp 1200w, https:\/\/www.visittorshavn.fo\/wp-content\/smush-webp\/2025\/08\/1mars23_B3A7103-X3-768x432.jpg.webp 768w, https:\/\/www.visittorshavn.fo\/wp-content\/smush-webp\/2025\/08\/1mars23_B3A7103-X3-1536x864.jpg.webp 1536w, https:\/\/www.visittorshavn.fo\/wp-content\/smush-webp\/2025\/08\/1mars23_B3A7103-X3-1320x743.jpg.webp 1320w, https:\/\/www.visittorshavn.fo\/wp-content\/smush-webp\/2025\/08\/1mars23_B3A7103-X3-600x338.jpg.webp 600w\" data-sizes=\"auto\" data-original-sizes=\"(max-width: 450px) 100vw, 450px\">\n                                                            <\/div>\n\n                            <div class=\"shortcut-card--content\">\n                                <div class=\"shortcut-icon--top\">\n                                    <img decoding=\"async\" src=\"https:\/\/www.visittorshavn.fo\/wp-content\/themes\/lunnar-visittorshavn\/images\/icon-arrow.svg\" class=\"injectable\" \/>                                <\/div>\n\n                                \n                                <div class=\"shortcut-text\">\n                                                                            <h3>\n                                            Standmyndir                                        <\/h3>\n                                    \n                                                                    <\/div>\n                            <\/div>\n                        <\/a>\n                                            <a href=\"https:\/\/www.visittorshavn.fo\/fo\/barnavinaliga-havnin\/\" target=\"\" class=\"shortcut-card swiper-slide small-card is-visible\">\n                            <div class=\"shortcut-card--image\">\n                                                                    <img decoding=\"async\" data-src=\"https:\/\/www.visittorshavn.fo\/wp-content\/smush-webp\/2025\/07\/4mai24_B3A7294-X3.jpg.webp\" width=\"534\" height=\"50% 50%\" style=\"--smush-placeholder-width: 1600px; --smush-placeholder-aspect-ratio: 1600\/1067;object-position:800;\" src=\"data:image\/svg+xml;base64,PHN2ZyB3aWR0aD0iMSIgaGVpZ2h0PSIxIiB4bWxucz0iaHR0cDovL3d3dy53My5vcmcvMjAwMC9zdmciPjwvc3ZnPg==\" class=\"lazyload\" data-srcset=\"https:\/\/www.visittorshavn.fo\/wp-content\/smush-webp\/2025\/07\/4mai24_B3A7294-X3.jpg.webp 1600w, https:\/\/www.visittorshavn.fo\/wp-content\/smush-webp\/2025\/07\/4mai24_B3A7294-X3-800x534.jpg.webp 800w, https:\/\/www.visittorshavn.fo\/wp-content\/smush-webp\/2025\/07\/4mai24_B3A7294-X3-1200x800.jpg.webp 1200w, https:\/\/www.visittorshavn.fo\/wp-content\/smush-webp\/2025\/07\/4mai24_B3A7294-X3-768x512.jpg.webp 768w, https:\/\/www.visittorshavn.fo\/wp-content\/smush-webp\/2025\/07\/4mai24_B3A7294-X3-1536x1024.jpg.webp 1536w, https:\/\/www.visittorshavn.fo\/wp-content\/smush-webp\/2025\/07\/4mai24_B3A7294-X3-1320x880.jpg.webp 1320w, https:\/\/www.visittorshavn.fo\/wp-content\/smush-webp\/2025\/07\/4mai24_B3A7294-X3-600x400.jpg.webp 600w\" data-sizes=\"auto\" data-original-sizes=\"(max-width: 534px) 100vw, 534px\">\n                                                            <\/div>\n\n                            <div class=\"shortcut-card--content\">\n                                <div class=\"shortcut-icon--top\">\n                                    <img decoding=\"async\" src=\"https:\/\/www.visittorshavn.fo\/wp-content\/themes\/lunnar-visittorshavn\/images\/icon-arrow.svg\" class=\"injectable\" \/>                                <\/div>\n\n                                \n                                <div class=\"shortcut-text\">\n                                                                            <h3>\n                                            Barnavinaliga Havnin                                        <\/h3>\n                                    \n                                                                    <\/div>\n                            <\/div>\n                        <\/a>\n                                            <a href=\"https:\/\/www.visittorshavn.fo\/fo\/um-okkum\/kring-hovudsstadin\/\" target=\"\" class=\"shortcut-card swiper-slide small-card is-visible\">\n                            <div class=\"shortcut-card--image\">\n                                                                    <img decoding=\"async\" data-src=\"https:\/\/www.visittorshavn.fo\/wp-content\/smush-webp\/2024\/06\/4jan23_0164b.jpg.webp\" width=\"533\" height=\"50% 50%\" style=\"--smush-placeholder-width: 2560px; --smush-placeholder-aspect-ratio: 2560\/1707;object-position:800;\" src=\"data:image\/svg+xml;base64,PHN2ZyB3aWR0aD0iMSIgaGVpZ2h0PSIxIiB4bWxucz0iaHR0cDovL3d3dy53My5vcmcvMjAwMC9zdmciPjwvc3ZnPg==\" class=\"lazyload\" data-srcset=\"https:\/\/www.visittorshavn.fo\/wp-content\/smush-webp\/2024\/06\/4jan23_0164b.jpg.webp 2560w, https:\/\/www.visittorshavn.fo\/wp-content\/smush-webp\/2024\/06\/4jan23_0164b-800x533.jpg.webp 800w, https:\/\/www.visittorshavn.fo\/wp-content\/smush-webp\/2024\/06\/4jan23_0164b-1200x800.jpg.webp 1200w, https:\/\/www.visittorshavn.fo\/wp-content\/smush-webp\/2024\/06\/4jan23_0164b-768x512.jpg.webp 768w, https:\/\/www.visittorshavn.fo\/wp-content\/smush-webp\/2024\/06\/4jan23_0164b-1536x1024.jpg.webp 1536w, https:\/\/www.visittorshavn.fo\/wp-content\/uploads\/2024\/06\/4jan23_0164b-2048x1366.jpg 2048w, https:\/\/www.visittorshavn.fo\/wp-content\/uploads\/2024\/06\/4jan23_0164b-1320x880.jpg 1320w, https:\/\/www.visittorshavn.fo\/wp-content\/smush-webp\/2024\/06\/4jan23_0164b-600x400.jpg.webp 600w\" data-sizes=\"auto\" data-original-sizes=\"(max-width: 533px) 100vw, 533px\">\n                                                            <\/div>\n\n                            <div class=\"shortcut-card--content\">\n                                <div class=\"shortcut-icon--top\">\n                                    <img decoding=\"async\" src=\"https:\/\/www.visittorshavn.fo\/wp-content\/themes\/lunnar-visittorshavn\/images\/icon-arrow.svg\" class=\"injectable\" \/>                                <\/div>\n\n                                \n                                <div class=\"shortcut-text\">\n                                                                            <h3>\n                                            Kring h\u00f8vu\u00f0sta\u00f0in                                        <\/h3>\n                                    \n                                                                    <\/div>\n                            <\/div>\n                        <\/a>\n                                    \n                                    <\/div>\n                \n                    <\/div>\n\n\n<div style=\"height:140px\" aria-hidden=\"true\" class=\"wp-block-spacer\"><\/div>\n<\/div>\n","protected":false},"excerpt":{"rendered":"<p>At s\u00edggja \u00ed n\u00e6rumhv\u00f8rvinum \u00cd Kirkjub\u00f8 liggur \u2018M\u00farurin\u2019 (ella, sum hon av r\u00f8ttum eitur, Magnusarkirkjan), fyrsta d\u00f3mkirkjan \u00ed F\u00f8royum og hjarta\u00f0 \u00ed f\u00f8royska mentanar- og kirkjul\u00edvinum \u00ed mi\u00f0\u00f8ldini.&nbsp; Ta\u00f0 er [&hellip;]<\/p>\n","protected":false},"author":3,"featured_media":9239,"parent":0,"menu_order":0,"comment_status":"closed","ping_status":"closed","template":"","meta":{"_acf_changed":false,"footnotes":""},"page_category":[],"class_list":["post-15312","page","type-page","status-publish","has-post-thumbnail","hentry"],"acf":[],"yoast_head":"<!-- This site is optimized with the Yoast SEO plugin v27.5 - https:\/\/yoast.com\/product\/yoast-seo-wordpress\/ -->\n<title>At s\u00edggja \u00ed n\u00e6rumhv\u00f8rvinum - Visit Torshavn<\/title>\n<meta name=\"robots\" content=\"index, follow, max-snippet:-1, max-image-preview:large, max-video-preview:-1\" \/>\n<link rel=\"canonical\" href=\"https:\/\/www.visittorshavn.fo\/fo\/must-sees-in-the-region\/\" \/>\n<meta property=\"og:locale\" content=\"fo_FO\" \/>\n<meta property=\"og:type\" content=\"article\" \/>\n<meta property=\"og:title\" content=\"At s\u00edggja \u00ed n\u00e6rumhv\u00f8rvinum - Visit Torshavn\" \/>\n<meta property=\"og:description\" content=\"At s\u00edggja \u00ed n\u00e6rumhv\u00f8rvinum \u00cd Kirkjub\u00f8 liggur \u2018M\u00farurin\u2019 (ella, sum hon av r\u00f8ttum eitur, Magnusarkirkjan), fyrsta d\u00f3mkirkjan \u00ed F\u00f8royum og hjarta\u00f0 \u00ed f\u00f8royska mentanar- og kirkjul\u00edvinum \u00ed mi\u00f0\u00f8ldini.&nbsp; Ta\u00f0 er [&hellip;]\" \/>\n<meta property=\"og:url\" content=\"https:\/\/www.visittorshavn.fo\/fo\/must-sees-in-the-region\/\" \/>\n<meta property=\"og:site_name\" content=\"Visit Torshavn\" \/>\n<meta property=\"article:modified_time\" content=\"2025-08-12T13:29:22+00:00\" \/>\n<meta property=\"og:image\" content=\"https:\/\/www.visittorshavn.fo\/wp-content\/uploads\/2024\/07\/Hiking-Nordradalur-Dalagjogv-1200x900.jpg\" \/>\n\t<meta property=\"og:image:width\" content=\"1200\" \/>\n\t<meta property=\"og:image:height\" content=\"900\" \/>\n\t<meta property=\"og:image:type\" content=\"image\/jpeg\" \/>\n<meta name=\"twitter:card\" content=\"summary_large_image\" \/>\n<meta name=\"twitter:label1\" content=\"Est. reading time\" \/>\n\t<meta name=\"twitter:data1\" content=\"6 minutes\" \/>\n<script type=\"application\/ld+json\" class=\"yoast-schema-graph\">{\"@context\":\"https:\\\/\\\/schema.org\",\"@graph\":[{\"@type\":\"WebPage\",\"@id\":\"https:\\\/\\\/www.visittorshavn.fo\\\/fo\\\/must-sees-in-the-region\\\/\",\"url\":\"https:\\\/\\\/www.visittorshavn.fo\\\/fo\\\/must-sees-in-the-region\\\/\",\"name\":\"At s\u00edggja \u00ed n\u00e6rumhv\u00f8rvinum - Visit Torshavn\",\"isPartOf\":{\"@id\":\"https:\\\/\\\/www.visittorshavn.fo\\\/fo\\\/#website\"},\"primaryImageOfPage\":{\"@id\":\"https:\\\/\\\/www.visittorshavn.fo\\\/fo\\\/must-sees-in-the-region\\\/#primaryimage\"},\"image\":{\"@id\":\"https:\\\/\\\/www.visittorshavn.fo\\\/fo\\\/must-sees-in-the-region\\\/#primaryimage\"},\"thumbnailUrl\":\"https:\\\/\\\/www.visittorshavn.fo\\\/wp-content\\\/uploads\\\/2024\\\/07\\\/Hiking-Nordradalur-Dalagjogv.jpg\",\"datePublished\":\"2024-05-24T12:49:15+00:00\",\"dateModified\":\"2025-08-12T13:29:22+00:00\",\"breadcrumb\":{\"@id\":\"https:\\\/\\\/www.visittorshavn.fo\\\/fo\\\/must-sees-in-the-region\\\/#breadcrumb\"},\"inLanguage\":\"fo-FO\",\"potentialAction\":[{\"@type\":\"ReadAction\",\"target\":[\"https:\\\/\\\/www.visittorshavn.fo\\\/fo\\\/must-sees-in-the-region\\\/\"]}]},{\"@type\":\"ImageObject\",\"inLanguage\":\"fo-FO\",\"@id\":\"https:\\\/\\\/www.visittorshavn.fo\\\/fo\\\/must-sees-in-the-region\\\/#primaryimage\",\"url\":\"https:\\\/\\\/www.visittorshavn.fo\\\/wp-content\\\/uploads\\\/2024\\\/07\\\/Hiking-Nordradalur-Dalagjogv.jpg\",\"contentUrl\":\"https:\\\/\\\/www.visittorshavn.fo\\\/wp-content\\\/uploads\\\/2024\\\/07\\\/Hiking-Nordradalur-Dalagjogv.jpg\",\"width\":2560,\"height\":1920,\"caption\":\"cof\"},{\"@type\":\"BreadcrumbList\",\"@id\":\"https:\\\/\\\/www.visittorshavn.fo\\\/fo\\\/must-sees-in-the-region\\\/#breadcrumb\",\"itemListElement\":[{\"@type\":\"ListItem\",\"position\":1,\"name\":\"Home\",\"item\":\"https:\\\/\\\/www.visittorshavn.fo\\\/fo\\\/\"},{\"@type\":\"ListItem\",\"position\":2,\"name\":\"At s\u00edggja \u00ed n\u00e6rumhv\u00f8rvinum\"}]},{\"@type\":\"WebSite\",\"@id\":\"https:\\\/\\\/www.visittorshavn.fo\\\/fo\\\/#website\",\"url\":\"https:\\\/\\\/www.visittorshavn.fo\\\/fo\\\/\",\"name\":\"Visit Torshavn\",\"description\":\"\",\"potentialAction\":[{\"@type\":\"SearchAction\",\"target\":{\"@type\":\"EntryPoint\",\"urlTemplate\":\"https:\\\/\\\/www.visittorshavn.fo\\\/fo\\\/?s={search_term_string}\"},\"query-input\":{\"@type\":\"PropertyValueSpecification\",\"valueRequired\":true,\"valueName\":\"search_term_string\"}}],\"inLanguage\":\"fo-FO\"}]}<\/script>\n<!-- \/ Yoast SEO plugin. -->","yoast_head_json":{"title":"At s\u00edggja \u00ed n\u00e6rumhv\u00f8rvinum - Visit Torshavn","robots":{"index":"index","follow":"follow","max-snippet":"max-snippet:-1","max-image-preview":"max-image-preview:large","max-video-preview":"max-video-preview:-1"},"canonical":"https:\/\/www.visittorshavn.fo\/fo\/must-sees-in-the-region\/","og_locale":"fo_FO","og_type":"article","og_title":"At s\u00edggja \u00ed n\u00e6rumhv\u00f8rvinum - Visit Torshavn","og_description":"At s\u00edggja \u00ed n\u00e6rumhv\u00f8rvinum \u00cd Kirkjub\u00f8 liggur \u2018M\u00farurin\u2019 (ella, sum hon av r\u00f8ttum eitur, Magnusarkirkjan), fyrsta d\u00f3mkirkjan \u00ed F\u00f8royum og hjarta\u00f0 \u00ed f\u00f8royska mentanar- og kirkjul\u00edvinum \u00ed mi\u00f0\u00f8ldini.&nbsp; Ta\u00f0 er [&hellip;]","og_url":"https:\/\/www.visittorshavn.fo\/fo\/must-sees-in-the-region\/","og_site_name":"Visit Torshavn","article_modified_time":"2025-08-12T13:29:22+00:00","og_image":[{"width":1200,"height":900,"url":"https:\/\/www.visittorshavn.fo\/wp-content\/uploads\/2024\/07\/Hiking-Nordradalur-Dalagjogv-1200x900.jpg","type":"image\/jpeg"}],"twitter_card":"summary_large_image","twitter_misc":{"Est. reading time":"6 minutes"},"schema":{"@context":"https:\/\/schema.org","@graph":[{"@type":"WebPage","@id":"https:\/\/www.visittorshavn.fo\/fo\/must-sees-in-the-region\/","url":"https:\/\/www.visittorshavn.fo\/fo\/must-sees-in-the-region\/","name":"At s\u00edggja \u00ed n\u00e6rumhv\u00f8rvinum - Visit Torshavn","isPartOf":{"@id":"https:\/\/www.visittorshavn.fo\/fo\/#website"},"primaryImageOfPage":{"@id":"https:\/\/www.visittorshavn.fo\/fo\/must-sees-in-the-region\/#primaryimage"},"image":{"@id":"https:\/\/www.visittorshavn.fo\/fo\/must-sees-in-the-region\/#primaryimage"},"thumbnailUrl":"https:\/\/www.visittorshavn.fo\/wp-content\/uploads\/2024\/07\/Hiking-Nordradalur-Dalagjogv.jpg","datePublished":"2024-05-24T12:49:15+00:00","dateModified":"2025-08-12T13:29:22+00:00","breadcrumb":{"@id":"https:\/\/www.visittorshavn.fo\/fo\/must-sees-in-the-region\/#breadcrumb"},"inLanguage":"fo-FO","potentialAction":[{"@type":"ReadAction","target":["https:\/\/www.visittorshavn.fo\/fo\/must-sees-in-the-region\/"]}]},{"@type":"ImageObject","inLanguage":"fo-FO","@id":"https:\/\/www.visittorshavn.fo\/fo\/must-sees-in-the-region\/#primaryimage","url":"https:\/\/www.visittorshavn.fo\/wp-content\/uploads\/2024\/07\/Hiking-Nordradalur-Dalagjogv.jpg","contentUrl":"https:\/\/www.visittorshavn.fo\/wp-content\/uploads\/2024\/07\/Hiking-Nordradalur-Dalagjogv.jpg","width":2560,"height":1920,"caption":"cof"},{"@type":"BreadcrumbList","@id":"https:\/\/www.visittorshavn.fo\/fo\/must-sees-in-the-region\/#breadcrumb","itemListElement":[{"@type":"ListItem","position":1,"name":"Home","item":"https:\/\/www.visittorshavn.fo\/fo\/"},{"@type":"ListItem","position":2,"name":"At s\u00edggja \u00ed n\u00e6rumhv\u00f8rvinum"}]},{"@type":"WebSite","@id":"https:\/\/www.visittorshavn.fo\/fo\/#website","url":"https:\/\/www.visittorshavn.fo\/fo\/","name":"Visit Torshavn","description":"","potentialAction":[{"@type":"SearchAction","target":{"@type":"EntryPoint","urlTemplate":"https:\/\/www.visittorshavn.fo\/fo\/?s={search_term_string}"},"query-input":{"@type":"PropertyValueSpecification","valueRequired":true,"valueName":"search_term_string"}}],"inLanguage":"fo-FO"}]}},"_links":{"self":[{"href":"https:\/\/www.visittorshavn.fo\/fo\/wp-json\/wp\/v2\/pages\/15312","targetHints":{"allow":["GET"]}}],"collection":[{"href":"https:\/\/www.visittorshavn.fo\/fo\/wp-json\/wp\/v2\/pages"}],"about":[{"href":"https:\/\/www.visittorshavn.fo\/fo\/wp-json\/wp\/v2\/types\/page"}],"author":[{"embeddable":true,"href":"https:\/\/www.visittorshavn.fo\/fo\/wp-json\/wp\/v2\/users\/3"}],"replies":[{"embeddable":true,"href":"https:\/\/www.visittorshavn.fo\/fo\/wp-json\/wp\/v2\/comments?post=15312"}],"version-history":[{"count":0,"href":"https:\/\/www.visittorshavn.fo\/fo\/wp-json\/wp\/v2\/pages\/15312\/revisions"}],"wp:featuredmedia":[{"embeddable":true,"href":"https:\/\/www.visittorshavn.fo\/fo\/wp-json\/wp\/v2\/media\/9239"}],"wp:attachment":[{"href":"https:\/\/www.visittorshavn.fo\/fo\/wp-json\/wp\/v2\/media?parent=15312"}],"wp:term":[{"taxonomy":"page_category","embeddable":true,"href":"https:\/\/www.visittorshavn.fo\/fo\/wp-json\/wp\/v2\/page_category?post=15312"}],"curies":[{"name":"wp","href":"https:\/\/api.w.org\/{rel}","templated":true}]}}