{"id":16372,"date":"2024-09-25T12:24:54","date_gmt":"2024-09-25T11:24:54","guid":{"rendered":"https:\/\/www.visittorshavn.fo\/?page_id=16372"},"modified":"2026-04-29T14:52:19","modified_gmt":"2026-04-29T13:52:19","slug":"whats-on","status":"publish","type":"page","link":"https:\/\/www.visittorshavn.fo\/fo\/whats-on\/","title":{"rendered":"What&#8217;s on"},"content":{"rendered":"\n<div class=\"wp-block-cover alignfull has-custom-content-position is-position-bottom-center\" style=\"min-height:582px;aspect-ratio:unset;\"><img decoding=\"async\" width=\"1512\" height=\"582\" class=\"wp-block-cover__image-background wp-image-22 lazyload\" alt=\"\" data-src=\"https:\/\/www.visittorshavn.fo\/wp-content\/smush-webp\/2024\/01\/image-121.jpg.webp\" data-object-fit=\"cover\" data-srcset=\"https:\/\/www.visittorshavn.fo\/wp-content\/smush-webp\/2024\/01\/image-121.jpg.webp 1512w, https:\/\/www.visittorshavn.fo\/wp-content\/smush-webp\/2024\/01\/image-121-600x231.jpg.webp 600w, https:\/\/www.visittorshavn.fo\/wp-content\/smush-webp\/2024\/01\/image-121-800x308.jpg.webp 800w, https:\/\/www.visittorshavn.fo\/wp-content\/smush-webp\/2024\/01\/image-121-1440x554.jpg.webp 1440w, https:\/\/www.visittorshavn.fo\/wp-content\/smush-webp\/2024\/01\/image-121-768x296.jpg.webp 768w\" data-sizes=\"auto\" src=\"data:image\/svg+xml;base64,PHN2ZyB3aWR0aD0iMSIgaGVpZ2h0PSIxIiB4bWxucz0iaHR0cDovL3d3dy53My5vcmcvMjAwMC9zdmciPjwvc3ZnPg==\" style=\"--smush-placeholder-width: 1512px; --smush-placeholder-aspect-ratio: 1512\/582;\" data-original-sizes=\"(max-width: 1512px) 100vw, 1512px\" \/><span aria-hidden=\"true\" class=\"wp-block-cover__background has-background-dim\"><\/span><div class=\"wp-block-cover__inner-container is-layout-constrained wp-block-cover-is-layout-constrained\">\n<div class=\"wp-block-columns is-layout-flex wp-container-core-columns-is-layout-9d6595d7 wp-block-columns-is-layout-flex\">\n<div class=\"wp-block-column is-layout-flow wp-block-column-is-layout-flow\">\n<h1 class=\"wp-block-heading\">What&#8217;s On<\/h1>\n<\/div>\n\n\n\n<div class=\"wp-block-column is-layout-flow wp-block-column-is-layout-flow\"><\/div>\n<\/div>\n\n\n\n<div style=\"height:60px\" aria-hidden=\"true\" class=\"wp-block-spacer\"><\/div>\n<\/div><\/div>\n\n\n\n<div style=\"height:100px\" aria-hidden=\"true\" class=\"wp-block-spacer\"><\/div>\n\n\n\n<h2 class=\"wp-block-heading has-text-align-center\" style=\"font-style:normal;font-weight:500\">Ni\u00f0anfyri ber til at s\u00edggja <em><strong>What&#8217;s on<\/strong><\/em>, sum er ein skr\u00e1 av tilt\u00f8kum i\u00f0 henda \u00ed T\u00f3rshavnar Kommunu, hesa vikuna.<\/h2>\n\n\n\n<div style=\"height:100px\" aria-hidden=\"true\" class=\"wp-block-spacer\"><\/div>\n\n\n\n<h3 class=\"wp-block-heading\"><strong><strong><strong>Fr\u00edggjadag 01.05.26<\/strong><\/strong><\/strong><\/h3>\n\n\n\n<p>09:30-18:00 HER fotoframs\u00fdning hj\u00e1 Mariu Holm-Jacobsen \u00e1 Landsb\u00f3kasavninum<\/p>\n\n\n\n<p>14:00-18:00 Listaframs\u00fdning: Vera og Anna Maria \u00ed Smi\u00f0juni \u00ed L\u00edtluv\u00edk<\/p>\n\n\n\n<p>20:00 T\u00f3nar\u00f3 \u2013 hugd\u00fdpingarkonsertir vi\u00f0 Vibra \u00ed Auluni \u00ed Finsen<\/p>\n\n\n\n<p>21:00 Konsert: Karlak\u00f3rinn Esja \u00e1 OY<\/p>\n\n\n\n<p>23:00 BUDA (LULU ROUGE) Brynjolfur &amp; Anthony Charles \u00ed N\u00e1ttarklubbanum<\/p>\n\n\n\n<p>23:00 Helge Greve sp\u00e6lir \u00ed Essabarr<\/p>\n\n\n\n<div style=\"height:25px\" aria-hidden=\"true\" class=\"wp-block-spacer\"><\/div>\n\n\n\n<h3 class=\"wp-block-heading\"><strong><strong>Leygardag 02.05.26<\/strong><\/strong><\/h3>\n\n\n\n<p>10:00-16:00 Familjudagur \u00e1 Kemilux \u00e1 Hjalla<\/p>\n\n\n\n<p>10:00-17:00 Umhv\u00f8rvisvikan: Kl\u00e6dna-, plantu- og putlisp\u00e6ls-umb\u00fdting \u00e1 B\u00fdarb\u00f3kasavninum<\/p>\n\n\n\n<p>10:00-18:00 Handilstiltaki &#8220;B\u00fdurin sp\u00edrar&#8221;<\/p>\n\n\n\n<p>11:00-14:00 Umhv\u00f8rvisvikan: Planti\u00f0 eitt tr\u00e6 \u00e1 Vaglinum<\/p>\n\n\n\n<p>11:00-16:00 Sta\u00f0bundin matmarkna\u00f0ur \u00ed V\u00e1gsbotni<\/p>\n\n\n\n<p>11:00-16:00 Ein dagur \u00e1 grynnuni \u00ed T\u00f3rsg\u00f8tu<\/p>\n\n\n\n<p>13:00 FM \u00ed styrkilyfting \u00ed Burn Athletics<\/p>\n\n\n\n<p>14:00-17:00 Umhv\u00f8rvisvikan: Skapandi verkstova \u2013 \u201cVit kn\u00fdta amplar til urtapottar \u00e1 B\u00fdarb\u00f3kasavninum\u201d<\/p>\n\n\n\n<p>14:00-18:00 Listaframs\u00fdning: Vera og Anna Maria \u00ed Smi\u00f0juni \u00ed L\u00edtluv\u00edk<\/p>\n\n\n\n<p>17:00 Konsert: Spectrum og Kamark\u00f3ri\u00f0 \u00ed Vesturkirkjuni<\/p>\n\n\n\n<p>18:00-23:00 Game Night \u00ed Hollywood<\/p>\n\n\n\n<p>20:00 Lena Anderssen \u00e1 Reinsar\u00ednum<\/p>\n\n\n\n<p>22:00 Uni Debess sp\u00e6lir \u00ed Irish Pub<\/p>\n\n\n\n<p>23:00 Heri Olsen sp\u00e6la \u00ed Essabarr<\/p>\n\n\n\n<div style=\"height:25px\" aria-hidden=\"true\" class=\"wp-block-spacer\"><\/div>\n\n\n\n<h3 class=\"wp-block-heading\"><strong><strong>Sunnudag 03.05.26<\/strong><\/strong><\/h3>\n\n\n\n<p><strong>12:00 Familjudagur \u00ed Nor\u00f0urlandah\u00fasinum<\/strong><\/p>\n\n\n\n<ul class=\"wp-block-list\">\n<li>13:00 Umhv\u00f8rvisvikan: Umv\u00e6lingarverkstovan<\/li>\n\n\n\n<li>13:00 Umhv\u00f8rvisvikan: Komposth\u00fasi\u00f0<\/li>\n\n\n\n<li>13:00 Umhv\u00f8rvisvikan: Snikkaraverksta\u00f0i\u00f0<\/li>\n\n\n\n<li>14:00 &amp; 15:00 Umhv\u00f8rvisvikan: Hvat er \u00ed Nor\u00f0urlandah\u00fasinum?<\/li>\n\n\n\n<li>16:00 Umhv\u00f8rvisvikan: Familjubio &#8211; Flow<\/li>\n<\/ul>\n\n\n\n<p>13:00 &amp; 15:00 Umhv\u00f8rvisvikan: T\u00farur til Kolturs (\u00fatselt)<\/p>\n\n\n\n<p>14:00-18:00 Listaframs\u00fdning: Vera og Anna Maria \u00ed Smi\u00f0juni \u00ed L\u00edtluv\u00edk<\/p>\n\n\n\n<p>14:00-17:00 Umhv\u00f8rvisvikan: Kl\u00e6dna-, plantu- og putlisp\u00e6ls-umb\u00fdting \u00e1 B\u00fdarb\u00f3kasavninum<\/p>\n\n\n\n<p>15:00-16:00 Konsert: Klaver &amp; Sello \u00ed T\u00f3rshavnar Musikksk\u00fala<\/p>\n\n\n\n<p>18:30-20:00 Concerto Grotto \u00ed Kl\u00e6mintsgj\u00f3gv<\/p>\n\n\n\n<div style=\"height:25px\" aria-hidden=\"true\" class=\"wp-block-spacer\"><\/div>\n\n\n\n<h3 class=\"wp-block-heading\"><strong><strong>M\u00e1nadag 04.05.26<\/strong><\/strong><\/h3>\n\n\n\n<p>09:00-20:00 Umhv\u00f8rvisvikan: Kl\u00e6dna-, plantu- og putlisp\u00e6ls-umb\u00fdting \u00e1 B\u00fdarb\u00f3kasavninum<\/p>\n\n\n\n<p>09:00-20:00 Umhv\u00f8rvisvikan: Bl\u00f3muvei\u00f0a \u00e1 B\u00fdarb\u00f3kasavninum<\/p>\n\n\n\n<p>09:30-18:00 HER fotoframs\u00fdning hj\u00e1 Mariu Holm-Jacobsen \u00e1 Landsb\u00f3kasavninum<\/p>\n\n\n\n<p>14:00-18:00 Listaframs\u00fdning: Vera og Anna Maria \u00ed Smi\u00f0juni \u00ed L\u00edtluv\u00edk<\/p>\n\n\n\n<p>19:00 Umhv\u00f8rvisvikan: Kv\u00f8ldkvirra \u00ed Kirkjub\u00f8ar kirkju og hugnal\u00f8ta \u00ed Roykstovuni<\/p>\n\n\n\n<div style=\"height:25px\" aria-hidden=\"true\" class=\"wp-block-spacer\"><\/div>\n\n\n\n<h3 class=\"wp-block-heading\"><strong><strong>T\u00fdsdag 05.05.26<\/strong><\/strong><\/h3>\n\n\n\n<p>09:00-20:00 Umhv\u00f8rvisvikan: Kl\u00e6dna-, plantu- og putlisp\u00e6ls-umb\u00fdting \u00e1 B\u00fdarb\u00f3kasavninum<\/p>\n\n\n\n<p>09:00-20:00 Umhv\u00f8rvisvikan: Bl\u00f3muvei\u00f0a \u00e1 B\u00fdarb\u00f3kasavninum<\/p>\n\n\n\n<p>09:30-18:00 HER fotoframs\u00fdning hj\u00e1 Mariu Holm-Jacobsen \u00e1 Landsb\u00f3kasavninum<\/p>\n\n\n\n<p>10:00-18:00 Listaframs\u00fdning: Vera og Anna Maria \u00ed Smi\u00f0juni \u00ed L\u00edtluv\u00edk<\/p>\n\n\n\n<p>16:00 Listaframs\u00fdning: Szabotage letur upp s\u00edna n\u00fdggjastu frams\u00fdning \u00e1 Hilton Garden Inn<\/p>\n\n\n\n<p>17:00-21:00 Umhv\u00f8rvisvikan: N\u00ddN\u00dd \u2013 N\u00fdn\u00fdtsluseymistova \u00ed Seymiverkstovuni hj\u00e1 Bl\u00e1a Krossi<\/p>\n\n\n\n<p>19:30 Umhv\u00f8rvisvikan: Framl\u00f8ga og rundv\u00edsing \u00e1 Kommunalu Brennist\u00f8\u00f0ini<\/p>\n\n\n\n<p>19:30 Open Mic \/ Open Stage vi\u00f0 J\u00f3gvan \u00e1 Reinsar\u00ednum<\/p>\n\n\n\n<p>20:00 MKC &#8211; Mikkeller bindiklubbur \u00ed Mikkeller<\/p>\n\n\n\n<p>21:00 Bob&#8217;s social run<\/p>\n\n\n\n<div style=\"height:25px\" aria-hidden=\"true\" class=\"wp-block-spacer\"><\/div>\n\n\n\n<h3 class=\"wp-block-heading\"><strong><strong>Mikudag 06.05.26<\/strong><\/strong><\/h3>\n\n\n\n<p>09:00-20:00 Umhv\u00f8rvisvikan: Kl\u00e6dna-, plantu- og putlisp\u00e6ls-umb\u00fdting \u00e1 B\u00fdarb\u00f3kasavninum<\/p>\n\n\n\n<p>09:00-20:00 Umhv\u00f8rvisvikan: Bl\u00f3muvei\u00f0a \u00e1 B\u00fdarb\u00f3kasavninum<\/p>\n\n\n\n<p>09:30-18:00 HER fotoframs\u00fdning hj\u00e1 Mariu Holm-Jacobsen \u00e1 Landsb\u00f3kasavninum<\/p>\n\n\n\n<p>16:20-18:25 Umhv\u00f8rvisvikan: Vitja urtagar\u00f0in hj\u00e1 Maud \u00ed N\u00f3lsoy (\u00fatselt)<\/p>\n\n\n\n<p>18:30-20:00 Concerto Grotto \u00ed Kl\u00e6mintsgj\u00f3gv<\/p>\n\n\n\n<p>19:00-21:00 Kyn og samleiki \u00ed dag &#8211; hvat vita vit? \u00ed Perluni<\/p>\n\n\n\n<p>19:30 Randers Kamarorkestur vi\u00f0 Anja Nedremo (DK\/NO) \u00ed Nor\u00f0urlandah\u00fasinum<\/p>\n\n\n\n<p>19:30 Open Mic \/ Open Stage vi\u00f0 J\u00f3gvan \u00e1 Reinsar\u00ednum<\/p>\n\n\n\n<p>20:00 Umhv\u00f8rvisvikan: Filmurin \u201cEldur, Vatn, J\u00f8r\u00f0, Luft\u201d ver\u00f0ur s\u00fdndur \u00ed Havnar Bio<\/p>\n\n\n\n<div style=\"height:25px\" aria-hidden=\"true\" class=\"wp-block-spacer\"><\/div>\n\n\n\n<h3 class=\"wp-block-heading\"><strong><strong>H\u00f3sdag 07.05.26<\/strong><\/strong><\/h3>\n\n\n\n<p>09:00-20:00 Umhv\u00f8rvisvikan: Kl\u00e6dna-, plantu- og putlisp\u00e6ls-umb\u00fdting \u00e1 B\u00fdarb\u00f3kasavninum<\/p>\n\n\n\n<p>09:00-20:00 Umhv\u00f8rvisvikan: Bl\u00f3muvei\u00f0a \u00e1 B\u00fdarb\u00f3kasavninum<\/p>\n\n\n\n<p>09:30-18:00 HER fotoframs\u00fdning hj\u00e1 Mariu Holm-Jacobsen \u00e1 Landsb\u00f3kasavninum<\/p>\n\n\n\n<p>17:00-21:00 Umhv\u00f8rvisvikan: N\u00ddN\u00dd \u2013 N\u00fdn\u00fdtsluseymistova \u00ed Seymiverkstovuni hj\u00e1 Bl\u00e1a Krossi<\/p>\n\n\n\n<p>19:30-21:00 Gr\u00f8na kv\u00f8ldi\u00f0 \u00ed Auluni \u00ed Finsen<\/p>\n\n\n\n<p>20:00 Ungd\u00f3msBingo hj\u00e1 Betri Trygging \u00e1 Kongabr\u00fanni<\/p>\n\n\n\n<p>21:00 Summart\u00f3nar: Konsert vi\u00f0 Kraz Parl\u00e9 (FO) \u00ed Bl\u00e1bar<\/p>\n\n\n\n<div style=\"height:100px\" aria-hidden=\"true\" class=\"wp-block-spacer\"><\/div>\n","protected":false},"excerpt":{"rendered":"<p>Ni\u00f0anfyri ber til at s\u00edggja What&#8217;s on, sum er ein skr\u00e1 av tilt\u00f8kum i\u00f0 henda \u00ed T\u00f3rshavnar Kommunu, hesa vikuna. Fr\u00edggjadag 01.05.26 09:30-18:00 HER fotoframs\u00fdning hj\u00e1 Mariu Holm-Jacobsen \u00e1 Landsb\u00f3kasavninum [&hellip;]<\/p>\n","protected":false},"author":3,"featured_media":1030,"parent":0,"menu_order":0,"comment_status":"closed","ping_status":"closed","template":"","meta":{"_acf_changed":false,"footnotes":""},"page_category":[],"class_list":["post-16372","page","type-page","status-publish","has-post-thumbnail","hentry"],"acf":[],"yoast_head":"<!-- This site is optimized with the Yoast SEO plugin v27.5 - https:\/\/yoast.com\/product\/yoast-seo-wordpress\/ -->\n<title>What&#039;s on - Visit Torshavn<\/title>\n<meta name=\"robots\" content=\"index, follow, max-snippet:-1, max-image-preview:large, max-video-preview:-1\" \/>\n<link rel=\"canonical\" href=\"https:\/\/www.visittorshavn.fo\/fo\/whats-on\/\" \/>\n<meta property=\"og:locale\" content=\"fo_FO\" \/>\n<meta property=\"og:type\" content=\"article\" \/>\n<meta property=\"og:title\" content=\"What&#039;s on - Visit Torshavn\" \/>\n<meta property=\"og:description\" content=\"Ni\u00f0anfyri ber til at s\u00edggja What&#8217;s on, sum er ein skr\u00e1 av tilt\u00f8kum i\u00f0 henda \u00ed T\u00f3rshavnar Kommunu, hesa vikuna. Fr\u00edggjadag 01.05.26 09:30-18:00 HER fotoframs\u00fdning hj\u00e1 Mariu Holm-Jacobsen \u00e1 Landsb\u00f3kasavninum [&hellip;]\" \/>\n<meta property=\"og:url\" content=\"https:\/\/www.visittorshavn.fo\/fo\/whats-on\/\" \/>\n<meta property=\"og:site_name\" content=\"Visit Torshavn\" \/>\n<meta property=\"article:modified_time\" content=\"2026-04-29T13:52:19+00:00\" \/>\n<meta property=\"og:image\" content=\"https:\/\/www.visittorshavn.fo\/wp-content\/uploads\/2024\/01\/image-121.jpg\" \/>\n\t<meta property=\"og:image:width\" content=\"1512\" \/>\n\t<meta property=\"og:image:height\" content=\"582\" \/>\n\t<meta property=\"og:image:type\" content=\"image\/jpeg\" \/>\n<meta name=\"twitter:card\" content=\"summary_large_image\" \/>\n<meta name=\"twitter:label1\" content=\"Est. reading time\" \/>\n\t<meta name=\"twitter:data1\" content=\"3 minutes\" \/>\n<script type=\"application\/ld+json\" class=\"yoast-schema-graph\">{\"@context\":\"https:\\\/\\\/schema.org\",\"@graph\":[{\"@type\":\"WebPage\",\"@id\":\"https:\\\/\\\/www.visittorshavn.fo\\\/fo\\\/whats-on\\\/\",\"url\":\"https:\\\/\\\/www.visittorshavn.fo\\\/fo\\\/whats-on\\\/\",\"name\":\"What's on - Visit Torshavn\",\"isPartOf\":{\"@id\":\"https:\\\/\\\/www.visittorshavn.fo\\\/fo\\\/#website\"},\"primaryImageOfPage\":{\"@id\":\"https:\\\/\\\/www.visittorshavn.fo\\\/fo\\\/whats-on\\\/#primaryimage\"},\"image\":{\"@id\":\"https:\\\/\\\/www.visittorshavn.fo\\\/fo\\\/whats-on\\\/#primaryimage\"},\"thumbnailUrl\":\"https:\\\/\\\/www.visittorshavn.fo\\\/wp-content\\\/uploads\\\/2024\\\/01\\\/image-121.jpg\",\"datePublished\":\"2024-09-25T11:24:54+00:00\",\"dateModified\":\"2026-04-29T13:52:19+00:00\",\"breadcrumb\":{\"@id\":\"https:\\\/\\\/www.visittorshavn.fo\\\/fo\\\/whats-on\\\/#breadcrumb\"},\"inLanguage\":\"fo-FO\",\"potentialAction\":[{\"@type\":\"ReadAction\",\"target\":[\"https:\\\/\\\/www.visittorshavn.fo\\\/fo\\\/whats-on\\\/\"]}]},{\"@type\":\"ImageObject\",\"inLanguage\":\"fo-FO\",\"@id\":\"https:\\\/\\\/www.visittorshavn.fo\\\/fo\\\/whats-on\\\/#primaryimage\",\"url\":\"https:\\\/\\\/www.visittorshavn.fo\\\/wp-content\\\/uploads\\\/2024\\\/01\\\/image-121.jpg\",\"contentUrl\":\"https:\\\/\\\/www.visittorshavn.fo\\\/wp-content\\\/uploads\\\/2024\\\/01\\\/image-121.jpg\",\"width\":1512,\"height\":582,\"caption\":\"Mentanarn\u00e1ttin \u00e1 O-diskinum.\"},{\"@type\":\"BreadcrumbList\",\"@id\":\"https:\\\/\\\/www.visittorshavn.fo\\\/fo\\\/whats-on\\\/#breadcrumb\",\"itemListElement\":[{\"@type\":\"ListItem\",\"position\":1,\"name\":\"Home\",\"item\":\"https:\\\/\\\/www.visittorshavn.fo\\\/fo\\\/\"},{\"@type\":\"ListItem\",\"position\":2,\"name\":\"What&#8217;s on\"}]},{\"@type\":\"WebSite\",\"@id\":\"https:\\\/\\\/www.visittorshavn.fo\\\/fo\\\/#website\",\"url\":\"https:\\\/\\\/www.visittorshavn.fo\\\/fo\\\/\",\"name\":\"Visit Torshavn\",\"description\":\"\",\"potentialAction\":[{\"@type\":\"SearchAction\",\"target\":{\"@type\":\"EntryPoint\",\"urlTemplate\":\"https:\\\/\\\/www.visittorshavn.fo\\\/fo\\\/?s={search_term_string}\"},\"query-input\":{\"@type\":\"PropertyValueSpecification\",\"valueRequired\":true,\"valueName\":\"search_term_string\"}}],\"inLanguage\":\"fo-FO\"}]}<\/script>\n<!-- \/ Yoast SEO plugin. -->","yoast_head_json":{"title":"What's on - Visit Torshavn","robots":{"index":"index","follow":"follow","max-snippet":"max-snippet:-1","max-image-preview":"max-image-preview:large","max-video-preview":"max-video-preview:-1"},"canonical":"https:\/\/www.visittorshavn.fo\/fo\/whats-on\/","og_locale":"fo_FO","og_type":"article","og_title":"What's on - Visit Torshavn","og_description":"Ni\u00f0anfyri ber til at s\u00edggja What&#8217;s on, sum er ein skr\u00e1 av tilt\u00f8kum i\u00f0 henda \u00ed T\u00f3rshavnar Kommunu, hesa vikuna. Fr\u00edggjadag 01.05.26 09:30-18:00 HER fotoframs\u00fdning hj\u00e1 Mariu Holm-Jacobsen \u00e1 Landsb\u00f3kasavninum [&hellip;]","og_url":"https:\/\/www.visittorshavn.fo\/fo\/whats-on\/","og_site_name":"Visit Torshavn","article_modified_time":"2026-04-29T13:52:19+00:00","og_image":[{"width":1512,"height":582,"url":"https:\/\/www.visittorshavn.fo\/wp-content\/uploads\/2024\/01\/image-121.jpg","type":"image\/jpeg"}],"twitter_card":"summary_large_image","twitter_misc":{"Est. reading time":"3 minutes"},"schema":{"@context":"https:\/\/schema.org","@graph":[{"@type":"WebPage","@id":"https:\/\/www.visittorshavn.fo\/fo\/whats-on\/","url":"https:\/\/www.visittorshavn.fo\/fo\/whats-on\/","name":"What's on - Visit Torshavn","isPartOf":{"@id":"https:\/\/www.visittorshavn.fo\/fo\/#website"},"primaryImageOfPage":{"@id":"https:\/\/www.visittorshavn.fo\/fo\/whats-on\/#primaryimage"},"image":{"@id":"https:\/\/www.visittorshavn.fo\/fo\/whats-on\/#primaryimage"},"thumbnailUrl":"https:\/\/www.visittorshavn.fo\/wp-content\/uploads\/2024\/01\/image-121.jpg","datePublished":"2024-09-25T11:24:54+00:00","dateModified":"2026-04-29T13:52:19+00:00","breadcrumb":{"@id":"https:\/\/www.visittorshavn.fo\/fo\/whats-on\/#breadcrumb"},"inLanguage":"fo-FO","potentialAction":[{"@type":"ReadAction","target":["https:\/\/www.visittorshavn.fo\/fo\/whats-on\/"]}]},{"@type":"ImageObject","inLanguage":"fo-FO","@id":"https:\/\/www.visittorshavn.fo\/fo\/whats-on\/#primaryimage","url":"https:\/\/www.visittorshavn.fo\/wp-content\/uploads\/2024\/01\/image-121.jpg","contentUrl":"https:\/\/www.visittorshavn.fo\/wp-content\/uploads\/2024\/01\/image-121.jpg","width":1512,"height":582,"caption":"Mentanarn\u00e1ttin \u00e1 O-diskinum."},{"@type":"BreadcrumbList","@id":"https:\/\/www.visittorshavn.fo\/fo\/whats-on\/#breadcrumb","itemListElement":[{"@type":"ListItem","position":1,"name":"Home","item":"https:\/\/www.visittorshavn.fo\/fo\/"},{"@type":"ListItem","position":2,"name":"What&#8217;s on"}]},{"@type":"WebSite","@id":"https:\/\/www.visittorshavn.fo\/fo\/#website","url":"https:\/\/www.visittorshavn.fo\/fo\/","name":"Visit Torshavn","description":"","potentialAction":[{"@type":"SearchAction","target":{"@type":"EntryPoint","urlTemplate":"https:\/\/www.visittorshavn.fo\/fo\/?s={search_term_string}"},"query-input":{"@type":"PropertyValueSpecification","valueRequired":true,"valueName":"search_term_string"}}],"inLanguage":"fo-FO"}]}},"_links":{"self":[{"href":"https:\/\/www.visittorshavn.fo\/fo\/wp-json\/wp\/v2\/pages\/16372","targetHints":{"allow":["GET"]}}],"collection":[{"href":"https:\/\/www.visittorshavn.fo\/fo\/wp-json\/wp\/v2\/pages"}],"about":[{"href":"https:\/\/www.visittorshavn.fo\/fo\/wp-json\/wp\/v2\/types\/page"}],"author":[{"embeddable":true,"href":"https:\/\/www.visittorshavn.fo\/fo\/wp-json\/wp\/v2\/users\/3"}],"replies":[{"embeddable":true,"href":"https:\/\/www.visittorshavn.fo\/fo\/wp-json\/wp\/v2\/comments?post=16372"}],"version-history":[{"count":17,"href":"https:\/\/www.visittorshavn.fo\/fo\/wp-json\/wp\/v2\/pages\/16372\/revisions"}],"predecessor-version":[{"id":267154,"href":"https:\/\/www.visittorshavn.fo\/fo\/wp-json\/wp\/v2\/pages\/16372\/revisions\/267154"}],"wp:featuredmedia":[{"embeddable":true,"href":"https:\/\/www.visittorshavn.fo\/fo\/wp-json\/wp\/v2\/media\/1030"}],"wp:attachment":[{"href":"https:\/\/www.visittorshavn.fo\/fo\/wp-json\/wp\/v2\/media?parent=16372"}],"wp:term":[{"taxonomy":"page_category","embeddable":true,"href":"https:\/\/www.visittorshavn.fo\/fo\/wp-json\/wp\/v2\/page_category?post=16372"}],"curies":[{"name":"wp","href":"https:\/\/api.w.org\/{rel}","templated":true}]}}