{"id":91487,"date":"2025-03-03T15:41:30","date_gmt":"2025-03-03T15:41:30","guid":{"rendered":"https:\/\/www.visittorshavn.fo\/?page_id=91487"},"modified":"2026-04-14T11:49:10","modified_gmt":"2026-04-14T10:49:10","slug":"matur-byli","status":"publish","type":"page","link":"https:\/\/www.visittorshavn.fo\/fo\/matur-byli\/","title":{"rendered":"Matur &amp; b\u00fdli"},"content":{"rendered":"\n<div class=\"wp-block-cover alignfull has-custom-content-position is-position-bottom-center\" style=\"min-height:582px;aspect-ratio:unset;\"><img decoding=\"async\" width=\"2560\" height=\"1707\" class=\"wp-block-cover__image-background wp-image-75874 lazyload\" alt=\"\" data-src=\"https:\/\/www.visittorshavn.fo\/wp-content\/smush-webp\/2025\/03\/066-Faroe-Islands-Filip-Gielda.jpg.webp\" data-object-fit=\"cover\" data-srcset=\"https:\/\/www.visittorshavn.fo\/wp-content\/smush-webp\/2025\/03\/066-Faroe-Islands-Filip-Gielda.jpg.webp 2560w, https:\/\/www.visittorshavn.fo\/wp-content\/smush-webp\/2025\/03\/066-Faroe-Islands-Filip-Gielda-800x533.jpg.webp 800w, https:\/\/www.visittorshavn.fo\/wp-content\/smush-webp\/2025\/03\/066-Faroe-Islands-Filip-Gielda-1200x800.jpg.webp 1200w, https:\/\/www.visittorshavn.fo\/wp-content\/smush-webp\/2025\/03\/066-Faroe-Islands-Filip-Gielda-768x512.jpg.webp 768w, https:\/\/www.visittorshavn.fo\/wp-content\/smush-webp\/2025\/03\/066-Faroe-Islands-Filip-Gielda-1536x1024.jpg.webp 1536w, https:\/\/www.visittorshavn.fo\/wp-content\/smush-webp\/2025\/03\/066-Faroe-Islands-Filip-Gielda-2048x1366.jpg.webp 2048w, https:\/\/www.visittorshavn.fo\/wp-content\/uploads\/2025\/03\/066-Faroe-Islands-Filip-Gielda-1320x880.jpg 1320w, https:\/\/www.visittorshavn.fo\/wp-content\/smush-webp\/2025\/03\/066-Faroe-Islands-Filip-Gielda-600x400.jpg.webp 600w\" data-sizes=\"auto\" src=\"data:image\/svg+xml;base64,PHN2ZyB3aWR0aD0iMSIgaGVpZ2h0PSIxIiB4bWxucz0iaHR0cDovL3d3dy53My5vcmcvMjAwMC9zdmciPjwvc3ZnPg==\" style=\"--smush-placeholder-width: 2560px; --smush-placeholder-aspect-ratio: 2560\/1707;\" data-original-sizes=\"(max-width: 2560px) 100vw, 2560px\" \/><span aria-hidden=\"true\" class=\"wp-block-cover__background has-background-dim\" style=\"background-color:#847d70\"><\/span><div class=\"wp-block-cover__inner-container is-layout-constrained wp-block-cover-is-layout-constrained\">\n<div class=\"wp-block-columns is-layout-flex wp-container-core-columns-is-layout-9d6595d7 wp-block-columns-is-layout-flex\">\n<div class=\"wp-block-column is-layout-flow wp-block-column-is-layout-flow\">\n<div id=\"breadcrumbs_block_3c767d83dba4f4ee46114d233922425c\" class=\"lunnar-breadcrumbs\">\n            <div class=\"lunnar-breadcrumbs\"><ul><\/ul><\/div>    <\/div>\n\n\n<h1 class=\"wp-block-heading\">Matur &amp; b\u00fdli<\/h1>\n<\/div>\n\n\n\n<div class=\"wp-block-column is-layout-flow wp-block-column-is-layout-flow\"><\/div>\n<\/div>\n\n\n\n<div style=\"height:60px\" aria-hidden=\"true\" class=\"wp-block-spacer\"><\/div>\n<\/div><\/div>\n\n\n\n<div style=\"height:150px\" aria-hidden=\"true\" class=\"wp-block-spacer\"><\/div>\n\n\n\n<div class=\"wp-block-columns is-layout-flex wp-container-core-columns-is-layout-9d6595d7 wp-block-columns-is-layout-flex\">\n<div class=\"wp-block-column is-layout-flow wp-block-column-is-layout-flow\">\n<h2 class=\"wp-block-heading has-text-align-left\">Matur &amp; b\u00fdli \u00ed N\u00f3lsoy<\/h2>\n<\/div>\n\n\n\n<div class=\"wp-block-column is-vertically-aligned-center is-layout-flow wp-block-column-is-layout-flow\">\n<p>N\u00f3lsoyar bygd hevur eina \u00f8rgrynnu av matupplivingum aftan\u00e1 ein upplivingarr\u00edkan dag og um ein vil leingja s\u00edtt N\u00f3lsoyar \u00e6vint\u00fdr, er upplagt at kanna\u00f0 hv\u00f8rjar gistingar m\u00f8guleikar N\u00f3lsoy hevur at bj\u00f3\u00f0a.<\/p>\n<\/div>\n<\/div>\n\n\n\n<div style=\"height:125px\" aria-hidden=\"true\" class=\"wp-block-spacer\"><\/div>\n\n\n\n<div id=\"shortcuts_block_6a376989fac17b196ee15997b6c0912a\" class=\"lunnar-shortcuts alignwide\">\n    \n                        <div class=\"shortcuts-swiper using-navigation\">\n            \n            \n                            <div class=\"swiper-wrapper\">\n                \n                \n                                                                <a href=\"https:\/\/www.visittorshavn.fo\/fo\/place\/heimablidni-hja-maud\/\" target=\"\" class=\"shortcut-card swiper-slide small-card is-visible\">\n                            <div class=\"shortcut-card--image\">\n                                                                    <img decoding=\"async\" data-src=\"https:\/\/www.visittorshavn.fo\/wp-content\/smush-webp\/2025\/03\/DSC_3870.jpg.webp\" width=\"533\" height=\"50% 50%\" style=\"--smush-placeholder-width: 2560px; --smush-placeholder-aspect-ratio: 2560\/1707;object-position:800;\" src=\"data:image\/svg+xml;base64,PHN2ZyB3aWR0aD0iMSIgaGVpZ2h0PSIxIiB4bWxucz0iaHR0cDovL3d3dy53My5vcmcvMjAwMC9zdmciPjwvc3ZnPg==\" class=\"lazyload\" data-srcset=\"https:\/\/www.visittorshavn.fo\/wp-content\/smush-webp\/2025\/03\/DSC_3870.jpg.webp 2560w, https:\/\/www.visittorshavn.fo\/wp-content\/smush-webp\/2025\/03\/DSC_3870-800x533.jpg.webp 800w, https:\/\/www.visittorshavn.fo\/wp-content\/smush-webp\/2025\/03\/DSC_3870-1200x800.jpg.webp 1200w, https:\/\/www.visittorshavn.fo\/wp-content\/smush-webp\/2025\/03\/DSC_3870-768x512.jpg.webp 768w, https:\/\/www.visittorshavn.fo\/wp-content\/smush-webp\/2025\/03\/DSC_3870-1536x1024.jpg.webp 1536w, https:\/\/www.visittorshavn.fo\/wp-content\/uploads\/2025\/03\/DSC_3870-2048x1366.jpg 2048w, https:\/\/www.visittorshavn.fo\/wp-content\/uploads\/2025\/03\/DSC_3870-1320x880.jpg 1320w, https:\/\/www.visittorshavn.fo\/wp-content\/smush-webp\/2025\/03\/DSC_3870-600x400.jpg.webp 600w\" data-sizes=\"auto\" data-original-sizes=\"(max-width: 533px) 100vw, 533px\">\n                                                            <\/div>\n\n                            <div class=\"shortcut-card--content\">\n                                <div class=\"shortcut-icon--top\">\n                                    <img decoding=\"async\" src=\"https:\/\/www.visittorshavn.fo\/wp-content\/themes\/lunnar-visittorshavn\/images\/icon-arrow.svg\" class=\"injectable\" \/>                                <\/div>\n\n                                \n                                <div class=\"shortcut-text\">\n                                                                            <h3>\n                                            Heimabl\u00eddni hj\u00e1 Maud                                        <\/h3>\n                                    \n                                                                    <\/div>\n                            <\/div>\n                        <\/a>\n                                            <a href=\"https:\/\/www.visittorshavn.fo\/fo\/place\/maggies-kafe\/\" target=\"\" class=\"shortcut-card swiper-slide small-card is-visible\">\n                            <div class=\"shortcut-card--image\">\n                                                            <\/div>\n\n                            <div class=\"shortcut-card--content no-overlay\">\n                                <div class=\"shortcut-icon--top\">\n                                    <img decoding=\"async\" src=\"https:\/\/www.visittorshavn.fo\/wp-content\/themes\/lunnar-visittorshavn\/images\/icon-arrow.svg\" class=\"injectable\" \/>                                <\/div>\n\n                                \n                                <div class=\"shortcut-text\">\n                                                                            <h3>\n                                            Maggie&#8217;s Kaf\u00e9                                        <\/h3>\n                                    \n                                                                    <\/div>\n                            <\/div>\n                        <\/a>\n                                            <a href=\"https:\/\/www.visittorshavn.fo\/fo\/place\/matvorubudin\/\" target=\"\" class=\"shortcut-card swiper-slide small-card is-visible\">\n                            <div class=\"shortcut-card--image\">\n                                                                    <img decoding=\"async\" data-src=\"https:\/\/www.visittorshavn.fo\/wp-content\/smush-webp\/2024\/03\/matvb-mynd.jpg.webp\" width=\"600\" height=\"50% 50%\" style=\"--smush-placeholder-width: 2016px; --smush-placeholder-aspect-ratio: 2016\/1512;object-position:800;\" src=\"data:image\/svg+xml;base64,PHN2ZyB3aWR0aD0iMSIgaGVpZ2h0PSIxIiB4bWxucz0iaHR0cDovL3d3dy53My5vcmcvMjAwMC9zdmciPjwvc3ZnPg==\" class=\"lazyload\" data-srcset=\"https:\/\/www.visittorshavn.fo\/wp-content\/smush-webp\/2024\/03\/matvb-mynd.jpg.webp 2016w, https:\/\/www.visittorshavn.fo\/wp-content\/smush-webp\/2024\/03\/matvb-mynd-800x600.jpg.webp 800w, https:\/\/www.visittorshavn.fo\/wp-content\/smush-webp\/2024\/03\/matvb-mynd-1200x900.jpg.webp 1200w, https:\/\/www.visittorshavn.fo\/wp-content\/smush-webp\/2024\/03\/matvb-mynd-768x576.jpg.webp 768w, https:\/\/www.visittorshavn.fo\/wp-content\/smush-webp\/2024\/03\/matvb-mynd-1536x1152.jpg.webp 1536w, https:\/\/www.visittorshavn.fo\/wp-content\/uploads\/2024\/03\/matvb-mynd-1320x990.jpg 1320w, https:\/\/www.visittorshavn.fo\/wp-content\/smush-webp\/2024\/03\/matvb-mynd-600x450.jpg.webp 600w\" data-sizes=\"auto\" data-original-sizes=\"(max-width: 600px) 100vw, 600px\">\n                                                            <\/div>\n\n                            <div class=\"shortcut-card--content\">\n                                <div class=\"shortcut-icon--top\">\n                                    <img decoding=\"async\" src=\"https:\/\/www.visittorshavn.fo\/wp-content\/themes\/lunnar-visittorshavn\/images\/icon-arrow.svg\" class=\"injectable\" \/>                                <\/div>\n\n                                \n                                <div class=\"shortcut-text\">\n                                                                            <h3>\n                                            Matv\u00f8rub\u00fa\u00f0in \u00ed N\u00f3lsoy                                        <\/h3>\n                                    \n                                                                    <\/div>\n                            <\/div>\n                        <\/a>\n                                            <a href=\"https:\/\/www.instagram.com\/highridge_hospitality\/\" target=\"_blank\" class=\"shortcut-card swiper-slide small-card is-visible\">\n                            <div class=\"shortcut-card--image\">\n                                                                    <img decoding=\"async\" data-src=\"https:\/\/www.visittorshavn.fo\/wp-content\/smush-webp\/2025\/07\/Barbara-125.jpg.webp\" width=\"533\" height=\"50% 50%\" style=\"--smush-placeholder-width: 2560px; --smush-placeholder-aspect-ratio: 2560\/1707;object-position:800;\" src=\"data:image\/svg+xml;base64,PHN2ZyB3aWR0aD0iMSIgaGVpZ2h0PSIxIiB4bWxucz0iaHR0cDovL3d3dy53My5vcmcvMjAwMC9zdmciPjwvc3ZnPg==\" class=\"lazyload\" data-srcset=\"https:\/\/www.visittorshavn.fo\/wp-content\/smush-webp\/2025\/07\/Barbara-125.jpg.webp 2560w, https:\/\/www.visittorshavn.fo\/wp-content\/smush-webp\/2025\/07\/Barbara-125-800x533.jpg.webp 800w, https:\/\/www.visittorshavn.fo\/wp-content\/smush-webp\/2025\/07\/Barbara-125-1200x800.jpg.webp 1200w, https:\/\/www.visittorshavn.fo\/wp-content\/smush-webp\/2025\/07\/Barbara-125-768x512.jpg.webp 768w, https:\/\/www.visittorshavn.fo\/wp-content\/smush-webp\/2025\/07\/Barbara-125-1536x1024.jpg.webp 1536w, https:\/\/www.visittorshavn.fo\/wp-content\/uploads\/2025\/07\/Barbara-125-2048x1366.jpg 2048w, https:\/\/www.visittorshavn.fo\/wp-content\/smush-webp\/2025\/07\/Barbara-125-1320x880.jpg.webp 1320w, https:\/\/www.visittorshavn.fo\/wp-content\/smush-webp\/2025\/07\/Barbara-125-600x400.jpg.webp 600w\" data-sizes=\"auto\" data-original-sizes=\"(max-width: 533px) 100vw, 533px\">\n                                                            <\/div>\n\n                            <div class=\"shortcut-card--content\">\n                                <div class=\"shortcut-icon--top\">\n                                    <img decoding=\"async\" src=\"https:\/\/www.visittorshavn.fo\/wp-content\/themes\/lunnar-visittorshavn\/images\/icon-arrow.svg\" class=\"injectable\" \/>                                <\/div>\n\n                                \n                                <div class=\"shortcut-text\">\n                                                                            <h3>\n                                            Highridge Hospitality                                        <\/h3>\n                                    \n                                                                    <\/div>\n                            <\/div>\n                        <\/a>\n                                    \n                \n                                <\/div>\n\n                                    <div class=\"shortcuts-navigation\">\n                        <div class=\"swiper-button-prev\"><\/div>\n\n                        <div class=\"swiper-button-next\"><\/div>\n                    <\/div>\n                            <\/div>\n            <\/div>\n\n\n<div style=\"height:175px\" aria-hidden=\"true\" class=\"wp-block-spacer\"><\/div>\n\n\n\n<h3 class=\"wp-block-heading has-text-align-center\">Summarh\u00fas \u00ed N\u00f3lsoy<\/h3>\n\n\n\n<div style=\"height:50px\" aria-hidden=\"true\" class=\"wp-block-spacer\"><\/div>\n\n\n\n<div class=\"wp-block-media-text alignwide has-media-on-the-right is-stacked-on-mobile is-image-fill-element\" style=\"grid-template-columns:auto 46%\"><div class=\"wp-block-media-text__content\">\n<p><strong>R\u00famlig h\u00fas \u00ed N\u00f3lsoy til sm\u00e6rri b\u00f3lkar \u00ed P\u00e1lsg\u00f8tu 10<\/strong><\/p>\n\n\n\n<p>Her eru 3 k\u00f8mur vi\u00f0 8 sovipl\u00e1ssum + 1 sovisofa til tvey og 1 weekendsong.<\/p>\n\n\n\n<ul class=\"wp-block-list\">\n<li><strong>Pr\u00edsur pr. n\u00e1tt:<\/strong> 1200 kr fyri 8 sovipl\u00e1ss<\/li>\n\n\n\n<li><strong>Eyka gestir:<\/strong> 100 kr pr. gest pr. n\u00e1tt<\/li>\n\n\n\n<li><strong>Reinger\u00f0:<\/strong> 500 kr<\/li>\n\n\n\n<li><strong><strong>Leiga av seingjarkl\u00e6\u00f0um<\/strong>:<\/strong> 100 kr pr sett<\/li>\n<\/ul>\n\n\n\n<p>Fyrispurningar og b\u00edleggingar kunnu sendast til <strong>Ingun Jacobsen<\/strong> \u00e1 teldupost <strong><a href=\"mailto:ingunjacobsen@gmail.com\">ingunjacobsen@gmail.com<\/a><\/strong> ella \u00e1 tlf <strong>+298 222327<\/strong>.<\/p>\n<\/div><figure class=\"wp-block-media-text__media\"><img decoding=\"async\" width=\"300\" height=\"225\" data-src=\"https:\/\/www.visittorshavn.fo\/wp-content\/smush-webp\/2025\/03\/Hus-i-Geilini-300x225-nolsoy.jpg.webp\" alt=\"\" class=\"wp-image-88580 size-full lazyload\" style=\"--smush-placeholder-width: 300px; --smush-placeholder-aspect-ratio: 300\/225;object-position:50% 50%\" src=\"data:image\/svg+xml;base64,PHN2ZyB3aWR0aD0iMSIgaGVpZ2h0PSIxIiB4bWxucz0iaHR0cDovL3d3dy53My5vcmcvMjAwMC9zdmciPjwvc3ZnPg==\" \/><\/figure><\/div>\n\n\n\n<div style=\"height:50px\" aria-hidden=\"true\" class=\"wp-block-spacer\"><\/div>\n\n\n\n<div class=\"wp-block-media-text alignwide is-stacked-on-mobile is-image-fill-element\" style=\"grid-template-columns:40% auto\"><figure class=\"wp-block-media-text__media\"><img decoding=\"async\" width=\"960\" height=\"540\" data-src=\"https:\/\/www.visittorshavn.fo\/wp-content\/smush-webp\/2025\/03\/32484621_10213366261523970_8841242933899296768_n.jpg.webp\" alt=\"\" class=\"wp-image-88583 size-full lazyload\" style=\"--smush-placeholder-width: 960px; --smush-placeholder-aspect-ratio: 960\/540;object-position:50% 50%\" data-srcset=\"https:\/\/www.visittorshavn.fo\/wp-content\/smush-webp\/2025\/03\/32484621_10213366261523970_8841242933899296768_n.jpg.webp 960w, https:\/\/www.visittorshavn.fo\/wp-content\/smush-webp\/2025\/03\/32484621_10213366261523970_8841242933899296768_n-800x450.jpg.webp 800w, https:\/\/www.visittorshavn.fo\/wp-content\/smush-webp\/2025\/03\/32484621_10213366261523970_8841242933899296768_n-768x432.jpg.webp 768w, https:\/\/www.visittorshavn.fo\/wp-content\/smush-webp\/2025\/03\/32484621_10213366261523970_8841242933899296768_n-600x338.jpg.webp 600w\" data-sizes=\"auto\" src=\"data:image\/svg+xml;base64,PHN2ZyB3aWR0aD0iMSIgaGVpZ2h0PSIxIiB4bWxucz0iaHR0cDovL3d3dy53My5vcmcvMjAwMC9zdmciPjwvc3ZnPg==\" data-original-sizes=\"(max-width: 960px) 100vw, 960px\" \/><\/figure><div class=\"wp-block-media-text__content\">\n<p><strong>H\u00fas \u00ed N\u00f3lsoy til stuttt\u00ed\u00f0arleigu \u00ed P\u00e1lsg\u00f8tu 8<\/strong><\/p>\n\n\n\n<p>\u00cd h\u00fasinum eru stova\/k\u00f8kur \u00ed einum, wc v\/br\u00fasu, 4 k\u00f8mur til ca. 10 pers. H\u00fasini eru \u00ed g\u00f3\u00f0un standi.<\/p>\n\n\n\n<ul class=\"wp-block-list\">\n<li><strong>Pr\u00edsur:<\/strong> 900 kr pr.n\u00e1tt \u00edrokna 6 pers.<\/li>\n\n\n\n<li><strong>Eyka gestir:<\/strong> 100 kr pr. gest pr. n\u00e1tt<\/li>\n\n\n\n<li><strong>Reinger\u00f0:<\/strong> 500 kr<\/li>\n\n\n\n<li><strong>Leiga av seingjarkl\u00e6\u00f0um og handkl\u00f8\u00f0um:<\/strong> 100 kr per sett av seingarkl\u00e6\u00f0um og 50 kr fyri hondkl\u00e6\u00f0i.<\/li>\n<\/ul>\n\n\n\n<p>Ikki er loyft at roykja inni, eingin dj\u00f3r og ongar veitslur.<\/p>\n\n\n\n<p>Vit eru \u00e1 <strong><a href=\"https:\/\/www.facebook.com\/groups\/191164124858450\">Facebook<\/a><\/strong>.<\/p>\n\n\n\n<p>Fyrispurningar og b\u00edleggingar kunnu sendast til <strong>Joan Kelduberg<\/strong> \u00e1 teldupost <strong><a href=\"mailto:fh@maskingrevstur.fo\">fh@maskingrevstur.fo<\/a><\/strong> ella \u00e1 tlf <strong>+298 237690<\/strong>.<\/p>\n<\/div><\/div>\n\n\n\n<div style=\"height:50px\" aria-hidden=\"true\" class=\"wp-block-spacer\"><\/div>\n\n\n\n<div class=\"wp-block-media-text alignwide has-media-on-the-right is-stacked-on-mobile is-image-fill-element\" style=\"grid-template-columns:auto 40%\"><div class=\"wp-block-media-text__content\">\n<p><strong>Royndarh\u00fasi\u00f0 \u2013 Bygdah\u00fasi\u00f0 \u00ed N\u00f3lsoy<\/strong><\/p>\n\n\n\n<p>Bygdarh\u00fasi\u00f0 \u00ed vanligari talu, Royndarh\u00fasi\u00f0, liggur mitt \u00ed bygdini vi\u00f0 \u00fats\u00fdni eystur \u00ed hav, f\u00f3tb\u00f3ltsv\u00f8llin og h\u00e6gsta sta\u00f0 \u00ed oynni, Eggjarklettur.<\/p>\n\n\n\n<p>H\u00fasi\u00f0 er \u00ed <strong>tveimum h\u00e6ddum<\/strong>:<\/p>\n\n\n\n<ul class=\"wp-block-list\">\n<li><strong>Ni\u00f0ara h\u00e6dd<\/strong>: \u00cd ni\u00f0ari h\u00e6dd er ein salur vi\u00f0 palli, i\u00f0 er v\u00e6l egna\u00f0ur til sm\u00e6rri tilt\u00f8k so sum fyrilestrar og konsertir dans. Har eru eisini tvey WC og tv\u00e6r br\u00fasur.<\/li>\n\n\n\n<li><strong>Ovara h\u00e6dd:<\/strong> \u00cd ovari h\u00e6ddini er matarh\u00f8ll vi\u00f0 v\u00e6l\u00fatgj\u00f8rdum k\u00f8ki. Har er bor\u00f0b\u00fana\u00f0ur til 100 f\u00f3lk.<\/li>\n<\/ul>\n\n\n\n<p><strong>Gistingar m\u00f8guleikar:<\/strong><\/p>\n\n\n\n<ul class=\"wp-block-list\">\n<li>H\u00fasi\u00f0 hevur 30 sk\u00fammadrassur, i\u00f0 m\u00f8guleiki er at l\u00e1na um gistast skal \u00ed h\u00fasinum. <em>Ta\u00f0 er umr\u00e1\u00f0andi at avtala\u00f0 ver\u00f0ur gj\u00f8rd um madrassurnar \u00e1\u00f0renn komu.<\/em><\/li>\n\n\n\n<li>Um f\u00f3lk hava undirlag vi\u00f0 s\u00e6r, er eisini pl\u00e1ss til fleiri sovandi gestir.<\/li>\n<\/ul>\n\n\n\n<p><strong>Hentleikar:<\/strong><\/p>\n\n\n\n<ul class=\"wp-block-list\">\n<li>Eitt t\u00f3nleika anlegg (PA) er til taks. <em>(Um tit ynskja PA, skal avtala gerast \u00e1\u00f0renn komu.<\/em>)<\/li>\n\n\n\n<li>H\u00fasi\u00f0 er g\u00f3\u00f0kent til 100 f\u00f3lk.<\/li>\n<\/ul>\n\n\n\n<p>Um \u00e1hugi er at br\u00faka h\u00fasi\u00f0 at vera \u00ed, gista ella hava tilt\u00f8k, eru tit v\u00e6lkomin at seta seg \u00ed samband vi\u00f0 <strong>Birita Hansen<\/strong> \u00e1 tlf <strong>+298 264646<\/strong> ella \u00e1 tleduposti <a href=\"mailto:royndarhusid@gmail.com\"><strong>royndarhusid@gmail.com<\/strong>.<\/a><\/p>\n<\/div><figure class=\"wp-block-media-text__media\"><img decoding=\"async\" width=\"1200\" height=\"900\" data-src=\"https:\/\/www.visittorshavn.fo\/wp-content\/smush-webp\/2025\/03\/image00065-scaled-royndarhusid-1200x900.jpg.webp\" alt=\"\" class=\"wp-image-88585 size-full lazyload\" style=\"--smush-placeholder-width: 1200px; --smush-placeholder-aspect-ratio: 1200\/900;object-position:50% 50%\" data-srcset=\"https:\/\/www.visittorshavn.fo\/wp-content\/smush-webp\/2025\/03\/image00065-scaled-royndarhusid-1200x900.jpg.webp 1200w, https:\/\/www.visittorshavn.fo\/wp-content\/smush-webp\/2025\/03\/image00065-scaled-royndarhusid-800x600.jpg.webp 800w, https:\/\/www.visittorshavn.fo\/wp-content\/smush-webp\/2025\/03\/image00065-scaled-royndarhusid-768x576.jpg.webp 768w, https:\/\/www.visittorshavn.fo\/wp-content\/smush-webp\/2025\/03\/image00065-scaled-royndarhusid-1536x1152.jpg.webp 1536w, https:\/\/www.visittorshavn.fo\/wp-content\/smush-webp\/2025\/03\/image00065-scaled-royndarhusid-2048x1536.jpg.webp 2048w, https:\/\/www.visittorshavn.fo\/wp-content\/uploads\/2025\/03\/image00065-scaled-royndarhusid-1320x990.jpg 1320w, https:\/\/www.visittorshavn.fo\/wp-content\/smush-webp\/2025\/03\/image00065-scaled-royndarhusid-600x450.jpg.webp 600w\" data-sizes=\"auto\" src=\"data:image\/svg+xml;base64,PHN2ZyB3aWR0aD0iMSIgaGVpZ2h0PSIxIiB4bWxucz0iaHR0cDovL3d3dy53My5vcmcvMjAwMC9zdmciPjwvc3ZnPg==\" data-original-sizes=\"(max-width: 1200px) 100vw, 1200px\" \/><\/figure><\/div>\n\n\n\n<div style=\"height:150px\" aria-hidden=\"true\" class=\"wp-block-spacer\"><\/div>\n\n\n\n<h4 class=\"wp-block-heading has-text-align-center\">L\u00edti\u00f0 kamping\u00f8ki vi\u00f0 pl\u00e1ss fyri 8-10 kampingvognum \u00ed N\u00f3lsoy<\/h4>\n\n\n\n<div class=\"wp-block-cover is-light\"><img decoding=\"async\" width=\"1200\" height=\"800\" class=\"wp-block-cover__image-background wp-image-130735 size-large lazyload\" alt=\"\" data-src=\"https:\/\/www.visittorshavn.fo\/wp-content\/smush-webp\/2025\/07\/4mai25_84A0056-1200x800.jpg.webp\" data-object-fit=\"cover\" data-srcset=\"https:\/\/www.visittorshavn.fo\/wp-content\/smush-webp\/2025\/07\/4mai25_84A0056-1200x800.jpg.webp 1200w, https:\/\/www.visittorshavn.fo\/wp-content\/smush-webp\/2025\/07\/4mai25_84A0056-800x534.jpg.webp 800w, https:\/\/www.visittorshavn.fo\/wp-content\/smush-webp\/2025\/07\/4mai25_84A0056-768x512.jpg.webp 768w, https:\/\/www.visittorshavn.fo\/wp-content\/smush-webp\/2025\/07\/4mai25_84A0056-1536x1024.jpg.webp 1536w, https:\/\/www.visittorshavn.fo\/wp-content\/smush-webp\/2025\/07\/4mai25_84A0056-1320x880.jpg.webp 1320w, https:\/\/www.visittorshavn.fo\/wp-content\/smush-webp\/2025\/07\/4mai25_84A0056-600x400.jpg.webp 600w, https:\/\/www.visittorshavn.fo\/wp-content\/smush-webp\/2025\/07\/4mai25_84A0056.jpg.webp 1600w\" data-sizes=\"auto\" src=\"data:image\/svg+xml;base64,PHN2ZyB3aWR0aD0iMSIgaGVpZ2h0PSIxIiB4bWxucz0iaHR0cDovL3d3dy53My5vcmcvMjAwMC9zdmciPjwvc3ZnPg==\" style=\"--smush-placeholder-width: 1200px; --smush-placeholder-aspect-ratio: 1200\/800;\" data-original-sizes=\"(max-width: 1200px) 100vw, 1200px\" \/><span aria-hidden=\"true\" class=\"wp-block-cover__background has-background-dim\" style=\"background-color:#7d8392\"><\/span><div class=\"wp-block-cover__inner-container is-layout-flow wp-block-cover-is-layout-flow\">\n<h3 class=\"wp-block-heading has-text-align-center has-white-color has-text-color has-link-color has-large-font-size wp-elements-3cd05400f1d7d8945ca2647f7c380ad5\"><a href=\"https:\/\/www.visittorshavn.fo\/fo\/product\/77782\/\">N\u00f3lsoy Kamping<\/a><\/h3>\n<\/div><\/div>\n\n\n\n<div style=\"height:200px\" aria-hidden=\"true\" class=\"wp-block-spacer\"><\/div>\n","protected":false},"excerpt":{"rendered":"<p>Matur &amp; b\u00fdli \u00ed N\u00f3lsoy N\u00f3lsoyar bygd hevur eina \u00f8rgrynnu av matupplivingum aftan\u00e1 ein upplivingarr\u00edkan dag og um ein vil leingja s\u00edtt N\u00f3lsoyar \u00e6vint\u00fdr, er upplagt at kanna\u00f0 hv\u00f8rjar gistingar [&hellip;]<\/p>\n","protected":false},"author":3,"featured_media":75874,"parent":0,"menu_order":0,"comment_status":"closed","ping_status":"closed","template":"","meta":{"_acf_changed":false,"footnotes":""},"page_category":[],"class_list":["post-91487","page","type-page","status-publish","has-post-thumbnail","hentry"],"acf":[],"yoast_head":"<!-- This site is optimized with the Yoast SEO plugin v27.5 - https:\/\/yoast.com\/product\/yoast-seo-wordpress\/ -->\n<title>Matur &amp; b\u00fdli - Visit Torshavn<\/title>\n<meta name=\"robots\" content=\"index, follow, max-snippet:-1, max-image-preview:large, max-video-preview:-1\" \/>\n<link rel=\"canonical\" href=\"https:\/\/www.visittorshavn.fo\/fo\/matur-byli\/\" \/>\n<meta property=\"og:locale\" content=\"fo_FO\" \/>\n<meta property=\"og:type\" content=\"article\" \/>\n<meta property=\"og:title\" content=\"Matur &amp; b\u00fdli - Visit Torshavn\" \/>\n<meta property=\"og:description\" content=\"Matur &amp; b\u00fdli \u00ed N\u00f3lsoy N\u00f3lsoyar bygd hevur eina \u00f8rgrynnu av matupplivingum aftan\u00e1 ein upplivingarr\u00edkan dag og um ein vil leingja s\u00edtt N\u00f3lsoyar \u00e6vint\u00fdr, er upplagt at kanna\u00f0 hv\u00f8rjar gistingar [&hellip;]\" \/>\n<meta property=\"og:url\" content=\"https:\/\/www.visittorshavn.fo\/fo\/matur-byli\/\" \/>\n<meta property=\"og:site_name\" content=\"Visit Torshavn\" \/>\n<meta property=\"article:modified_time\" content=\"2026-04-14T10:49:10+00:00\" \/>\n<meta property=\"og:image\" content=\"https:\/\/www.visittorshavn.fo\/wp-content\/uploads\/2025\/03\/066-Faroe-Islands-Filip-Gielda.jpg\" \/>\n\t<meta property=\"og:image:width\" content=\"2560\" \/>\n\t<meta property=\"og:image:height\" content=\"1707\" \/>\n\t<meta property=\"og:image:type\" content=\"image\/jpeg\" \/>\n<meta name=\"twitter:card\" content=\"summary_large_image\" \/>\n<meta name=\"twitter:label1\" content=\"Est. reading time\" \/>\n\t<meta name=\"twitter:data1\" content=\"3 minutes\" \/>\n<script type=\"application\/ld+json\" class=\"yoast-schema-graph\">{\"@context\":\"https:\\\/\\\/schema.org\",\"@graph\":[{\"@type\":\"WebPage\",\"@id\":\"https:\\\/\\\/www.visittorshavn.fo\\\/fo\\\/matur-byli\\\/\",\"url\":\"https:\\\/\\\/www.visittorshavn.fo\\\/fo\\\/matur-byli\\\/\",\"name\":\"Matur &amp; b\u00fdli - Visit Torshavn\",\"isPartOf\":{\"@id\":\"https:\\\/\\\/www.visittorshavn.fo\\\/fo\\\/#website\"},\"primaryImageOfPage\":{\"@id\":\"https:\\\/\\\/www.visittorshavn.fo\\\/fo\\\/matur-byli\\\/#primaryimage\"},\"image\":{\"@id\":\"https:\\\/\\\/www.visittorshavn.fo\\\/fo\\\/matur-byli\\\/#primaryimage\"},\"thumbnailUrl\":\"https:\\\/\\\/www.visittorshavn.fo\\\/wp-content\\\/uploads\\\/2025\\\/03\\\/066-Faroe-Islands-Filip-Gielda.jpg\",\"datePublished\":\"2025-03-03T15:41:30+00:00\",\"dateModified\":\"2026-04-14T10:49:10+00:00\",\"breadcrumb\":{\"@id\":\"https:\\\/\\\/www.visittorshavn.fo\\\/fo\\\/matur-byli\\\/#breadcrumb\"},\"inLanguage\":\"fo-FO\",\"potentialAction\":[{\"@type\":\"ReadAction\",\"target\":[\"https:\\\/\\\/www.visittorshavn.fo\\\/fo\\\/matur-byli\\\/\"]}]},{\"@type\":\"ImageObject\",\"inLanguage\":\"fo-FO\",\"@id\":\"https:\\\/\\\/www.visittorshavn.fo\\\/fo\\\/matur-byli\\\/#primaryimage\",\"url\":\"https:\\\/\\\/www.visittorshavn.fo\\\/wp-content\\\/uploads\\\/2025\\\/03\\\/066-Faroe-Islands-Filip-Gielda.jpg\",\"contentUrl\":\"https:\\\/\\\/www.visittorshavn.fo\\\/wp-content\\\/uploads\\\/2025\\\/03\\\/066-Faroe-Islands-Filip-Gielda.jpg\",\"width\":2560,\"height\":1707,\"caption\":\"Filip Gielda \\\/ @filipgielda Collaboration Mai 2023\"},{\"@type\":\"BreadcrumbList\",\"@id\":\"https:\\\/\\\/www.visittorshavn.fo\\\/fo\\\/matur-byli\\\/#breadcrumb\",\"itemListElement\":[{\"@type\":\"ListItem\",\"position\":1,\"name\":\"Home\",\"item\":\"https:\\\/\\\/www.visittorshavn.fo\\\/fo\\\/\"},{\"@type\":\"ListItem\",\"position\":2,\"name\":\"Matur &amp; b\u00fdli\"}]},{\"@type\":\"WebSite\",\"@id\":\"https:\\\/\\\/www.visittorshavn.fo\\\/fo\\\/#website\",\"url\":\"https:\\\/\\\/www.visittorshavn.fo\\\/fo\\\/\",\"name\":\"Visit Torshavn\",\"description\":\"\",\"potentialAction\":[{\"@type\":\"SearchAction\",\"target\":{\"@type\":\"EntryPoint\",\"urlTemplate\":\"https:\\\/\\\/www.visittorshavn.fo\\\/fo\\\/?s={search_term_string}\"},\"query-input\":{\"@type\":\"PropertyValueSpecification\",\"valueRequired\":true,\"valueName\":\"search_term_string\"}}],\"inLanguage\":\"fo-FO\"}]}<\/script>\n<!-- \/ Yoast SEO plugin. -->","yoast_head_json":{"title":"Matur &amp; b\u00fdli - Visit Torshavn","robots":{"index":"index","follow":"follow","max-snippet":"max-snippet:-1","max-image-preview":"max-image-preview:large","max-video-preview":"max-video-preview:-1"},"canonical":"https:\/\/www.visittorshavn.fo\/fo\/matur-byli\/","og_locale":"fo_FO","og_type":"article","og_title":"Matur &amp; b\u00fdli - Visit Torshavn","og_description":"Matur &amp; b\u00fdli \u00ed N\u00f3lsoy N\u00f3lsoyar bygd hevur eina \u00f8rgrynnu av matupplivingum aftan\u00e1 ein upplivingarr\u00edkan dag og um ein vil leingja s\u00edtt N\u00f3lsoyar \u00e6vint\u00fdr, er upplagt at kanna\u00f0 hv\u00f8rjar gistingar [&hellip;]","og_url":"https:\/\/www.visittorshavn.fo\/fo\/matur-byli\/","og_site_name":"Visit Torshavn","article_modified_time":"2026-04-14T10:49:10+00:00","og_image":[{"width":2560,"height":1707,"url":"https:\/\/www.visittorshavn.fo\/wp-content\/uploads\/2025\/03\/066-Faroe-Islands-Filip-Gielda.jpg","type":"image\/jpeg"}],"twitter_card":"summary_large_image","twitter_misc":{"Est. reading time":"3 minutes"},"schema":{"@context":"https:\/\/schema.org","@graph":[{"@type":"WebPage","@id":"https:\/\/www.visittorshavn.fo\/fo\/matur-byli\/","url":"https:\/\/www.visittorshavn.fo\/fo\/matur-byli\/","name":"Matur &amp; b\u00fdli - Visit Torshavn","isPartOf":{"@id":"https:\/\/www.visittorshavn.fo\/fo\/#website"},"primaryImageOfPage":{"@id":"https:\/\/www.visittorshavn.fo\/fo\/matur-byli\/#primaryimage"},"image":{"@id":"https:\/\/www.visittorshavn.fo\/fo\/matur-byli\/#primaryimage"},"thumbnailUrl":"https:\/\/www.visittorshavn.fo\/wp-content\/uploads\/2025\/03\/066-Faroe-Islands-Filip-Gielda.jpg","datePublished":"2025-03-03T15:41:30+00:00","dateModified":"2026-04-14T10:49:10+00:00","breadcrumb":{"@id":"https:\/\/www.visittorshavn.fo\/fo\/matur-byli\/#breadcrumb"},"inLanguage":"fo-FO","potentialAction":[{"@type":"ReadAction","target":["https:\/\/www.visittorshavn.fo\/fo\/matur-byli\/"]}]},{"@type":"ImageObject","inLanguage":"fo-FO","@id":"https:\/\/www.visittorshavn.fo\/fo\/matur-byli\/#primaryimage","url":"https:\/\/www.visittorshavn.fo\/wp-content\/uploads\/2025\/03\/066-Faroe-Islands-Filip-Gielda.jpg","contentUrl":"https:\/\/www.visittorshavn.fo\/wp-content\/uploads\/2025\/03\/066-Faroe-Islands-Filip-Gielda.jpg","width":2560,"height":1707,"caption":"Filip Gielda \/ @filipgielda Collaboration Mai 2023"},{"@type":"BreadcrumbList","@id":"https:\/\/www.visittorshavn.fo\/fo\/matur-byli\/#breadcrumb","itemListElement":[{"@type":"ListItem","position":1,"name":"Home","item":"https:\/\/www.visittorshavn.fo\/fo\/"},{"@type":"ListItem","position":2,"name":"Matur &amp; b\u00fdli"}]},{"@type":"WebSite","@id":"https:\/\/www.visittorshavn.fo\/fo\/#website","url":"https:\/\/www.visittorshavn.fo\/fo\/","name":"Visit Torshavn","description":"","potentialAction":[{"@type":"SearchAction","target":{"@type":"EntryPoint","urlTemplate":"https:\/\/www.visittorshavn.fo\/fo\/?s={search_term_string}"},"query-input":{"@type":"PropertyValueSpecification","valueRequired":true,"valueName":"search_term_string"}}],"inLanguage":"fo-FO"}]}},"_links":{"self":[{"href":"https:\/\/www.visittorshavn.fo\/fo\/wp-json\/wp\/v2\/pages\/91487","targetHints":{"allow":["GET"]}}],"collection":[{"href":"https:\/\/www.visittorshavn.fo\/fo\/wp-json\/wp\/v2\/pages"}],"about":[{"href":"https:\/\/www.visittorshavn.fo\/fo\/wp-json\/wp\/v2\/types\/page"}],"author":[{"embeddable":true,"href":"https:\/\/www.visittorshavn.fo\/fo\/wp-json\/wp\/v2\/users\/3"}],"replies":[{"embeddable":true,"href":"https:\/\/www.visittorshavn.fo\/fo\/wp-json\/wp\/v2\/comments?post=91487"}],"version-history":[{"count":1,"href":"https:\/\/www.visittorshavn.fo\/fo\/wp-json\/wp\/v2\/pages\/91487\/revisions"}],"predecessor-version":[{"id":261515,"href":"https:\/\/www.visittorshavn.fo\/fo\/wp-json\/wp\/v2\/pages\/91487\/revisions\/261515"}],"wp:featuredmedia":[{"embeddable":true,"href":"https:\/\/www.visittorshavn.fo\/fo\/wp-json\/wp\/v2\/media\/75874"}],"wp:attachment":[{"href":"https:\/\/www.visittorshavn.fo\/fo\/wp-json\/wp\/v2\/media?parent=91487"}],"wp:term":[{"taxonomy":"page_category","embeddable":true,"href":"https:\/\/www.visittorshavn.fo\/fo\/wp-json\/wp\/v2\/page_category?post=91487"}],"curies":[{"name":"wp","href":"https:\/\/api.w.org\/{rel}","templated":true}]}}