{"id":14605,"date":"2024-05-28T08:47:06","date_gmt":"2024-05-28T07:47:06","guid":{"rendered":"https:\/\/www.visittorshavn.fo\/product\/utimalarauppliving-i-foroyum\/"},"modified":"2026-02-09T08:11:42","modified_gmt":"2026-02-09T08:11:42","slug":"utimalarauppliving-i-foroyum","status":"publish","type":"product","link":"https:\/\/www.visittorshavn.fo\/fo\/v\u00f8ra\/utimalarauppliving-i-foroyum\/","title":{"rendered":"Uttandura listauppliving vi\u00f0 P\u00f3l Skar\u00f0enni"},"content":{"rendered":"<h3>Uttandura listauppliving<\/h3>\n<p>Skapa t\u00edn egna oljum\u00e1lning av einum sermerktum sta\u00f0i \u00ed landinum veglei\u00f0ing fr\u00e1 einum hollum og royndum listam\u00e1lara. Hendan upplivingin er perfekt til b\u00e6\u00f0i n\u00fdbyrjarar og royndar plein-air m\u00e1larar. At standa \u00fati og m\u00e1la st\u00f3rslignu n\u00e1tt\u00faruna \u00ed F\u00f8royum sn\u00fdr seg um at fordj\u00fapa seg \u00ed myndevninum og umhv\u00f8rvinum. Ta\u00f0 er ein m\u00f8guleiki at koma t\u00e6tt at n\u00e1tt\u00faruni, lj\u00f3\u00f0unum og luktunum, og at f\u00e1a samband vi\u00f0 ve\u00f0ri\u00f0 \u00e1 ein meira inniligan h\u00e1tt. \u00d8ll \u00fatger\u00f0in er til taks, eisini handskar, hattar og fyrikl\u00e6\u00f0i, sum tryggja, at t\u00fa ert v\u00e6l fyri og fyrireika\u00f0ur til umst\u00f8\u00f0urnar uttandura. Vit m\u00e6la til at vera \u00ed heitum og helst vatnt\u00f8ttum kl\u00e6\u00f0um, so t\u00fa ert v\u00e6l fyri, me\u00f0an t\u00fa m\u00e1lar \u00ed ymiskum ve\u00f0urlagsvi\u00f0urskiftum. Alt eftir ve\u00f0rinum fara vit at velja eitt h\u00f3skandi sta\u00f0 at m\u00e1la og br\u00faka umlei\u00f0 tr\u00edggjar t\u00edmar upp\u00e1 at fanga vakurleikan \u00ed landslagnum. T\u00ed\u00f0 ver\u00f0ur eisini til kaffi ella te og okkurt \u00e1bit. Heim vi\u00f0 t\u00e6r f\u00e6rt t\u00fa t\u00edn egna 30\u00d740 cm m\u00e1lning \u00ed einum l\u00edtlum kufferti, i\u00f0 er gj\u00f8rt til at bera v\u00e1tar m\u00e1lningar. Vit kunnu koyra upp til tvey f\u00f3lk fr\u00e1 avtala\u00f0um sta\u00f0i \u00e1 mi\u00f0oyggjunum. B\u00f3lkar upp\u00e1 tr\u00fd ella fleiri mugu skipa fyri egnum flutningi. T\u00farurin byrjar klokkan 9:00 og endar umlei\u00f0 klokkan 14:00.<\/p>\n<h4>Vilt t\u00fa vita, hvat onnur vitjandi hildu um hendan t\u00farin?<\/h4>\n<p><img decoding=\"async\" class=\"alignnone size-full wp-image-14026 lazyload\" data-src=\"https:\/\/www.visittorshavn.fo\/wp-content\/smush-webp\/2024\/05\/Screenshot-2024-09-10-110749.jpg.webp\" alt=\"\" width=\"372\" height=\"234\" src=\"data:image\/svg+xml;base64,PHN2ZyB3aWR0aD0iMSIgaGVpZ2h0PSIxIiB4bWxucz0iaHR0cDovL3d3dy53My5vcmcvMjAwMC9zdmciPjwvc3ZnPg==\" style=\"--smush-placeholder-width: 372px; --smush-placeholder-aspect-ratio: 372\/234;\" \/><img decoding=\"async\" class=\"alignnone size-full wp-image-14028 lazyload\" data-src=\"https:\/\/www.visittorshavn.fo\/wp-content\/smush-webp\/2024\/05\/Screenshot-2024-09-10-111656.jpg.webp\" alt=\"\" width=\"360\" height=\"246\" src=\"data:image\/svg+xml;base64,PHN2ZyB3aWR0aD0iMSIgaGVpZ2h0PSIxIiB4bWxucz0iaHR0cDovL3d3dy53My5vcmcvMjAwMC9zdmciPjwvc3ZnPg==\" style=\"--smush-placeholder-width: 360px; --smush-placeholder-aspect-ratio: 360\/246;\" \/><img decoding=\"async\" class=\"alignnone size-full wp-image-14030 lazyload\" data-src=\"https:\/\/www.visittorshavn.fo\/wp-content\/smush-webp\/2024\/05\/Screenshot-2024-09-10-111809.jpg.webp\" alt=\"\" width=\"369\" height=\"194\" src=\"data:image\/svg+xml;base64,PHN2ZyB3aWR0aD0iMSIgaGVpZ2h0PSIxIiB4bWxucz0iaHR0cDovL3d3dy53My5vcmcvMjAwMC9zdmciPjwvc3ZnPg==\" style=\"--smush-placeholder-width: 369px; --smush-placeholder-aspect-ratio: 369\/194;\" \/><\/p>\n<div><\/div>\n<p><a href=\"https:\/\/www.google.com\/maps\/place\/Paint+the+Faroe+Islands\/@62.0758966,-7.307104,13z\/data=!4m8!3m7!1s0x48be9bd863c7a0bd:0x22019e09b29345f6!8m2!3d62.073808!4d-7.2487932!9m1!1b1!16s%2Fg%2F11w49ssrbr?entry=ttu&amp;g_ep=EgoyMDI0MDkwNC4wIKXMDSoASAFQAw%3D%3D\">Les \u00f8ll okkara umm\u00e6lir her<\/a><\/p>\n","protected":false},"excerpt":{"rendered":"<p>Alt eftir ve\u00f0rinum fara vit at velja eitt h\u00f3skandi sta\u00f0 at m\u00e1la og br\u00faka umlei\u00f0 tr\u00edggjar t\u00edmar upp\u00e1 at fanga vakurleikan \u00ed landslagnum. T\u00ed\u00f0 ver\u00f0ur eisini til kaffi ella te og okkurt \u00e1bit. Heim vi\u00f0 t\u00e6r f\u00e6rt t\u00fa t\u00edn egna 30\u00d740 cm m\u00e1lning \u00ed einum l\u00edtlum kufferti, i\u00f0 er gj\u00f8rt til at bera v\u00e1tar m\u00e1lningar. \u00d8ll \u00fatger\u00f0in er til taks, eisini handskar, hattar og fyrikl\u00e6\u00f0i, sum tryggja, at t\u00fa ert v\u00e6l fyri og fyrireika\u00f0ur til umst\u00f8\u00f0urnar uttandura. Vit m\u00e6la til at vera \u00ed heitum og helst vatnt\u00f8ttum kl\u00e6\u00f0um, so t\u00fa ert v\u00e6l fyri, me\u00f0an t\u00fa m\u00e1lar \u00ed ymiskum ve\u00f0urlagsvi\u00f0urskiftum.<\/p>\n","protected":false},"featured_media":4251,"template":"","meta":{"_acf_changed":false},"product_brand":[],"product_cat":[261,264],"product_tag":[266,270],"class_list":{"0":"post-14605","1":"product","2":"type-product","3":"status-publish","4":"has-post-thumbnail","6":"product_cat-list-mentan","7":"product_cat-oflokkad","8":"product_tag-skapandi","9":"product_tag-uttandura","11":"first","12":"instock","13":"virtual","14":"sold-individually","15":"purchasable","16":"product-type-booking"},"booking_location":"","booking_location_type":"","booking_duration":1,"booking_duration_unit":"day","booking_buffer":0,"booking_cost":0,"booking_resources":[266524,266525,266526,266527,266528,266529,266530,266531,266532,266533],"acf":[],"yoast_head":"<!-- This site is optimized with the Yoast SEO plugin v27.5 - https:\/\/yoast.com\/product\/yoast-seo-wordpress\/ -->\n<title>Uttandura listauppliving vi\u00f0 P\u00f3l Skar\u00f0enni - Visit Torshavn<\/title>\n<meta name=\"robots\" content=\"index, follow, max-snippet:-1, max-image-preview:large, max-video-preview:-1\" \/>\n<link rel=\"canonical\" href=\"https:\/\/www.visittorshavn.fo\/fo\/v\u00f8ra\/utimalarauppliving-i-foroyum\/\" \/>\n<meta property=\"og:locale\" content=\"fo_FO\" \/>\n<meta property=\"og:type\" content=\"article\" \/>\n<meta property=\"og:title\" content=\"Uttandura listauppliving vi\u00f0 P\u00f3l Skar\u00f0enni - Visit Torshavn\" \/>\n<meta property=\"og:description\" content=\"Alt eftir ve\u00f0rinum fara vit at velja eitt h\u00f3skandi sta\u00f0 at m\u00e1la og br\u00faka umlei\u00f0 tr\u00edggjar t\u00edmar upp\u00e1 at fanga vakurleikan \u00ed landslagnum. T\u00ed\u00f0 ver\u00f0ur eisini til kaffi ella te og okkurt \u00e1bit. Heim vi\u00f0 t\u00e6r f\u00e6rt t\u00fa t\u00edn egna 30\u00d740 cm m\u00e1lning \u00ed einum l\u00edtlum kufferti, i\u00f0 er gj\u00f8rt til at bera v\u00e1tar m\u00e1lningar. \u00d8ll \u00fatger\u00f0in er til taks, eisini handskar, hattar og fyrikl\u00e6\u00f0i, sum tryggja, at t\u00fa ert v\u00e6l fyri og fyrireika\u00f0ur til umst\u00f8\u00f0urnar uttandura. Vit m\u00e6la til at vera \u00ed heitum og helst vatnt\u00f8ttum kl\u00e6\u00f0um, so t\u00fa ert v\u00e6l fyri, me\u00f0an t\u00fa m\u00e1lar \u00ed ymiskum ve\u00f0urlagsvi\u00f0urskiftum.\" \/>\n<meta property=\"og:url\" content=\"https:\/\/www.visittorshavn.fo\/fo\/v\u00f8ra\/utimalarauppliving-i-foroyum\/\" \/>\n<meta property=\"og:site_name\" content=\"Visit Torshavn\" \/>\n<meta property=\"article:modified_time\" content=\"2026-02-09T08:11:42+00:00\" \/>\n<meta property=\"og:image\" content=\"https:\/\/www.visittorshavn.fo\/wp-content\/uploads\/2024\/05\/pol-skardenni.jpeg\" \/>\n\t<meta property=\"og:image:width\" content=\"1600\" \/>\n\t<meta property=\"og:image:height\" content=\"1200\" \/>\n\t<meta property=\"og:image:type\" content=\"image\/jpeg\" \/>\n<meta name=\"twitter:card\" content=\"summary_large_image\" \/>\n<meta name=\"twitter:label1\" content=\"Est. reading time\" \/>\n\t<meta name=\"twitter:data1\" content=\"2 minutes\" \/>\n<script type=\"application\/ld+json\" class=\"yoast-schema-graph\">{\"@context\":\"https:\\\/\\\/schema.org\",\"@graph\":[{\"@type\":\"WebPage\",\"@id\":\"https:\\\/\\\/www.visittorshavn.fo\\\/fo\\\/v\u00f8ra\\\/utimalarauppliving-i-foroyum\\\/\",\"url\":\"https:\\\/\\\/www.visittorshavn.fo\\\/fo\\\/v\u00f8ra\\\/utimalarauppliving-i-foroyum\\\/\",\"name\":\"Uttandura listauppliving vi\u00f0 P\u00f3l Skar\u00f0enni - Visit Torshavn\",\"isPartOf\":{\"@id\":\"https:\\\/\\\/www.visittorshavn.fo\\\/fo\\\/#website\"},\"primaryImageOfPage\":{\"@id\":\"https:\\\/\\\/www.visittorshavn.fo\\\/fo\\\/v\u00f8ra\\\/utimalarauppliving-i-foroyum\\\/#primaryimage\"},\"image\":{\"@id\":\"https:\\\/\\\/www.visittorshavn.fo\\\/fo\\\/v\u00f8ra\\\/utimalarauppliving-i-foroyum\\\/#primaryimage\"},\"thumbnailUrl\":\"https:\\\/\\\/www.visittorshavn.fo\\\/wp-content\\\/uploads\\\/2024\\\/05\\\/pol-skardenni.jpeg\",\"datePublished\":\"2024-05-28T07:47:06+00:00\",\"dateModified\":\"2026-02-09T08:11:42+00:00\",\"breadcrumb\":{\"@id\":\"https:\\\/\\\/www.visittorshavn.fo\\\/fo\\\/v\u00f8ra\\\/utimalarauppliving-i-foroyum\\\/#breadcrumb\"},\"inLanguage\":\"fo-FO\",\"potentialAction\":[{\"@type\":\"ReadAction\",\"target\":[\"https:\\\/\\\/www.visittorshavn.fo\\\/fo\\\/v\u00f8ra\\\/utimalarauppliving-i-foroyum\\\/\"]}]},{\"@type\":\"ImageObject\",\"inLanguage\":\"fo-FO\",\"@id\":\"https:\\\/\\\/www.visittorshavn.fo\\\/fo\\\/v\u00f8ra\\\/utimalarauppliving-i-foroyum\\\/#primaryimage\",\"url\":\"https:\\\/\\\/www.visittorshavn.fo\\\/wp-content\\\/uploads\\\/2024\\\/05\\\/pol-skardenni.jpeg\",\"contentUrl\":\"https:\\\/\\\/www.visittorshavn.fo\\\/wp-content\\\/uploads\\\/2024\\\/05\\\/pol-skardenni.jpeg\",\"width\":1600,\"height\":1200},{\"@type\":\"BreadcrumbList\",\"@id\":\"https:\\\/\\\/www.visittorshavn.fo\\\/fo\\\/v\u00f8ra\\\/utimalarauppliving-i-foroyum\\\/#breadcrumb\",\"itemListElement\":[{\"@type\":\"ListItem\",\"position\":1,\"name\":\"Home\",\"item\":\"https:\\\/\\\/www.visittorshavn.fo\\\/fo\\\/\"},{\"@type\":\"ListItem\",\"position\":2,\"name\":\"Visit T\u00f3rshavn Sjopp\",\"item\":\"https:\\\/\\\/www.visittorshavn.fo\\\/shop\\\/\"},{\"@type\":\"ListItem\",\"position\":3,\"name\":\"Uttandura listauppliving vi\u00f0 P\u00f3l Skar\u00f0enni\"}]},{\"@type\":\"WebSite\",\"@id\":\"https:\\\/\\\/www.visittorshavn.fo\\\/fo\\\/#website\",\"url\":\"https:\\\/\\\/www.visittorshavn.fo\\\/fo\\\/\",\"name\":\"Visit Torshavn\",\"description\":\"\",\"potentialAction\":[{\"@type\":\"SearchAction\",\"target\":{\"@type\":\"EntryPoint\",\"urlTemplate\":\"https:\\\/\\\/www.visittorshavn.fo\\\/fo\\\/?s={search_term_string}\"},\"query-input\":{\"@type\":\"PropertyValueSpecification\",\"valueRequired\":true,\"valueName\":\"search_term_string\"}}],\"inLanguage\":\"fo-FO\"}]}<\/script>\n<!-- \/ Yoast SEO plugin. -->","yoast_head_json":{"title":"Uttandura listauppliving vi\u00f0 P\u00f3l Skar\u00f0enni - Visit Torshavn","robots":{"index":"index","follow":"follow","max-snippet":"max-snippet:-1","max-image-preview":"max-image-preview:large","max-video-preview":"max-video-preview:-1"},"canonical":"https:\/\/www.visittorshavn.fo\/fo\/v\u00f8ra\/utimalarauppliving-i-foroyum\/","og_locale":"fo_FO","og_type":"article","og_title":"Uttandura listauppliving vi\u00f0 P\u00f3l Skar\u00f0enni - Visit Torshavn","og_description":"Alt eftir ve\u00f0rinum fara vit at velja eitt h\u00f3skandi sta\u00f0 at m\u00e1la og br\u00faka umlei\u00f0 tr\u00edggjar t\u00edmar upp\u00e1 at fanga vakurleikan \u00ed landslagnum. T\u00ed\u00f0 ver\u00f0ur eisini til kaffi ella te og okkurt \u00e1bit. Heim vi\u00f0 t\u00e6r f\u00e6rt t\u00fa t\u00edn egna 30\u00d740 cm m\u00e1lning \u00ed einum l\u00edtlum kufferti, i\u00f0 er gj\u00f8rt til at bera v\u00e1tar m\u00e1lningar. \u00d8ll \u00fatger\u00f0in er til taks, eisini handskar, hattar og fyrikl\u00e6\u00f0i, sum tryggja, at t\u00fa ert v\u00e6l fyri og fyrireika\u00f0ur til umst\u00f8\u00f0urnar uttandura. Vit m\u00e6la til at vera \u00ed heitum og helst vatnt\u00f8ttum kl\u00e6\u00f0um, so t\u00fa ert v\u00e6l fyri, me\u00f0an t\u00fa m\u00e1lar \u00ed ymiskum ve\u00f0urlagsvi\u00f0urskiftum.","og_url":"https:\/\/www.visittorshavn.fo\/fo\/v\u00f8ra\/utimalarauppliving-i-foroyum\/","og_site_name":"Visit Torshavn","article_modified_time":"2026-02-09T08:11:42+00:00","og_image":[{"width":1600,"height":1200,"url":"https:\/\/www.visittorshavn.fo\/wp-content\/uploads\/2024\/05\/pol-skardenni.jpeg","type":"image\/jpeg"}],"twitter_card":"summary_large_image","twitter_misc":{"Est. reading time":"2 minutes"},"schema":{"@context":"https:\/\/schema.org","@graph":[{"@type":"WebPage","@id":"https:\/\/www.visittorshavn.fo\/fo\/v\u00f8ra\/utimalarauppliving-i-foroyum\/","url":"https:\/\/www.visittorshavn.fo\/fo\/v\u00f8ra\/utimalarauppliving-i-foroyum\/","name":"Uttandura listauppliving vi\u00f0 P\u00f3l Skar\u00f0enni - Visit Torshavn","isPartOf":{"@id":"https:\/\/www.visittorshavn.fo\/fo\/#website"},"primaryImageOfPage":{"@id":"https:\/\/www.visittorshavn.fo\/fo\/v\u00f8ra\/utimalarauppliving-i-foroyum\/#primaryimage"},"image":{"@id":"https:\/\/www.visittorshavn.fo\/fo\/v\u00f8ra\/utimalarauppliving-i-foroyum\/#primaryimage"},"thumbnailUrl":"https:\/\/www.visittorshavn.fo\/wp-content\/uploads\/2024\/05\/pol-skardenni.jpeg","datePublished":"2024-05-28T07:47:06+00:00","dateModified":"2026-02-09T08:11:42+00:00","breadcrumb":{"@id":"https:\/\/www.visittorshavn.fo\/fo\/v\u00f8ra\/utimalarauppliving-i-foroyum\/#breadcrumb"},"inLanguage":"fo-FO","potentialAction":[{"@type":"ReadAction","target":["https:\/\/www.visittorshavn.fo\/fo\/v\u00f8ra\/utimalarauppliving-i-foroyum\/"]}]},{"@type":"ImageObject","inLanguage":"fo-FO","@id":"https:\/\/www.visittorshavn.fo\/fo\/v\u00f8ra\/utimalarauppliving-i-foroyum\/#primaryimage","url":"https:\/\/www.visittorshavn.fo\/wp-content\/uploads\/2024\/05\/pol-skardenni.jpeg","contentUrl":"https:\/\/www.visittorshavn.fo\/wp-content\/uploads\/2024\/05\/pol-skardenni.jpeg","width":1600,"height":1200},{"@type":"BreadcrumbList","@id":"https:\/\/www.visittorshavn.fo\/fo\/v\u00f8ra\/utimalarauppliving-i-foroyum\/#breadcrumb","itemListElement":[{"@type":"ListItem","position":1,"name":"Home","item":"https:\/\/www.visittorshavn.fo\/fo\/"},{"@type":"ListItem","position":2,"name":"Visit T\u00f3rshavn Sjopp","item":"https:\/\/www.visittorshavn.fo\/shop\/"},{"@type":"ListItem","position":3,"name":"Uttandura listauppliving vi\u00f0 P\u00f3l Skar\u00f0enni"}]},{"@type":"WebSite","@id":"https:\/\/www.visittorshavn.fo\/fo\/#website","url":"https:\/\/www.visittorshavn.fo\/fo\/","name":"Visit Torshavn","description":"","potentialAction":[{"@type":"SearchAction","target":{"@type":"EntryPoint","urlTemplate":"https:\/\/www.visittorshavn.fo\/fo\/?s={search_term_string}"},"query-input":{"@type":"PropertyValueSpecification","valueRequired":true,"valueName":"search_term_string"}}],"inLanguage":"fo-FO"}]}},"_links":{"self":[{"href":"https:\/\/www.visittorshavn.fo\/fo\/wp-json\/wp\/v2\/product\/14605","targetHints":{"allow":["GET"]}}],"collection":[{"href":"https:\/\/www.visittorshavn.fo\/fo\/wp-json\/wp\/v2\/product"}],"about":[{"href":"https:\/\/www.visittorshavn.fo\/fo\/wp-json\/wp\/v2\/types\/product"}],"wp:featuredmedia":[{"embeddable":true,"href":"https:\/\/www.visittorshavn.fo\/fo\/wp-json\/wp\/v2\/media\/4251"}],"wp:attachment":[{"href":"https:\/\/www.visittorshavn.fo\/fo\/wp-json\/wp\/v2\/media?parent=14605"}],"wp:term":[{"taxonomy":"product_brand","embeddable":true,"href":"https:\/\/www.visittorshavn.fo\/fo\/wp-json\/wp\/v2\/product_brand?post=14605"},{"taxonomy":"product_cat","embeddable":true,"href":"https:\/\/www.visittorshavn.fo\/fo\/wp-json\/wp\/v2\/product_cat?post=14605"},{"taxonomy":"product_tag","embeddable":true,"href":"https:\/\/www.visittorshavn.fo\/fo\/wp-json\/wp\/v2\/product_tag?post=14605"}],"curies":[{"name":"wp","href":"https:\/\/api.w.org\/{rel}","templated":true}]}}