{"id":10003977,"date":"2024-09-20T12:30:51","date_gmt":"2024-09-20T11:30:51","guid":{"rendered":"https:\/\/www.visittorshavn.fo\/?post_type=tribe_events&#038;p=15594"},"modified":"2024-09-20T14:04:44","modified_gmt":"2024-09-20T13:04:44","slug":"flaggdagur-flag-day","status":"publish","type":"tribe_events","link":"https:\/\/www.visittorshavn.fo\/fo\/event\/flaggdagur-flag-day\/2026-04-25\/","title":{"rendered":"Flaggdagur"},"content":{"rendered":"<div class=\"flex-shrink-0 flex flex-col relative items-end\">\n<div class=\"pt-0\">\n<div class=\"gizmo-bot-avatar flex h-8 w-8 items-center justify-center overflow-hidden rounded-full\">\n<div class=\"relative p-1 rounded-sm flex items-center justify-center bg-token-main-surface-primary text-token-text-primary h-8 w-8\">\n<p><b>Flaggdagur<\/b>\u00a0er\u00a025. apr\u00edl\u00a0til minnis um, at\u00a0f\u00f8royska\u00a0flaggi\u00f0,\u00a0Merki\u00f0, tann 25. apr\u00edl\u00a01940\u00a0var\u00f0 vi\u00f0urkent sum tj\u00f3\u00f0armerki f\u00f8royinga. Hetta hendi undir\u00a0bretsku hersetingini\u00a0av F\u00f8royum, sum byrja\u00f0i 13. apr\u00edl. Danmark var\u00f0 hertiki\u00f0 av t\u00fdskarum 9. apr\u00edl. 25. apr\u00edl \u00ed 1940 gav bretska stj\u00f3rnin bo\u00f0 um \u00ed bretska \u00fatvarpinum, BBC, at n\u00fa skuldu f\u00f8roysk skip sigla undir f\u00f8royska flagginum,\u00a0<i>Merkinum<\/i>. T\u00e1 v\u00f3ru F\u00f8royar hersettar av bretum og Danmark av t\u00fdskarum.\u2028Flaggi\u00f0 var t\u00f3 ikki \u00f3kent millum f\u00f8royingar. S\u00ed\u00f0an 1947 hevur 25. apr\u00edl veri\u00f0 hildin sum flaggdagur f\u00f8royinga, og \u00ed heimast\u00fdrisl\u00f3gini fr\u00e1 1948 var\u00f0 Merki\u00f0 vi\u00f0urkent av donsku stj\u00f3rnini sum tj\u00f3\u00f0arflagg f\u00f8royinga. L\u00f8gtingsl\u00f3g sigur, hvussu Merki\u00f0 skal br\u00fakast og hv\u00f8rjir litirnir eru.<\/p>\n<p>Longu \u00ed 1919 var\u00f0\u00a0Merki\u00f0 fyrstu fer\u00f0 bori\u00f0 fram av f\u00f8roysku studentinum Jens Olivur Lisberg. Dagurin 25. apr\u00edl ver\u00f0ur eisini nevndur\u00a0markusarmessa.<\/p>\n<\/div>\n<\/div>\n<\/div>\n<\/div>\n<p>&nbsp;<\/p>\n","protected":false},"excerpt":{"rendered":"<p>Flaggdagur\u00a0er\u00a025. apr\u00edl\u00a0til minnis um, at\u00a0f\u00f8royska\u00a0flaggi\u00f0,\u00a0Merki\u00f0, tann 25. apr\u00edl\u00a01940\u00a0var\u00f0 vi\u00f0urkent sum tj\u00f3\u00f0armerki f\u00f8royinga. Hetta hendi undir\u00a0bretsku hersetingini\u00a0av F\u00f8royum, sum byrja\u00f0i 13. apr\u00edl. Danmark var\u00f0 hertiki\u00f0 av t\u00fdskarum 9. apr\u00edl. 25. apr\u00edl [&hellip;]<\/p>\n","protected":false},"author":4,"featured_media":15582,"template":"","meta":{"_acf_changed":false,"_tribe_events_status":"","_tribe_events_status_reason":"","_tribe_events_is_hybrid":"","_tribe_events_is_virtual":"","_tribe_events_virtual_video_source":"","_tribe_events_virtual_embed_video":"","_tribe_events_virtual_linked_button_text":"","_tribe_events_virtual_linked_button":"","_tribe_events_virtual_show_embed_at":"","_tribe_events_virtual_show_embed_to":[],"_tribe_events_virtual_show_on_event":"","_tribe_events_virtual_show_on_views":"","_tribe_events_virtual_url":"","footnotes":""},"tags":[205],"tribe_events_cat":[],"class_list":["post-10003977","tribe_events","type-tribe_events","status-publish","has-post-thumbnail","hentry","tag-halgi-fridagar","tribe-recurring-event","tribe-recurring-event-parent"],"acf":[],"yoast_head":"<!-- This site is optimized with the Yoast SEO plugin v27.4 - https:\/\/yoast.com\/product\/yoast-seo-wordpress\/ -->\n<title>Flaggdagur - Visit Torshavn<\/title>\n<meta name=\"robots\" content=\"index, follow, max-snippet:-1, max-image-preview:large, max-video-preview:-1\" \/>\n<link rel=\"canonical\" href=\"https:\/\/www.visittorshavn.fo\/fo\/event\/flaggdagur-flag-day\/2026-04-25\/\" \/>\n<meta property=\"og:locale\" content=\"fo_FO\" \/>\n<meta property=\"og:type\" content=\"article\" \/>\n<meta property=\"og:title\" content=\"Flaggdagur - Visit Torshavn\" \/>\n<meta property=\"og:description\" content=\"Flaggdagur\u00a0er\u00a025. apr\u00edl\u00a0til minnis um, at\u00a0f\u00f8royska\u00a0flaggi\u00f0,\u00a0Merki\u00f0, tann 25. apr\u00edl\u00a01940\u00a0var\u00f0 vi\u00f0urkent sum tj\u00f3\u00f0armerki f\u00f8royinga. Hetta hendi undir\u00a0bretsku hersetingini\u00a0av F\u00f8royum, sum byrja\u00f0i 13. apr\u00edl. Danmark var\u00f0 hertiki\u00f0 av t\u00fdskarum 9. apr\u00edl. 25. apr\u00edl [&hellip;]\" \/>\n<meta property=\"og:url\" content=\"https:\/\/www.visittorshavn.fo\/fo\/event\/flaggdagur-flag-day\/2026-04-25\/\" \/>\n<meta property=\"og:site_name\" content=\"Visit Torshavn\" \/>\n<meta property=\"article:modified_time\" content=\"2024-09-20T13:04:44+00:00\" \/>\n<meta property=\"og:image\" content=\"https:\/\/www.visittorshavn.fo\/wp-content\/uploads\/2024\/09\/flaggdagur.jpg\" \/>\n\t<meta property=\"og:image:width\" content=\"1920\" \/>\n\t<meta property=\"og:image:height\" content=\"1080\" \/>\n\t<meta property=\"og:image:type\" content=\"image\/jpeg\" \/>\n<meta name=\"twitter:card\" content=\"summary_large_image\" \/>\n<meta name=\"twitter:label1\" content=\"Est. reading time\" \/>\n\t<meta name=\"twitter:data1\" content=\"1 minute\" \/>\n<script type=\"application\/ld+json\" class=\"yoast-schema-graph\">{\"@context\":\"https:\\\/\\\/schema.org\",\"@graph\":[{\"@type\":\"WebPage\",\"@id\":\"https:\\\/\\\/www.visittorshavn.fo\\\/fo\\\/event\\\/flaggdagur-flag-day\\\/2026-04-25\\\/\",\"url\":\"https:\\\/\\\/www.visittorshavn.fo\\\/fo\\\/event\\\/flaggdagur-flag-day\\\/2026-04-25\\\/\",\"name\":\"Flaggdagur - Visit Torshavn\",\"isPartOf\":{\"@id\":\"https:\\\/\\\/www.visittorshavn.fo\\\/fo\\\/#website\"},\"primaryImageOfPage\":{\"@id\":\"https:\\\/\\\/www.visittorshavn.fo\\\/fo\\\/event\\\/flaggdagur-flag-day\\\/2026-04-25\\\/#primaryimage\"},\"image\":{\"@id\":\"https:\\\/\\\/www.visittorshavn.fo\\\/fo\\\/event\\\/flaggdagur-flag-day\\\/2026-04-25\\\/#primaryimage\"},\"thumbnailUrl\":\"https:\\\/\\\/www.visittorshavn.fo\\\/wp-content\\\/uploads\\\/2024\\\/09\\\/flaggdagur.jpg\",\"datePublished\":\"2024-09-20T11:30:51+00:00\",\"dateModified\":\"2024-09-20T13:04:44+00:00\",\"breadcrumb\":{\"@id\":\"https:\\\/\\\/www.visittorshavn.fo\\\/fo\\\/event\\\/flaggdagur-flag-day\\\/2026-04-25\\\/#breadcrumb\"},\"inLanguage\":\"fo-FO\",\"potentialAction\":[{\"@type\":\"ReadAction\",\"target\":[\"https:\\\/\\\/www.visittorshavn.fo\\\/fo\\\/event\\\/flaggdagur-flag-day\\\/2026-04-25\\\/\"]}]},{\"@type\":\"ImageObject\",\"inLanguage\":\"fo-FO\",\"@id\":\"https:\\\/\\\/www.visittorshavn.fo\\\/fo\\\/event\\\/flaggdagur-flag-day\\\/2026-04-25\\\/#primaryimage\",\"url\":\"https:\\\/\\\/www.visittorshavn.fo\\\/wp-content\\\/uploads\\\/2024\\\/09\\\/flaggdagur.jpg\",\"contentUrl\":\"https:\\\/\\\/www.visittorshavn.fo\\\/wp-content\\\/uploads\\\/2024\\\/09\\\/flaggdagur.jpg\",\"width\":1920,\"height\":1080},{\"@type\":\"BreadcrumbList\",\"@id\":\"https:\\\/\\\/www.visittorshavn.fo\\\/fo\\\/event\\\/flaggdagur-flag-day\\\/2026-04-25\\\/#breadcrumb\",\"itemListElement\":[{\"@type\":\"ListItem\",\"position\":1,\"name\":\"Home\",\"item\":\"https:\\\/\\\/www.visittorshavn.fo\\\/fo\\\/\"},{\"@type\":\"ListItem\",\"position\":2,\"name\":\"Events\",\"item\":\"https:\\\/\\\/www.visittorshavn.fo\\\/fo\\\/events\\\/\"},{\"@type\":\"ListItem\",\"position\":3,\"name\":\"Flaggdagur\"}]},{\"@type\":\"WebSite\",\"@id\":\"https:\\\/\\\/www.visittorshavn.fo\\\/fo\\\/#website\",\"url\":\"https:\\\/\\\/www.visittorshavn.fo\\\/fo\\\/\",\"name\":\"Visit Torshavn\",\"description\":\"\",\"potentialAction\":[{\"@type\":\"SearchAction\",\"target\":{\"@type\":\"EntryPoint\",\"urlTemplate\":\"https:\\\/\\\/www.visittorshavn.fo\\\/fo\\\/?s={search_term_string}\"},\"query-input\":{\"@type\":\"PropertyValueSpecification\",\"valueRequired\":true,\"valueName\":\"search_term_string\"}}],\"inLanguage\":\"fo-FO\"}]}<\/script>\n<!-- \/ Yoast SEO plugin. -->","yoast_head_json":{"title":"Flaggdagur - Visit Torshavn","robots":{"index":"index","follow":"follow","max-snippet":"max-snippet:-1","max-image-preview":"max-image-preview:large","max-video-preview":"max-video-preview:-1"},"canonical":"https:\/\/www.visittorshavn.fo\/fo\/event\/flaggdagur-flag-day\/2026-04-25\/","og_locale":"fo_FO","og_type":"article","og_title":"Flaggdagur - Visit Torshavn","og_description":"Flaggdagur\u00a0er\u00a025. apr\u00edl\u00a0til minnis um, at\u00a0f\u00f8royska\u00a0flaggi\u00f0,\u00a0Merki\u00f0, tann 25. apr\u00edl\u00a01940\u00a0var\u00f0 vi\u00f0urkent sum tj\u00f3\u00f0armerki f\u00f8royinga. Hetta hendi undir\u00a0bretsku hersetingini\u00a0av F\u00f8royum, sum byrja\u00f0i 13. apr\u00edl. Danmark var\u00f0 hertiki\u00f0 av t\u00fdskarum 9. apr\u00edl. 25. apr\u00edl [&hellip;]","og_url":"https:\/\/www.visittorshavn.fo\/fo\/event\/flaggdagur-flag-day\/2026-04-25\/","og_site_name":"Visit Torshavn","article_modified_time":"2024-09-20T13:04:44+00:00","og_image":[{"width":1920,"height":1080,"url":"https:\/\/www.visittorshavn.fo\/wp-content\/uploads\/2024\/09\/flaggdagur.jpg","type":"image\/jpeg"}],"twitter_card":"summary_large_image","twitter_misc":{"Est. reading time":"1 minute"},"schema":{"@context":"https:\/\/schema.org","@graph":[{"@type":"WebPage","@id":"https:\/\/www.visittorshavn.fo\/fo\/event\/flaggdagur-flag-day\/2026-04-25\/","url":"https:\/\/www.visittorshavn.fo\/fo\/event\/flaggdagur-flag-day\/2026-04-25\/","name":"Flaggdagur - Visit Torshavn","isPartOf":{"@id":"https:\/\/www.visittorshavn.fo\/fo\/#website"},"primaryImageOfPage":{"@id":"https:\/\/www.visittorshavn.fo\/fo\/event\/flaggdagur-flag-day\/2026-04-25\/#primaryimage"},"image":{"@id":"https:\/\/www.visittorshavn.fo\/fo\/event\/flaggdagur-flag-day\/2026-04-25\/#primaryimage"},"thumbnailUrl":"https:\/\/www.visittorshavn.fo\/wp-content\/uploads\/2024\/09\/flaggdagur.jpg","datePublished":"2024-09-20T11:30:51+00:00","dateModified":"2024-09-20T13:04:44+00:00","breadcrumb":{"@id":"https:\/\/www.visittorshavn.fo\/fo\/event\/flaggdagur-flag-day\/2026-04-25\/#breadcrumb"},"inLanguage":"fo-FO","potentialAction":[{"@type":"ReadAction","target":["https:\/\/www.visittorshavn.fo\/fo\/event\/flaggdagur-flag-day\/2026-04-25\/"]}]},{"@type":"ImageObject","inLanguage":"fo-FO","@id":"https:\/\/www.visittorshavn.fo\/fo\/event\/flaggdagur-flag-day\/2026-04-25\/#primaryimage","url":"https:\/\/www.visittorshavn.fo\/wp-content\/uploads\/2024\/09\/flaggdagur.jpg","contentUrl":"https:\/\/www.visittorshavn.fo\/wp-content\/uploads\/2024\/09\/flaggdagur.jpg","width":1920,"height":1080},{"@type":"BreadcrumbList","@id":"https:\/\/www.visittorshavn.fo\/fo\/event\/flaggdagur-flag-day\/2026-04-25\/#breadcrumb","itemListElement":[{"@type":"ListItem","position":1,"name":"Home","item":"https:\/\/www.visittorshavn.fo\/fo\/"},{"@type":"ListItem","position":2,"name":"Events","item":"https:\/\/www.visittorshavn.fo\/fo\/events\/"},{"@type":"ListItem","position":3,"name":"Flaggdagur"}]},{"@type":"WebSite","@id":"https:\/\/www.visittorshavn.fo\/fo\/#website","url":"https:\/\/www.visittorshavn.fo\/fo\/","name":"Visit Torshavn","description":"","potentialAction":[{"@type":"SearchAction","target":{"@type":"EntryPoint","urlTemplate":"https:\/\/www.visittorshavn.fo\/fo\/?s={search_term_string}"},"query-input":{"@type":"PropertyValueSpecification","valueRequired":true,"valueName":"search_term_string"}}],"inLanguage":"fo-FO"}]}},"_links":{"self":[{"href":"https:\/\/www.visittorshavn.fo\/fo\/wp-json\/wp\/v2\/tribe_events\/10003977","targetHints":{"allow":["GET"]}}],"collection":[{"href":"https:\/\/www.visittorshavn.fo\/fo\/wp-json\/wp\/v2\/tribe_events"}],"about":[{"href":"https:\/\/www.visittorshavn.fo\/fo\/wp-json\/wp\/v2\/types\/tribe_events"}],"author":[{"embeddable":true,"href":"https:\/\/www.visittorshavn.fo\/fo\/wp-json\/wp\/v2\/users\/4"}],"version-history":[{"count":0,"href":"https:\/\/www.visittorshavn.fo\/fo\/wp-json\/wp\/v2\/tribe_events\/10003977\/revisions"}],"wp:featuredmedia":[{"embeddable":true,"href":"https:\/\/www.visittorshavn.fo\/fo\/wp-json\/wp\/v2\/media\/15582"}],"wp:attachment":[{"href":"https:\/\/www.visittorshavn.fo\/fo\/wp-json\/wp\/v2\/media?parent=10003977"}],"wp:term":[{"taxonomy":"post_tag","embeddable":true,"href":"https:\/\/www.visittorshavn.fo\/fo\/wp-json\/wp\/v2\/tags?post=10003977"},{"taxonomy":"tribe_events_cat","embeddable":true,"href":"https:\/\/www.visittorshavn.fo\/fo\/wp-json\/wp\/v2\/tribe_events_cat?post=10003977"}],"curies":[{"name":"wp","href":"https:\/\/api.w.org\/{rel}","templated":true}]}}