{"id":10013940,"date":"2026-04-17T12:22:57","date_gmt":"2026-04-17T11:22:57","guid":{"rendered":"https:\/\/www.visittorshavn.fo\/?post_type=tribe_events&#038;p=263458"},"modified":"2026-04-17T12:32:05","modified_gmt":"2026-04-17T11:32:05","slug":"vetrarjazz-winter-jazz","status":"publish","type":"tribe_events","link":"https:\/\/www.visittorshavn.fo\/fo\/event\/vetrarjazz-winter-jazz\/2026-01-22\/","title":{"rendered":"Vetrarjazz"},"content":{"rendered":"<h3><strong>Winter Jazz<\/strong><\/h3>\n<p>Vetrarjazz er \u00e1 hv\u00f8rjum \u00e1ri \u00ed januar m\u00e1na\u00f0i. Havnar Jazzfelag skipar fyri festivalinum fyri at fremja og n\u00f8ra \u00e1hugan fyri t\u00f3nleiki, serliga\u00a0jazz, f\u00f3lk og beat, og at f\u00e1a F\u00f8roya f\u00f3lki eitt fj\u00f8lbroytt \u00farval av t\u00f3nleiki. Vit ynskja eisini at okkara dugnaligu t\u00f3nleikarar \u00ed F\u00f8royum skulu hava eitt sta\u00f0 at savnast um jazzin og ikki minst sp\u00e6la eina r\u00fagvu saman.<\/p>\n<p data-path-to-node=\"1\">Til Vetrarjazz eru n\u00f3gvar konsertir \u00e1 ymiskum sp\u00e6list\u00f8\u00f0um \u00ed F\u00f8royum. T\u00fa kanst s\u00edggja skr\u00e1nna \u00e1 teirra <a href=\"https:\/\/www.facebook.com\/vetrarjazz\/\">facebook s\u00ed\u00f0u<\/a>.<\/p>\n<p>Um t\u00fa vilt s\u00edggja myndir fr\u00e1 undanfarnu \u00e1runum, tr\u00fdst <a href=\"https:\/\/www.jazz.fo\/myndasavn\/?fbclid=IwZXh0bgNhZW0CMTAAAR0lo6JZ-HfCITHu1rZitopKlrwMWR93U1fKPEzG3ItixOX_xWfrPqsUJ14_aem_LLFrmwlqa879U5x233CN0Q\">her<\/a>.<\/p>\n","protected":false},"excerpt":{"rendered":"<p>Winter Jazz Vetrarjazz er \u00e1 hv\u00f8rjum \u00e1ri \u00ed januar m\u00e1na\u00f0i. Havnar Jazzfelag skipar fyri festivalinum fyri at fremja og n\u00f8ra \u00e1hugan fyri t\u00f3nleiki, serliga\u00a0jazz, f\u00f3lk og beat, og at f\u00e1a [&hellip;]<\/p>\n","protected":false},"author":3,"featured_media":263462,"template":"","meta":{"_acf_changed":false,"_tribe_events_status":"","_tribe_events_status_reason":"","_tribe_events_is_hybrid":"","_tribe_events_is_virtual":"","_tribe_events_virtual_video_source":"","_tribe_events_virtual_embed_video":"","_tribe_events_virtual_linked_button_text":"","_tribe_events_virtual_linked_button":"","_tribe_events_virtual_show_embed_at":"","_tribe_events_virtual_show_embed_to":[],"_tribe_events_virtual_show_on_event":"","_tribe_events_virtual_show_on_views":"","_tribe_events_virtual_url":"","footnotes":""},"tags":[210],"tribe_events_cat":[198,120],"class_list":["post-10013940","tribe_events","type-tribe_events","status-publish","has-post-thumbnail","hentry","tag-tonleikur","tribe_events_cat-annual-event","tribe_events_cat-tonleikur","cat_annual-event","cat_tonleikur","tribe-recurring-event","tribe-recurring-event-parent"],"acf":[],"yoast_head":"<!-- This site is optimized with the Yoast SEO plugin v27.4 - https:\/\/yoast.com\/product\/yoast-seo-wordpress\/ -->\n<title>Vetrarjazz - Visit Torshavn<\/title>\n<meta name=\"robots\" content=\"index, follow, max-snippet:-1, max-image-preview:large, max-video-preview:-1\" \/>\n<link rel=\"canonical\" href=\"https:\/\/www.visittorshavn.fo\/fo\/event\/vetrarjazz-winter-jazz\/2026-01-22\/\" \/>\n<meta property=\"og:locale\" content=\"fo_FO\" \/>\n<meta property=\"og:type\" content=\"article\" \/>\n<meta property=\"og:title\" content=\"Vetrarjazz - Visit Torshavn\" \/>\n<meta property=\"og:description\" content=\"Winter Jazz Vetrarjazz er \u00e1 hv\u00f8rjum \u00e1ri \u00ed januar m\u00e1na\u00f0i. Havnar Jazzfelag skipar fyri festivalinum fyri at fremja og n\u00f8ra \u00e1hugan fyri t\u00f3nleiki, serliga\u00a0jazz, f\u00f3lk og beat, og at f\u00e1a [&hellip;]\" \/>\n<meta property=\"og:url\" content=\"https:\/\/www.visittorshavn.fo\/fo\/event\/vetrarjazz-winter-jazz\/2026-01-22\/\" \/>\n<meta property=\"og:site_name\" content=\"Visit Torshavn\" \/>\n<meta property=\"article:modified_time\" content=\"2026-04-17T11:32:05+00:00\" \/>\n<meta property=\"og:image\" content=\"https:\/\/www.visittorshavn.fo\/wp-content\/uploads\/2026\/04\/600345566_1379764397183311_2006994408112491544_n.jpg\" \/>\n\t<meta property=\"og:image:width\" content=\"1440\" \/>\n\t<meta property=\"og:image:height\" content=\"1440\" \/>\n\t<meta property=\"og:image:type\" content=\"image\/jpeg\" \/>\n<meta name=\"twitter:card\" content=\"summary_large_image\" \/>\n<meta name=\"twitter:label1\" content=\"Est. reading time\" \/>\n\t<meta name=\"twitter:data1\" content=\"1 minute\" \/>\n<script type=\"application\/ld+json\" class=\"yoast-schema-graph\">{\"@context\":\"https:\\\/\\\/schema.org\",\"@graph\":[{\"@type\":\"WebPage\",\"@id\":\"https:\\\/\\\/www.visittorshavn.fo\\\/fo\\\/event\\\/vetrarjazz-winter-jazz\\\/2026-01-22\\\/\",\"url\":\"https:\\\/\\\/www.visittorshavn.fo\\\/fo\\\/event\\\/vetrarjazz-winter-jazz\\\/2026-01-22\\\/\",\"name\":\"Vetrarjazz - Visit Torshavn\",\"isPartOf\":{\"@id\":\"https:\\\/\\\/www.visittorshavn.fo\\\/fo\\\/#website\"},\"primaryImageOfPage\":{\"@id\":\"https:\\\/\\\/www.visittorshavn.fo\\\/fo\\\/event\\\/vetrarjazz-winter-jazz\\\/2026-01-22\\\/#primaryimage\"},\"image\":{\"@id\":\"https:\\\/\\\/www.visittorshavn.fo\\\/fo\\\/event\\\/vetrarjazz-winter-jazz\\\/2026-01-22\\\/#primaryimage\"},\"thumbnailUrl\":\"https:\\\/\\\/www.visittorshavn.fo\\\/wp-content\\\/uploads\\\/2026\\\/04\\\/600345566_1379764397183311_2006994408112491544_n.jpg\",\"datePublished\":\"2026-04-17T11:22:57+00:00\",\"dateModified\":\"2026-04-17T11:32:05+00:00\",\"breadcrumb\":{\"@id\":\"https:\\\/\\\/www.visittorshavn.fo\\\/fo\\\/event\\\/vetrarjazz-winter-jazz\\\/2026-01-22\\\/#breadcrumb\"},\"inLanguage\":\"fo-FO\",\"potentialAction\":[{\"@type\":\"ReadAction\",\"target\":[\"https:\\\/\\\/www.visittorshavn.fo\\\/fo\\\/event\\\/vetrarjazz-winter-jazz\\\/2026-01-22\\\/\"]}]},{\"@type\":\"ImageObject\",\"inLanguage\":\"fo-FO\",\"@id\":\"https:\\\/\\\/www.visittorshavn.fo\\\/fo\\\/event\\\/vetrarjazz-winter-jazz\\\/2026-01-22\\\/#primaryimage\",\"url\":\"https:\\\/\\\/www.visittorshavn.fo\\\/wp-content\\\/uploads\\\/2026\\\/04\\\/600345566_1379764397183311_2006994408112491544_n.jpg\",\"contentUrl\":\"https:\\\/\\\/www.visittorshavn.fo\\\/wp-content\\\/uploads\\\/2026\\\/04\\\/600345566_1379764397183311_2006994408112491544_n.jpg\",\"width\":1440,\"height\":1440},{\"@type\":\"BreadcrumbList\",\"@id\":\"https:\\\/\\\/www.visittorshavn.fo\\\/fo\\\/event\\\/vetrarjazz-winter-jazz\\\/2026-01-22\\\/#breadcrumb\",\"itemListElement\":[{\"@type\":\"ListItem\",\"position\":1,\"name\":\"Home\",\"item\":\"https:\\\/\\\/www.visittorshavn.fo\\\/fo\\\/\"},{\"@type\":\"ListItem\",\"position\":2,\"name\":\"Events\",\"item\":\"https:\\\/\\\/www.visittorshavn.fo\\\/fo\\\/events\\\/\"},{\"@type\":\"ListItem\",\"position\":3,\"name\":\"Vetrarjazz\"}]},{\"@type\":\"WebSite\",\"@id\":\"https:\\\/\\\/www.visittorshavn.fo\\\/fo\\\/#website\",\"url\":\"https:\\\/\\\/www.visittorshavn.fo\\\/fo\\\/\",\"name\":\"Visit Torshavn\",\"description\":\"\",\"potentialAction\":[{\"@type\":\"SearchAction\",\"target\":{\"@type\":\"EntryPoint\",\"urlTemplate\":\"https:\\\/\\\/www.visittorshavn.fo\\\/fo\\\/?s={search_term_string}\"},\"query-input\":{\"@type\":\"PropertyValueSpecification\",\"valueRequired\":true,\"valueName\":\"search_term_string\"}}],\"inLanguage\":\"fo-FO\"}]}<\/script>\n<!-- \/ Yoast SEO plugin. -->","yoast_head_json":{"title":"Vetrarjazz - Visit Torshavn","robots":{"index":"index","follow":"follow","max-snippet":"max-snippet:-1","max-image-preview":"max-image-preview:large","max-video-preview":"max-video-preview:-1"},"canonical":"https:\/\/www.visittorshavn.fo\/fo\/event\/vetrarjazz-winter-jazz\/2026-01-22\/","og_locale":"fo_FO","og_type":"article","og_title":"Vetrarjazz - Visit Torshavn","og_description":"Winter Jazz Vetrarjazz er \u00e1 hv\u00f8rjum \u00e1ri \u00ed januar m\u00e1na\u00f0i. Havnar Jazzfelag skipar fyri festivalinum fyri at fremja og n\u00f8ra \u00e1hugan fyri t\u00f3nleiki, serliga\u00a0jazz, f\u00f3lk og beat, og at f\u00e1a [&hellip;]","og_url":"https:\/\/www.visittorshavn.fo\/fo\/event\/vetrarjazz-winter-jazz\/2026-01-22\/","og_site_name":"Visit Torshavn","article_modified_time":"2026-04-17T11:32:05+00:00","og_image":[{"width":1440,"height":1440,"url":"https:\/\/www.visittorshavn.fo\/wp-content\/uploads\/2026\/04\/600345566_1379764397183311_2006994408112491544_n.jpg","type":"image\/jpeg"}],"twitter_card":"summary_large_image","twitter_misc":{"Est. reading time":"1 minute"},"schema":{"@context":"https:\/\/schema.org","@graph":[{"@type":"WebPage","@id":"https:\/\/www.visittorshavn.fo\/fo\/event\/vetrarjazz-winter-jazz\/2026-01-22\/","url":"https:\/\/www.visittorshavn.fo\/fo\/event\/vetrarjazz-winter-jazz\/2026-01-22\/","name":"Vetrarjazz - Visit Torshavn","isPartOf":{"@id":"https:\/\/www.visittorshavn.fo\/fo\/#website"},"primaryImageOfPage":{"@id":"https:\/\/www.visittorshavn.fo\/fo\/event\/vetrarjazz-winter-jazz\/2026-01-22\/#primaryimage"},"image":{"@id":"https:\/\/www.visittorshavn.fo\/fo\/event\/vetrarjazz-winter-jazz\/2026-01-22\/#primaryimage"},"thumbnailUrl":"https:\/\/www.visittorshavn.fo\/wp-content\/uploads\/2026\/04\/600345566_1379764397183311_2006994408112491544_n.jpg","datePublished":"2026-04-17T11:22:57+00:00","dateModified":"2026-04-17T11:32:05+00:00","breadcrumb":{"@id":"https:\/\/www.visittorshavn.fo\/fo\/event\/vetrarjazz-winter-jazz\/2026-01-22\/#breadcrumb"},"inLanguage":"fo-FO","potentialAction":[{"@type":"ReadAction","target":["https:\/\/www.visittorshavn.fo\/fo\/event\/vetrarjazz-winter-jazz\/2026-01-22\/"]}]},{"@type":"ImageObject","inLanguage":"fo-FO","@id":"https:\/\/www.visittorshavn.fo\/fo\/event\/vetrarjazz-winter-jazz\/2026-01-22\/#primaryimage","url":"https:\/\/www.visittorshavn.fo\/wp-content\/uploads\/2026\/04\/600345566_1379764397183311_2006994408112491544_n.jpg","contentUrl":"https:\/\/www.visittorshavn.fo\/wp-content\/uploads\/2026\/04\/600345566_1379764397183311_2006994408112491544_n.jpg","width":1440,"height":1440},{"@type":"BreadcrumbList","@id":"https:\/\/www.visittorshavn.fo\/fo\/event\/vetrarjazz-winter-jazz\/2026-01-22\/#breadcrumb","itemListElement":[{"@type":"ListItem","position":1,"name":"Home","item":"https:\/\/www.visittorshavn.fo\/fo\/"},{"@type":"ListItem","position":2,"name":"Events","item":"https:\/\/www.visittorshavn.fo\/fo\/events\/"},{"@type":"ListItem","position":3,"name":"Vetrarjazz"}]},{"@type":"WebSite","@id":"https:\/\/www.visittorshavn.fo\/fo\/#website","url":"https:\/\/www.visittorshavn.fo\/fo\/","name":"Visit Torshavn","description":"","potentialAction":[{"@type":"SearchAction","target":{"@type":"EntryPoint","urlTemplate":"https:\/\/www.visittorshavn.fo\/fo\/?s={search_term_string}"},"query-input":{"@type":"PropertyValueSpecification","valueRequired":true,"valueName":"search_term_string"}}],"inLanguage":"fo-FO"}]}},"_links":{"self":[{"href":"https:\/\/www.visittorshavn.fo\/fo\/wp-json\/wp\/v2\/tribe_events\/10013940","targetHints":{"allow":["GET"]}}],"collection":[{"href":"https:\/\/www.visittorshavn.fo\/fo\/wp-json\/wp\/v2\/tribe_events"}],"about":[{"href":"https:\/\/www.visittorshavn.fo\/fo\/wp-json\/wp\/v2\/types\/tribe_events"}],"author":[{"embeddable":true,"href":"https:\/\/www.visittorshavn.fo\/fo\/wp-json\/wp\/v2\/users\/3"}],"version-history":[{"count":0,"href":"https:\/\/www.visittorshavn.fo\/fo\/wp-json\/wp\/v2\/tribe_events\/10013940\/revisions"}],"wp:featuredmedia":[{"embeddable":true,"href":"https:\/\/www.visittorshavn.fo\/fo\/wp-json\/wp\/v2\/media\/263462"}],"wp:attachment":[{"href":"https:\/\/www.visittorshavn.fo\/fo\/wp-json\/wp\/v2\/media?parent=10013940"}],"wp:term":[{"taxonomy":"post_tag","embeddable":true,"href":"https:\/\/www.visittorshavn.fo\/fo\/wp-json\/wp\/v2\/tags?post=10013940"},{"taxonomy":"tribe_events_cat","embeddable":true,"href":"https:\/\/www.visittorshavn.fo\/fo\/wp-json\/wp\/v2\/tribe_events_cat?post=10013940"}],"curies":[{"name":"wp","href":"https:\/\/api.w.org\/{rel}","templated":true}]}}