{"id":110332,"date":"2025-04-01T23:49:07","date_gmt":"2025-04-01T22:49:07","guid":{"rendered":"https:\/\/www.visittorshavn.fo\/event\/folk-og-fuglar-framlogur-og-sofaprat\/"},"modified":"2025-04-07T23:38:05","modified_gmt":"2025-04-07T22:38:05","slug":"folk-og-fuglar-framlogur-og-sofaprat","status":"publish","type":"tribe_events","link":"https:\/\/www.visittorshavn.fo\/fo\/event\/folk-og-fuglar-framlogur-og-sofaprat\/","title":{"rendered":"F\u00f3lk og fuglar &#8211; framl\u00f8gur og sofapr\u00e1t"},"content":{"rendered":"<p>H\u00f8li: Sk\u00e1lin<br \/>Longd: 2 t\u00edmar<\/p>\n<p>Hvussu stendur til hj\u00e1 fuglunum \u00ed F\u00f8royum? <span>Hv\u00f8rjir tr\u00edvast, og hv\u00f8rjir eru h\u00f3ttir? Kom og hoyr um n\u00fdggjastu kanningarnar um fuglal\u00edvi\u00f0 \u00ed F\u00f8royum, og f\u00e1 \u00edbl\u00e1stur til t\u00edn n\u00e6sta t\u00far \u00ed fj\u00f8runa. Umhv\u00f8rvisstovan, Tj\u00f3\u00f0savni\u00f0 og Havstovan skipa fyri tiltaki um fuglar \u00ed F\u00f8royum, har eisini n\u00fdggj vitan um drunnhv\u00edta og lomviga ver\u00f0ur l\u00f8gd fram.<\/span><\/p>\n<p><strong>\u00c1 skr\u00e1nni er:<\/strong><\/p>\n<ul>\n<li><span>\u00c1hugi fyri fugli. J\u00f3run P\u00f3lsd\u00f3ttir grei\u00f0ir fr\u00e1 um s\u00edn \u00e1huga fyri fugli og hvar til ber at hitta ymsar fuglar. Saman vi\u00f0 Silasi Olofson hevur J\u00f3run skriva\u00f0 b\u00f3kaverki\u00f0 \u201cFuglar okkara\u201d, sum var\u00f0 \u00fatgivi\u00f0 \u00ed 2022.&nbsp;<\/span><span><\/span><\/li>\n<li><span>Lomvigi og \u00farslit fr\u00e1 fuglateljingum \u00ed H\u00f8vdanum \u00ed Sk\u00fagvoy. J\u00f3hannis Danielsen, l\u00edvfr\u00f8\u00f0ingur \u00e1 Havstovuni.<\/span><\/li>\n<li><span>Drunnhv\u00edti og kanningar \u00ed N\u00f3lsoy vi\u00f0 lj\u00f3\u00f0uppt\u00f8kum. Janus Hansen, l\u00edvfr\u00f8\u00f0ingur \u00e1 Tj\u00f3\u00f0savninum.&nbsp;<\/span><\/li>\n<li>Sofapr\u00e1t um f\u00f3lk og fuglar.<\/li>\n<\/ul>\n<p><span>Fuglal\u00edvi\u00f0 \u00ed F\u00f8royum er fj\u00f8lbroytt, og fert t\u00fa \u00fat um dyr, er mangt at s\u00edggja. N\u00f8kur fuglasl\u00f8g eru harumframt t\u00fd\u00f0andi fyri alheims fuglastovnin. N\u00f3lsoy, Sk\u00fagvoy og Mykines eru altj\u00f3\u00f0a v\u00e1tlendis\u00f8ki, sonevnd Ramsar-\u00f8ki, har fuglur ver\u00f0ur taldur fyri at fylgja vi\u00f0 stovninum.<\/span><\/p>\n<p><span>Kom til eitt pr\u00e1t um fuglar, um hvussu teir b\u00faleikast og finna s\u00e6r f\u00f8\u00f0i, og um hv\u00ed ta\u00f0 er so hugtakandi at eyglei\u00f0a fugl. <\/span><\/p>\n<p>Tiltaki\u00f0 er \u00f3keypis, og \u00f8ll eru v\u00e6lkomin. Tekna teg til tiltaki\u00f0 her:&nbsp;<span><a rel=\"noopener\" href=\"https:\/\/www.us.fo\/tiltok\/folk-og-fuglar-framloga-og-sofaprat\/\" target=\"_blank\"><span>F\u00f3lk og fuglar &#8211; framl\u00f8ga og sofapr\u00e1t&nbsp; &#8211; Umhvorvisstovan<\/span><\/a><\/span><\/p>\n<p><em>Mynd: Silas Olofson&nbsp;<\/em><\/p>\n","protected":false},"excerpt":{"rendered":"<p>Umhv\u00f8rvisstovan, Tj\u00f3\u00f0savni\u00f0 og Havstovan skipa fyri tiltaki um fuglar \u00ed F\u00f8royum<\/p>\n","protected":false},"author":1,"featured_media":0,"template":"","meta":{"_acf_changed":false,"_tribe_events_status":"","_tribe_events_status_reason":"","_tribe_events_is_hybrid":"","_tribe_events_is_virtual":"","_tribe_events_virtual_video_source":"","_tribe_events_virtual_embed_video":"","_tribe_events_virtual_linked_button_text":"","_tribe_events_virtual_linked_button":"","_tribe_events_virtual_show_embed_at":"","_tribe_events_virtual_show_embed_to":[],"_tribe_events_virtual_show_on_event":"","_tribe_events_virtual_show_on_views":"","_tribe_events_virtual_url":"","footnotes":""},"tags":[],"tribe_events_cat":[295,313],"class_list":["post-110332","tribe_events","type-tribe_events","status-publish","hentry","tribe_events_cat-fyrilestrar-fo","tribe_events_cat-timin","cat_fyrilestrar-fo","cat_timin"],"acf":[],"yoast_head":"<!-- This site is optimized with the Yoast SEO plugin v27.5 - https:\/\/yoast.com\/product\/yoast-seo-wordpress\/ -->\n<title>F\u00f3lk og fuglar - framl\u00f8gur og sofapr\u00e1t - Visit Torshavn<\/title>\n<meta name=\"robots\" content=\"index, follow, max-snippet:-1, max-image-preview:large, max-video-preview:-1\" \/>\n<link rel=\"canonical\" href=\"https:\/\/www.visittorshavn.fo\/fo\/event\/folk-og-fuglar-framlogur-og-sofaprat\/\" \/>\n<meta property=\"og:locale\" content=\"fo_FO\" \/>\n<meta property=\"og:type\" content=\"article\" \/>\n<meta property=\"og:title\" content=\"F\u00f3lk og fuglar - framl\u00f8gur og sofapr\u00e1t - Visit Torshavn\" \/>\n<meta property=\"og:description\" content=\"Umhv\u00f8rvisstovan, Tj\u00f3\u00f0savni\u00f0 og Havstovan skipa fyri tiltaki um fuglar \u00ed F\u00f8royum\" \/>\n<meta property=\"og:url\" content=\"https:\/\/www.visittorshavn.fo\/fo\/event\/folk-og-fuglar-framlogur-og-sofaprat\/\" \/>\n<meta property=\"og:site_name\" content=\"Visit Torshavn\" \/>\n<meta property=\"article:modified_time\" content=\"2025-04-07T22:38:05+00:00\" \/>\n<meta name=\"twitter:card\" content=\"summary_large_image\" \/>\n<meta name=\"twitter:label1\" content=\"Est. reading time\" \/>\n\t<meta name=\"twitter:data1\" content=\"1 minute\" \/>\n<script type=\"application\/ld+json\" class=\"yoast-schema-graph\">{\"@context\":\"https:\\\/\\\/schema.org\",\"@graph\":[{\"@type\":\"WebPage\",\"@id\":\"https:\\\/\\\/www.visittorshavn.fo\\\/fo\\\/event\\\/folk-og-fuglar-framlogur-og-sofaprat\\\/\",\"url\":\"https:\\\/\\\/www.visittorshavn.fo\\\/fo\\\/event\\\/folk-og-fuglar-framlogur-og-sofaprat\\\/\",\"name\":\"F\u00f3lk og fuglar - framl\u00f8gur og sofapr\u00e1t - Visit Torshavn\",\"isPartOf\":{\"@id\":\"https:\\\/\\\/www.visittorshavn.fo\\\/fo\\\/#website\"},\"datePublished\":\"2025-04-01T22:49:07+00:00\",\"dateModified\":\"2025-04-07T22:38:05+00:00\",\"breadcrumb\":{\"@id\":\"https:\\\/\\\/www.visittorshavn.fo\\\/fo\\\/event\\\/folk-og-fuglar-framlogur-og-sofaprat\\\/#breadcrumb\"},\"inLanguage\":\"fo-FO\",\"potentialAction\":[{\"@type\":\"ReadAction\",\"target\":[\"https:\\\/\\\/www.visittorshavn.fo\\\/fo\\\/event\\\/folk-og-fuglar-framlogur-og-sofaprat\\\/\"]}]},{\"@type\":\"BreadcrumbList\",\"@id\":\"https:\\\/\\\/www.visittorshavn.fo\\\/fo\\\/event\\\/folk-og-fuglar-framlogur-og-sofaprat\\\/#breadcrumb\",\"itemListElement\":[{\"@type\":\"ListItem\",\"position\":1,\"name\":\"Home\",\"item\":\"https:\\\/\\\/www.visittorshavn.fo\\\/fo\\\/\"},{\"@type\":\"ListItem\",\"position\":2,\"name\":\"Events\",\"item\":\"https:\\\/\\\/www.visittorshavn.fo\\\/fo\\\/events\\\/\"},{\"@type\":\"ListItem\",\"position\":3,\"name\":\"F\u00f3lk og fuglar &#8211; framl\u00f8gur og sofapr\u00e1t\"}]},{\"@type\":\"WebSite\",\"@id\":\"https:\\\/\\\/www.visittorshavn.fo\\\/fo\\\/#website\",\"url\":\"https:\\\/\\\/www.visittorshavn.fo\\\/fo\\\/\",\"name\":\"Visit Torshavn\",\"description\":\"\",\"potentialAction\":[{\"@type\":\"SearchAction\",\"target\":{\"@type\":\"EntryPoint\",\"urlTemplate\":\"https:\\\/\\\/www.visittorshavn.fo\\\/fo\\\/?s={search_term_string}\"},\"query-input\":{\"@type\":\"PropertyValueSpecification\",\"valueRequired\":true,\"valueName\":\"search_term_string\"}}],\"inLanguage\":\"fo-FO\"}]}<\/script>\n<!-- \/ Yoast SEO plugin. -->","yoast_head_json":{"title":"F\u00f3lk og fuglar - framl\u00f8gur og sofapr\u00e1t - Visit Torshavn","robots":{"index":"index","follow":"follow","max-snippet":"max-snippet:-1","max-image-preview":"max-image-preview:large","max-video-preview":"max-video-preview:-1"},"canonical":"https:\/\/www.visittorshavn.fo\/fo\/event\/folk-og-fuglar-framlogur-og-sofaprat\/","og_locale":"fo_FO","og_type":"article","og_title":"F\u00f3lk og fuglar - framl\u00f8gur og sofapr\u00e1t - Visit Torshavn","og_description":"Umhv\u00f8rvisstovan, Tj\u00f3\u00f0savni\u00f0 og Havstovan skipa fyri tiltaki um fuglar \u00ed F\u00f8royum","og_url":"https:\/\/www.visittorshavn.fo\/fo\/event\/folk-og-fuglar-framlogur-og-sofaprat\/","og_site_name":"Visit Torshavn","article_modified_time":"2025-04-07T22:38:05+00:00","twitter_card":"summary_large_image","twitter_misc":{"Est. reading time":"1 minute"},"schema":{"@context":"https:\/\/schema.org","@graph":[{"@type":"WebPage","@id":"https:\/\/www.visittorshavn.fo\/fo\/event\/folk-og-fuglar-framlogur-og-sofaprat\/","url":"https:\/\/www.visittorshavn.fo\/fo\/event\/folk-og-fuglar-framlogur-og-sofaprat\/","name":"F\u00f3lk og fuglar - framl\u00f8gur og sofapr\u00e1t - Visit Torshavn","isPartOf":{"@id":"https:\/\/www.visittorshavn.fo\/fo\/#website"},"datePublished":"2025-04-01T22:49:07+00:00","dateModified":"2025-04-07T22:38:05+00:00","breadcrumb":{"@id":"https:\/\/www.visittorshavn.fo\/fo\/event\/folk-og-fuglar-framlogur-og-sofaprat\/#breadcrumb"},"inLanguage":"fo-FO","potentialAction":[{"@type":"ReadAction","target":["https:\/\/www.visittorshavn.fo\/fo\/event\/folk-og-fuglar-framlogur-og-sofaprat\/"]}]},{"@type":"BreadcrumbList","@id":"https:\/\/www.visittorshavn.fo\/fo\/event\/folk-og-fuglar-framlogur-og-sofaprat\/#breadcrumb","itemListElement":[{"@type":"ListItem","position":1,"name":"Home","item":"https:\/\/www.visittorshavn.fo\/fo\/"},{"@type":"ListItem","position":2,"name":"Events","item":"https:\/\/www.visittorshavn.fo\/fo\/events\/"},{"@type":"ListItem","position":3,"name":"F\u00f3lk og fuglar &#8211; framl\u00f8gur og sofapr\u00e1t"}]},{"@type":"WebSite","@id":"https:\/\/www.visittorshavn.fo\/fo\/#website","url":"https:\/\/www.visittorshavn.fo\/fo\/","name":"Visit Torshavn","description":"","potentialAction":[{"@type":"SearchAction","target":{"@type":"EntryPoint","urlTemplate":"https:\/\/www.visittorshavn.fo\/fo\/?s={search_term_string}"},"query-input":{"@type":"PropertyValueSpecification","valueRequired":true,"valueName":"search_term_string"}}],"inLanguage":"fo-FO"}]}},"_links":{"self":[{"href":"https:\/\/www.visittorshavn.fo\/fo\/wp-json\/wp\/v2\/tribe_events\/110332","targetHints":{"allow":["GET"]}}],"collection":[{"href":"https:\/\/www.visittorshavn.fo\/fo\/wp-json\/wp\/v2\/tribe_events"}],"about":[{"href":"https:\/\/www.visittorshavn.fo\/fo\/wp-json\/wp\/v2\/types\/tribe_events"}],"author":[{"embeddable":true,"href":"https:\/\/www.visittorshavn.fo\/fo\/wp-json\/wp\/v2\/users\/1"}],"version-history":[{"count":0,"href":"https:\/\/www.visittorshavn.fo\/fo\/wp-json\/wp\/v2\/tribe_events\/110332\/revisions"}],"wp:attachment":[{"href":"https:\/\/www.visittorshavn.fo\/fo\/wp-json\/wp\/v2\/media?parent=110332"}],"wp:term":[{"taxonomy":"post_tag","embeddable":true,"href":"https:\/\/www.visittorshavn.fo\/fo\/wp-json\/wp\/v2\/tags?post=110332"},{"taxonomy":"tribe_events_cat","embeddable":true,"href":"https:\/\/www.visittorshavn.fo\/fo\/wp-json\/wp\/v2\/tribe_events_cat?post=110332"}],"curies":[{"name":"wp","href":"https:\/\/api.w.org\/{rel}","templated":true}]}}