{"id":110906,"date":"2025-04-03T15:37:27","date_gmt":"2025-04-03T14:37:27","guid":{"rendered":"https:\/\/www.visittorshavn.fo\/event\/vaelferdarsamfelagid-i-framtidini-fyrilestur-vid-liselotte-lyngso-2\/"},"modified":"2025-04-16T12:37:38","modified_gmt":"2025-04-16T11:37:38","slug":"vaelferdarsamfelagid-i-framtidini-fyrilestur-vid-liselotte-lyngso-2","status":"publish","type":"tribe_events","link":"https:\/\/www.visittorshavn.fo\/fo\/event\/vaelferdarsamfelagid-i-framtidini-fyrilestur-vid-liselotte-lyngso-2\/","title":{"rendered":"V\u00e6lfer\u00f0arsamfelagi\u00f0 \u00ed framt\u00ed\u00f0ini &#8211; Fyrilestur vi\u00f0 Liselotte Lyngs\u00f8"},"content":{"rendered":"<p>H\u00f8li: H\u00f8llin<br \/>Longd: 45 min. <\/p>\n<p>Hv\u00f8r skal taka s\u00e6r av teimum, i\u00f0 hava t\u00f8rv \u00ed framt\u00ed\u00f0ini? Ver\u00f0ur nokk av starvsf\u00f3lki og skattakr\u00f3num at var\u00f0veita ta\u00f0 t\u00e6nastust\u00f8\u00f0i\u00f0, vit\u00a0kenna \u00ed dag? Hoyr eina v\u00e6l upplagda, tankavekjandi, provokerandi \u2013 men eisini fakliga undirbygda \u2013 framt\u00ed\u00f0ars\u00f8gu.<\/p>\n<p>\u00a0<\/p>\n<p>Kendi\u00a0framt\u00ed\u00f0argranskarin, Liselotte Lyngs\u00f8, letur okkum kaga inn \u00ed framt\u00ed\u00f0ina.<\/p>\n<p>\u00a0<\/p>\n<p>\u00d3keypis atgongd, men ney\u00f0ugt er at tekna teg.\u00a0<\/p>\n","protected":false},"excerpt":{"rendered":"<p>Almannaverki\u00f0 50 \u00e1r<\/p>\n","protected":false},"author":1,"featured_media":0,"template":"","meta":{"_acf_changed":false,"_tribe_events_status":"","_tribe_events_status_reason":"","_tribe_events_is_hybrid":"","_tribe_events_is_virtual":"","_tribe_events_virtual_video_source":"","_tribe_events_virtual_embed_video":"","_tribe_events_virtual_linked_button_text":"","_tribe_events_virtual_linked_button":"","_tribe_events_virtual_show_embed_at":"","_tribe_events_virtual_show_embed_to":[],"_tribe_events_virtual_show_on_event":"","_tribe_events_virtual_show_on_views":"","_tribe_events_virtual_url":"","footnotes":""},"tags":[],"tribe_events_cat":[295,313],"class_list":["post-110906","tribe_events","type-tribe_events","status-publish","hentry","tribe_events_cat-fyrilestrar-fo","tribe_events_cat-timin","cat_fyrilestrar-fo","cat_timin"],"acf":[],"yoast_head":"<!-- This site is optimized with the Yoast SEO plugin v27.5 - https:\/\/yoast.com\/product\/yoast-seo-wordpress\/ -->\n<title>V\u00e6lfer\u00f0arsamfelagi\u00f0 \u00ed framt\u00ed\u00f0ini - Fyrilestur vi\u00f0 Liselotte Lyngs\u00f8 - Visit Torshavn<\/title>\n<meta name=\"robots\" content=\"index, follow, max-snippet:-1, max-image-preview:large, max-video-preview:-1\" \/>\n<link rel=\"canonical\" href=\"https:\/\/www.visittorshavn.fo\/fo\/event\/vaelferdarsamfelagid-i-framtidini-fyrilestur-vid-liselotte-lyngso-2\/\" \/>\n<meta property=\"og:locale\" content=\"fo_FO\" \/>\n<meta property=\"og:type\" content=\"article\" \/>\n<meta property=\"og:title\" content=\"V\u00e6lfer\u00f0arsamfelagi\u00f0 \u00ed framt\u00ed\u00f0ini - Fyrilestur vi\u00f0 Liselotte Lyngs\u00f8 - Visit Torshavn\" \/>\n<meta property=\"og:description\" content=\"Almannaverki\u00f0 50 \u00e1r\" \/>\n<meta property=\"og:url\" content=\"https:\/\/www.visittorshavn.fo\/fo\/event\/vaelferdarsamfelagid-i-framtidini-fyrilestur-vid-liselotte-lyngso-2\/\" \/>\n<meta property=\"og:site_name\" content=\"Visit Torshavn\" \/>\n<meta property=\"article:modified_time\" content=\"2025-04-16T11:37:38+00:00\" \/>\n<meta name=\"twitter:card\" content=\"summary_large_image\" \/>\n<script type=\"application\/ld+json\" class=\"yoast-schema-graph\">{\"@context\":\"https:\\\/\\\/schema.org\",\"@graph\":[{\"@type\":\"WebPage\",\"@id\":\"https:\\\/\\\/www.visittorshavn.fo\\\/fo\\\/event\\\/vaelferdarsamfelagid-i-framtidini-fyrilestur-vid-liselotte-lyngso-2\\\/\",\"url\":\"https:\\\/\\\/www.visittorshavn.fo\\\/fo\\\/event\\\/vaelferdarsamfelagid-i-framtidini-fyrilestur-vid-liselotte-lyngso-2\\\/\",\"name\":\"V\u00e6lfer\u00f0arsamfelagi\u00f0 \u00ed framt\u00ed\u00f0ini - Fyrilestur vi\u00f0 Liselotte Lyngs\u00f8 - Visit Torshavn\",\"isPartOf\":{\"@id\":\"https:\\\/\\\/www.visittorshavn.fo\\\/fo\\\/#website\"},\"datePublished\":\"2025-04-03T14:37:27+00:00\",\"dateModified\":\"2025-04-16T11:37:38+00:00\",\"breadcrumb\":{\"@id\":\"https:\\\/\\\/www.visittorshavn.fo\\\/fo\\\/event\\\/vaelferdarsamfelagid-i-framtidini-fyrilestur-vid-liselotte-lyngso-2\\\/#breadcrumb\"},\"inLanguage\":\"fo-FO\",\"potentialAction\":[{\"@type\":\"ReadAction\",\"target\":[\"https:\\\/\\\/www.visittorshavn.fo\\\/fo\\\/event\\\/vaelferdarsamfelagid-i-framtidini-fyrilestur-vid-liselotte-lyngso-2\\\/\"]}]},{\"@type\":\"BreadcrumbList\",\"@id\":\"https:\\\/\\\/www.visittorshavn.fo\\\/fo\\\/event\\\/vaelferdarsamfelagid-i-framtidini-fyrilestur-vid-liselotte-lyngso-2\\\/#breadcrumb\",\"itemListElement\":[{\"@type\":\"ListItem\",\"position\":1,\"name\":\"Home\",\"item\":\"https:\\\/\\\/www.visittorshavn.fo\\\/fo\\\/\"},{\"@type\":\"ListItem\",\"position\":2,\"name\":\"Events\",\"item\":\"https:\\\/\\\/www.visittorshavn.fo\\\/fo\\\/events\\\/\"},{\"@type\":\"ListItem\",\"position\":3,\"name\":\"V\u00e6lfer\u00f0arsamfelagi\u00f0 \u00ed framt\u00ed\u00f0ini &#8211; Fyrilestur vi\u00f0 Liselotte Lyngs\u00f8\"}]},{\"@type\":\"WebSite\",\"@id\":\"https:\\\/\\\/www.visittorshavn.fo\\\/fo\\\/#website\",\"url\":\"https:\\\/\\\/www.visittorshavn.fo\\\/fo\\\/\",\"name\":\"Visit Torshavn\",\"description\":\"\",\"potentialAction\":[{\"@type\":\"SearchAction\",\"target\":{\"@type\":\"EntryPoint\",\"urlTemplate\":\"https:\\\/\\\/www.visittorshavn.fo\\\/fo\\\/?s={search_term_string}\"},\"query-input\":{\"@type\":\"PropertyValueSpecification\",\"valueRequired\":true,\"valueName\":\"search_term_string\"}}],\"inLanguage\":\"fo-FO\"}]}<\/script>\n<!-- \/ Yoast SEO plugin. -->","yoast_head_json":{"title":"V\u00e6lfer\u00f0arsamfelagi\u00f0 \u00ed framt\u00ed\u00f0ini - Fyrilestur vi\u00f0 Liselotte Lyngs\u00f8 - Visit Torshavn","robots":{"index":"index","follow":"follow","max-snippet":"max-snippet:-1","max-image-preview":"max-image-preview:large","max-video-preview":"max-video-preview:-1"},"canonical":"https:\/\/www.visittorshavn.fo\/fo\/event\/vaelferdarsamfelagid-i-framtidini-fyrilestur-vid-liselotte-lyngso-2\/","og_locale":"fo_FO","og_type":"article","og_title":"V\u00e6lfer\u00f0arsamfelagi\u00f0 \u00ed framt\u00ed\u00f0ini - Fyrilestur vi\u00f0 Liselotte Lyngs\u00f8 - Visit Torshavn","og_description":"Almannaverki\u00f0 50 \u00e1r","og_url":"https:\/\/www.visittorshavn.fo\/fo\/event\/vaelferdarsamfelagid-i-framtidini-fyrilestur-vid-liselotte-lyngso-2\/","og_site_name":"Visit Torshavn","article_modified_time":"2025-04-16T11:37:38+00:00","twitter_card":"summary_large_image","schema":{"@context":"https:\/\/schema.org","@graph":[{"@type":"WebPage","@id":"https:\/\/www.visittorshavn.fo\/fo\/event\/vaelferdarsamfelagid-i-framtidini-fyrilestur-vid-liselotte-lyngso-2\/","url":"https:\/\/www.visittorshavn.fo\/fo\/event\/vaelferdarsamfelagid-i-framtidini-fyrilestur-vid-liselotte-lyngso-2\/","name":"V\u00e6lfer\u00f0arsamfelagi\u00f0 \u00ed framt\u00ed\u00f0ini - Fyrilestur vi\u00f0 Liselotte Lyngs\u00f8 - Visit Torshavn","isPartOf":{"@id":"https:\/\/www.visittorshavn.fo\/fo\/#website"},"datePublished":"2025-04-03T14:37:27+00:00","dateModified":"2025-04-16T11:37:38+00:00","breadcrumb":{"@id":"https:\/\/www.visittorshavn.fo\/fo\/event\/vaelferdarsamfelagid-i-framtidini-fyrilestur-vid-liselotte-lyngso-2\/#breadcrumb"},"inLanguage":"fo-FO","potentialAction":[{"@type":"ReadAction","target":["https:\/\/www.visittorshavn.fo\/fo\/event\/vaelferdarsamfelagid-i-framtidini-fyrilestur-vid-liselotte-lyngso-2\/"]}]},{"@type":"BreadcrumbList","@id":"https:\/\/www.visittorshavn.fo\/fo\/event\/vaelferdarsamfelagid-i-framtidini-fyrilestur-vid-liselotte-lyngso-2\/#breadcrumb","itemListElement":[{"@type":"ListItem","position":1,"name":"Home","item":"https:\/\/www.visittorshavn.fo\/fo\/"},{"@type":"ListItem","position":2,"name":"Events","item":"https:\/\/www.visittorshavn.fo\/fo\/events\/"},{"@type":"ListItem","position":3,"name":"V\u00e6lfer\u00f0arsamfelagi\u00f0 \u00ed framt\u00ed\u00f0ini &#8211; Fyrilestur vi\u00f0 Liselotte Lyngs\u00f8"}]},{"@type":"WebSite","@id":"https:\/\/www.visittorshavn.fo\/fo\/#website","url":"https:\/\/www.visittorshavn.fo\/fo\/","name":"Visit Torshavn","description":"","potentialAction":[{"@type":"SearchAction","target":{"@type":"EntryPoint","urlTemplate":"https:\/\/www.visittorshavn.fo\/fo\/?s={search_term_string}"},"query-input":{"@type":"PropertyValueSpecification","valueRequired":true,"valueName":"search_term_string"}}],"inLanguage":"fo-FO"}]}},"_links":{"self":[{"href":"https:\/\/www.visittorshavn.fo\/fo\/wp-json\/wp\/v2\/tribe_events\/110906","targetHints":{"allow":["GET"]}}],"collection":[{"href":"https:\/\/www.visittorshavn.fo\/fo\/wp-json\/wp\/v2\/tribe_events"}],"about":[{"href":"https:\/\/www.visittorshavn.fo\/fo\/wp-json\/wp\/v2\/types\/tribe_events"}],"author":[{"embeddable":true,"href":"https:\/\/www.visittorshavn.fo\/fo\/wp-json\/wp\/v2\/users\/1"}],"version-history":[{"count":0,"href":"https:\/\/www.visittorshavn.fo\/fo\/wp-json\/wp\/v2\/tribe_events\/110906\/revisions"}],"wp:attachment":[{"href":"https:\/\/www.visittorshavn.fo\/fo\/wp-json\/wp\/v2\/media?parent=110906"}],"wp:term":[{"taxonomy":"post_tag","embeddable":true,"href":"https:\/\/www.visittorshavn.fo\/fo\/wp-json\/wp\/v2\/tags?post=110906"},{"taxonomy":"tribe_events_cat","embeddable":true,"href":"https:\/\/www.visittorshavn.fo\/fo\/wp-json\/wp\/v2\/tribe_events_cat?post=110906"}],"curies":[{"name":"wp","href":"https:\/\/api.w.org\/{rel}","templated":true}]}}