{"id":136407,"date":"2025-08-06T14:38:24","date_gmt":"2025-08-06T13:38:24","guid":{"rendered":"https:\/\/www.visittorshavn.fo\/event\/hervor-sabina-utgavukonsert\/"},"modified":"2025-08-17T23:38:40","modified_gmt":"2025-08-17T22:38:40","slug":"hervor-sabina-utgavukonsert","status":"publish","type":"tribe_events","link":"https:\/\/www.visittorshavn.fo\/fo\/event\/hervor-sabina-utgavukonsert\/","title":{"rendered":"Herv\u00f8r Sabina &#8211; \u00datg\u00e1vukonsert"},"content":{"rendered":"<p>B&oacute;kin (v\/fl&oslash;gu) kann longu undanb&iacute;leggjast her:&nbsp;<a href=\"https:\/\/www.tutlrecords.com\/...\/ovastaloft-hervor-sabina...\/\">https:\/\/www.tutlrecords.com\/&#8230;\/ovastaloft-hervor-sabina&#8230;\/<\/a> (og sendast til t&iacute;n, um t&uacute; ikki f&aelig;rt komi&eth;!)<br \/>Heildar&uacute;tg&aacute;van kann eisini undangoymast talgilt her: <a href=\"https:\/\/bfan.link\/ovastaloft\">https:\/\/bfan.link\/ovastaloft<\/a><\/p>\n<p>&nbsp;<\/p>\n","protected":false},"excerpt":{"rendered":"<p>Herv\u00f8r Sabina hevur \u00fatg\u00e1vukosert \u00ed Tutl! Hon \u00fatgevur heildar\u00fatg\u00e1vuna &#8220;Ovastaloft&#8221; \u00e1 fl\u00f8gu \u00ed b\u00f3k og talgilt. Vi\u00f0 s\u00e6r hevur hon s\u00edn dugnaliga b\u00f3lk og eisini bj\u00f3\u00f0a Tutl kaffi og okkurt s\u00f8tt afturvi\u00f0. Veri\u00f0 hjartaliga v\u00e6lkomin!<\/p>\n","protected":false},"author":1,"featured_media":0,"template":"","meta":{"_acf_changed":false,"_tribe_events_status":"","_tribe_events_status_reason":"","_tribe_events_is_hybrid":"","_tribe_events_is_virtual":"","_tribe_events_virtual_video_source":"","_tribe_events_virtual_embed_video":"","_tribe_events_virtual_linked_button_text":"","_tribe_events_virtual_linked_button":"","_tribe_events_virtual_show_embed_at":"","_tribe_events_virtual_show_embed_to":[],"_tribe_events_virtual_show_on_event":"","_tribe_events_virtual_show_on_views":"","_tribe_events_virtual_url":"","footnotes":""},"tags":[],"tribe_events_cat":[313,293],"class_list":["post-136407","tribe_events","type-tribe_events","status-publish","hentry","tribe_events_cat-timin","tribe_events_cat-tonleikur-fo","cat_timin","cat_tonleikur-fo"],"acf":[],"yoast_head":"<!-- This site is optimized with the Yoast SEO plugin v27.5 - https:\/\/yoast.com\/product\/yoast-seo-wordpress\/ -->\n<title>Herv\u00f8r Sabina - \u00datg\u00e1vukonsert - Visit Torshavn<\/title>\n<meta name=\"robots\" content=\"index, follow, max-snippet:-1, max-image-preview:large, max-video-preview:-1\" \/>\n<link rel=\"canonical\" href=\"https:\/\/www.visittorshavn.fo\/fo\/event\/hervor-sabina-utgavukonsert\/\" \/>\n<meta property=\"og:locale\" content=\"fo_FO\" \/>\n<meta property=\"og:type\" content=\"article\" \/>\n<meta property=\"og:title\" content=\"Herv\u00f8r Sabina - \u00datg\u00e1vukonsert - Visit Torshavn\" \/>\n<meta property=\"og:description\" content=\"Herv\u00f8r Sabina hevur \u00fatg\u00e1vukosert \u00ed Tutl! Hon \u00fatgevur heildar\u00fatg\u00e1vuna &quot;Ovastaloft&quot; \u00e1 fl\u00f8gu \u00ed b\u00f3k og talgilt. Vi\u00f0 s\u00e6r hevur hon s\u00edn dugnaliga b\u00f3lk og eisini bj\u00f3\u00f0a Tutl kaffi og okkurt s\u00f8tt afturvi\u00f0. Veri\u00f0 hjartaliga v\u00e6lkomin!\" \/>\n<meta property=\"og:url\" content=\"https:\/\/www.visittorshavn.fo\/fo\/event\/hervor-sabina-utgavukonsert\/\" \/>\n<meta property=\"og:site_name\" content=\"Visit Torshavn\" \/>\n<meta property=\"article:modified_time\" content=\"2025-08-17T22:38:40+00:00\" \/>\n<meta name=\"twitter:card\" content=\"summary_large_image\" \/>\n<script type=\"application\/ld+json\" class=\"yoast-schema-graph\">{\"@context\":\"https:\\\/\\\/schema.org\",\"@graph\":[{\"@type\":\"WebPage\",\"@id\":\"https:\\\/\\\/www.visittorshavn.fo\\\/fo\\\/event\\\/hervor-sabina-utgavukonsert\\\/\",\"url\":\"https:\\\/\\\/www.visittorshavn.fo\\\/fo\\\/event\\\/hervor-sabina-utgavukonsert\\\/\",\"name\":\"Herv\u00f8r Sabina - \u00datg\u00e1vukonsert - Visit Torshavn\",\"isPartOf\":{\"@id\":\"https:\\\/\\\/www.visittorshavn.fo\\\/fo\\\/#website\"},\"datePublished\":\"2025-08-06T13:38:24+00:00\",\"dateModified\":\"2025-08-17T22:38:40+00:00\",\"breadcrumb\":{\"@id\":\"https:\\\/\\\/www.visittorshavn.fo\\\/fo\\\/event\\\/hervor-sabina-utgavukonsert\\\/#breadcrumb\"},\"inLanguage\":\"fo-FO\",\"potentialAction\":[{\"@type\":\"ReadAction\",\"target\":[\"https:\\\/\\\/www.visittorshavn.fo\\\/fo\\\/event\\\/hervor-sabina-utgavukonsert\\\/\"]}]},{\"@type\":\"BreadcrumbList\",\"@id\":\"https:\\\/\\\/www.visittorshavn.fo\\\/fo\\\/event\\\/hervor-sabina-utgavukonsert\\\/#breadcrumb\",\"itemListElement\":[{\"@type\":\"ListItem\",\"position\":1,\"name\":\"Home\",\"item\":\"https:\\\/\\\/www.visittorshavn.fo\\\/fo\\\/\"},{\"@type\":\"ListItem\",\"position\":2,\"name\":\"Events\",\"item\":\"https:\\\/\\\/www.visittorshavn.fo\\\/fo\\\/events\\\/\"},{\"@type\":\"ListItem\",\"position\":3,\"name\":\"Herv\u00f8r Sabina &#8211; \u00datg\u00e1vukonsert\"}]},{\"@type\":\"WebSite\",\"@id\":\"https:\\\/\\\/www.visittorshavn.fo\\\/fo\\\/#website\",\"url\":\"https:\\\/\\\/www.visittorshavn.fo\\\/fo\\\/\",\"name\":\"Visit Torshavn\",\"description\":\"\",\"potentialAction\":[{\"@type\":\"SearchAction\",\"target\":{\"@type\":\"EntryPoint\",\"urlTemplate\":\"https:\\\/\\\/www.visittorshavn.fo\\\/fo\\\/?s={search_term_string}\"},\"query-input\":{\"@type\":\"PropertyValueSpecification\",\"valueRequired\":true,\"valueName\":\"search_term_string\"}}],\"inLanguage\":\"fo-FO\"}]}<\/script>\n<!-- \/ Yoast SEO plugin. -->","yoast_head_json":{"title":"Herv\u00f8r Sabina - \u00datg\u00e1vukonsert - Visit Torshavn","robots":{"index":"index","follow":"follow","max-snippet":"max-snippet:-1","max-image-preview":"max-image-preview:large","max-video-preview":"max-video-preview:-1"},"canonical":"https:\/\/www.visittorshavn.fo\/fo\/event\/hervor-sabina-utgavukonsert\/","og_locale":"fo_FO","og_type":"article","og_title":"Herv\u00f8r Sabina - \u00datg\u00e1vukonsert - Visit Torshavn","og_description":"Herv\u00f8r Sabina hevur \u00fatg\u00e1vukosert \u00ed Tutl! Hon \u00fatgevur heildar\u00fatg\u00e1vuna \"Ovastaloft\" \u00e1 fl\u00f8gu \u00ed b\u00f3k og talgilt. Vi\u00f0 s\u00e6r hevur hon s\u00edn dugnaliga b\u00f3lk og eisini bj\u00f3\u00f0a Tutl kaffi og okkurt s\u00f8tt afturvi\u00f0. Veri\u00f0 hjartaliga v\u00e6lkomin!","og_url":"https:\/\/www.visittorshavn.fo\/fo\/event\/hervor-sabina-utgavukonsert\/","og_site_name":"Visit Torshavn","article_modified_time":"2025-08-17T22:38:40+00:00","twitter_card":"summary_large_image","schema":{"@context":"https:\/\/schema.org","@graph":[{"@type":"WebPage","@id":"https:\/\/www.visittorshavn.fo\/fo\/event\/hervor-sabina-utgavukonsert\/","url":"https:\/\/www.visittorshavn.fo\/fo\/event\/hervor-sabina-utgavukonsert\/","name":"Herv\u00f8r Sabina - \u00datg\u00e1vukonsert - Visit Torshavn","isPartOf":{"@id":"https:\/\/www.visittorshavn.fo\/fo\/#website"},"datePublished":"2025-08-06T13:38:24+00:00","dateModified":"2025-08-17T22:38:40+00:00","breadcrumb":{"@id":"https:\/\/www.visittorshavn.fo\/fo\/event\/hervor-sabina-utgavukonsert\/#breadcrumb"},"inLanguage":"fo-FO","potentialAction":[{"@type":"ReadAction","target":["https:\/\/www.visittorshavn.fo\/fo\/event\/hervor-sabina-utgavukonsert\/"]}]},{"@type":"BreadcrumbList","@id":"https:\/\/www.visittorshavn.fo\/fo\/event\/hervor-sabina-utgavukonsert\/#breadcrumb","itemListElement":[{"@type":"ListItem","position":1,"name":"Home","item":"https:\/\/www.visittorshavn.fo\/fo\/"},{"@type":"ListItem","position":2,"name":"Events","item":"https:\/\/www.visittorshavn.fo\/fo\/events\/"},{"@type":"ListItem","position":3,"name":"Herv\u00f8r Sabina &#8211; \u00datg\u00e1vukonsert"}]},{"@type":"WebSite","@id":"https:\/\/www.visittorshavn.fo\/fo\/#website","url":"https:\/\/www.visittorshavn.fo\/fo\/","name":"Visit Torshavn","description":"","potentialAction":[{"@type":"SearchAction","target":{"@type":"EntryPoint","urlTemplate":"https:\/\/www.visittorshavn.fo\/fo\/?s={search_term_string}"},"query-input":{"@type":"PropertyValueSpecification","valueRequired":true,"valueName":"search_term_string"}}],"inLanguage":"fo-FO"}]}},"_links":{"self":[{"href":"https:\/\/www.visittorshavn.fo\/fo\/wp-json\/wp\/v2\/tribe_events\/136407","targetHints":{"allow":["GET"]}}],"collection":[{"href":"https:\/\/www.visittorshavn.fo\/fo\/wp-json\/wp\/v2\/tribe_events"}],"about":[{"href":"https:\/\/www.visittorshavn.fo\/fo\/wp-json\/wp\/v2\/types\/tribe_events"}],"author":[{"embeddable":true,"href":"https:\/\/www.visittorshavn.fo\/fo\/wp-json\/wp\/v2\/users\/1"}],"version-history":[{"count":0,"href":"https:\/\/www.visittorshavn.fo\/fo\/wp-json\/wp\/v2\/tribe_events\/136407\/revisions"}],"wp:attachment":[{"href":"https:\/\/www.visittorshavn.fo\/fo\/wp-json\/wp\/v2\/media?parent=136407"}],"wp:term":[{"taxonomy":"post_tag","embeddable":true,"href":"https:\/\/www.visittorshavn.fo\/fo\/wp-json\/wp\/v2\/tags?post=136407"},{"taxonomy":"tribe_events_cat","embeddable":true,"href":"https:\/\/www.visittorshavn.fo\/fo\/wp-json\/wp\/v2\/tribe_events_cat?post=136407"}],"curies":[{"name":"wp","href":"https:\/\/api.w.org\/{rel}","templated":true}]}}