{"id":146111,"date":"2025-09-15T16:38:18","date_gmt":"2025-09-15T15:38:18","guid":{"rendered":"https:\/\/www.visittorshavn.fo\/event\/utnordurdagurin-2025\/"},"modified":"2025-09-24T23:38:38","modified_gmt":"2025-09-24T22:38:38","slug":"utnordurdagurin-2025","status":"publish","type":"tribe_events","link":"https:\/\/www.visittorshavn.fo\/fo\/event\/utnordurdagurin-2025\/","title":{"rendered":"\u00datnor\u00f0urdagurin 2025"},"content":{"rendered":"<p>H\u00f8li: Sk\u00e1lin<br \/>Longd: 90 min<\/p>\n<p>Hvussu kunnu vit styrkja um matv\u00f8ruveitingartrygd og tilb\u00fagving \u00ed \u00fatnor\u00f0ri, vi\u00f0 st\u00f8\u00f0i \u00ed sta\u00f0bundnum og l\u00edti\u00f0 gagnn\u00fdttum r\u00e1v\u00f8rum? Hetta er evni\u00f0 \u00e1 \u00e1rsins \u00datnor\u00f0urdegi. Eisini ver\u00f0a spennandi matupplivingar \u00e1 skr\u00e1nni.<\/p>\n<p><a rel=\"noopener\" href=\"https:\/\/nora.fo\/?_l=no\" target=\"_blank\">NORA<\/a> skipa\u00f0i \u00ed fj\u00f8r fyri kokkakappingini <a rel=\"noopener\" href=\"https:\/\/ayc.fo\/\" target=\"_blank\">Arctic Young Chef<\/a>, har ungir kokkar kappa\u00f0ust um at gera mat \u00far sta\u00f0bundnum r\u00e1v\u00f8rum, sum t.d. innv\u00f8lum og fiskasl\u00f8gum, i\u00f0 ikki ver\u00f0a so n\u00f3gv br\u00fakt. Bur\u00f0ardygd og matoy\u00f0sl v\u00f3ru \u00ed mi\u00f0deplinum, og n\u00fa fara vit at byggja v\u00ed\u00f0ari \u00e1 hesar royndirnar.<\/p>\n<p>Vit fara at hoyra um \u00edt\u00f8kiligar loysnir og v\u00e6leydna\u00f0ar royndir.<\/p>\n<p>\u00c1 skr\u00e1nni eru tr\u00edggjar framl\u00f8gur:<\/p>\n<p>\u2022 J\u00e1kup S\u00f8rensen, r\u00e1\u00f0gevi hj\u00e1 NORA \u2013 Arctic Young Chef, stuttfluttar r\u00e1v\u00f8rur, vitan og matv\u00f8ruveitingartrygd<\/p>\n<p>\u2022 Tr\u00f3ndur Leivsson, stj\u00f3ri \u00e1 B\u00fana\u00f0arstovuni \u2013 Matv\u00f8ruveitingartrygd \u00ed F\u00f8royum, l\u00fdst vi\u00f0 d\u00f8mum \u00far nor\u00f0urlendskari fr\u00e1grei\u00f0ing um sj\u00e1lvsveiting \u00ed sm\u00e1samfel\u00f8gum<\/p>\n<p>\u2022 Gutti Winther, kokkur og samskipari av tiltakinum &#8220;\u00dar Haga \u00e1 Hill&#8221; \u2013 Matv\u00f8ruveitingartrygd \u00ed verki: Royndir fr\u00e1 verk\u00e6tlanini \u201d\u00dar Haga \u00e1 Hill\u201d, har sta\u00f0bundnar og l\u00edti\u00f0 gagnn\u00fdttar r\u00e1v\u00f8rur ver\u00f0a n\u00fdttar \u00ed vinnuligari framlei\u00f0slu.<\/p>\n<p>Dagurin endar vi\u00f0 eini matuppliving, har unga kokkatalenti\u00f0 Mogens H\u00f8jsted (luttakari \u00ed Arctic Young Chef) saman vi\u00f0 kokkunum Gutta Winther, Janus Einar B. S\u00f8rensen og Jaspur Svabo J\u00f8rgensen bj\u00f3\u00f0a okkum spennandi brellbitar.<\/p>\n<p>\u00d8ll eru hjartaliga v\u00e6lkomin.<\/p>\n<p>Ta\u00f0 eru Nor\u00f0urlandah\u00fasi\u00f0, Norden i Fokus og NORA (Norr\u00f8nt Atlantssamstarv) sum saman skipa fyri degnum.<\/p>\n<p><strong>Um \u00datnor\u00f0urdagin<\/strong> <br \/>\u00datnor\u00f0urdagurin ver\u00f0ur hildin 23. septembur \u00e1 hv\u00f8rjum \u00e1ri til tess at menna samstarvi\u00f0 og felagsskapin millum F\u00f8royar, Gr\u00f8nland og \u00cdsland. Dagurin ver\u00f0ur h\u00e1t\u00ed\u00f0arhildin \u00ed \u00f8llum trimum londunum um heystjavnd\u00f8gur fyri at v\u00edsa \u00e1 felags s\u00f8guna og mentanina.<\/p>\n","protected":false},"excerpt":{"rendered":"<p>\u00datnor\u00f0urdagurin setur matv\u00f8ruveitingartrygd \u00e1 breddan<\/p>\n","protected":false},"author":1,"featured_media":0,"template":"","meta":{"_acf_changed":false,"_tribe_events_status":"","_tribe_events_status_reason":"","_tribe_events_is_hybrid":"","_tribe_events_is_virtual":"","_tribe_events_virtual_video_source":"","_tribe_events_virtual_embed_video":"","_tribe_events_virtual_linked_button_text":"","_tribe_events_virtual_linked_button":"","_tribe_events_virtual_show_embed_at":"","_tribe_events_virtual_show_embed_to":[],"_tribe_events_virtual_show_on_event":"","_tribe_events_virtual_show_on_views":"","_tribe_events_virtual_url":"","footnotes":""},"tags":[],"tribe_events_cat":[295,313],"class_list":["post-146111","tribe_events","type-tribe_events","status-publish","hentry","tribe_events_cat-fyrilestrar-fo","tribe_events_cat-timin","cat_fyrilestrar-fo","cat_timin"],"acf":[],"yoast_head":"<!-- This site is optimized with the Yoast SEO plugin v27.5 - https:\/\/yoast.com\/product\/yoast-seo-wordpress\/ -->\n<title>\u00datnor\u00f0urdagurin 2025 - Visit Torshavn<\/title>\n<meta name=\"robots\" content=\"index, follow, max-snippet:-1, max-image-preview:large, max-video-preview:-1\" \/>\n<link rel=\"canonical\" href=\"https:\/\/www.visittorshavn.fo\/fo\/event\/utnordurdagurin-2025\/\" \/>\n<meta property=\"og:locale\" content=\"fo_FO\" \/>\n<meta property=\"og:type\" content=\"article\" \/>\n<meta property=\"og:title\" content=\"\u00datnor\u00f0urdagurin 2025 - Visit Torshavn\" \/>\n<meta property=\"og:description\" content=\"\u00datnor\u00f0urdagurin setur matv\u00f8ruveitingartrygd \u00e1 breddan\" \/>\n<meta property=\"og:url\" content=\"https:\/\/www.visittorshavn.fo\/fo\/event\/utnordurdagurin-2025\/\" \/>\n<meta property=\"og:site_name\" content=\"Visit Torshavn\" \/>\n<meta property=\"article:modified_time\" content=\"2025-09-24T22:38:38+00:00\" \/>\n<meta name=\"twitter:card\" content=\"summary_large_image\" \/>\n<meta name=\"twitter:label1\" content=\"Est. reading time\" \/>\n\t<meta name=\"twitter:data1\" content=\"2 minutes\" \/>\n<script type=\"application\/ld+json\" class=\"yoast-schema-graph\">{\"@context\":\"https:\\\/\\\/schema.org\",\"@graph\":[{\"@type\":\"WebPage\",\"@id\":\"https:\\\/\\\/www.visittorshavn.fo\\\/fo\\\/event\\\/utnordurdagurin-2025\\\/\",\"url\":\"https:\\\/\\\/www.visittorshavn.fo\\\/fo\\\/event\\\/utnordurdagurin-2025\\\/\",\"name\":\"\u00datnor\u00f0urdagurin 2025 - Visit Torshavn\",\"isPartOf\":{\"@id\":\"https:\\\/\\\/www.visittorshavn.fo\\\/fo\\\/#website\"},\"datePublished\":\"2025-09-15T15:38:18+00:00\",\"dateModified\":\"2025-09-24T22:38:38+00:00\",\"breadcrumb\":{\"@id\":\"https:\\\/\\\/www.visittorshavn.fo\\\/fo\\\/event\\\/utnordurdagurin-2025\\\/#breadcrumb\"},\"inLanguage\":\"fo-FO\",\"potentialAction\":[{\"@type\":\"ReadAction\",\"target\":[\"https:\\\/\\\/www.visittorshavn.fo\\\/fo\\\/event\\\/utnordurdagurin-2025\\\/\"]}]},{\"@type\":\"BreadcrumbList\",\"@id\":\"https:\\\/\\\/www.visittorshavn.fo\\\/fo\\\/event\\\/utnordurdagurin-2025\\\/#breadcrumb\",\"itemListElement\":[{\"@type\":\"ListItem\",\"position\":1,\"name\":\"Home\",\"item\":\"https:\\\/\\\/www.visittorshavn.fo\\\/fo\\\/\"},{\"@type\":\"ListItem\",\"position\":2,\"name\":\"Events\",\"item\":\"https:\\\/\\\/www.visittorshavn.fo\\\/fo\\\/events\\\/\"},{\"@type\":\"ListItem\",\"position\":3,\"name\":\"\u00datnor\u00f0urdagurin 2025\"}]},{\"@type\":\"WebSite\",\"@id\":\"https:\\\/\\\/www.visittorshavn.fo\\\/fo\\\/#website\",\"url\":\"https:\\\/\\\/www.visittorshavn.fo\\\/fo\\\/\",\"name\":\"Visit Torshavn\",\"description\":\"\",\"potentialAction\":[{\"@type\":\"SearchAction\",\"target\":{\"@type\":\"EntryPoint\",\"urlTemplate\":\"https:\\\/\\\/www.visittorshavn.fo\\\/fo\\\/?s={search_term_string}\"},\"query-input\":{\"@type\":\"PropertyValueSpecification\",\"valueRequired\":true,\"valueName\":\"search_term_string\"}}],\"inLanguage\":\"fo-FO\"}]}<\/script>\n<!-- \/ Yoast SEO plugin. -->","yoast_head_json":{"title":"\u00datnor\u00f0urdagurin 2025 - Visit Torshavn","robots":{"index":"index","follow":"follow","max-snippet":"max-snippet:-1","max-image-preview":"max-image-preview:large","max-video-preview":"max-video-preview:-1"},"canonical":"https:\/\/www.visittorshavn.fo\/fo\/event\/utnordurdagurin-2025\/","og_locale":"fo_FO","og_type":"article","og_title":"\u00datnor\u00f0urdagurin 2025 - Visit Torshavn","og_description":"\u00datnor\u00f0urdagurin setur matv\u00f8ruveitingartrygd \u00e1 breddan","og_url":"https:\/\/www.visittorshavn.fo\/fo\/event\/utnordurdagurin-2025\/","og_site_name":"Visit Torshavn","article_modified_time":"2025-09-24T22:38:38+00:00","twitter_card":"summary_large_image","twitter_misc":{"Est. reading time":"2 minutes"},"schema":{"@context":"https:\/\/schema.org","@graph":[{"@type":"WebPage","@id":"https:\/\/www.visittorshavn.fo\/fo\/event\/utnordurdagurin-2025\/","url":"https:\/\/www.visittorshavn.fo\/fo\/event\/utnordurdagurin-2025\/","name":"\u00datnor\u00f0urdagurin 2025 - Visit Torshavn","isPartOf":{"@id":"https:\/\/www.visittorshavn.fo\/fo\/#website"},"datePublished":"2025-09-15T15:38:18+00:00","dateModified":"2025-09-24T22:38:38+00:00","breadcrumb":{"@id":"https:\/\/www.visittorshavn.fo\/fo\/event\/utnordurdagurin-2025\/#breadcrumb"},"inLanguage":"fo-FO","potentialAction":[{"@type":"ReadAction","target":["https:\/\/www.visittorshavn.fo\/fo\/event\/utnordurdagurin-2025\/"]}]},{"@type":"BreadcrumbList","@id":"https:\/\/www.visittorshavn.fo\/fo\/event\/utnordurdagurin-2025\/#breadcrumb","itemListElement":[{"@type":"ListItem","position":1,"name":"Home","item":"https:\/\/www.visittorshavn.fo\/fo\/"},{"@type":"ListItem","position":2,"name":"Events","item":"https:\/\/www.visittorshavn.fo\/fo\/events\/"},{"@type":"ListItem","position":3,"name":"\u00datnor\u00f0urdagurin 2025"}]},{"@type":"WebSite","@id":"https:\/\/www.visittorshavn.fo\/fo\/#website","url":"https:\/\/www.visittorshavn.fo\/fo\/","name":"Visit Torshavn","description":"","potentialAction":[{"@type":"SearchAction","target":{"@type":"EntryPoint","urlTemplate":"https:\/\/www.visittorshavn.fo\/fo\/?s={search_term_string}"},"query-input":{"@type":"PropertyValueSpecification","valueRequired":true,"valueName":"search_term_string"}}],"inLanguage":"fo-FO"}]}},"_links":{"self":[{"href":"https:\/\/www.visittorshavn.fo\/fo\/wp-json\/wp\/v2\/tribe_events\/146111","targetHints":{"allow":["GET"]}}],"collection":[{"href":"https:\/\/www.visittorshavn.fo\/fo\/wp-json\/wp\/v2\/tribe_events"}],"about":[{"href":"https:\/\/www.visittorshavn.fo\/fo\/wp-json\/wp\/v2\/types\/tribe_events"}],"author":[{"embeddable":true,"href":"https:\/\/www.visittorshavn.fo\/fo\/wp-json\/wp\/v2\/users\/1"}],"version-history":[{"count":0,"href":"https:\/\/www.visittorshavn.fo\/fo\/wp-json\/wp\/v2\/tribe_events\/146111\/revisions"}],"wp:attachment":[{"href":"https:\/\/www.visittorshavn.fo\/fo\/wp-json\/wp\/v2\/media?parent=146111"}],"wp:term":[{"taxonomy":"post_tag","embeddable":true,"href":"https:\/\/www.visittorshavn.fo\/fo\/wp-json\/wp\/v2\/tags?post=146111"},{"taxonomy":"tribe_events_cat","embeddable":true,"href":"https:\/\/www.visittorshavn.fo\/fo\/wp-json\/wp\/v2\/tribe_events_cat?post=146111"}],"curies":[{"name":"wp","href":"https:\/\/api.w.org\/{rel}","templated":true}]}}