{"id":173973,"date":"2025-11-06T14:38:22","date_gmt":"2025-11-06T14:38:22","guid":{"rendered":"https:\/\/www.visittorshavn.fo\/event\/list-og-mentan-til-born-og-ung\/"},"modified":"2025-11-19T23:38:25","modified_gmt":"2025-11-19T23:38:25","slug":"list-og-mentan-til-born-og-ung","status":"publish","type":"tribe_events","link":"https:\/\/www.visittorshavn.fo\/fo\/event\/list-og-mentan-til-born-og-ung\/","title":{"rendered":"List og mentan til b\u00f8rn og ung"},"content":{"rendered":"<p>H\u00f8li: Nor\u00f0urstova<br \/>Longd: 90 min.<\/p>\n<p>Ert t\u00fa listaf\u00f3lk, og arbei\u00f0ir t\u00fa vi\u00f0 list og mentan fyri b\u00f8rn og ung?<\/p>\n<p>So kom og hitt onnur nor\u00f0urlendsk listaf\u00f3lk til eitt \u00f3formelt pr\u00e1t \u00ed Nor\u00f0urlandah\u00fasinum.<\/p>\n<p>Vit byrja vi\u00f0 stuttum uppleggum fr\u00e1 f\u00f8royskum og nor\u00f0urlendskum listaf\u00f3lkum, sum eru ella hava veri\u00f0 vi\u00f0 \u00ed Listaleypinum og vitja\u00f0 \u00ed f\u00f3lkask\u00falum \u00ed F\u00f8royum. Tey fara at huglei\u00f0a um, hvussu tey arbei\u00f0a vi\u00f0 tilfari til b\u00f8rn og ung og um at fer\u00f0ast og at r\u00f8kka \u00fat til allar kr\u00f3kar \u2013 b\u00e6\u00f0i her heima og \u00ed Nor\u00f0urlondum.<\/p>\n<p>Eisini ver\u00f0ur h\u00f8vi at pr\u00e1ta saman og hitta onnur, i\u00f0 arbei\u00f0a vi\u00f0 list og mentan fyri b\u00f8rn og ung. Te, kaffi og frukt ver\u00f0ur at f\u00e1a.<\/p>\n<p><strong>Gunnv\u00e1 Zachariassen<\/strong> grei\u00f0ir fr\u00e1, hvussu hon arbei\u00f0ir vi\u00f0 b\u00f8rnum og ungum vi\u00f0 eitt n\u00fa sj\u00f3nleiki, og hvussu hon fyrireikar eina framf\u00f8rslu av einum leiki til h\u00e1deildina \u00ed f\u00f3lkask\u00falanum.<\/p>\n<p><strong>D\u00e1njal \u00e1 Neystab\u00f8<\/strong> fer at pr\u00e1ta um, hvussu hann arbei\u00f0ir vi\u00f0 tilfari til b\u00f8rn og ung, b\u00e6\u00f0i \u00e1 sk\u00falum og a\u00f0rasta\u00f0ni. D\u00e1njal hevur b\u00e6\u00f0i sj\u00e1lvur og saman vi\u00f0 \u00f8\u00f0rum framleitt tilfar til b\u00f8rn og ung.&nbsp;<\/p>\n<p>Koreografurin&nbsp;<strong>Sarah Aviaja Hammeken&nbsp;(GL\/DK)<\/strong> er \u00ed l\u00f8tuni \u00e1 vitjan vi\u00f0 Listaleypinum eftir at hava veri\u00f0 \u00e1 fer\u00f0 og vitja\u00f0 sk\u00falar \u00ed b\u00e6\u00f0i Danmark og Gr\u00f8nlandi, og hon fer stutt at grei\u00f0a fr\u00e1 s\u00ednum arbei\u00f0i og royndum vi\u00f0 at fer\u00f0ast runt vi\u00f0 s\u00edni list \u00ed Nor\u00f0urlondum.<\/p>\n<p><strong>Kristina Thede Johansen<\/strong> fer at tosa um, hvussu ein kann menna eina framf\u00f8rslu vi\u00f0 tilfari, sum b\u00f8rnini kanska ikki halda vera so \u00e1hugavert ella kenna til frammanundan \u2013 til d\u00f8mis klassiskan t\u00f3nleik \u2013 og hvussu mann kortini kann f\u00e1a ta\u00f0 at gerast spennandi og geva teimum eina n\u00fdggja uppliving.<\/p>\n<p>Tiltaki\u00f0 er eitt samstarv millum Listaleypin, Dansehallerne, Nor\u00f0urlandah\u00fasi\u00f0 og nor\u00f0urlendsk listaf\u00f3lk, i\u00f0 arbei\u00f0a vi\u00f0 list og mentan fyri b\u00f8rn og ung.<\/p>\n","protected":false},"excerpt":{"rendered":"<p>Arbei\u00f0ir t\u00fa vi\u00f0 list og mentan fyri b\u00f8rn og ung?<\/p>\n","protected":false},"author":1,"featured_media":0,"template":"","meta":{"_acf_changed":false,"_tribe_events_status":"","_tribe_events_status_reason":"","_tribe_events_is_hybrid":"","_tribe_events_is_virtual":"","_tribe_events_virtual_video_source":"","_tribe_events_virtual_embed_video":"","_tribe_events_virtual_linked_button_text":"","_tribe_events_virtual_linked_button":"","_tribe_events_virtual_show_embed_at":"","_tribe_events_virtual_show_embed_to":[],"_tribe_events_virtual_show_on_event":"","_tribe_events_virtual_show_on_views":"","_tribe_events_virtual_url":"","footnotes":""},"tags":[],"tribe_events_cat":[313,293],"class_list":["post-173973","tribe_events","type-tribe_events","status-publish","hentry","tribe_events_cat-timin","tribe_events_cat-tonleikur-fo","cat_timin","cat_tonleikur-fo"],"acf":[],"yoast_head":"<!-- This site is optimized with the Yoast SEO plugin v27.5 - https:\/\/yoast.com\/product\/yoast-seo-wordpress\/ -->\n<title>List og mentan til b\u00f8rn og ung - Visit Torshavn<\/title>\n<meta name=\"robots\" content=\"index, follow, max-snippet:-1, max-image-preview:large, max-video-preview:-1\" \/>\n<link rel=\"canonical\" href=\"https:\/\/www.visittorshavn.fo\/fo\/event\/list-og-mentan-til-born-og-ung\/\" \/>\n<meta property=\"og:locale\" content=\"fo_FO\" \/>\n<meta property=\"og:type\" content=\"article\" \/>\n<meta property=\"og:title\" content=\"List og mentan til b\u00f8rn og ung - Visit Torshavn\" \/>\n<meta property=\"og:description\" content=\"Arbei\u00f0ir t\u00fa vi\u00f0 list og mentan fyri b\u00f8rn og ung?\" \/>\n<meta property=\"og:url\" content=\"https:\/\/www.visittorshavn.fo\/fo\/event\/list-og-mentan-til-born-og-ung\/\" \/>\n<meta property=\"og:site_name\" content=\"Visit Torshavn\" \/>\n<meta property=\"article:modified_time\" content=\"2025-11-19T23:38:25+00:00\" \/>\n<meta name=\"twitter:card\" content=\"summary_large_image\" \/>\n<meta name=\"twitter:label1\" content=\"Est. reading time\" \/>\n\t<meta name=\"twitter:data1\" content=\"2 minutes\" \/>\n<script type=\"application\/ld+json\" class=\"yoast-schema-graph\">{\"@context\":\"https:\\\/\\\/schema.org\",\"@graph\":[{\"@type\":\"WebPage\",\"@id\":\"https:\\\/\\\/www.visittorshavn.fo\\\/fo\\\/event\\\/list-og-mentan-til-born-og-ung\\\/\",\"url\":\"https:\\\/\\\/www.visittorshavn.fo\\\/fo\\\/event\\\/list-og-mentan-til-born-og-ung\\\/\",\"name\":\"List og mentan til b\u00f8rn og ung - Visit Torshavn\",\"isPartOf\":{\"@id\":\"https:\\\/\\\/www.visittorshavn.fo\\\/fo\\\/#website\"},\"datePublished\":\"2025-11-06T14:38:22+00:00\",\"dateModified\":\"2025-11-19T23:38:25+00:00\",\"breadcrumb\":{\"@id\":\"https:\\\/\\\/www.visittorshavn.fo\\\/fo\\\/event\\\/list-og-mentan-til-born-og-ung\\\/#breadcrumb\"},\"inLanguage\":\"fo-FO\",\"potentialAction\":[{\"@type\":\"ReadAction\",\"target\":[\"https:\\\/\\\/www.visittorshavn.fo\\\/fo\\\/event\\\/list-og-mentan-til-born-og-ung\\\/\"]}]},{\"@type\":\"BreadcrumbList\",\"@id\":\"https:\\\/\\\/www.visittorshavn.fo\\\/fo\\\/event\\\/list-og-mentan-til-born-og-ung\\\/#breadcrumb\",\"itemListElement\":[{\"@type\":\"ListItem\",\"position\":1,\"name\":\"Home\",\"item\":\"https:\\\/\\\/www.visittorshavn.fo\\\/fo\\\/\"},{\"@type\":\"ListItem\",\"position\":2,\"name\":\"Events\",\"item\":\"https:\\\/\\\/www.visittorshavn.fo\\\/fo\\\/events\\\/\"},{\"@type\":\"ListItem\",\"position\":3,\"name\":\"List og mentan til b\u00f8rn og ung\"}]},{\"@type\":\"WebSite\",\"@id\":\"https:\\\/\\\/www.visittorshavn.fo\\\/fo\\\/#website\",\"url\":\"https:\\\/\\\/www.visittorshavn.fo\\\/fo\\\/\",\"name\":\"Visit Torshavn\",\"description\":\"\",\"potentialAction\":[{\"@type\":\"SearchAction\",\"target\":{\"@type\":\"EntryPoint\",\"urlTemplate\":\"https:\\\/\\\/www.visittorshavn.fo\\\/fo\\\/?s={search_term_string}\"},\"query-input\":{\"@type\":\"PropertyValueSpecification\",\"valueRequired\":true,\"valueName\":\"search_term_string\"}}],\"inLanguage\":\"fo-FO\"}]}<\/script>\n<!-- \/ Yoast SEO plugin. -->","yoast_head_json":{"title":"List og mentan til b\u00f8rn og ung - Visit Torshavn","robots":{"index":"index","follow":"follow","max-snippet":"max-snippet:-1","max-image-preview":"max-image-preview:large","max-video-preview":"max-video-preview:-1"},"canonical":"https:\/\/www.visittorshavn.fo\/fo\/event\/list-og-mentan-til-born-og-ung\/","og_locale":"fo_FO","og_type":"article","og_title":"List og mentan til b\u00f8rn og ung - Visit Torshavn","og_description":"Arbei\u00f0ir t\u00fa vi\u00f0 list og mentan fyri b\u00f8rn og ung?","og_url":"https:\/\/www.visittorshavn.fo\/fo\/event\/list-og-mentan-til-born-og-ung\/","og_site_name":"Visit Torshavn","article_modified_time":"2025-11-19T23:38:25+00:00","twitter_card":"summary_large_image","twitter_misc":{"Est. reading time":"2 minutes"},"schema":{"@context":"https:\/\/schema.org","@graph":[{"@type":"WebPage","@id":"https:\/\/www.visittorshavn.fo\/fo\/event\/list-og-mentan-til-born-og-ung\/","url":"https:\/\/www.visittorshavn.fo\/fo\/event\/list-og-mentan-til-born-og-ung\/","name":"List og mentan til b\u00f8rn og ung - Visit Torshavn","isPartOf":{"@id":"https:\/\/www.visittorshavn.fo\/fo\/#website"},"datePublished":"2025-11-06T14:38:22+00:00","dateModified":"2025-11-19T23:38:25+00:00","breadcrumb":{"@id":"https:\/\/www.visittorshavn.fo\/fo\/event\/list-og-mentan-til-born-og-ung\/#breadcrumb"},"inLanguage":"fo-FO","potentialAction":[{"@type":"ReadAction","target":["https:\/\/www.visittorshavn.fo\/fo\/event\/list-og-mentan-til-born-og-ung\/"]}]},{"@type":"BreadcrumbList","@id":"https:\/\/www.visittorshavn.fo\/fo\/event\/list-og-mentan-til-born-og-ung\/#breadcrumb","itemListElement":[{"@type":"ListItem","position":1,"name":"Home","item":"https:\/\/www.visittorshavn.fo\/fo\/"},{"@type":"ListItem","position":2,"name":"Events","item":"https:\/\/www.visittorshavn.fo\/fo\/events\/"},{"@type":"ListItem","position":3,"name":"List og mentan til b\u00f8rn og ung"}]},{"@type":"WebSite","@id":"https:\/\/www.visittorshavn.fo\/fo\/#website","url":"https:\/\/www.visittorshavn.fo\/fo\/","name":"Visit Torshavn","description":"","potentialAction":[{"@type":"SearchAction","target":{"@type":"EntryPoint","urlTemplate":"https:\/\/www.visittorshavn.fo\/fo\/?s={search_term_string}"},"query-input":{"@type":"PropertyValueSpecification","valueRequired":true,"valueName":"search_term_string"}}],"inLanguage":"fo-FO"}]}},"_links":{"self":[{"href":"https:\/\/www.visittorshavn.fo\/fo\/wp-json\/wp\/v2\/tribe_events\/173973","targetHints":{"allow":["GET"]}}],"collection":[{"href":"https:\/\/www.visittorshavn.fo\/fo\/wp-json\/wp\/v2\/tribe_events"}],"about":[{"href":"https:\/\/www.visittorshavn.fo\/fo\/wp-json\/wp\/v2\/types\/tribe_events"}],"author":[{"embeddable":true,"href":"https:\/\/www.visittorshavn.fo\/fo\/wp-json\/wp\/v2\/users\/1"}],"version-history":[{"count":0,"href":"https:\/\/www.visittorshavn.fo\/fo\/wp-json\/wp\/v2\/tribe_events\/173973\/revisions"}],"wp:attachment":[{"href":"https:\/\/www.visittorshavn.fo\/fo\/wp-json\/wp\/v2\/media?parent=173973"}],"wp:term":[{"taxonomy":"post_tag","embeddable":true,"href":"https:\/\/www.visittorshavn.fo\/fo\/wp-json\/wp\/v2\/tags?post=173973"},{"taxonomy":"tribe_events_cat","embeddable":true,"href":"https:\/\/www.visittorshavn.fo\/fo\/wp-json\/wp\/v2\/tribe_events_cat?post=173973"}],"curies":[{"name":"wp","href":"https:\/\/api.w.org\/{rel}","templated":true}]}}